{"id":1172,"date":"2023-03-07T21:01:28","date_gmt":"2023-03-07T21:01:28","guid":{"rendered":"https:\/\/lacorrespondenciadebenitoariasmontano.online\/?page_id=1172"},"modified":"2026-02-19T10:15:49","modified_gmt":"2026-02-19T10:15:49","slug":"1560-02-01-1560-05-05","status":"publish","type":"page","link":"https:\/\/lacorrespondenciadebenitoariasmontano.online\/en\/correspondencia\/1560-02-01-1560-05-05\/","title":{"rendered":"1560 02 01-1560 05 05"},"content":{"rendered":"<div class=\"wp-block-columns is-layout-flex wp-container-core-columns-is-layout-2 wp-block-columns-is-layout-flex\">\n<div class=\"wp-block-column is-layout-flow wp-block-column-is-layout-flow\">\n<p class=\"has-text-align-center\" style=\"font-size:31px\">[1560 02 01 &#8211; 1560 05 05] <\/p>\n\n\n\n<p class=\"has-text-align-center\" style=\"font-size:31px\">Benito Arias Montano (Le\u00f3n) to Fray Luis de Le\u00f3n [Salamanca] <\/p>\n\n\n\n<p class=\"has-text-align-right\" style=\"font-size:22px\">Between 1 February 1 and 5 May 1560<\/p>\n\n\n\n<div style=\"height:28px\" aria-hidden=\"true\" class=\"wp-block-spacer\"><\/div>\n\n\n\n<div class=\"wp-block-columns is-layout-flex wp-container-core-columns-is-layout-1 wp-block-columns-is-layout-flex\">\n<div class=\"wp-block-column is-layout-flow wp-block-column-is-layout-flow\" style=\"flex-basis:33.33%\">\n<div class=\"wp-block-cover is-light wp-duotone-unset-1\" style=\"min-height:103px;aspect-ratio:unset;\"><span aria-hidden=\"true\" class=\"wp-block-cover__background has-background-dim-10 has-background-dim\"><\/span><img fetchpriority=\"high\" decoding=\"async\" width=\"1127\" height=\"423\" class=\"wp-block-cover__image-background wp-image-606\" alt=\"\" src=\"http:\/\/lacorrespondenciadebenitoariasmontano.online\/wp-content\/uploads\/2023\/03\/cropped-Gysbrechts-1.jpg\" data-object-fit=\"cover\" srcset=\"https:\/\/lacorrespondenciadebenitoariasmontano.online\/wp-content\/uploads\/2023\/03\/cropped-Gysbrechts-1.jpg 1127w, https:\/\/lacorrespondenciadebenitoariasmontano.online\/wp-content\/uploads\/2023\/03\/cropped-Gysbrechts-1-300x113.jpg 300w, https:\/\/lacorrespondenciadebenitoariasmontano.online\/wp-content\/uploads\/2023\/03\/cropped-Gysbrechts-1-1024x384.jpg 1024w, https:\/\/lacorrespondenciadebenitoariasmontano.online\/wp-content\/uploads\/2023\/03\/cropped-Gysbrechts-1-768x288.jpg 768w\" sizes=\"(max-width: 1127px) 100vw, 1127px\" \/><div class=\"wp-block-cover__inner-container is-layout-flow wp-block-cover-is-layout-flow\">\n<p class=\"has-text-align-center has-white-color has-text-color has-medium-font-size\"><strong>METADATA<\/strong><\/p>\n<\/div><\/div>\n\n\n\n<div style=\"height:10px\" aria-hidden=\"true\" class=\"wp-block-spacer\"><\/div>\n\n\n\n<meta http-equiv=\"Content-Type\" content=\"text\/html; charset=utf-8\">\n   \n      <meta http-equiv=\"Content-Type\" content=\"text\/html; charset=utf-8\">\n   \n   \n      <div style=\"background-color:White;border:solid 1px DimGrey;border-radius:5px;\">\n         <div style=\"margin-left: 15px; color: #1C1C1C;\">\n            <p><b>Identifier: <\/b>[1560 02 01-1560 05 05]\n            <\/p>\n         <\/div>\n         <div style=\"margin-left: 15px; color: #1C1C1C;\">\n            <p><b>Incipit: <\/b>Dedimus tandem, mi Leo, dedimus ultro nomen in hanc militiam&#8230;\n            <\/p>\n         <\/div>\n         <div style=\"margin-left: 15px\">\n            <p><b>Manuscripts: <\/b><\/p>\n            <ul>\n                                          (B) BNE, Ms. 8588, ff. 129r-131v.\n                                       \n            <\/ul>\n         <\/div>\n         <div style=\"margin-left: 15px\">\n            <p><b>Prints: <\/b><\/p>\n            <ul>(E1) L\u00f3pez de Toro, \u00abFray Luis de Le\u00f3n y Benito Arias Montano\u00bb, pp. 546-547; (E2) Dom\u00ednguez, \u00abCarta de Arias Montano a Fray Luis de Le\u00f3n\u00bb, pp. 307-312; (E3) Dom\u00ednguez, <i>Correspondencia<\/i>, I, 16-25.\n            <\/ul>\n         <\/div>\n         <div style=\"margin-left: 15px\">\n            <p><b>Critical edition, translation and notes: <\/b>Antonio D\u00e1vila P\u00e9rez\n            <\/p>\n         <\/div><div style=\"margin-left: 15px\">\n            <p><b>Codification and digital edition: <\/b>Antonio D\u00e1vila P\u00e9rez\n            <\/p>\n         <\/div>\n         \n      <\/div>\n<\/div>\n\n\n\n<div class=\"wp-block-column is-layout-flow wp-block-column-is-layout-flow\" style=\"flex-basis:66.66%\">\n<p> <strong>SUMMARY<\/strong><\/p>\n\n\n\n<p>BAM finally managed to enter the aristocratic Order of Santiago. Until he takes the final oath, he will not be able to continue his studies. Due to lack of mail, he could not tell this news before. BAM asks fray Luis de Le\u00f3n to help him in his academic project by collecting notes on basic points of Christian doctrine and theoretical principles of natural philosophy, for further discussion. BAM also wants Le\u00f3n to recommend it to all senior members of the Order of Santiago living in Salamanca. He orders again the book entitled <em>Apparatus Latinae locutionis<\/em>.<\/p>\n\n\n\n<p><strong>COMMENT<\/strong><\/p>\n\n\n\n<p>L\u00f3pez de Toro dated this letter to around May 8 or 9, 1560. Dom\u00ednguez, \u00abLetter from Arias Montano to Fray Luis de Le\u00f3n\u00bb, p. 286, proposes dating it to around March 24 of that year; the same author, in his&nbsp;<em>Correspondencia<\/em>, pp. 16-25, delays the writing date to April 14, 1560 based on an allusion (but not explicit reference) to some \u00abfestivities\u00bb, which he identifies with Holy Week of that year. In any case, the only information that can be given as certain is the&nbsp;<em>terminus ante quem non<\/em>&nbsp;of mid-February 1560, the date on which BAM had already entered the Order of Santiago (the letter begins with this news); and the&nbsp;<em>terminus post quem non<\/em>&nbsp;of May 5, 1560, when our humanist swore as a knight of the Order of Santiago: that oath is referred to as a future event in the draft published here.<\/p>\n\n\n\n<p>The transcription by L\u00f3pez de Toro of 1955 (E1) has been republished without changes in&nbsp;<em>Archivo Agustiniano<\/em>, 50 (1956), 5-28, y en S. \u00c1lvarez Turienzo (ed.),&nbsp;<em>Escritos sobre fray Luis de Le\u00f3n. El te\u00f3logo y maestro de espiritualidad&nbsp;<\/em>(Salamanca, 1993), pp. 111-132.<\/p>\n\n\n\n<div class=\"wp-block-buttons alignwide is-content-justification-center is-layout-flex wp-container-core-buttons-is-layout-1 wp-block-buttons-is-layout-flex\"><\/div>\n\n\n\n<p><\/p>\n\n\n\n<p><\/p>\n<\/div>\n<\/div>\n<\/div>\n<\/div>\n\n\n\n<div style=\"height:16px\" aria-hidden=\"true\" class=\"wp-block-spacer\"><\/div>\n\n\n\n<p><strong>FACSIMILE<\/strong><\/p>\n\n\n\n<figure class=\"wp-block-gallery has-nested-images columns-5 is-cropped wp-block-gallery-2 is-layout-flex wp-block-gallery-is-layout-flex\">\n<figure class=\"wp-block-image size-large is-style-zoooom\"><img decoding=\"async\" width=\"724\" height=\"1017\" data-id=\"872\" src=\"https:\/\/lacorrespondenciadebenitoariasmontano.online\/wp-content\/uploads\/2023\/03\/Ms.-8588-f.-129r.jpg\" alt=\"\" class=\"wp-image-872\" srcset=\"https:\/\/lacorrespondenciadebenitoariasmontano.online\/wp-content\/uploads\/2023\/03\/Ms.-8588-f.-129r.jpg 724w, https:\/\/lacorrespondenciadebenitoariasmontano.online\/wp-content\/uploads\/2023\/03\/Ms.-8588-f.-129r-214x300.jpg 214w\" sizes=\"(max-width: 724px) 100vw, 724px\" \/><figcaption class=\"wp-element-caption\"><strong>BNE, Ms. 8588, f. 129r<\/strong><\/figcaption><\/figure>\n\n\n\n<figure class=\"wp-block-image size-large is-style-zoooom\"><img decoding=\"async\" width=\"704\" height=\"1020\" data-id=\"873\" src=\"https:\/\/lacorrespondenciadebenitoariasmontano.online\/wp-content\/uploads\/2023\/03\/Ms.-8588-f.-129v.jpg\" alt=\"\" class=\"wp-image-873\" srcset=\"https:\/\/lacorrespondenciadebenitoariasmontano.online\/wp-content\/uploads\/2023\/03\/Ms.-8588-f.-129v.jpg 704w, https:\/\/lacorrespondenciadebenitoariasmontano.online\/wp-content\/uploads\/2023\/03\/Ms.-8588-f.-129v-207x300.jpg 207w\" sizes=\"(max-width: 704px) 100vw, 704px\" \/><figcaption class=\"wp-element-caption\"><strong>BNE, Ms. 8588, f. 129v<\/strong><\/figcaption><\/figure>\n\n\n\n<figure class=\"wp-block-image size-large is-style-zoooom\"><img loading=\"lazy\" decoding=\"async\" width=\"724\" height=\"1014\" data-id=\"874\" src=\"https:\/\/lacorrespondenciadebenitoariasmontano.online\/wp-content\/uploads\/2023\/03\/Ms.-8588-f.-130r.jpg\" alt=\"\" class=\"wp-image-874\" srcset=\"https:\/\/lacorrespondenciadebenitoariasmontano.online\/wp-content\/uploads\/2023\/03\/Ms.-8588-f.-130r.jpg 724w, https:\/\/lacorrespondenciadebenitoariasmontano.online\/wp-content\/uploads\/2023\/03\/Ms.-8588-f.-130r-214x300.jpg 214w\" sizes=\"(max-width: 724px) 100vw, 724px\" \/><figcaption class=\"wp-element-caption\"><strong>BNE, Ms. 8588, f. 130r<\/strong><\/figcaption><\/figure>\n\n\n\n<figure class=\"wp-block-image size-large is-style-zoooom\"><img loading=\"lazy\" decoding=\"async\" width=\"688\" height=\"1022\" data-id=\"870\" src=\"https:\/\/lacorrespondenciadebenitoariasmontano.online\/wp-content\/uploads\/2023\/03\/Ms.-8588-f.-130v.jpg\" alt=\"\" class=\"wp-image-870\" srcset=\"https:\/\/lacorrespondenciadebenitoariasmontano.online\/wp-content\/uploads\/2023\/03\/Ms.-8588-f.-130v.jpg 688w, https:\/\/lacorrespondenciadebenitoariasmontano.online\/wp-content\/uploads\/2023\/03\/Ms.-8588-f.-130v-202x300.jpg 202w\" sizes=\"(max-width: 688px) 100vw, 688px\" \/><figcaption class=\"wp-element-caption\"><strong>BNE, Ms. 8588, f. 130v<\/strong><\/figcaption><\/figure>\n\n\n\n<figure class=\"wp-block-image size-large is-style-zoooom\"><img loading=\"lazy\" decoding=\"async\" width=\"716\" height=\"1017\" data-id=\"871\" src=\"https:\/\/lacorrespondenciadebenitoariasmontano.online\/wp-content\/uploads\/2023\/03\/Ms.-8588-f.-131r.jpg\" alt=\"\" class=\"wp-image-871\" srcset=\"https:\/\/lacorrespondenciadebenitoariasmontano.online\/wp-content\/uploads\/2023\/03\/Ms.-8588-f.-131r.jpg 716w, https:\/\/lacorrespondenciadebenitoariasmontano.online\/wp-content\/uploads\/2023\/03\/Ms.-8588-f.-131r-211x300.jpg 211w\" sizes=\"(max-width: 716px) 100vw, 716px\" \/><figcaption class=\"wp-element-caption\"><strong>BNE, Ms. 8588, f. 131r<\/strong><\/figcaption><\/figure>\n<\/figure>\n\n\n\n<div class=\"wp-block-columns is-layout-flex wp-container-core-columns-is-layout-3 wp-block-columns-is-layout-flex\">\n<div class=\"wp-block-column is-layout-flow wp-block-column-is-layout-flow\" style=\"flex-basis:20%\">\n<figure class=\"wp-block-gallery has-nested-images columns-default is-cropped wp-block-gallery-3 is-layout-flex wp-block-gallery-is-layout-flex\">\n<figure class=\"wp-block-image size-large is-style-zoooom\"><img loading=\"lazy\" decoding=\"async\" width=\"695\" height=\"1024\" src=\"https:\/\/lacorrespondenciadebenitoariasmontano.online\/wp-content\/uploads\/2023\/03\/Ms.-8588-f.-131v-695x1024.jpg\" alt=\"\" class=\"wp-image-875\" srcset=\"https:\/\/lacorrespondenciadebenitoariasmontano.online\/wp-content\/uploads\/2023\/03\/Ms.-8588-f.-131v-695x1024.jpg 695w, https:\/\/lacorrespondenciadebenitoariasmontano.online\/wp-content\/uploads\/2023\/03\/Ms.-8588-f.-131v-204x300.jpg 204w, https:\/\/lacorrespondenciadebenitoariasmontano.online\/wp-content\/uploads\/2023\/03\/Ms.-8588-f.-131v.jpg 700w\" sizes=\"(max-width: 695px) 100vw, 695px\" \/><figcaption class=\"wp-element-caption\"><strong>BNE, Ms. 8588, f. 131v<\/strong><\/figcaption><\/figure>\n<\/figure>\n<\/div>\n\n\n\n<div class=\"wp-block-column is-layout-flow wp-block-column-is-layout-flow\" style=\"flex-basis:66.66%\"><\/div>\n<\/div>\n\n\n\n<div style=\"height:84px\" aria-hidden=\"true\" class=\"wp-block-spacer\"><\/div>\n\n\n\n<div style=\"height:0px\" aria-hidden=\"true\" class=\"wp-block-spacer\"><\/div>\n\n\n\n<div class=\"wp-block-columns is-layout-flex wp-container-core-columns-is-layout-4 wp-block-columns-is-layout-flex\">\n<div class=\"wp-block-column is-layout-flow wp-block-column-is-layout-flow\">\n<b>TEXT AND CRITICAL APPARATUS (WITH VISUALIZATION OF XML-TEI MARKUP)<\/b>\n \n      <meta http-equiv=\"Content-Type\" content=\"text\/html; charset=UTF-8\">\n      <!--THIS FILE IS GENERATED FROM AN XML MASTER. DO NOT EDIT (5)--><meta name=\"author\" content=\"Benito Arias Montano\">\n      <meta name=\"generator\" content=\"Text Encoding Initiative Consortium XSLT stylesheets\">\n      <meta name=\"DC.Title\" content=\"La correspondencia de Benito Arias Montano: edici\u00f3n cr\u00edtica digital \u2014 Benito Arias Montano [Madrid] a Felipe II [Madrid] - 1567\">\n      <meta name=\"DC.Type\" content=\"Text\">\n      <meta name=\"DC.Format\" content=\"text\/html\"><link href=\"http:\/\/nl.ijs.si\/tei\/convert\/profiles\/test\/html\/jsi-tei.css\" rel=\"stylesheet\" type=\"text\/css\"><link rel=\"stylesheet\" media=\"print\" type=\"text\/css\" href=\"https:\/\/www.tei-c.org\/release\/xml\/tei\/stylesheet\/tei-print.css\">\n   \n      <div class=\"stdheader autogenerated\">\n         \n      <\/div>\n      \n      \n        <ul class=\"toc toc_body\">\n         <li class=\"toc\"><\/li>\n      <\/ul>\n      <ul class=\"toc toc_back\"><\/ul>\n<br><br>\n      <!--TEI body-->\n      <div class=\"tei_body\">\n         <section class=\"textOriginal\" id=\"index.xml-body.1_div.1\">\n           \n            <div class=\"pagebreak\" id=\"index.xml-pb-w9233033ab3b5b1b1b1\"><a href=\"http:\/\/lacorrespondenciadebenitoariasmontano.online\/wp-content\/uploads\/2023\/03\/Ms.-8588-f.-129r.jpg\" target=\"_blank\" onclick=\"window.open(this.href, this.target, 'width=400,height=600'); return false;\" rel=\"noopener\">[f. 129r]<\/a><\/div>\n            <p>[<b>1<\/b>] Dedimus tandem, <span class=\"tei_persName\" title=\"tei:name[@type=&quot;person&quot;]\">mi Leo<\/span>, dedimus ultro nomen in hanc militiam <span class=\"tei_del\" title=\"tei:del\">neque<\/span>, neque nos incepti<sup class=\"appnote\" data-app=\"App1\">1<\/sup> poenitet, neque iam poenitere decebit<sup class=\"appnote\" data-app=\"App2\">2<\/sup> <span class=\"tei_del\" title=\"tei:del\">quod<\/span>. [<b>2<\/b>] Id autem maxime animum<sup class=\"appnote\" data-app=\"App3\">3<\/sup> ad hanc rem induxit, quod ad destinatum propositumque negocium futurum nobis otium\n               commoditatemque augurati sumus, tum <span class=\"tei_surplus\" title=\"tei:surplus\">ob<\/span> ex disciplinae quae hic <span class=\"tei_del\" title=\"tei:del\">colitur<\/span> exercetur temperamento ac clementia,<sup class=\"appnote\" data-app=\"App4\">4<\/sup> tum ob contubernalium commilitonumque ingenia, <span class=\"tei_del\" title=\"tei:del\">quae<\/span> quorum maxima pars mansueto sunt animo et ad amicitiam officiumque <span class=\"tei_surplus\" title=\"tei:surplus\">que<\/span> excolendum <span class=\"tei_subst\" title=\"tei:subst\"><span class=\"tei_del\" title=\"tei:del\">propenso<\/span><span class=\"tei_add\" title=\"tei:add[@place=&quot;above&quot;]\"> informato<\/span><\/span> et, quod<span class=\"tei_del\" title=\"tei:del\">que<\/span> maxime mireris in communi diuersorum hominum coetu, conten<span class=\"tei_surplus\" title=\"tei:surplus\">ten<\/span>tionis inter eos neque nomen quidem auditur; <span class=\"tei_subst\" title=\"tei:subst\"><span class=\"tei_del\" title=\"tei:del\">ad<\/span><span class=\"tei_add\" title=\"tei:add[@place=&quot;above&quot;]\"> in<\/span><\/span> litera<span class=\"tei_del\" title=\"tei:del\">s<\/span>rum <span class=\"tei_del\" title=\"tei:del\">autem<\/span> uero studia<sup class=\"appnote\" data-app=\"App5\">5<\/sup> et si non omni<span class=\"tei_del\" title=\"tei:del\">bus<\/span>um propensum <span class=\"tei_del\" title=\"tei:del\">animi sub . ingenium<\/span> nullius tamen inuidum ingenium est.\n            <\/p>\n            <p>[<b>3<\/b>] Superest ut tyrocinium percurramus nostrum disciplinaeque operam demus <span class=\"tei_del\" title=\"tei:del\">atque<\/span>, idque dum peragatur, studiorum nostrorum rationem persequi non <span class=\"tei_subst\" title=\"tei:subst\"><span class=\"tei_del\" title=\"tei:del\">uacabit<\/span><span class=\"tei_add\" title=\"tei:add[@place=&quot;above&quot;]\"> licebit<\/span><\/span>. [<b>4<\/b>] Scis enim, mi Leo, quibus<sup class=\"appnote\" data-app=\"App6\">6<\/sup> negotiis <span class=\"tei_del\" title=\"tei:del\">et<\/span>, moribus <span class=\"tei_del\" title=\"tei:del\">et<\/span>, legibus, ceremoniis ritibusque perdiscendis toto hoc tyrocinii tempore uacari soleat,\n               deuorandumque nobis esse hoc taedium, quo si maxime <span class=\"tei_subst\" title=\"tei:subst\"><span class=\"tei_del\" title=\"tei:del\">liberare<\/span><span class=\"tei_add\" title=\"tei:add[@place=&quot;inline&quot;]\"> leuare<\/span><\/span> cuperent<sup class=\"appnote\" data-app=\"App7\">7<\/sup> praefecti uel ob eorum qui <span class=\"tei_del\" title=\"tei:del\">ueni<\/span> futuri posthac tyrones sunt exemplum<sup class=\"appnote\" data-app=\"App8\">8<\/sup> fieri tamen non expedit.\n            <\/p>\n            <p>[<b>5<\/b>]<span class=\"tei_subst\" title=\"tei:subst\"><span class=\"tei_del\" title=\"tei:del\">Cum<\/span><span class=\"tei_add\" title=\"tei:add[@place=&quot;above&quot;]\"> At<\/span><\/span> uero cum <span class=\"tei_del\" title=\"tei:del\">autem<\/span> sacramentum fecerimus, id, cuius gratia huc nos contulimus, conabimur. Sed nec \u1f02\u03bc\u03bf\u03c5\u03c3\u03bf\u03b9\n               omnino hoc tempore sumus, quando et ad poetarum lectionem et obseruationem<sup class=\"appnote\" data-app=\"App9\">9<\/sup> aliqui dantur interea reditus.\n            <\/p>\n            <p>[<b>6<\/b>] Huius autem rei te hactenus certiorem facere tabellarii <span class=\"tei_choice\" title=\"tei:choice\"><span class=\"tei_sic\" title=\"tei:sic\">deffectu<\/span><span class=\"tei_corr\" title=\"tei:corr\">defectu<\/span><\/span> non potui <span class=\"tei_subst\" title=\"tei:subst\"><span class=\"tei_del\" title=\"tei:del\">sciebam<\/span><span class=\"tei_add\" title=\"tei:add[@place=&quot;inline&quot;]\"> cupiebam<\/span><\/span>que maxime commoditatemque quaerebam ut literas ad te darem, quem mearum rerum imprimis\n               sollicitum noui. [<b>7<\/b>] Commodum igitur se obtulit <span class=\"tei_persName\" title=\"tei:name[@type=&quot;person&quot;]\">Capillas<\/span>, huius disciplinae ueteranus, qui festa haec <span class=\"tei_surplus\" title=\"tei:surplus\">cum<\/span> <span class=\"tei_del\" title=\"tei:del\">suis contuber<\/span> cum suis commilitonibus acturus inde huc uenit. Is de te <span class=\"tei_surplus\" title=\"tei:surplus\">rogatus<\/span> <span class=\"tei_surplus\" title=\"tei:surplus\">be<\/span> a nobis rogatus bene ualere <span class=\"tei_del\" title=\"tei:del\">fecisse quae nuper the. in the<\/span> sustinuisseque nuper theologicum certamen cum <span class=\"tei_subst\" title=\"tei:subst\"><span class=\"tei_del\" title=\"tei:del\">summa<\/span><span class=\"tei_add\" title=\"tei:add[@place=&quot;above&quot;]\"> ingenti<\/span><\/span> laude et plausu respondit. \n[<b>8<\/b>] <span class=\"tei_del\" title=\"tei:del\">. faciant superi<\/span> Det tibi Deus <span class=\"tei_del\" title=\"tei:del\">et<\/span> ut pro meis uotis et <span class=\"tei_del\" title=\"tei:del\">san.<\/span> ualeas et foelix sis.\n            <\/p>\n            <p>[<b>9<\/b>] <span class=\"tei_del\" title=\"tei:del\">Nostrorum autem negotiorum<\/span> At uero nostrorum<sup class=\"appnote\" data-app=\"App10\">10<\/sup> negociorum ut te hortatorem suasoremque habeo, sic socium habere fas est. Cura igitur\n               ut, quibus rebus quibusque artibus maxime possis, his in communi religionis causa\n               opem mihi conferas, nam <span class=\"tei_del\" title=\"tei:del\">et tuo iudicio multum tribuo semper<\/span> <span class=\"pagebreak\" id=\"index.xml-pb-w9233033ab3b5b1b1c11b6\"><a href=\"http:\/\/lacorrespondenciadebenitoariasmontano.online\/wp-content\/uploads\/2023\/03\/Ms.-8588-f.-129v.jpg\" target=\"_blank\" onclick=\"window.open(this.href, this.target, 'width=500,height=600'); return false;\" rel=\"noopener\">[f. 129v]<\/a><\/span> et iudicio<sup class=\"appnote\" data-app=\"App11\">11<\/sup> tuo et ope fretus, maximam spem meis conatibus fecero. [<b>10<\/b>] Quare <span class=\"tei_del\" title=\"tei:del\">quidq.<\/span> <span class=\"tei_subst\" title=\"tei:subst\"><span class=\"tei_del\" title=\"tei:del\">quodcumque \n <\/span><span class=\"tei_add\" title=\"tei:add[@place=&quot;above&quot;]\">quaecumque<\/span><\/span><sup class=\"appnote\" data-app=\"App12\">12<\/sup> inter studendum offenderis quae<sup class=\"appnote\" data-app=\"App13\">13<\/sup> ad ea <span class=\"tei_del\" title=\"tei:del\">capita<\/span> christianae disciplinae capita <span class=\"tei_del\" title=\"tei:del\">pertinere<\/span>, de quibus <span class=\"tei_del\" title=\"tei:del\">dubitamur<\/span> nostro tempore disputatur pertinere uidebitur <span class=\"tei_del\" title=\"tei:del\">et<\/span>, id omne <span class=\"tei_del\" title=\"tei:del\">obse<\/span> et abs te obseruari et excerpi <span class=\"tei_del\" title=\"tei:del\">abs. oporterat in rem noster<\/span> oportuerit <span class=\"tei_del\" title=\"tei:del\">in prim.<\/span>, sed et recensere nun<span class=\"tei_supplied\" title=\"tei:supplied\">c<\/span> libet ut admonitus etiam sis quae sint illa.\n            <\/p>\n            <p>[<b>11<\/b>]  Primum de praedestinatione <span class=\"tei_del\" title=\"tei:del\">et reprobatione<\/span>, electione et reprobatione; de iustificatione <span class=\"tei_del\" title=\"tei:del\">pecc<\/span> lapsi hominis, de fide, de obedientia sine<sup class=\"appnote\" data-app=\"App14\">14<\/sup> operibus, de <span class=\"tei_expan\" title=\"tei:expan\">Sp<span class=\"ex\">irit<\/span>u<\/span> Sancto eiusque infusione, de non peccandi potentia et uirtute, an a Deo<sup class=\"appnote\" data-app=\"App15\">15<\/sup> datam uirtutem hanc, an usu exercitationeque longa compara<span class=\"tei_del\" title=\"tei:del\">tum<\/span>ri <span class=\"tei_del\" title=\"tei:del\">quasi ha<\/span> hic quasi habitus quidam possit; <span class=\"tei_del\" title=\"tei:del\">iam de sanctificatis<\/span> estque hic locus de sanctificatis et gratia confirmatis <span class=\"tei_del\" title=\"tei:del\">de de quo<\/span>, in quo multa uariaque nostri disserunt.\n            <\/p>\n            <p>[<b>12<\/b>] Tum de sacramentorum<sup class=\"appnote\" data-app=\"App16\">16<\/sup> uirtute et efficatia unde sint, qua in re sita sit eorum uirtus, in ipsane materia\n               <span class=\"tei_del\" title=\"tei:del\">sacra<\/span> certis praecationibus <span class=\"tei_del\" title=\"tei:del\">conse<\/span> initiata an in Christi unctione et potestate a patre <span class=\"tei_subst\" title=\"tei:subst\"><span class=\"tei_del\" title=\"tei:del\">data<\/span><span class=\"tei_add\" title=\"tei:add[@place=&quot;inline&quot;]\"> concessa<\/span><\/span>, quam tamen <span class=\"tei_del\" title=\"tei:del\">referunt<\/span> sacramenta illa externa referant<sup class=\"appnote\" data-app=\"App17\">17<\/sup> quemadmodum exterior circumcisio interiorem cordis referebat<sup class=\"appnote\" data-app=\"App18\">18<\/sup> circumcisionem. [<b>13<\/b>] Quae omnia capita <span class=\"tei_del\" title=\"tei:del\">te<\/span> abs te in certis commentariis digesta esse cupio <span class=\"tei_del\" title=\"tei:del\">ut cum aliquid legen.<\/span>, quo si quid legendo <span class=\"tei_del\" title=\"tei:del\">ad deprehenderis<\/span> obseruaueris quod ad eorum rationem argumentumque pertineat, in nostrum usum conferas.\n               Namque haec sunt quae<sup class=\"appnote\" data-app=\"App19\">19<\/sup> <span class=\"tei_surplus\" title=\"tei:surplus\">inter<\/span> <span class=\"tei_del\" title=\"tei:del\">inter<\/span> dum sacros libros interpretabimur disputanda a nobis saepius ocurrent. [<b>14<\/b>] Iam in Phisicis\n               rationibus <span class=\"tei_del\" title=\"tei:del\">duo tibi proponam argumenta<\/span>, unam atque alteram tibi proponam quaestionem, ad <span class=\"tei_subst\" title=\"tei:subst\"><span class=\"tei_del\" title=\"tei:del\">quae<\/span><span class=\"tei_add\" title=\"tei:add[@place=&quot;inline&quot;]\">quas<\/span><\/span> nobis tua diligentia maximo esse poteris adiumento occurrentia per diuersos autores\n               argumenta <span class=\"tei_surplus\" title=\"tei:surplus\">in<\/span> <span class=\"tei_del\" title=\"tei:del\">una<\/span> in paratos utrique quaestioni locos conferendo <span class=\"pagebreak\" id=\"index.xml-pb-w9233033ab3b5b1b1c15c35\"><a href=\"http:\/\/lacorrespondenciadebenitoariasmontano.online\/wp-content\/uploads\/2023\/03\/Ms.-8588-f.-130r.jpg\" target=\"_blank\" onclick=\"window.open(this.href, this.target, 'width=500,height=600'); return false;\" rel=\"noopener\">[f.130r]<\/a><\/span> siue ea<sup class=\"appnote\" data-app=\"App20\">20<\/sup> nostram sententiam astruere seu labefactare uideantur. \n[<b>15<\/b>] <span class=\"tei_del\" title=\"tei:del\">Alterum atque<\/span> Alter<span class=\"tei_del\" title=\"tei:del\">um<\/span>a <span class=\"tei_del\" title=\"tei:del\">quidem<\/span> <span class=\"tei_surplus\" title=\"tei:surplus\">de<\/span> <span class=\"tei_del\" title=\"tei:del\">igni<\/span> de elementari igni quaestio est; <span class=\"tei_del\" title=\"tei:del\">altera<\/span> de coelestium autem orbium numero altera, <span class=\"tei_del\" title=\"tei:del\">in priori enim disputatione nos utriusque<\/span> in utraque enim ratione <span class=\"tei_del\" title=\"tei:del\">nostra sententia<\/span> diuersa omnino a uulgata receptaque opinantium <span class=\"tei_choice\" title=\"tei:choice\"><span class=\"tei_sic\" title=\"tei:sic\">tradditione<\/span><span class=\"tei_corr\" title=\"tei:corr\">traditione<\/span><\/span> nostra est sententia. Nam neque nos igneum elementum in rerum natura existere censemus, neque orbium coelorumque numerum in<sup class=\"appnote\" data-app=\"App21\">21<\/sup> undecimum <span class=\"tei_del\" title=\"tei:del\">produci<\/span> usque <span class=\"tei_del\" title=\"tei:del\">sua<\/span> uel duodecimum produ<span class=\"tei_supplied\" title=\"tei:supplied\">ci<\/span> putamus <span class=\"tei_del\" title=\"tei:del\">tribus<\/span>, namque tribus <span class=\"tei_del\" title=\"tei:del\">tantum<\/span> contenti<sup class=\"appnote\" data-app=\"App22\">22<\/sup> caeteros tollimus. Atque primum quidem hunc aerem ad planetarum usque orbem uocamus<sup class=\"appnote\" data-app=\"App23\">23<\/sup>, ipsum deinde omnium stellarum, tam errantium quam immobilium locum <span class=\"tei_del\" title=\"tei:del\">statuimus<\/span>, ultimum autem Dei beatorumque spirituum sedem statuimus.\n            <\/p>\n            <p>[<b>16<\/b>] <span class=\"tei_del\" title=\"tei:del\">Ad qua Ad tres igitur<\/span> <span class=\"tei_surplus\" title=\"tei:surplus\">quaestiones omnes an<\/span> Ergo ad harum ominum quaestionum disputationem undique nobis abs te parari auxilia\n               <span class=\"tei_del\" title=\"tei:del\">comm<\/span> et <span class=\"tei_choice\" title=\"tei:choice\"><span class=\"tei_sic\" title=\"tei:sic\">relligionis<\/span><span class=\"tei_corr\" title=\"tei:corr\">religionis<\/span><\/span> et uoti communis et amicitiae nomine <span class=\"tei_subst\" title=\"tei:subst\"><span class=\"tei_del\" title=\"tei:del\">expetimus<\/span><span class=\"tei_add\" title=\"tei:add[@place=&quot;inline&quot;]\"> expeto<\/span><\/span>. Atque in <span class=\"tei_del\" title=\"tei:del\">primo<\/span> priori<sup class=\"appnote\" data-app=\"App24\">24<\/sup> genere Theologicae tractationis <span class=\"tei_del\" title=\"tei:del\">scholasticorum autorum con<\/span>, scholasticorum autorum argumenta obseruare satis fuerit, in posteriori autem gene<span class=\"tei_surplus\" title=\"tei:surplus\">re<\/span>re quod <span class=\"tei_surplus\" title=\"tei:surplus\">ad<\/span> <span class=\"tei_del\" title=\"tei:del\">harum natu<\/span> ad coelorum ignisque naturam et numerum <span class=\"tei_del\" title=\"tei:del\">expe<\/span> spectat, undique collata argumenta nobis parabis <span class=\"tei_del\" title=\"tei:del\">siue se uel tu pa<\/span> siue antiquos autores siue recentiores euolueris <span class=\"tei_del\" title=\"tei:del\">seu<\/span>, atque etiam seu poetas seu liberiori oratione usos scriptores uersaueris. [<b>17<\/b>] Neque\n               tamen <span class=\"tei_del\" title=\"tei:del\">lab<\/span> improbum tibi laborem imponimus, ut quae illi de his rebus pluribus<sup class=\"appnote\" data-app=\"App25\">25<\/sup> <span class=\"tei_del\" title=\"tei:del\">uer<\/span> disputant <span class=\"tei_del\" title=\"tei:del\">uerbis totidem hoc<\/span>, ea tu totidem uel pluribus nobis excipias.<sup class=\"appnote\" data-app=\"App26\">26<\/sup> Tantum diligentiam poscimus ut eorum sententiis leuiter tactis, locos certa<sup class=\"appnote\" data-app=\"App27\">27<\/sup><span class=\"tei_del\" title=\"tei:del\">. . indicesunde unde<\/span> <span class=\"tei_del\" title=\"tei:del\">ubi<\/span> unde, cum opus fuerit, expromere possimus <span class=\"pagebreak\" id=\"index.xml-pb-w9233033ab3b5b1b1c17c44\"><a href=\"http:\/\/lacorrespondenciadebenitoariasmontano.online\/wp-content\/uploads\/2023\/03\/Ms.-8588-f.-130v.jpg\" target=\"_blank\" onclick=\"window.open(this.href, this.target, 'width=500,height=600'); return false;\" rel=\"noopener\">[f. 130v]<\/a><\/span> <span class=\"pagebreak\" id=\"index.xml-pb-w9233033ab3b5b1b1c17c46\"><a href=\"http:\/\/lacorrespondenciadebenitoariasmontano.online\/wp-content\/uploads\/2023\/03\/Ms.-8588-f.-131r.jpg\" target=\"_blank\" onclick=\"window.open(this.href, this.target, 'width=500,height=600'); return false;\" rel=\"noopener\">[f. 131r]<\/a><\/span> <span class=\"tei_del\" title=\"tei:del\">in<\/span> indices. [<b>18<\/b>] <span class=\"tei_del\" title=\"tei:del\">Hac cu<\/span> Hanc etiam curam <span class=\"tei_del\" title=\"tei:del\">de igne<\/span> bonarum literarum studiosis amicis mandare poteris, finem tamen institutumque nostrum\n               celabis omnino,<sup class=\"appnote\" data-app=\"App28\">28<\/sup> idque in duobus de igne, deque caelorum numero capitibus postremis facere licebit,\n               nam in<sup class=\"appnote\" data-app=\"App29\">29<\/sup> aliis tua tantum opera <span class=\"tei_del\" title=\"tei:del\">nobis opus est<\/span> uti uolo<sup class=\"appnote\" data-app=\"App30\">30<\/sup>, quem omnium meorum studiorum ducem conscium sociumque libenter elegi. [<b>19<\/b>] <span class=\"tei_del\" title=\"tei:del\">Fac igitur, pro tua<\/span> Pro tua igitur humanitate proque <span class=\"tei_del\" title=\"tei:del\">eximio egregio religio<\/span> egregio in religionem studio dabis operam ut cuius exercitii <span class=\"tei_subst\" title=\"tei:subst\"><span class=\"tei_del\" title=\"tei:del\">adiutor<\/span><span class=\"tei_add\" title=\"tei:add[@place=&quot;above&quot;]\"> suasor<\/span><\/span> nobis <span class=\"tei_del\" title=\"tei:del\">imprimis<\/span> inter primos es, eius tu primus solusque<sup class=\"appnote\" data-app=\"App31\">31<\/sup> <span class=\"pagebreak\" id=\"index.xml-pb-w9233033ab3b5b1b1c17c70\"><a href=\"http:\/\/lacorrespondenciadebenitoariasmontano.online\/wp-content\/uploads\/2023\/03\/Ms.-8588-f.-131v.jpg\" target=\"_blank\" onclick=\"window.open(this.href, this.target, 'width=500,height=600'); return false;\" rel=\"noopener\">[f. 131v]<\/a><\/span> <span class=\"tei_subst\" title=\"tei:subst\"><span class=\"tei_del\" title=\"tei:del\">adiutor sis<\/span><span class=\"tei_add\" title=\"tei:add[@place=&quot;inline&quot;]\"> sis adiutor<\/span><\/span>. Atque ita et me admissi consilii et te dati non paenitebit. [<b>20<\/b>] Illud etiam tuae humanitatis\n               proprium et nostrae autoritati <span class=\"tei_del\" title=\"tei:del\">aptissimum<\/span> expedientissimum erit, si apud <span class=\"tei_del\" title=\"tei:del\">huius<\/span> huius <span class=\"tei_del\" title=\"tei:del\">militiae<\/span> quam profiteor militiae ueteranos qui istic discendi <span class=\"tei_del\" title=\"tei:del\">gratia<\/span> causa uersantur, quam <span class=\"tei_del\" title=\"tei:del\">. ego apud te bona<\/span> tu de me aestimatio<span class=\"tei_supplied\" title=\"tei:supplied\">nem<\/span>, caeterique bonarum literarum <span class=\"tei_del\" title=\"tei:del\">hoc est tui similes<\/span> amatores, hoc est, tui similes <span class=\"tei_del\" title=\"tei:del\">habitus hac pro nostra humanitate officioque<\/span> habeatis, pro occasione significes<sup class=\"appnote\" data-app=\"App32\">32<\/sup>, ut scilicet quod mihi uos omnes pro humanitate uestra tribuitis, apud eos etiam\n               <span class=\"tei_subst\" title=\"tei:subst\"><span class=\"tei_del\" title=\"tei:del\">conser<\/span><span class=\"tei_add\" title=\"tei:add[@place=&quot;above&quot;]\"> conseruetis<\/span><\/span> qui mihi communis societatis professione coniuncti adiumento esse <span class=\"tei_del\" title=\"tei:del\">possunt, com<\/span>, multis in rebus possunt. Neque aliud quam tuum apud eos testimonium opto, quod satis\n               super<span class=\"tei_supplied\" title=\"tei:supplied\">que<\/span> id sit, hominis <span class=\"tei_del\" title=\"tei:del\">et<\/span> omnium consensu boni sapientisque ad me honestandum. <span class=\"tei_del\" title=\"tei:del\">De librorum autem comparandorum curam<\/span><\/p>\n            <p>[<b>21<\/b>] Postremo quem librum ut nobis quaereres<sup class=\"appnote\" data-app=\"App33\">33<\/sup> magnopere te rogaui etiam atque etiam rogo eum nempe, cui titulus est <span class=\"tei_del\" title=\"tei:del\"><span class=\"titlem\">Latinae locutiones appa<\/span><\/span> <span class=\"titlem\">Apparatus Latinae locutionis<\/span>, ut etiam ad me scribas quam saepissime et si quid est cuius me <span class=\"tei_del\" title=\"tei:del\">certiorem fieri fieri expediat<\/span> admonitum certioremue<sup class=\"appnote\" data-app=\"App34\">34<\/sup> fieri expediat non omittas.\n            <\/p>\n            \n               <p>[<b>22<\/b>] Vale ex <span class=\"tei_subst\" title=\"tei:subst\"><span class=\"tei_del\" title=\"tei:del\">collegio<\/span><span class=\"tei_add\" title=\"tei:add[@place=&quot;inline&quot;]\"> societate<\/span><\/span> hac militum diui Iacobi <span class=\"tei_del\" title=\"tei:del\">Ensigeri<\/span>.\n               <\/p>\n          \n         <\/section>\n      <\/div>\n      <!--TEI back-->\n      <div class=\"appcrit\">\n         <div class=\"app\" id=\"App1\"><span class=\"lemma\">incepti<\/span>] <span class=\"lemmawitness\">B, E2, E3<\/span>; incoepti (E1)\n         <\/div>\n         <div class=\"app\" id=\"App2\"><span class=\"lemma\">decebit<\/span>] <span class=\"lemmawitness\">B, E2, E3<\/span>; licebit (E1)\n         <\/div>\n         <div class=\"app\" id=\"App3\"><span class=\"lemma\">animum<\/span>] <span class=\"lemmawitness\">B, E2, E3<\/span>; omnium (E1)\n         <\/div>\n         <div class=\"app\" id=\"App4\"><span class=\"lemma\">temperamento ac clementia<\/span>] <span class=\"lemmawitness\">B, E3<\/span>; temperamentum ac clementiam (E1, E2)\n         <\/div>\n         <div class=\"app\" id=\"App5\"><span class=\"lemma\">studia<\/span>] <span class=\"lemmawitness\">B, E2, E3<\/span>; estudia (E1)\n         <\/div>\n         <div class=\"app\" id=\"App6\"><span class=\"lemma\">Leo, quibus<\/span>] <span class=\"lemmawitness\">B, E2, E3<\/span>; Leo, initio quibus (E1)\n         <\/div>\n         <div class=\"app\" id=\"App7\"><span class=\"lemma\">cuperent<\/span>] <span class=\"lemmawitness\">B, E2, E3<\/span>; cuperint (E1)\n         <\/div>\n         <div class=\"app\" id=\"App8\"><span class=\"lemma\">exemplum<\/span>] <span class=\"lemmawitness\">B, E3<\/span>; exemplo (E1, E2)\n         <\/div>\n         <div class=\"app\" id=\"App9\"><span class=\"lemma\">obseruationem<\/span>] <span class=\"lemmawitness\">B, E2, E3<\/span>; conseruationem (E1)\n         <\/div>\n         <div class=\"app\" id=\"App10\"><span class=\"lemma\">nostrorum<\/span>] <span class=\"lemmawitness\">B, E2, E3<\/span>; pro nostrorum (E1)\n         <\/div>\n         <div class=\"app\" id=\"App11\"><span class=\"lemma\">et iudicio<\/span>] <span class=\"lemmawitness\">B, E2, E3<\/span>; et in iudicio (E1)\n         <\/div>\n         <div class=\"app\" id=\"App12\"><span class=\"lemma\">quaecumque<\/span>] <span class=\"lemmawitness\">B, E1, E2<\/span>; quodcumque (E3)\n         <\/div>\n         <div class=\"app\" id=\"App13\"><span class=\"lemma\">quae<\/span>] <span class=\"lemmawitness\">B, E1, E2<\/span>; quod (E3)\n         <\/div>\n         <div class=\"app\" id=\"App14\"><span class=\"lemma\">sine<\/span>] <span class=\"lemmawitness\">B, E2, E3<\/span>; siue de (E1)\n         <\/div>\n         <div class=\"app\" id=\"App15\"><span class=\"lemma\">a Deo<\/span>] <span class=\"lemmawitness\">B, E2, E3<\/span>; a Deo (E1)\n         <\/div>\n         <div class=\"app\" id=\"App16\"><span class=\"lemma\">sacramentorum<\/span>] <span class=\"lemmawitness\">B, E2, E3<\/span>; sacramenturum (E1)\n         <\/div>\n         <div class=\"app\" id=\"App17\"><span class=\"lemma\">referant<\/span>] <span class=\"lemmawitness\">B, E1, E3<\/span>; reserant (E2)\n         <\/div>\n         <div class=\"app\" id=\"App18\"><span class=\"lemma\">referebat<\/span>] <span class=\"lemmawitness\">B, E3<\/span>; reserabat (E1, E2)\n         <\/div>\n         <div class=\"app\" id=\"App19\"><span class=\"lemma\">quae<\/span>] <span class=\"lemmawitness\">B<\/span>; quae interdum (E1); ; quae inter (sic) (E2); ; quae interea (E3)\n         <\/div>\n         <div class=\"app\" id=\"App20\"><span class=\"lemma\">ea<\/span>] <span class=\"lemmawitness\">B, E2, E3<\/span>; eam (E1)\n         <\/div>\n         <div class=\"app\" id=\"App21\"><span class=\"lemma\">in<\/span>] <span class=\"lemmawitness\">B, E2, E3<\/span>; <span style=\"font-style:italic\">omisit<\/span> (E1)\n         <\/div>\n         <div class=\"app\" id=\"App22\"><span class=\"lemma\">contenti<\/span>] <span class=\"lemmawitness\">B, E2, E3<\/span>; tantum contenti (E1)\n         <\/div>\n         <div class=\"app\" id=\"App23\"><span class=\"lemma\">uocamus<\/span>] <span class=\"lemmawitness\">B, E2, E3<\/span>; uocatum (E1)\n         <\/div>\n         <div class=\"app\" id=\"App24\"><span class=\"lemma\">priori<\/span>] <span class=\"lemmawitness\">B, E2, E3<\/span>; omni (E1)\n         <\/div>\n         <div class=\"app\" id=\"App25\"><span class=\"lemma\">pluribus<\/span>] <span class=\"lemmawitness\">B, E1, E2<\/span>; pluribus uerbis (E3)\n         <\/div>\n         <div class=\"app\" id=\"App26\"><span class=\"lemma\">excipias<\/span>] <span class=\"lemmawitness\">B, E2, E3<\/span>; xerpias (E1)\n         <\/div>\n         <div class=\"app\" id=\"App27\"><span class=\"lemma\">certa<\/span>] <span class=\"lemmawitness\">B, E2, E3<\/span>; xerta (E1)\n         <\/div>\n         <div class=\"app\" id=\"App28\"><span class=\"lemma\">omnino<\/span>] <span class=\"lemmawitness\">B, E2, E3<\/span>; omnio (E1)\n         <\/div>\n         <div class=\"app\" id=\"App29\"><span class=\"lemma\">in<\/span>] <span class=\"lemmawitness\">B, E2, E3<\/span>; <span style=\"font-style:italic\">omisit<\/span> (E1)\n         <\/div>\n         <div class=\"app\" id=\"App30\"><span class=\"lemma\">uolo<\/span>] <span class=\"lemmawitness\">B, E3<\/span>; uolumus (E1, E2)\n         <\/div>\n         <div class=\"app\" id=\"App31\"><span class=\"lemma\">primus solusque<\/span>] <span class=\"lemmawitness\">B, E2, E3<\/span>; primusque solus (E1)\n         <\/div>\n         <div class=\"app\" id=\"App32\"><span class=\"lemma\">habeatis, pro occasione significes<\/span>] <span class=\"lemmawitness\">B, E2, E3<\/span>; occasione habeatis pro significes (E1)\n         <\/div>\n         <div class=\"app\" id=\"App33\"><span class=\"lemma\">quaereres<\/span>] <span class=\"lemmawitness\">B, E2, E3<\/span>; quaerere (E1)\n         <\/div>\n         <div class=\"app\" id=\"App34\"><span class=\"lemma\">certioremue<\/span>] <span class=\"lemmawitness\">B, E2, E3<\/span>; certioremque (E1)\n         <\/div>\n      <\/div>\n      <div class=\"stdfooter autogenerated\">\n         <div class=\"footer\">\n            <!--standard links to project, institution etc--><a class=\"plain\" href=\"\/en\/\"><\/a> \n         <\/div>\n         \n            <!--\n\t  Generated from index.xml using XSLT stylesheets version 7.54.0\n\t       based on http:\/\/www.tei-c.org\/Stylesheets\/\n\t       on 2023-03-01T15:27:18Z.\n\t       SAXON HE 9.8.0.15.\n\t\t -->\n      <\/div>\n\n\n\n<div style=\"height:40px\" aria-hidden=\"true\" class=\"wp-block-spacer\"><\/div>\n\n\n\n<figure class=\"wp-block-image size-large\"><img loading=\"lazy\" decoding=\"async\" width=\"810\" height=\"1024\" src=\"https:\/\/lacorrespondenciadebenitoariasmontano.online\/wp-content\/uploads\/2023\/11\/1280px-Retrato_de_Fray_Luis_de_Leon-810x1024.jpeg\" alt=\"\" class=\"wp-image-4408\" srcset=\"https:\/\/lacorrespondenciadebenitoariasmontano.online\/wp-content\/uploads\/2023\/11\/1280px-Retrato_de_Fray_Luis_de_Leon-810x1024.jpeg 810w, https:\/\/lacorrespondenciadebenitoariasmontano.online\/wp-content\/uploads\/2023\/11\/1280px-Retrato_de_Fray_Luis_de_Leon-237x300.jpeg 237w, https:\/\/lacorrespondenciadebenitoariasmontano.online\/wp-content\/uploads\/2023\/11\/1280px-Retrato_de_Fray_Luis_de_Leon-768x971.jpeg 768w, https:\/\/lacorrespondenciadebenitoariasmontano.online\/wp-content\/uploads\/2023\/11\/1280px-Retrato_de_Fray_Luis_de_Leon-1215x1536.jpeg 1215w, https:\/\/lacorrespondenciadebenitoariasmontano.online\/wp-content\/uploads\/2023\/11\/1280px-Retrato_de_Fray_Luis_de_Leon-9x12.jpeg 9w, https:\/\/lacorrespondenciadebenitoariasmontano.online\/wp-content\/uploads\/2023\/11\/1280px-Retrato_de_Fray_Luis_de_Leon.jpeg 1280w\" sizes=\"(max-width: 810px) 100vw, 810px\" \/><figcaption class=\"wp-element-caption\">Detalle del retrato de Fray Luis de Le\u00f3n en Francisco Pacheco,&nbsp;<em>El libro de descripci\u00f3n de verdaderos retratos, ilustres y memorables varones<\/em>, [Sevilla, s.n., s.a.]- Real Academia de la Historia (Madrid). Signatura: 1\/736<\/figcaption><\/figure>\n\n\n\n<div class=\"wp-block-buttons is-layout-flex wp-block-buttons-is-layout-flex\"><\/div>\n<\/div>\n\n\n\n<div class=\"wp-block-column  {color:red; font-size:20px; font-family:Courier; border:2px; border-color:blue; border-style:solid; width:100px; height:100px; overflow: scroll } is-layout-flow wp-block-column-is-layout-flow\">\n<b>TRANSLATION INTO SPANISH <br>AND NOTES<br><\/b>\n   \n      <meta http-equiv=\"Content-Type\" content=\"text\/html; charset=UTF-8\">\n      <!--THIS FILE IS GENERATED FROM AN XML MASTER. DO NOT EDIT (5)--><meta name=\"author\" content=\"Benito Arias Montano\">\n      <meta name=\"generator\" content=\"Text Encoding Initiative Consortium XSLT stylesheets\">\n      <meta name=\"DC.Title\" content=\"La correspondencia de Benito Arias Montano: edici\u00f3n cr\u00edtica digital \u2014 Benito Arias Montano [Madrid] a Felipe II [Madrid] - 1567\">\n      <meta name=\"DC.Type\" content=\"Text\">\n      <meta name=\"DC.Format\" content=\"text\/html\"><link href=\"http:\/\/nl.ijs.si\/tei\/convert\/profiles\/test\/html\/jsi-tei.css\" rel=\"stylesheet\" type=\"text\/css\"><link rel=\"stylesheet\" media=\"print\" type=\"text\/css\" href=\"https:\/\/www.tei-c.org\/release\/xml\/tei\/stylesheet\/tei-print.css\">\n   \n      <div class=\"stdheader autogenerated\">\n         \n      <\/div>\n      \n      \n      <ul class=\"toc toc_body\">\n         <li class=\"toc\"><\/li>\n      <\/ul>\n      <ul class=\"toc toc_back\"><\/ul><br><br>\n      <!--TEI body-->\n      \n      \n      \n      \n      <!--TEI body-->\n    \n        \n      <!--TEI back-->\n      <div class=\"tei_back\">\n         <section class=\"traduccion\" id=\"index.xml-back.1_div.1\">\n            \n            <div class=\"pagebreak\" id=\"index.xml-pb-w9236902ab3b5b5b1b1\"><a href=\"http:\/\/lacorrespondenciadebenitoariasmontano.online\/wp-content\/uploads\/2023\/03\/Ms.-8588-f.-129r.jpg\" target=\"_blank\" onclick=\"window.open(this.href, this.target, 'width=500,height=600'); return false;\" rel=\"noopener\">[f. 129r]<\/a><\/div>\n            <p>[<b>1<\/b>] Nos inscribimos, al fin, mi querido Le\u00f3n,<a class=\"link_ref\" id=\"referencia1\" href=\"#nota1\" title=\"1 Fray Luis de L\u00e9on (1527-1591) naci\u00f3 en Belmonte en el seno de una familia de hidalgos de origen jud\u00edo. Su padre, Lope de Le\u00f3n, fue abogado en la corte y oidor...\">1<\/a> nos inscribimos de buen grado en esta orden\n               militar,<a class=\"link_ref\" id=\"referencia2\" href=\"#nota2\" title=\"2 El ingreso de BAM en la aristocr\u00e1tica Orden de Santiago tiene lugar como muy pronto despu\u00e9s del 13 de febrero de 1560. En dic...\">2<\/a> y no nos averg\u00fcenza nuestra intenci\u00f3n, ni convendr\u00e1 ya avergonzarse. [<b>2<\/b>] Y sobre todo\n               me empuj\u00f3 a este prop\u00f3sito el hecho de que presagiamos que habremos de contar con\n               el ocio y la disponibilidad necesaria para el trabajo destinado y proyectado, tanto\n               por la moderaci\u00f3n y clemencia de la disciplina que aqu\u00ed se ejerce, como por la condici\u00f3n\n               natural de los camaradas y compa\u00f1eros de orden, la mayor parte de los cuales son de\n               car\u00e1cter pac\u00edfico y dispuesto a cultivar la amistad y el servicio y (cosa que es de\n               admirar en una comunidad de hombres diversos) entre ellos ni siquiera se oye la palabra\n               controversia; y aunque la condici\u00f3n de todos ellos no est\u00e1 inclinada a los estudios\n               de las letras, no obstante la de ninguno es contraria a las mismas.\n            <\/p>\n            <p>[<b>3<\/b>] Queda que recorramos nuestro noviciado y nos apliquemos a la disciplina, y mientras\n               esto se realiza, no se podr\u00e1 proseguir el plan de nuestros estudios. [<b>4<\/b>] Pues sabe, mi\n               querido Le\u00f3n, al aprendizaje de qu\u00e9 negocios, costumbres, leyes, ceremonias y ritos\n               se suele consagrar el tiempo en todo este per\u00edodo de noviciado, y que habremos de\n               devorar este tedio, del que, aunque los superiores quisieran librarnos sobremanera,\n               no obstante no conviene que se haga esto por el ejemplo de quienes despu\u00e9s vayan a\n               ser novicios.\n            <\/p>\n            <p>[<b>5<\/b>] Con todo, una vez que hayamos prestado el juramento,<a class=\"link_ref\" id=\"referencia3\" href=\"#nota3\" title=\"3 El referido juramento tuvo lugar el domingo 5 de mayo de 1560 seg\u00fan se puede leer en un documento de BAM conservado en un lib...\">3<\/a> intentaremos realizar el trabajo para el que nos hemos desplazado aqu\u00ed. Sin embargo,\n               no somos completamente ajenos a las musas en este tiempo, puesto que entretanto se\n               presentan algunas ocasiones para regresar a la lectura y estudio de los poetas.\n            <\/p>\n            <p>[<b>6<\/b>] Y no he podido comunicar a vuestra merced este hecho hasta ahora por falta de correo, y ten\u00eda muchas\n               ganas y buscaba la oportunidad de enviar cartas a vuestra merced, que s\u00e9 que se interesa entre\n               los primeros por mis asuntos. \n[<b>7<\/b>] As\u00ed que se present\u00f3 la ocasi\u00f3n de Capillas,<a class=\"link_ref\" id=\"referencia4\" href=\"#nota4\" title=\"4 Dom\u00ednguez Correspondencia, I, 19 propone la identificaci\u00f3n de este personaje con Rodrigo de Capillas fraile del conven...\">4<\/a> veterano de esta orden, que lleg\u00f3 aqu\u00ed desde esa ciudad para celebrar estas fiestas\n               con sus compa\u00f1eros de orden. Al preguntarle por vuestra merced me respondi\u00f3 que estaba bien y\n               que hab\u00eda sostenido recientemente un debate teol\u00f3gico con enorme alabanza y aplauso. [<b>8<\/b>]\n               Dios conceda a vuestra merced que, conforme a mis plegarias, tenga salud y sea feliz.\n            <\/p>\n            <p>[<b>9<\/b>] Pero de la misma manera que le considero como inspirador y consejero de nuestros asuntos,\n               as\u00ed tambi\u00e9n es justo que le tenga como socio de los mismos. Procure, por tanto, con\n               todos los recursos y medios que pueda, ayudarme en esta causa de com\u00fan religi\u00f3n,\n               pues <span class=\"pagebreak\" id=\"index.xml-pb-w9236902ab3b5b5b1c11b1\"><a href=\"http:\/\/lacorrespondenciadebenitoariasmontano.online\/wp-content\/uploads\/2023\/03\/Ms.-8588-f.-129v.jpg\" target=\"_blank\" onclick=\"window.open(this.href, this.target, 'width=500,height=600'); return false;\" rel=\"noopener\">[f. 129v]<\/a><\/span> confiado en el juicio y recursos de vuestra merced, albergar\u00e9 la mayor de las esperanzas en mis proyectos.  [<b>10<\/b>]\n               Por lo cual, todo lo que encuentre vuestra merced en sus estudios que parezca tocar a los cap\u00edtulos\n               de la disciplina cristiana sobre los que se debate en nuestro tiempo, todo ello convendr\u00e1\n               que lo analice y lo apunte, pero ahora quiero recapitular esos asuntos para\n               que vuestra merced tenga claro tambi\u00e9n cu\u00e1les son.\n            <\/p>\n            <p>[<b>11<\/b>] Primero sobre la predestinaci\u00f3n, la elecci\u00f3n y la reprobaci\u00f3n; sobre la justificaci\u00f3n\n               del hombre pecador, sobre la fe, sobre la obediencia sin obras, sobre el Esp\u00edritu\n               Santo y su infusi\u00f3n, sobre la posibilidad y virtud de no pecar, si esta virtud ha\n               sido concedida por Dios, si este tipo de h\u00e1bito puede conseguirse por el uso y el\n               largo ejercicio; y est\u00e1 este pasaje de los santificados y confirmados por la gracia,\n               sobre el que los nuestros mantienen muchas y variadas discusiones. \n            <\/p>\n            <p>[<b>12<\/b>] A continuaci\u00f3n sobre la virtud y la eficacia de los sacramentos, de d\u00f3nde son, en\n               qu\u00e9 sitio reside su virtud, si en la misma materia iniciada en ciertas oraciones o\n               en la unci\u00f3n y en el poder de Cristo concedido por el padre, al que, no obstante,\n               se refieren aquellos sacramentos externos igual que la circuncisi\u00f3n exterior hac\u00eda referencia\n               a la circuncisi\u00f3n interior del coraz\u00f3n. [<b>13<\/b>] Todos estos cap\u00edtulos deseo que sean dispuestos\n               por vuestra merced en ciertos comentarios, para que si observa algo en sus lecturas que tenga\n               que ver con la raz\u00f3n y el argumento de los mismos, los re\u00fana para uso nuestro. Pues\n               estas son las materias que con m\u00e1s frecuencia debemos discutir al interpretar los\n               Libros Sagrados. [<b>14<\/b>] Ahora en cuanto a los principios de la F\u00edsica, propondr\u00e9 a vuestra merced dos cuestiones,\n               a las que con su diligencia podr\u00e1 ser de la mayor ayuda para nosotros, reuniendo\n               los argumentos que localice en diversos autores en lugares dispuestos para una y\n               otra cuesti\u00f3n <span class=\"pagebreak\" id=\"index.xml-pb-w9236902ab3b5b5b1c15b1\"><a href=\"http:\/\/lacorrespondenciadebenitoariasmontano.online\/wp-content\/uploads\/2023\/03\/Ms.-8588-f.-130r.jpg\" target=\"_blank\" onclick=\"window.open(this.href, this.target, 'width=500,height=600'); return false;\" rel=\"noopener\">[f.130r]<\/a><\/span> ya parezcan que prueban o debilitan nuestra opini\u00f3n. [<b>15<\/b>] La primera es la cuesti\u00f3n sobre\n               el elemento del fuego; sobre el n\u00famero de orbes celestes, la segunda, pues en ambas\n               cuestiones nuestra opini\u00f3n es muy diversa de la tradici\u00f3n extendida y recibida de\n               los que han opinado sobre ellas. Pues ni consideramos que el elemento del fuego exista\n               en la naturaleza, ni pensamos que el n\u00famero de orbes y de cielos se extienda hasta\n               once o incluso hasta doce, pues content\u00e1ndonos con tres, suprimimos los restantes.\n               Y al primero llamamos aire hasta el orbe de los planetas, a continuaci\u00f3n situamos\n               el mismo lugar de todas las estrellas, tanto errantes como inm\u00f3viles, por \u00faltimo colocamos\n               la sede de Dios y de los esp\u00edritus de los bienaventurados.\n            <\/p>\n            <p>[<b>16<\/b>] As\u00ed que para la discusi\u00f3n de todas estas cuestiones deseo vivamente que vuestra merced no preste\n               ayuda en nombre de la religi\u00f3n y del voto com\u00fan y de nuestra amistad.<a class=\"link_ref\" id=\"referencia5\" href=\"#nota5\" title=\"5 Dicha amistad deb\u00eda de venir de mucho tiempo atr\u00e1s como ha estudiado Jos\u00e9 Mar\u00eda Maestre Maestre en algunos de sus recientes t...\">5<\/a> Y en el primer g\u00e9nero de la cuesti\u00f3n teol\u00f3gica, ser\u00e1 suficiente observar los argumentos\n               de los autores escol\u00e1sticos; en el \u00faltimo tipo, que toca a la naturaleza de los cielos\n               y del fuego y al n\u00famero de los primeros, vuestra merced nos preparar\u00e1 argumentos reunidos de todas\n               partes, ya maneje autores antiguos o m\u00e1s recientes, y ya tambi\u00e9n trate poetas y\n               autores en prosa. [<b>17<\/b>] Y no obstante no imponemos a vuestra merced el trabajo \u00edmprobo de que las cosas\n               que ellos discuten sobre estos asuntos con muchas palabras, esas mismas vuestra merced las copie\n               para nosotros con las mismas o con m\u00e1s palabras. Solo le pedimos el cuidado de que,\n               tras tocar levemente sus ideas, nos indique los lugares de donde, cuando sea necesario,\n               podamos sacar las palabras exactas. <span class=\"pagebreak\" id=\"index.xml-pb-w9236902ab3b5b5b1c17b3\"><a href=\"http:\/\/lacorrespondenciadebenitoariasmontano.online\/wp-content\/uploads\/2023\/03\/Ms.-8588-f.-130v.jpg\" target=\"_blank\" onclick=\"window.open(this.href, this.target, 'width=500,height=600'); return false;\" rel=\"noopener\">[f. 130v]<\/a><\/span> <span class=\"pagebreak\" id=\"index.xml-pb-w9236902ab3b5b5b1c17b5\"><a href=\"http:\/\/lacorrespondenciadebenitoariasmontano.online\/wp-content\/uploads\/2023\/03\/Ms.-8588-f.-131r.jpg\" target=\"_blank\" onclick=\"window.open(this.href, this.target, 'width=500,height=600'); return false;\" rel=\"noopener\">[f. 131r]<\/a><\/span> [<b>18<\/b>] Este encargo tambi\u00e9n podr\u00e1 confiarlo vuestra merced a los amigos estudiosos de las buenas letras,\n               pero ocultar\u00e1 por completo nuestro fin y prop\u00f3sito, y esto se podr\u00e1 hacer en los\n               dos cap\u00edtulos finales sobre el fuego y sobre el n\u00famero de cielos, pues en las otras\n               cuestiones solo queremos servirnos del trabajo de vuestra merced, a quien eleg\u00ed de buen grado como\n               gu\u00eda c\u00f3mplice y socio de todos estudios. [<b>19<\/b>] De modo que conforme a su amabilidad y seg\u00fan\n               su ilustre estudio de la religi\u00f3n se emplear\u00e1 vuestra merced en ser mi primer y \u00fanico ayudante en\n               un proyecto a cuyo ejercicio me incit\u00f3 entre los primeros <span class=\"pagebreak\" id=\"index.xml-pb-w9236902ab3b5b5b1c17b7\"><a href=\"https:\/\/lacorrespondenciadebenitoariasmontano.online\/wp-content\/uploads\/2023\/03\/Ms.-8588-f.-131v.jpg\" target=\"_blank\" onclick=\"window.open(this.href, this.target, 'width=500,height=600'); return false;\" rel=\"noopener\">[f. 131v]<\/a><\/span> Y as\u00ed no me avergonzar\u00e1 haber aceptado el consejo ni a vuestra merced hab\u00e9rmelo dado. [<b>20<\/b>] Ser\u00e1 muy\n               propio de vuestra amabilidad y muy conveniente para nuestra autoridad si ante los veteranos\n               de esta milicia que profeso que viven en esa ciudad dedicados a los estudios, comunique vuestra merced\n               en su momento la estimaci\u00f3n que vuestra merced y los dem\u00e1s amantes de las buenas letras, esto\n               es, los que son como vuestra merced, tienen hacia m\u00ed, para que, claro est\u00e1, lo que todos ustedes\n               me atribuyen por vuestra amabilidad, lo conserven tambi\u00e9n ante los que pueden servirme\n               en muchas cosas de ayuda unidos en la profesi\u00f3n de una misma comunidad. Y no deseo\n               otra cosa que el testimonio de vuestra merced ante ellos, pues ser\u00e1 m\u00e1s que suficiente para proporcionarme\n               honra el testimonio de un hombre considerado por todos bueno y sabio.\n            <\/p>\n            <p>[<b>21<\/b>] Por \u00faltimo, el libro que rogu\u00e9 a vuestra merced insistentemente que nos buscara, se lo pido de\n               nuevo, me refiero al que se titula <span class=\"titlem\">Apparatus Latinae locutionis<\/span>;<a class=\"link_ref\" id=\"referencia6\" href=\"#nota6\" title=\"6 Apparatus Latinae locutionis ex M.T. Cicerone Caesare Sallustio Terentio Plauto ad Herennium Asconio Celso ac de re rustica p...\">6<\/a> tambi\u00e9n que vuestra merced me escriba  con la mayor frecuencia que pueda y que no deje de comunicarme\n               si hay algo de lo que convenga advertirme o informarme.\n            <\/p>\n            \n               <p>[<b>22<\/b>] Adi\u00f3s, desde esta comunidad de los Caballeros de Santiago.<\/p>\n           \n         <\/section>\n         <section class=\"notas\" id=\"index.xml-back.1_div.2\">\n            <h1><span class=\"headingNumber\"><\/span><\/h1>\n<div class=\"note\" id=\"nota1\"><span class=\"noteLabel\">Note: <\/span><a class=\"link_ref\" href=\"#referencia1\" title=\"1\">1<\/a> Fray Luis de L\u00e9on (1527-1591) naci\u00f3 en Belmonte en el seno de una familia de hidalgos de origen jud\u00edo. Su padre, Lope de Le\u00f3n, fue abogado en la corte y oidor de la Canciller\u00eda de Granada a partir de 1541. En 1541 inicia fray Luis sus estudios en Salamanca y en 1544 profesa como fraile agustino. En 1556 ampl\u00eda sus estudios en Alcal\u00e1 con Cipriano de la Huerga. En 1560 alcanza el grado de licenciado y de Maestro en Teolog\u00eda. En 1578 oposita a la c\u00e1tedra de Filosof\u00eda Moral y en 1579 consigue la c\u00e1tedra de Sagrada Escritura. En 1580 publica los comentarios <i>In Cantica Canticorum<\/i> e <i>In Psalmum XXVI<\/i>; y en 1583 <i>La Perfecta casada<\/i> and <i>Los Nombres de Cristo<\/i>; cf. J. F. Alcina, <i>Fray Luis de Le\u00f3n. Poes\u00eda<\/i> (Madrid, 1986), p. 11. A fray Luis y Montano los unen muchos v\u00ednculos de todo tipo, cronol\u00f3gico, geogr\u00e1fico y hasta personales. Tuvieron vidas y obras entrelazadas: se educaron con los mismos maestros, se dedicaron al estudio de la Biblia como principal ocupaci\u00f3n y crearon sus poemas l\u00edricos hacia la segunda mitad del siglo XVI. Una sucinta bibliograf\u00eda sobre las relaciones y concomitancias intelectuales de esos personajes debe incluir los trabajos de S. Diego, \u00abVersi\u00f3n m\u00e9trica del Salterio\u00bb, <i>Revista de Estudios Extreme\u00f1os<\/i> (1928), 71-81; F. Cantera, \u00abArias Montano y Fr. Luis de Le\u00f3n\u00bb, <i>Bolet\u00edn de la Biblioteca de Men\u00e9ndez Pelayo<\/i>, 12-4 (1946), 299-338; J. L\u00f3pez de Toro, \u00abFray Luis de Le\u00f3n y Arias Montano\u00bb, <i>Revista de Archivos, Bibliotecas y Museos<\/i>, 61-2 (1955), 531-548; J. F. Alcina, \u00abIntroducci\u00f3n\u00bb a <i>Fray Luis de Le\u00f3n. Poes\u00eda<\/i>  (Madrid: C\u00e1tedra, 1986); y J. F. Dom\u00ednguez Dom\u00ednguez, \u00abCarta de Arias Montano a Fray Luis de Le\u00f3n. Comentario, edici\u00f3n y traducci\u00f3n\u00bb, <i>Cuadernos de Pensamiento<\/i>, 12 (1998), 285-312..\n            <\/div>           \n <div class=\"note\" id=\"nota2\"><span class=\"noteLabel\">Note: <\/span><a class=\"link_ref\" href=\"#referencia2\" title=\"2\">2<\/a> El ingreso de BAM en la aristocr\u00e1tica Orden de Santiago tiene lugar, como muy pronto,\n               despu\u00e9s del 13 de febrero de 1560. En dicha fecha se cerr\u00f3 el expediente de ingreso\n               de BAM en la Orden y se le entreg\u00f3 la documentaci\u00f3n para que \u00e9l, a su vez, la presentara\n               al Prior de San Marcos de Le\u00f3n. Dicho expediente se puede leer en Carvajal, \u00abElogio\n               hist\u00f3rico\u00bb, pp. 123-131, doc. n\u00ba 1.\n            <\/div>\n            <div class=\"note\" id=\"nota3\"><span class=\"noteLabel\">Note: <\/span><a class=\"link_ref\" href=\"#referencia3\" title=\"3\">3<\/a> El referido juramento tuvo lugar el domingo 5 de mayo de 1560, seg\u00fan se puede leer\n               en un documento de BAM conservado en un libro titulado de \u00abProfesiones\u00bb en el Real\n               Convento de San Marcos de Le\u00f3n, que va desde el a\u00f1o 1555 hasta el a\u00f1o 1562; v\u00e9ase\n               Carvajal, \u00abElogio hist\u00f3rico\u00bb, pp. 133-134, doc. n\u00ba 3.\n            <\/div>\n            <div class=\"note\" id=\"nota4\"><span class=\"noteLabel\">Note: <\/span><a class=\"link_ref\" href=\"#referencia4\" title=\"4\">4<\/a> Dom\u00ednguez, <span class=\"titlem\">Correspondencia<\/span>, I, 19 propone la identificaci\u00f3n de este personaje con Rodrigo de Capillas, fraile\n               del convento de San Marcos de Le\u00f3n, que vivir\u00eda en Salamanca por estas fechas y hab\u00eda\n               regresado durante esos d\u00edas a San Marcos.\n            <\/div>\n            <div class=\"note\" id=\"nota5\"><span class=\"noteLabel\">Note: <\/span><a class=\"link_ref\" href=\"#referencia5\" title=\"5\">5<\/a> Dicha amistad deb\u00eda de venir de mucho tiempo atr\u00e1s, como ha estudiado Jos\u00e9 Mar\u00eda Maestre\n               Maestre en algunos de sus recientes trabajos; v\u00e9ase, por ejemplo, el titulado \u00abFray\n               Luis de Le\u00f3n, principal destinatario de la gram\u00e1tica italiana en lat\u00edn de Benito Arias\n               Montano\u00bb, <span class=\"titlem\">Silva<\/span>, 1 (2002), 141-156, donde se demuestra que BAM escribi\u00f3 una gram\u00e1tica italiana,\n               conservada parcialmente en el c\u00f3dice K-III-8 de la Real Biblioteca de San Lorenzo\n               de El Escorial, para ense\u00f1ar dicha lengua, sobre todo, a fray Luis de Le\u00f3n. La fecha\n               probable de redacci\u00f3n de ese interesante texto es finales de 1559, tras la vuelta\n               de BAM de su primer viaje a Italia.\n            <\/div>\n            <div class=\"note\" id=\"nota6\"><span class=\"noteLabel\">Note: <\/span><a class=\"link_ref\" href=\"#referencia6\" title=\"6\">6<\/a><span class=\"titlem\"> Apparatus Latinae locutionis ex M.T. Cicerone, Caesare, Sallustio, Terentio, Plauto,\n                  ad Herennium, Asconio, Celso, ac de re rustica, per Bartholomaeum Riccium Lugiensem\n                  in suum ordinem descriptus<\/span> (Venetiis: per Iohanem Antonium et fratres De Sabio, 1533); puede accederse a una copia digitalizada de esta edici\u00f3n a trav\u00e9s de <a href=\"https:\/\/archive.org\/details\/bub_gb_PEMtU5xWYWoC\">Internet Archive<\/a>. En el Universal Short\n               Title Catalogue se hallan tambi\u00e9n referencias a nuevas ediciones de la obra en Lyon\n               (S\u00e9bastien Gryphe, 1534), Estrasburgo (Mathias Apiarius, 1535) y Colonia (Johann Gymnich,\n               1535).\n            <\/div>\n        \n      <div class=\"stdfooter autogenerated\">\n         <div class=\"footer\">\n            <!--standard links to project, institution etc--><a class=\"plain\" href=\"\/en\/\"><\/a> \n         <\/div>\n         \n            <!--\n\t  Generated from index.xml using XSLT stylesheets version 7.54.0\n\t       based on http:\/\/www.tei-c.org\/Stylesheets\/\n\t       on 2023-03-01T16:08:40Z.\n\t       SAXON HE 9.8.0.15.\n\t\t -->\n      <\/div>\n   \n<\/section><\/div>\n\n\n\n<div style=\"height:42px\" aria-hidden=\"true\" class=\"wp-block-spacer\"><\/div>\n<\/div>\n\n\n\n<div class=\"wp-block-column is-layout-flow wp-block-column-is-layout-flow\">\n<b>TEXT (WITHOUT VISUALISATION <br>OF XML-TEI MARKUP)<br><\/b>\n   \n      <meta http-equiv=\"Content-Type\" content=\"text\/html; charset=UTF-8\">\n      <!--THIS FILE IS GENERATED FROM AN XML MASTER. DO NOT EDIT (5)--><meta name=\"author\" content=\"Benito Arias Montano\">\n      <meta name=\"generator\" content=\"Text Encoding Initiative Consortium XSLT stylesheets\">\n      <meta name=\"DC.Title\" content=\"La correspondencia de Benito Arias Montano: edici\u00f3n cr\u00edtica digital \u2014 Benito Arias Montano [Madrid] a Felipe II [Madrid] - 1567\">\n      <meta name=\"DC.Type\" content=\"Text\">\n      <meta name=\"DC.Format\" content=\"text\/html\"><link href=\"http:\/\/nl.ijs.si\/tei\/convert\/profiles\/test\/html\/jsi-tei.css\" rel=\"stylesheet\" type=\"text\/css\"><link rel=\"stylesheet\" media=\"print\" type=\"text\/css\" href=\"https:\/\/www.tei-c.org\/release\/xml\/tei\/stylesheet\/tei-print.css\">\n   \n      <div class=\"stdheader autogenerated\">\n         \n      <\/div>\n      \n      \n      <ul class=\"toc toc_body\">\n         <li class=\"toc\"><\/li>\n      <\/ul>\n      <ul class=\"toc toc_back\"><\/ul><br><br>\n     \n      <!--TEI body-->\n      <div class=\"tei_body\">\n         <section class=\"textOriginal\" id=\"index.xml-body.1_div.1\">\n           \n            <div class=\"pagebreak\" id=\"index.xml-pb-w9233033ab3b5b1b1b1\"><a href=\"http:\/\/lacorrespondenciadebenitoariasmontano.online\/wp-content\/uploads\/2023\/03\/Ms.-8588-f.-129r.jpg\" target=\"_blank\" onclick=\"window.open(this.href, this.target, 'width=500,height=600'); return false;\" rel=\"noopener\">[f. 129r]<\/a><\/div>\n            <p>[<b>1<\/b>] Dedimus tandem, <span class=\"persName\">mi Leo<\/span>, dedimus ultro nomen in hanc militiam, neque nos incepti poenitet, neque iam poenitere decebit. [<b>2<\/b>] Id autem maxime animum ad hanc rem induxit, quod ad destinatum propositumque negocium futurum nobis otium\n             commoditatemque augurati sumus, tum ex disciplinae quae hic exercetur temperamento ac clementia, tum ob contubernalium commilitonumque ingenia, quorum maxima pars mansueto sunt animo et ad amicitiam officiumque excolendum informato et, quod maxime mireris in communi diuersorum hominum coetu, contentionis inter eos neque nomen quidem auditur; in literarum uero studia et si non omnium propensum nullius tamen inuidum ingenium est.\n            <\/p>\n            <p>[<b>3<\/b>] Superest ut tyrocinium percurramus nostrum disciplinaeque operam demus, idque dum peragatur, studiorum nostrorum rationem persequi non licebit. [<b>4<\/b>] Scis enim, mi Leo, quibus negotiis, moribus, legibus, ceremoniis ritibusque perdiscendis toto hoc tyrocinii tempore uacari soleat,\n               deuorandumque nobis esse hoc taedium, quo si maxime leuare cuperent praefecti uel ob eorum qui futuri posthac tyrones sunt exemplum fieri tamen non expedit.\n            <\/p>[<b>5<\/b>]\n           At uero cum  sacramentum fecerimus, id, cuius gratia huc nos contulimus, conabimur. Sed nec \u1f02\u03bc\u03bf\u03c5\u03c3\u03bf\u03b9\n               omnino hoc tempore sumus quando et ad poetarum lectionem et obseruationem aliqui dantur interea reditus.\n            <p><\/p>\n            <p>[<b>6<\/b>] Huius autem rei te hactenus certiorem facere tabellarii defectu non potui cupiebamque maxime commoditatemque quaerebam ut literas ad te darem, quem mearum rerum imprimis\n               sollicitum noui. [<b>7<\/b>] Commodum igitur se obtulit Capillas, huius disciplinae ueteranus, qui festa haec cum suis commilitonibus acturus inde huc uenit. Is de te  a nobis rogatus bene ualere sustinuisseque nuper theologicum certamen cum ingenti laude et plausu respondit. [<b>8<\/b>] Det tibi Deus ut pro meis uotis et  ualeas et foelix sis.\n            <\/p>\n            <p>[<b>9<\/b>] At uero nostrorum negociorum ut te hortatorem suasoremque habeo, sic socium habere fas est. Cura igitur\n               ut, quibus rebus quibusque artibus maxime possis, his in communi religionis causa\n               opem mihi conferas, nam et tuo iudicio multum tribuo semper <span class=\"pagebreak\" id=\"index.xml-pb-w9233033ab3b5b1b1c11b6\"><a href=\"http:\/\/lacorrespondenciadebenitoariasmontano.online\/wp-content\/uploads\/2023\/03\/Ms.-8588-f.-129v.jpg\" target=\"_blank\" onclick=\"window.open(this.href, this.target, 'width=500,height=600'); return false;\" rel=\"noopener\">[f. 129v]<\/a><\/span> et iudicio tuo et ope fretus, maximam spem meis conatibus fecero. [<b>10<\/b>] Quare  quaecumque inter studendum offenderis quae ad ea  christianae disciplinae capita, de quibus nostro tempore disputatur pertinere uidebitur, id omne et abs te obseruari et excerpi oportuerit, sed et recensere nunc libet ut admonitus etiam sis quae sint illa.\n            <\/p>\n            <p>[<b>11<\/b>] Primum de praedestinatione, electione et reprobatione; de iustificatione lapsi hominis, de fide, de obedientia sine operibus, de Spiritu Sancto eiusque infusione, de non peccandi potentia et uirtute, an a Deo datam uirtutem hanc, an usu exercitationeque longa comparari hic quasi habitus quidam possit; estque hic locus de sanctificatis et gratia confirmatis, in quo multa uariaque nostri disserunt.\n            <\/p>\n            <p>[<b>12<\/b>] Tum de sacramentorum uirtute et efficatia unde sint, qua in re sita sit eorum uirtus, in ipsane materia\n              certis praecationibus initiata an in Christi unctione et potestate a patre concessa, quam tamen sacramenta illa externa referant quemadmodum exterior circumcisio interiorem cordis referebat circumcisionem. [<b>13<\/b>] Quae omnia capita abs te in certis commentariis digesta esse cupio, quo si quid legendo obseruaueris quod ad eorum rationem argumentumque pertineat, in nostrum usum conferas.\n               Namque haec sunt quae dum sacros libros interpretabimur disputanda a nobis saepius ocurrent. [<b>14<\/b>] Iam in Phisicis\n               rationibus, unam atque alteram tibi proponam quaestionem, ad quas nobis tua diligentia maximo esse poteris adiumento occurrentia per diuersos autores\n               argumenta  in paratos utrique quaestioni locos conferendo <span class=\"pagebreak\" id=\"index.xml-pb-w9233033ab3b5b1b1c15c35\"><a href=\"http:\/\/lacorrespondenciadebenitoariasmontano.online\/wp-content\/uploads\/2023\/03\/Ms.-8588-f.-130r.jpg\" target=\"_blank\" onclick=\"window.open(this.href, this.target, 'width=500,height=600'); return false;\" rel=\"noopener\">[f.130r]<\/a><\/span> siue ea nostram sententiam astruere seu labefactare uideantur. [<b>15<\/b>] Altera de elementari igni quaestio est; de coelestium autem orbium numero altera, in utraque enim ratione diuersa omnino a uulgata receptaque opinantium traditione nostra est sententia. Nam neque nos igneum elementum in rerum natura existere censemus,\n               neque orbium coelorumque numerum in undecimum usque uel duodecimum produci putamus, namque tribus  contenti caeteros tollimus. Atque primum quidem hunc aerem ad planetarum usque orbem uocamus, ipsum deinde omnium stellarum, tam errantium quam immobilium locum, ultimum autem Dei beatorumque spirituum sedem statuimus.\n            <\/p>\n            <p> [<b>16<\/b>] Ergo ad harum ominum quaestionum disputationem undique nobis abs te parari auxilia et religionis et uoti communis et amicitiae nomine expeto. Atque in  priori genere Theologicae tractationis, scholasticorum autorum argumenta obseruare satis fuerit, in posteriori autem genere quod ad coelorum ignisque naturam et numerum spectat, undique collata argumenta nobis parabis siue antiquos autores siue recentiores euolueris, atque etiam seu poetas seu liberiori oratione usos scriptores uersaueris. [<b>17<\/b>] Neque tamen improbum tibi laborem imponimus, ut quae illi de his rebus pluribus disputant, ea tu totidem uel pluribus nobis excipias. Tantum diligentiam poscimus ut eorum sententiis leuiter tactis, locos certa unde, cum opus fuerit, expromere possimus <span class=\"pagebreak\" id=\"index.xml-pb-w9233033ab3b5b1b1c17c44\"><a href=\"http:\/\/lacorrespondenciadebenitoariasmontano.online\/wp-content\/uploads\/2023\/03\/Ms.-8588-f.-130v.jpg\" target=\"_blank\" onclick=\"window.open(this.href, this.target, 'width=500,height=600'); return false;\" rel=\"noopener\">[f. 130v]<\/a><\/span> <span class=\"pagebreak\" id=\"index.xml-pb-w9233033ab3b5b1b1c17c46\"><a href=\"http:\/\/lacorrespondenciadebenitoariasmontano.online\/wp-content\/uploads\/2023\/03\/Ms.-8588-f.-131r.jpg\" target=\"_blank\" onclick=\"window.open(this.href, this.target, 'width=500,height=600'); return false;\" rel=\"noopener\">[f. 131r]<\/a><\/span> indices. [<b>18<\/b>] Hanc etiam curam bonarum literarum studiosis amicis mandare poteris, finem tamen institutumque nostrum celabis omnino, idque in duobus de igne, deque caelorum numero capitibus postremis facere licebit, nam in aliis tua tantum opera nobis opus est uti uolo, quem omnium meorum studiorum ducem conscium sociumque libenter elegi. \n[<b>19<\/b>] Pro tua igitur humanitate proque  egregio in religionem studio dabis operam ut cuius exercitii suasor nobis inter primos es, eius tu primus solusque <span class=\"pagebreak\" id=\"index.xml-pb-w9233033ab3b5b1b1c17c70\"><a href=\"http:\/\/lacorrespondenciadebenitoariasmontano.online\/wp-content\/uploads\/2023\/03\/Ms.-8588-f.-131v.jpg\" target=\"_blank\" onclick=\"window.open(this.href, this.target, 'width=500,height=600'); return false;\" rel=\"noopener\">[f. 131v]<\/a><\/span> sis adiutor. Atque ita et me admissi consilii et te dati non paenitebit. [<b>20<\/b>] Illud etiam tuae humanitatis\n               proprium et nostrae autoritati expedientissimum erit, si apud huius quam profiteor militiae ueteranos qui istic discendi causa uersantur, quam tu de me aestimationem, caeterique bonarum literarum  amatores, hoc est, tui similes habeatis, pro occasione significes, ut scilicet quod mihi uos omnes pro humanitate uestra tribuitis, apud eos etiam  conseruetis qui mihi communis societatis professione coniuncti adiumento esse, multis in rebus possunt. Neque aliud quam tuum apud eos testimonium opto, quod satis\n               superque id sit, hominis omnium consensu boni sapientisque ad me honestandum. <\/p>\n            <p>[<b>21<\/b>] Postremo quem librum ut nobis quaereres magnopere te rogaui etiam atque etiam rogo eum nempe, cui titulus est <span class=\"titlem\">Apparatus Latinae locutionis<\/span>, ut etiam ad me scribas quam saepissime et si quid est cuius me admonitum certioremue fieri expediat non omittas.\n            <\/p>\n            \n               <p>[<b>22<\/b>] Vale ex societate hac militum diui Iacobi.\n               <\/p>\n          \n         <\/section>\n      <\/div>\n      <!--TEI back-->\n      \n       <div class=\"stdfooter autogenerated\">\n         <div class=\"footer\">\n            <!--standard links to project, institution etc--><a class=\"plain\" href=\"\/en\/\"><\/a> \n         <\/div>\n        \n            <!--\n\t  Generated from index.xml using XSLT stylesheets version 7.54.0\n\t       based on http:\/\/www.tei-c.org\/Stylesheets\/\n\t       on 2023-03-01T16:08:40Z.\n\t       SAXON HE 9.8.0.15.\n\t\t -->\n      <\/div>\n\n\n\n<div style=\"height:46px\" aria-hidden=\"true\" class=\"wp-block-spacer\"><\/div>\n\n\n\n<div class=\"wp-block-buttons is-layout-flex wp-block-buttons-is-layout-flex\">\n<div class=\"wp-block-button aligncenter\"><a class=\"wp-block-button__link has-white-color has-text-color wp-element-button\" href=\"https:\/\/github.com\/CoBAM-editor\/CoBAM\/blob\/main\/1560%2002%2001-60%2005%2005%20CoBAM.xml\" style=\"border-radius:8px\" target=\"_blank\" rel=\"noreferrer noopener\">XML<\/a><\/div>\n<\/div>\n<\/div>\n<\/div>","protected":false},"excerpt":{"rendered":"<p>[1560 02 01 &#8211; 1560 05 05] Benito Arias Montano (Le\u00f3n) a Fray Luis de Le\u00f3n [Salamanca] Entre el 1 de febrero y el 5 de mayo de 1560 Identificador: [1560 02 01-1560 05 05] \u00cdncipit: Dedimus tandem, mi Leo, dedimus ultro nomen in hanc militiam&#8230; Manuscritos: (B) BNE, Ms. 8588, ff. 129r-131v. Impresos: (E1) [&hellip;]<\/p>","protected":false},"author":1,"featured_media":1721,"parent":2643,"menu_order":0,"comment_status":"closed","ping_status":"closed","template":"elementor_header_footer","meta":{"footnotes":""},"class_list":["post-1172","page","type-page","status-publish","has-post-thumbnail","czr-hentry"],"_links":{"self":[{"href":"https:\/\/lacorrespondenciadebenitoariasmontano.online\/en\/wp-json\/wp\/v2\/pages\/1172"}],"collection":[{"href":"https:\/\/lacorrespondenciadebenitoariasmontano.online\/en\/wp-json\/wp\/v2\/pages"}],"about":[{"href":"https:\/\/lacorrespondenciadebenitoariasmontano.online\/en\/wp-json\/wp\/v2\/types\/page"}],"author":[{"embeddable":true,"href":"https:\/\/lacorrespondenciadebenitoariasmontano.online\/en\/wp-json\/wp\/v2\/users\/1"}],"replies":[{"embeddable":true,"href":"https:\/\/lacorrespondenciadebenitoariasmontano.online\/en\/wp-json\/wp\/v2\/comments?post=1172"}],"version-history":[{"count":214,"href":"https:\/\/lacorrespondenciadebenitoariasmontano.online\/en\/wp-json\/wp\/v2\/pages\/1172\/revisions"}],"predecessor-version":[{"id":11054,"href":"https:\/\/lacorrespondenciadebenitoariasmontano.online\/en\/wp-json\/wp\/v2\/pages\/1172\/revisions\/11054"}],"up":[{"embeddable":true,"href":"https:\/\/lacorrespondenciadebenitoariasmontano.online\/en\/wp-json\/wp\/v2\/pages\/2643"}],"wp:featuredmedia":[{"embeddable":true,"href":"https:\/\/lacorrespondenciadebenitoariasmontano.online\/en\/wp-json\/wp\/v2\/media\/1721"}],"wp:attachment":[{"href":"https:\/\/lacorrespondenciadebenitoariasmontano.online\/en\/wp-json\/wp\/v2\/media?parent=1172"}],"curies":[{"name":"wp","href":"https:\/\/api.w.org\/{rel}","templated":true}]}}