{"id":3309,"date":"2023-04-25T11:20:11","date_gmt":"2023-04-25T11:20:11","guid":{"rendered":"https:\/\/lacorrespondenciadebenitoariasmontano.online\/?page_id=3309"},"modified":"2026-02-19T10:34:19","modified_gmt":"2026-02-19T10:34:19","slug":"1568-08-29","status":"publish","type":"page","link":"https:\/\/lacorrespondenciadebenitoariasmontano.online\/en\/correspondencia\/1568-08-29\/","title":{"rendered":"1568 08 29"},"content":{"rendered":"<div class=\"wp-block-columns is-layout-flex wp-container-core-columns-is-layout-2 wp-block-columns-is-layout-flex\">\n<div class=\"wp-block-column is-layout-flow wp-block-column-is-layout-flow\">\n<p class=\"has-text-align-center\" style=\"font-size:31px\">1568 08 29 <\/p>\n\n\n\n<p class=\"has-text-align-center\" style=\"font-size:31px\">Daniel Barbarus (Venice) to Benito Arias Montano (Antwerp) <\/p>\n\n\n\n<p class=\"has-text-align-right\" style=\"font-size:22px\">29 August 1568<\/p>\n\n\n\n<div style=\"height:28px\" aria-hidden=\"true\" class=\"wp-block-spacer\"><\/div>\n\n\n\n<div class=\"wp-block-columns is-layout-flex wp-container-core-columns-is-layout-1 wp-block-columns-is-layout-flex\">\n<div class=\"wp-block-column is-layout-flow wp-block-column-is-layout-flow\" style=\"flex-basis:33.33%\">\n<div class=\"wp-block-cover is-light wp-duotone-unset-1\" style=\"min-height:103px;aspect-ratio:unset;\"><span aria-hidden=\"true\" class=\"wp-block-cover__background has-background-dim-10 has-background-dim\"><\/span><img fetchpriority=\"high\" decoding=\"async\" width=\"1127\" height=\"423\" class=\"wp-block-cover__image-background wp-image-606\" alt=\"\" src=\"https:\/\/lacorrespondenciadebenitoariasmontano.online\/wp-content\/uploads\/2023\/03\/cropped-Gysbrechts-1.jpg\" data-object-fit=\"cover\" srcset=\"https:\/\/lacorrespondenciadebenitoariasmontano.online\/wp-content\/uploads\/2023\/03\/cropped-Gysbrechts-1.jpg 1127w, https:\/\/lacorrespondenciadebenitoariasmontano.online\/wp-content\/uploads\/2023\/03\/cropped-Gysbrechts-1-300x113.jpg 300w, https:\/\/lacorrespondenciadebenitoariasmontano.online\/wp-content\/uploads\/2023\/03\/cropped-Gysbrechts-1-1024x384.jpg 1024w, https:\/\/lacorrespondenciadebenitoariasmontano.online\/wp-content\/uploads\/2023\/03\/cropped-Gysbrechts-1-768x288.jpg 768w\" sizes=\"(max-width: 1127px) 100vw, 1127px\" \/><div class=\"wp-block-cover__inner-container is-layout-flow wp-block-cover-is-layout-flow\">\n<p class=\"has-text-align-center has-white-color has-text-color has-medium-font-size\"><strong>METADATA<\/strong><\/p>\n<\/div><\/div>\n\n\n\n<div style=\"height:10px\" aria-hidden=\"true\" class=\"wp-block-spacer\"><\/div>\n\n\n\n<meta http-equiv=\"Content-Type\" content=\"text\/html; charset=UTF-8\">\n   \n   \n      <div style=\"background-color:White;border:solid 1px DimGrey;border-radius:5px;\">\n         <div style=\"margin-left: 15px; color: #1C1C1C;\">\n            <p><b>Identifier: <\/b>1568 08 29<\/p>\n         <\/div>\n         <div style=\"margin-left: 15px; color: #1C1C1C;\">\n            <p><b>Incipit: <\/b>Dum tuas literas expectarem et prae nimio illarum desiderio prope consenescerem&#8230;<\/p>\n         <\/div>\n         <div style=\"margin-left: 15px\">\n            <p><b>Manuscripts: <\/b><\/p>\n            <ul>\n               (O) KBS, Ms. A 902, f. 17r-v, f. 28r-v.\n               <\/ul>\n         <\/div>\n         <div style=\"margin-left: 15px\">\n            <p><b>Prints: <\/b><\/p>\n            <ul>(E1) Mac\u00edas, <i>La Biblia Pol\u00edglota de Amberes<\/i>, pp. 92-95;  (E2) Dom\u00ednguez, <i>Correspondencia<\/i>, I, 94-101.<\/ul>\n         <\/div>\n         <div style=\"margin-left: 15px\">\n            <p><b>Critical edition, translation and notes: <\/b>Baldomero Mac\u00edas Rosendo <\/p>\n         <\/div>\n         <div style=\"margin-left: 15px\">\n            <p><b>Codification and digital edition: <\/b>Antonio D\u00e1vila P\u00e9rez<\/p>\n         <\/div>\n      <\/div>\n<\/div>\n\n\n\n<div class=\"wp-block-column is-layout-flow wp-block-column-is-layout-flow\" style=\"flex-basis:66.66%\">\n<p><strong>SUMMARY<\/strong><\/p>\n\n\n\n<p>Barbarus is happy about BAM\u2019s letter. He is also glad to learn BAM\u2019s mission in Antwerp and Alva\u2019s victory against the rebels. His book <em>On the perspective<\/em> is at the printer. When finished, Barbarus will send a copy to BAM. Barbarus asks BAM to request information on Oliverio Baldoccio, an scholar living in Leuven who was trying to start a friendship with him.<\/p>\n\n\n\n<p><strong>COMMENT<\/strong><\/p>\n\n\n\n<p>A package of seven letters from Daniel Barbaro, patriarch of Aquileia, to BAM has been preserved in the Stockholm manuscript; all of them corresponding to the period of 1568-1569. This Italian scholar, as soon as he heard about the mission of BAM in Flanders, became interested, among other things, in the progress of the Polyglot in a continuous exchange of correspondence that was cut short, before the Bible arrived at its end, by the death of the Italian prelate at the beginning of 1570.<\/p>\n\n\n\n<p>The second folio of the sheet, where the seal is preserved and overwritten, has been filed in file A 902 of the Manuscript of Stockholm separated from the first part of the sheet, where the letter was written. This has resulted in the jump in the numbering of both parts of the letter: folio 17, the body of the letter, and folio 28, the seal and the address. On the other hand, in this letter only the <em>salutatio<\/em>, the <em>ualedictio<\/em> and the address are only from the hand of Barbaro; the body of the letter is the work of another hand, surely a secretary or clerk of Barbaro.<\/p>\n\n\n\n<p>BAM seems to have confused the <em>Kalendas<\/em> with the <em>Nonas<\/em> when noting, by mistake, that the letter was dated September 2. Ben Rekers, for his part, dates this letter to August 26; possibly due to a misreading by which he interprets 7 Kal. Sept. instead of 4 Kal. Sept. <\/p>\n\n\n\n<p><\/p>\n\n\n\n<p><\/p>\n\n\n\n<p><\/p>\n<\/div>\n<\/div>\n<\/div>\n<\/div>\n\n\n\n<div class=\"wp-block-columns is-layout-flex wp-container-core-columns-is-layout-3 wp-block-columns-is-layout-flex\">\n<div class=\"wp-block-column is-layout-flow wp-block-column-is-layout-flow\" style=\"flex-basis:60%\">\n<figure class=\"wp-block-gallery has-nested-images columns-5 is-cropped wp-block-gallery-2 is-layout-flex wp-block-gallery-is-layout-flex\">\n<figure class=\"wp-block-image size-large is-style-zoooom\"><img decoding=\"async\" width=\"713\" height=\"1024\" src=\"http:\/\/lacorrespondenciadebenitoariasmontano.online\/wp-content\/uploads\/2023\/04\/KBS-A-902-f.-17r-713x1024.jpg\" alt=\"\" class=\"wp-image-3304\" srcset=\"https:\/\/lacorrespondenciadebenitoariasmontano.online\/wp-content\/uploads\/2023\/04\/KBS-A-902-f.-17r-713x1024.jpg 713w, https:\/\/lacorrespondenciadebenitoariasmontano.online\/wp-content\/uploads\/2023\/04\/KBS-A-902-f.-17r-209x300.jpg 209w, https:\/\/lacorrespondenciadebenitoariasmontano.online\/wp-content\/uploads\/2023\/04\/KBS-A-902-f.-17r-768x1103.jpg 768w, https:\/\/lacorrespondenciadebenitoariasmontano.online\/wp-content\/uploads\/2023\/04\/KBS-A-902-f.-17r-1070x1536.jpg 1070w, https:\/\/lacorrespondenciadebenitoariasmontano.online\/wp-content\/uploads\/2023\/04\/KBS-A-902-f.-17r-1426x2048.jpg 1426w, https:\/\/lacorrespondenciadebenitoariasmontano.online\/wp-content\/uploads\/2023\/04\/KBS-A-902-f.-17r-8x12.jpg 8w, https:\/\/lacorrespondenciadebenitoariasmontano.online\/wp-content\/uploads\/2023\/04\/KBS-A-902-f.-17r-scaled.jpg 1783w\" sizes=\"(max-width: 713px) 100vw, 713px\" \/><figcaption class=\"wp-element-caption\"><strong>KBS, Ms. A 902<\/strong>,<strong> f. 17r<\/strong><\/figcaption><\/figure>\n\n\n\n<figure class=\"wp-block-image size-large is-style-zoooom\"><img decoding=\"async\" width=\"720\" height=\"1024\" src=\"http:\/\/lacorrespondenciadebenitoariasmontano.online\/wp-content\/uploads\/2023\/04\/KBS-A-902-f.-17v-720x1024.jpg\" alt=\"\" class=\"wp-image-3305\" srcset=\"https:\/\/lacorrespondenciadebenitoariasmontano.online\/wp-content\/uploads\/2023\/04\/KBS-A-902-f.-17v-720x1024.jpg 720w, https:\/\/lacorrespondenciadebenitoariasmontano.online\/wp-content\/uploads\/2023\/04\/KBS-A-902-f.-17v-211x300.jpg 211w, https:\/\/lacorrespondenciadebenitoariasmontano.online\/wp-content\/uploads\/2023\/04\/KBS-A-902-f.-17v-768x1092.jpg 768w, https:\/\/lacorrespondenciadebenitoariasmontano.online\/wp-content\/uploads\/2023\/04\/KBS-A-902-f.-17v-1080x1536.jpg 1080w, https:\/\/lacorrespondenciadebenitoariasmontano.online\/wp-content\/uploads\/2023\/04\/KBS-A-902-f.-17v-1440x2048.jpg 1440w, https:\/\/lacorrespondenciadebenitoariasmontano.online\/wp-content\/uploads\/2023\/04\/KBS-A-902-f.-17v-8x12.jpg 8w, https:\/\/lacorrespondenciadebenitoariasmontano.online\/wp-content\/uploads\/2023\/04\/KBS-A-902-f.-17v-scaled.jpg 1800w\" sizes=\"(max-width: 720px) 100vw, 720px\" \/><figcaption class=\"wp-element-caption\"><strong>KBS, Ms. A 902<\/strong>,<strong> f. 17v<\/strong><\/figcaption><\/figure>\n\n\n\n<figure class=\"wp-block-image size-large is-style-zoooom\"><img loading=\"lazy\" decoding=\"async\" width=\"748\" height=\"1024\" src=\"http:\/\/lacorrespondenciadebenitoariasmontano.online\/wp-content\/uploads\/2023\/04\/KBS-A-902-f.-28v-748x1024.jpg\" alt=\"\" class=\"wp-image-3306\" srcset=\"https:\/\/lacorrespondenciadebenitoariasmontano.online\/wp-content\/uploads\/2023\/04\/KBS-A-902-f.-28v-748x1024.jpg 748w, https:\/\/lacorrespondenciadebenitoariasmontano.online\/wp-content\/uploads\/2023\/04\/KBS-A-902-f.-28v-219x300.jpg 219w, https:\/\/lacorrespondenciadebenitoariasmontano.online\/wp-content\/uploads\/2023\/04\/KBS-A-902-f.-28v-768x1051.jpg 768w, https:\/\/lacorrespondenciadebenitoariasmontano.online\/wp-content\/uploads\/2023\/04\/KBS-A-902-f.-28v-1122x1536.jpg 1122w, https:\/\/lacorrespondenciadebenitoariasmontano.online\/wp-content\/uploads\/2023\/04\/KBS-A-902-f.-28v-1496x2048.jpg 1496w, https:\/\/lacorrespondenciadebenitoariasmontano.online\/wp-content\/uploads\/2023\/04\/KBS-A-902-f.-28v-9x12.jpg 9w, https:\/\/lacorrespondenciadebenitoariasmontano.online\/wp-content\/uploads\/2023\/04\/KBS-A-902-f.-28v-scaled.jpg 1870w\" sizes=\"(max-width: 748px) 100vw, 748px\" \/><figcaption class=\"wp-element-caption\"><strong>KBS, Ms. A 902<\/strong>,<strong> f. 28v<\/strong><\/figcaption><\/figure>\n<\/figure>\n<\/div>\n<\/div>\n\n\n\n<div style=\"height:84px\" aria-hidden=\"true\" class=\"wp-block-spacer\"><\/div>\n\n\n\n<div style=\"height:0px\" aria-hidden=\"true\" class=\"wp-block-spacer\"><\/div>\n\n\n\n<div class=\"wp-block-columns is-layout-flex wp-container-core-columns-is-layout-4 wp-block-columns-is-layout-flex\">\n<div class=\"wp-block-column is-layout-flow wp-block-column-is-layout-flow\">\n<b>TEXT AND CRITICAL APPARATUS (VISUALIZATION OF XML-TEI MARKUP)<\/b>\n  \n   \n     \n   \n     \n   \n      <meta http-equiv=\"Content-Type\" content=\"text\/html; charset=UTF-8\">\n      <!--THIS FILE IS GENERATED FROM AN XML MASTER. DO NOT EDIT (5)--><title>La correspondencia de Benito Arias Montano: edici\u00f3n cr\u00edtica digital \u2014 Daniel Barbaro (Venecia) a Benito Arias Montano (Amberes) &#8211; 29 de agosto de 1568 <\/title><meta name=\"author\" content=\"Daniel Barbaro\">\n      <meta name=\"generator\" content=\"Text Encoding Initiative Consortium XSLT stylesheets\">\n      <meta name=\"DC.Title\" content=\"La correspondencia de Benito Arias Montano: edici\u00f3n cr\u00edtica digital \u2014 Daniel Barbaro (Venecia) a Benito Arias Montano (Amberes) - 29 de agosto de 1568\">\n      <meta name=\"DC.Type\" content=\"Text\">\n      <meta name=\"DC.Format\" content=\"text\/html\"><link href=\"http:\/\/nl.ijs.si\/tei\/convert\/profiles\/test\/html\/jsi-tei.css\" rel=\"stylesheet\" type=\"text\/css\"><link rel=\"stylesheet\" media=\"print\" type=\"text\/css\" href=\"https:\/\/www.tei-c.org\/release\/xml\/tei\/stylesheet\/tei-print.css\">\n   \n      <div class=\"stdheader autogenerated\">\n         \n      <\/div>\n      <section class=\"source\" id=\"index.xml-group.1_text.1\">\n         \n       \n         <div class=\"tei_body\"><br><br>\n            <div class=\"pagebreak\" id=\"index.xml-pb-w19203192ab2b5b1b1b3b1\"><a href=\"http:\/\/lacorrespondenciadebenitoariasmontano.online\/wp-content\/uploads\/2023\/04\/KBS-A-902-f.-28v-scaled.jpg\" target=\"_blank\" onclick=\"window.open(this.href, this.target, 'width=400,height=600'); return false;\" rel=\"noopener\">[f. 28v]<\/a><\/div>\n            <div class=\"address\" id=\"index.xml-group.1_text.1_body.1_div.1\">\n               <h5><span class=\"headingNumber\"> <\/span><span class=\"head\">[<i>Sobrescrito<\/i>:]<\/span><\/h5>\n               <div>Al molto mag<span title=\"tei:expan\" class=\"tei_expan\"><span class=\"ex\">nifi<\/span><\/span>co et r<span title=\"tei:expan\" class=\"tei_expan\"><span class=\"ex\">everen<\/span><\/span>do dottor<sup class=\"appnote\" data-app=\"App1\">1<\/sup> <span title=\"tei:name[@type=&quot;person&quot;]\" class=\"tei_persName\"><span title=\"tei:choice\" class=\"tei_choice\"><span title=\"tei:sic\" class=\"tei_sic\">Bartolameo<\/span><span title=\"tei:corr\" class=\"tei_corr\">Benedicto<\/span><\/span> Arias Montano<\/span> quanto fratello  osservandissimo<sup class=\"appnote\" data-app=\"App2\">2<\/sup>. <span title=\"tei:name[@type=&quot;place&quot;]\" class=\"tei_placeName\">Anversa<\/span>. Ricommandata<sup class=\"appnote\" data-app=\"App3\">3<\/sup> allo ec<span title=\"tei:expan\" class=\"tei_expan\"><span class=\"ex\">cellen<\/span><\/span>te <span title=\"tei:name[@type=&quot;person&quot;]\" class=\"tei_persName\">Plantino<\/span> d\u2019<span title=\"tei:name[@type=&quot;place&quot;]\" class=\"tei_placeName\">Anversa<\/span> libraio<sup class=\"appnote\" data-app=\"App4\">4<\/sup>.\n               <\/div>\n            <\/div>\n            <div class=\"anotation\" id=\"index.xml-group.1_text.1_body.1_div.2\">\n               <h5><span class=\"headingNumber\"> <\/span><span class=\"head\">[<i>Anotado en el margen, escritura de BAM, con escritura transversal<\/i>:]<\/span><\/h5>\n               <div><span title=\"tei:name[@type=&quot;place&quot;]\" class=\"tei_placeName\">Venetia<\/span> 1568. <span title=\"tei:name[@type=&quot;person&quot;]\" class=\"tei_persName\">Daniel Barbaro<\/span>. <span class=\"date\">4 Non<span title=\"tei:expan\" class=\"tei_expan\"><span class=\"ex\">as<\/span><\/span> Septem<span title=\"tei:expan\" class=\"tei_expan\"><span class=\"ex\">bris<\/span><\/span><\/span>. Recibid<span title=\"tei:expan\" class=\"tei_expan\"><span class=\"ex\">a<\/span><\/span> <span class=\"date\">12 del mismo<\/span>.\n               <\/div>\n            <\/div>\n            <div class=\"main_content\" id=\"index.xml-group.1_text.1_body.1_div.3\">\n               <h2><span class=\"headingNumber\"> <\/span><\/h2>\n               <div class=\"pagebreak\" id=\"index.xml-pb-w19203192ab2b5b1b1b3b7b1\"><a href=\"http:\/\/lacorrespondenciadebenitoariasmontano.online\/wp-content\/uploads\/2023\/04\/KBS-A-902-f.-17r-scaled.jpg\" target=\"_blank\" onclick=\"window.open(this.href, this.target, 'width=400,height=600'); return false;\" rel=\"noopener\">[f. 17r]<\/a><\/div>\n              <div class=\"opener\">Optimo uiro <span title=\"tei:name[@type=&quot;person&quot;]\" class=\"tei_persName\"><span title=\"tei:choice\" class=\"tei_choice\"><span title=\"tei:sic\" class=\"tei_sic\">Barto<span title=\"tei:supplied\" class=\"tei_supplied\">la<\/span>meo<\/span><span title=\"tei:corr\" class=\"tei_corr\">Benedicto<\/span><\/span> Arias Montano<\/span> <span title=\"tei:name[@type=&quot;person&quot;]\" class=\"tei_persName\">Daniel Barbarus<\/span>, electus Aq<span title=\"tei:expan\" class=\"tei_expan\"><span class=\"ex\">ui<\/span><\/span>leiens<span title=\"tei:expan\" class=\"tei_expan\"><span class=\"ex\">is<\/span><\/span>, s<span title=\"tei:expan\" class=\"tei_expan\"><span class=\"ex\">alutem<\/span><\/span> p<span title=\"tei:expan\" class=\"tei_expan\"><span class=\"ex\">lurimam<\/span><\/span> d<span title=\"tei:expan\" class=\"tei_expan\"><span class=\"ex\">icit<\/span><\/span>.\n               <\/div>\n               <p>[<b>1<\/b>] Dum tuas literas expectarem et prae nimio illarum desiderio prope consenescerem, ecce\n                  illas, optime uir, peropportune quidem. Eas uero attulit mihi nescio quis, angelum\n                  puto. Gratissimae plane mihi fuere cum de te et rebus tuis me certiorem fecerint. [<b>2<\/b>]\n                  Amplexatus sum primum probatum amorem tuum erga me, mox non mediocrem laetitiam cepi<sup class=\"appnote\" data-app=\"App5\">5<\/sup> cum te in negotiis s<span class=\"tei_expan\" title=\"tei:expan\"><span class=\"ex\">erenissi<\/span><\/span>mi regis detineri <span class=\"tei_placeName\" title=\"tei:name[@type=&quot;place&quot;]\">Antuerpiae<\/span> audiui. Plurimum enim facio tanti principis de te iudicium. [<b>3<\/b>] Arbitror autem te religionis\n                  causa istuc missum; Deus te adiuuet ita ut opto! Et laetor cum reip<span class=\"tei_expan\" title=\"tei:expan\"><span class=\"ex\">ublicae<\/span><\/span> christianae per summos et principes uiros consulitur. Et si quis alius onus hoc laboris\n                  atque officii plenissimum summa cum dignitate sustinet, Pont<span class=\"tei_expan\" title=\"tei:expan\"><span class=\"ex\">ifex<\/span><\/span> noster unus est, cuius uitae probitas exemplum, iustitia terrorem, pietas spem miram\n                  orbi uniuerso affert.\n               <\/p>\n               <p>[<b>4<\/b>] <span class=\"tei_persName\" title=\"tei:name[@type=&quot;person&quot;]\">Albanum ducem<\/span> perfidos illos chr<span class=\"tei_expan\" title=\"tei:expan\"><span class=\"ex\">istia<\/span><\/span>ni no<span class=\"tei_expan\" title=\"tei:expan\"><span class=\"ex\">min<\/span><\/span>is hostes contriuisse laetor; uideo enim in iis gestis admiranda illa Dei opera quae\n                  in dilecti populi gratiam olim faciebat. Haec miror; idem enim Deus est nec nos minus\n                  illi cari et accepti sumus quam populus Israelis.\n               <\/p>\n               <p>[<b>5<\/b>] Quod uero ad me attinet, in iis studiis uersor de quibus antea ad te scripsi dum in\n                  <span class=\"tei_placeName\" title=\"tei:name[@type=&quot;place&quot;]\">Hispania<\/span> esses. Illud amplius scies <span class=\"titlem\">Opticen<\/span> meam sub praelo esse; ante mensem (ut spero) absoluetur; eam ad te mittam. Post haec\n                  ad Psalmorum interpretationem edendam me accingam, <span class=\"pagebreak\" id=\"index.xml-pb-w19203192ab2b5b1b1b3b7b9b5\"><a href=\"http:\/\/lacorrespondenciadebenitoariasmontano.online\/wp-content\/uploads\/2023\/04\/KBS-A-902-f.-17v-scaled.jpg\" target=\"_blank\" onclick=\"window.open(this.href, this.target, 'width=400,height=600'); return false;\" rel=\"noopener\">[f. 17v]<\/a><\/span> eius te quoque participem faciam ut exiguo symbolo magnum meum in te amorem significem. [<b>6<\/b>]\n                  Tu uero crebrius ad me scribe, rescribam et ego crebrius.\n               <\/p>\n               <p>[<b>7<\/b>] Est quidam <span class=\"tei_persName\" title=\"tei:name[@type=&quot;person&quot;]\">Oliuerius Baldoccius<\/span>, uir doctus, <span class=\"tei_placeName\" title=\"tei:name[@type=&quot;place&quot;]\">Louanii<\/span>, qui literarum causa se in mei amicitiam insinuauit. Vellem ut diligenter de eo inquireres;\n                  nam si probitas et fides doctrinae eius ac beneuolentiae in me suae respondebit, pari\n                  illum amore ac beneuolentia rependam. Sin minus, scias me literas odisse quae pietate\n                  carent. Detestor enim insanientem sapientiam. At si eum inuenies uirum, amplectere,\n                  q<span class=\"tei_expan\" title=\"tei:expan\"><span class=\"ex\">uae<\/span><\/span>so, illum; et sic cum eo agas aut per literas aut si praesens affuerit ut cognoscat\n                  commendationem meam apud te plurimum ualuisse.\n               <\/p>\n              \n                  <p>[<b>8<\/b>] Vale. <span class=\"tei_placeName\" title=\"tei:name[@type=&quot;place&quot;]\">Venetii<\/span>, <span class=\"date\">4 Kal<span class=\"tei_expan\" title=\"tei:expan\"><span class=\"ex\">endas<\/span><\/span> Sept<span class=\"tei_expan\" title=\"tei:expan\"><span class=\"ex\">embris<\/span><\/span> MDLVIII<\/span>.\n                  <\/p>\n\n            <\/div>\n         <\/div>\n      <\/section>\n     \n      <div class=\"appcrit\">\n         <div class=\"app\" id=\"App1\"><span class=\"lemma\">dottor<\/span>] <span class=\"lemmawitness\">O, E2<\/span>; domino (E1)\n         <\/div>\n         <div class=\"app\" id=\"App2\"><span class=\"lemma\"> osservandissimo <\/span>] <span class=\"lemmawitness\">O, E2<\/span>; osservantissimo (E1)\n         <\/div>\n         <div class=\"app\" id=\"App3\"><span class=\"lemma\">Ricommandata<\/span>] <span class=\"lemmawitness\">O, E2<\/span>; Ricomandata (E1)\n         <\/div>\n         <div class=\"app\" id=\"App4\"><span class=\"lemma\">libraio<\/span>] <span class=\"lemmawitness\">O, E2<\/span>; librario (E1)\n         <\/div>\n         <div class=\"app\" id=\"App5\"><span class=\"lemma\">cepi<\/span>] <span class=\"lemmawitness\"><\/span>; caepi (O, E1); ; coepi (E2)\n         <\/div>\n      <\/div>\n      <div class=\"stdfooter autogenerated\">\n         <div class=\"footer\">\n            <!--standard links to project, institution etc--><a class=\"plain\" href=\"\/en\/\"><\/a> \n         <\/div>\n         \n            <!--\n\t  Generated from index.xml using XSLT stylesheets version 7.55.0\n\t       based on http:\/\/www.tei-c.org\/Stylesheets\/\n\t       on 2023-04-25T10:23:44Z.\n\t       SAXON HE 9.8.0.15.\n\t\t -->\n      <\/div>\n\n\n\n<div style=\"height:25px\" aria-hidden=\"true\" class=\"wp-block-spacer\"><\/div>\n\n\n\n<figure class=\"wp-block-image size-full\"><img loading=\"lazy\" decoding=\"async\" width=\"773\" height=\"899\" src=\"https:\/\/lacorrespondenciadebenitoariasmontano.online\/wp-content\/uploads\/2023\/11\/Paolo_Veronese_-_Portrait_of_Daniele_Barbaro.jpg\" alt=\"\" class=\"wp-image-4568\" srcset=\"https:\/\/lacorrespondenciadebenitoariasmontano.online\/wp-content\/uploads\/2023\/11\/Paolo_Veronese_-_Portrait_of_Daniele_Barbaro.jpg 773w, https:\/\/lacorrespondenciadebenitoariasmontano.online\/wp-content\/uploads\/2023\/11\/Paolo_Veronese_-_Portrait_of_Daniele_Barbaro-258x300.jpg 258w, https:\/\/lacorrespondenciadebenitoariasmontano.online\/wp-content\/uploads\/2023\/11\/Paolo_Veronese_-_Portrait_of_Daniele_Barbaro-768x893.jpg 768w, https:\/\/lacorrespondenciadebenitoariasmontano.online\/wp-content\/uploads\/2023\/11\/Paolo_Veronese_-_Portrait_of_Daniele_Barbaro-10x12.jpg 10w\" sizes=\"(max-width: 773px) 100vw, 773px\" \/><figcaption class=\"wp-element-caption\">Daniel Barbarus, portrait of Paolo Veronese. 1565. Amsterdam, Rijksmuseum. <\/figcaption><\/figure>\n\n\n\n<div style=\"height:48px\" aria-hidden=\"true\" class=\"wp-block-spacer\"><\/div>\n<\/div>\n\n\n\n<div class=\"wp-block-column is-layout-flow wp-block-column-is-layout-flow\">\n<b>TRANSLATION INTO SPANISH <br>AND NOTES<br><\/b>\n   \n     <meta http-equiv=\"Content-Type\" content=\"text\/html; charset=UTF-8\">\n      <!--THIS FILE IS GENERATED FROM AN XML MASTER. DO NOT EDIT (5)--><title>La correspondencia de Benito Arias Montano: edici\u00f3n cr\u00edtica digital \u2014 Daniel Barbaro (Venecia) a Benito Arias Montano (Amberes) &#8211; 29 de agosto de 1568 <\/title><meta name=\"author\" content=\"Daniel Barbaro\">\n      <meta name=\"generator\" content=\"Text Encoding Initiative Consortium XSLT stylesheets\">\n      <meta name=\"DC.Title\" content=\"La correspondencia de Benito Arias Montano: edici\u00f3n cr\u00edtica digital \u2014 Daniel Barbaro (Venecia) a Benito Arias Montano (Amberes) - 29 de agosto de 1568\">\n      <meta name=\"DC.Type\" content=\"Text\">\n      <meta name=\"DC.Format\" content=\"text\/html\"><link href=\"http:\/\/nl.ijs.si\/tei\/convert\/profiles\/test\/html\/jsi-tei.css\" rel=\"stylesheet\" type=\"text\/css\"><link rel=\"stylesheet\" media=\"print\" type=\"text\/css\" href=\"https:\/\/www.tei-c.org\/release\/xml\/tei\/stylesheet\/tei-print.css\">\n   \n      <div class=\"stdheader autogenerated\">\n         \n      <\/div>\n      \n      <section class=\"translation\" id=\"index.xml-group.1_text.2\">\n         <h0><span class=\"headingNumber\"> <\/span><\/h0>\n          <div class=\"tei_body\"><br><br>\n            <div class=\"pagebreak\" id=\"index.xml-pb-w19203192ab2b5b1b1b3b1\"><a href=\"http:\/\/lacorrespondenciadebenitoariasmontano.online\/wp-content\/uploads\/2023\/04\/KBS-A-902-f.-28v-scaled.jpg\" target=\"_blank\" onclick=\"window.open(this.href, this.target, 'width=400,height=600'); return false;\" rel=\"noopener\">[f. 28v]<\/a><\/div>\n            <div class=\"address\" id=\"index.xml-group.1_text.1_body.1_div.1\">\n               <h5><span class=\"headingNumber\"> <\/span><span class=\"head\">[<i>Sobrescrito<\/i>:]<\/span><\/h5>\n               <div>Al muy magn\u00edfico y reverendo doctor Benito Arias Montano, respetabil\u00edsimo como un\n                  hermano. Amberes. Encomendada al excelente Plantino de Amberes, librero. \n               <\/div>\n            <\/div>\n            <div class=\"anotation\" id=\"index.xml-group.1_text.2_body.1_div.2\">\n               <h5><span class=\"headingNumber\"> <\/span><span class=\"head\">[<i>Anotado en el margen, escritura de BAM, con escritura transversal<\/i>:]<\/span><\/h5>\n               <div>Venecia 1568. Daniel Barbaro. 2 de septiembre.<a id=\"reference1\" class=\"link_ref\" href=\"#note1\" title=\"1 BAM se confunde al anotar la fecha.\">1<\/a> Recibida 12 del mismo.\n               <\/div>\n            <\/div>\n            <div class=\"main_content\" id=\"index.xml-group.1_text.2_body.1_div.3\">\n               <h2><span class=\"headingNumber\"> <\/span><\/h2>\n               <div class=\"pagebreak\" id=\"index.xml-pb-w19203192ab2b5b1b3b1b7b1\"><a href=\"http:\/\/lacorrespondenciadebenitoariasmontano.online\/wp-content\/uploads\/2023\/04\/KBS-A-902-f.-17r-scaled.jpg\" target=\"_blank\" onclick=\"window.open(this.href, this.target, 'width=400,height=600'); return false;\" rel=\"noopener\">[f. 17r]<\/a><\/div>\n               <div class=\"opener\">Daniel Barbaro, patriarca de Aquileya,<a id=\"reference2\" class=\"link_ref\" href=\"#note2\" title=\"2 Daniel Mateo Alvise Barbaro (Venecia 8 de febrero de 151413 de abril de 1570) noble veneciano conocido por sus comentarios y ...\">2<\/a> saluda cordialmente al excelente var\u00f3n Benito<a id=\"reference3\" class=\"link_ref\" href=\"#note3\" title=\"3 Barbaro anota en el original en un error evidente el nombre de Bartolom\u00e9 Arias Montano. En nuestra edici\u00f3n digital hemos mant...\">3<\/a> Arias Montano.\n               <\/div>\n               <p>[<b>1<\/b>] Mientras aguardaba carta de vuestra merced, y casi envejec\u00eda por el excesivo deseo\n                  de esta, he aqu\u00ed, excelente var\u00f3n, que muy oportunamente he recibido aquella. Me la\n                  trajo no s\u00e9 quien, un \u00e1ngel creo. Sin duda, me result\u00f3 muy gratificante, puesto que\n                  me trajo noticias de vuestra merced y de sus asuntos. [<b>2<\/b>] Primero, tuve en mucho el afecto\n                  de vuestra merced hacia mi persona, luego recib\u00ed una gran alegr\u00eda cuando me enter\u00e9\n                  de que estaba en Amberes ocupado en negocios de Su Seren\u00edsima Majestad. Pues me parece\n                  muy acertado el juicio que tan gran pr\u00edncipe hace de su persona. [<b>3<\/b>] Con todo, me imagino\n                  que habr\u00e1 sido enviado vuestra merced por alg\u00fan asunto de religi\u00f3n; \u00a1ojal\u00e1 Dios le\n                  ayude como yo lo deseo! Y me colma de alegr\u00eda el que hombres importantes y principales\n                  se preocupen por la cristiandad. Y si hay alguna otra persona que soporte con mayor\n                  dignidad esta carga repleta de trabajo y responsabilidad, ese es nuestro Pont\u00edfice,<a class=\"link_ref\" id=\"reference4\" href=\"#note4\" title=\"4 P\u00edo V Antonio Michele Ghislieri que ocup\u00f3 el papado entre 1566 y 1572.\">4<\/a> cuya integridad de vida ofrece al mundo entero un ejemplo, su justicia temor, su\n                  piedad una sorprendente esperanza.\n               <\/p>\n               <p>[<b>4<\/b>] Me congratulo de que el duque de Alba haya aplastado a aquellos enemigos del pueblo\n                  de Cristo;<a class=\"link_ref\" id=\"reference5\" href=\"#note4\" title=\"4 P\u00edo V Antonio Michele Ghislieri que ocup\u00f3 el papado entre 1566 y 1572.\">5<\/a> pues veo que en estas gestas debemos admirar aquella ayuda que Dios prestaba en otro\n                  tiempo al pueblo elegido. Esto me causa admiraci\u00f3n, pues es la misma divinidad, y\n                  nosotros no le somos menos gratos y aceptos que el pueblo de Israel.\n               <\/p>\n               <p>[<b>5<\/b>] Por lo que a m\u00ed se refiere, ando ocupado en estos estudios sobre los que ya antes\n                  le he escrito mientras estaba en Espa\u00f1a.<a class=\"link_ref\" id=\"reference6\" href=\"#note5\" title=\"5 Alude a los triunfos militares que el duque de Alba obtiene el a\u00f1o 1568 sobre los sublevados. Cf. Morales Oliver Arias Montan...\">6<\/a> Adem\u00e1s, tendr\u00e1 noticias de que mi libro <span class=\"titlem\">On the perspective<\/span><a class=\"link_ref\" id=\"reference7\" href=\"#note7\" title=\"7 Se trata de La pratica della perspettiva di Monsignor Daniel Barbaro ... opera molto utile a pittori scultori et architetti (...\">7<\/a> est\u00e1 en la imprenta; antes de un mes (seg\u00fan espero) estar\u00e1 acabado; se lo enviar\u00e9.\n                  Despu\u00e9s de esto, me voy a dedicar a editar una interpretaci\u00f3n de los Salmos;<a class=\"link_ref\" id=\"reference8\" href=\"#note7\" title=\"7 Se trata de La pratica della perspettiva di Monsignor Daniel Barbaro ... opera molto utile a pittori scultori et architetti (...\">8<\/a> <span class=\"pagebreak\" id=\"index.xml-pb-w19203192ab2b5b1b3b1b7b9b8\"><a href=\"http:\/\/lacorrespondenciadebenitoariasmontano.online\/wp-content\/uploads\/2023\/04\/KBS-A-902-f.-17v-scaled.jpg\" target=\"_blank\" onclick=\"window.open(this.href, this.target, 'width=400,height=600'); return false;\" rel=\"noopener\">[f. 17v]<\/a><\/span> de la que tambi\u00e9n le har\u00e9 part\u00edcipe, para que con un peque\u00f1o gesto pueda darle a\n                  entender mi gran aprecio por vuestra merced. [<b>6<\/b>] Vuestra merced, por su parte, escr\u00edbame\n                  m\u00e1s a menudo; que yo tambi\u00e9n le responder\u00e9 m\u00e1s a menudo.\n               <\/p>\n               <p>[<b>7<\/b>] Hay un tal Oliverio Baldocio<a class=\"link_ref\" id=\"reference9\" href=\"#note9\" title=\"9 Joven residente en Lovaina a quien alude en reiteradas ocasiones Daniel Barbaro en su correspondencia con BAM. Barbaro como s...\">9<\/a> en Lovaina, hombre sabio, el cual con motivos de estudio me ha brindado su amistad.\n                  Me gustar\u00eda que vuestra merced hiciera algunas indagaciones sobre \u00e9l, pues si su integridad\n                  y creencias est\u00e1n a la altura de su erudici\u00f3n y de su benevolencia hacia mi persona,\n                  le corresponder\u00e9 con id\u00e9ntico afecto y benevolencia. Pero si no es as\u00ed, tenga por\n                  seguro que odio los estudios que carecen de piedad. Pues detesto la sabidur\u00eda delirante.\n                  Pero si se encuentra vuestra merced con este hombre, ac\u00f3jalo, por favor; y tr\u00e1telo,\n                  ya sea por cartas, ya sea personalmente, de modo que le d\u00e9 a entender que mi recomendaci\u00f3n\n                  ante vuestra merced le ha servido de mucho.\n               <\/p>\n               \n                  <p>[<b>8<\/b>] Adi\u00f3s. En Venecia, a 29 de agosto de 1568. <\/p>\n               \n            <\/div>\n         <\/div>\n         <div class=\"tei_back\">\n            <div class=\"notes\" id=\"index.xml-group.1_text.2_back.1_div.1\">\n               \n               <div class=\"note\" id=\"note1\"><span class=\"noteLabel\">Note: <\/span><a class=\"link_ref\" href=\"#reference1\" title=\"1\">1<\/a> BAM se confunde al anotar la fecha.\n               <\/div>\n               <div class=\"note\" id=\"note2\"><span class=\"noteLabel\">Note: <\/span><a class=\"link_ref\" href=\"#reference2\" title=\"2\">2<\/a> Daniel Mateo Alvise Barbaro (Venecia, 8 de febrero de 1514-13 de abril de 1570), noble\n                  veneciano conocido por sus comentarios y traducciones de Vitrubio, Patriarca de Aquilea\n                  desde 1550. Estudi\u00f3 filosof\u00eda, matem\u00e1ticas y \u00f3ptica en la Universidad de Padua y sirvi\u00f3\n                  a la Rep\u00fablica Veneciana como embajador en la corte inglesa de Isabel I y como representante\n                  del Concilio de Trento. Entre sus obras destacan <span class=\"titlem\">La Predica dei sogni<\/span> (1542), published under the pseudonym of the Reverend Father Hypneo da Schio, the <span class=\"titlem\">Dieci libri dell&#8217;architettura di M. Vitruvio<\/span> (1556) and <span class=\"titlem\">La practica della perspettiva<\/span> (1568), a treatise on perspective intended for architects and artists. See Hugh James Rose, <span class=\"titlem\">A New General Biographical Dictionary<\/span> (Londres, 1857), III, 136-137; y Jane Turner, <span class=\"titlem\">Encyclopedia of Italian Renaissance and Mannerist Art<\/span> (Nueva York, 2000), I, 112-113. Se conserva una frecuente correspondencia entre BAM\n                  y el eclesi\u00e1stico veneciano Daniel Barbaro desde la llegada a Amberes a mediados de\n                  1568 del capell\u00e1n real hasta la muerte de Barbaro en 1570. El manuscrito de Estocolmo\n                  conserva siete cartas de Barbaro a BAM con fecha del 29 de agosto de 1568, 29 de octubre\n                  de 1568, 1 de enero de 1569, 1 de marzo de 1569, 16 de abril de 1569, 1 de mayo de\n                  1569 y 23 de julio de 1569.\n               <\/div>\n               <div class=\"note\" id=\"note3\"><span class=\"noteLabel\">Note: <\/span><a class=\"link_ref\" href=\"#reference3\" title=\"3\">3<\/a> Barbaro anota en el original, en un error evidente, el nombre de Bartolom\u00e9 Arias Montano.\n                  En nuestra edici\u00f3n digital hemos mantenido la doble opci\u00f3n del texto tal y como est\u00e1\n                  escrito (sic) y el nombre propio corregido.\n               <\/div>\n               <div class=\"note\" id=\"note4\"><span class=\"noteLabel\">Note: <\/span><a class=\"link_ref\" href=\"#reference4\" title=\"4\">4<\/a> P\u00edo V, Antonio Michele Ghislieri, que ocup\u00f3 el papado entre 1566 y 1572.\n               <\/div>\n               <div class=\"note\" id=\"note5\"><span class=\"noteLabel\">Note: <\/span><a class=\"link_ref\" href=\"#reference5\" title=\"5\">5<\/a> Alude a los triunfos militares que el duque de Alba obtiene el a\u00f1o 1568 sobre los\n                  sublevados. Cf. Morales Oliver, <span class=\"titlem\">Arias Montano y la pol\u00edtica<\/span>, pp. 121-133.\n               <\/div>\n               <div class=\"note\" id=\"note6\"><span class=\"noteLabel\">Note: <\/span><a class=\"link_ref\" href=\"#reference6\" title=\"6\">6<\/a> Seg\u00fan este testimonio debemos deducir que BAM y Barbaro se conoc\u00edan de antes. Es de\n                  suponer que entablaron amistad con motivo del Concilio de Trento, en el que ambos\n                  tomaron parte.\n               <\/div>\n               <div class=\"note\" id=\"note7\"><span class=\"noteLabel\">Note: <\/span><a class=\"link_ref\" href=\"#reference7\" title=\"7\">7<\/a> Se trata de <span class=\"titlem\">La pratica della perspettiva di Monsignor Daniel Barbaro &#8230; opera molto utile a pittori,\n                     scultori et architetti<\/span> (Venecia, 1569); obra dedicada a su condisc\u00edpulo Macigni. Puede verse una copia digitalizada de la obra, procedente de la Biblioteca P\u00fablica de Lyon, en <a href=\"https:\/\/bit.ly\/3T8Yhu8\">Google Books<\/a>.\n               <\/div>\n            <\/div>\n            <div class=\"note\" id=\"note8\"><span class=\"noteLabel\">Note: <\/span><a class=\"link_ref\" href=\"#reference8\" title=\"8\">8<\/a> <span class=\"titlem\">Aurea in quinquaginta priores Dauidicos Psalmos doctorum uirorum catena, interprete\n                  Daniele Barbaro<\/span> (Venecia, 1569). Puede verse una copia digitalizada de la obra, procedente de la Universidad Complutense de Madrid, en <a href=\"https:\/\/bit.ly\/48wsXtN\">Google Books<\/a>. Se trata de la \u00faltima obra de D. Barbaro, y est\u00e1 dedicada al cardenal\n               G. Sirleto. Las otras dos partes quedaron in\u00e9ditas; se dice que Francesco Barbaro,\n               su nieto, las conserv\u00f3, pero lo cierto es que se han perdido todos los indicios. Cf.\n               R. Devreesse, \u00abLa cha\u00eene sur les Psaumes de Daniele Barbaro\u00bb, en <span class=\"titlem\">Revue biblique<\/span>, 32 (1924), 65-81.\n            <\/div>\n            <div class=\"note\" id=\"note9\"><span class=\"noteLabel\">Note: <\/span><a class=\"link_ref\" href=\"#reference9\" title=\"9\">9<\/a> Joven residente en Lovaina a quien alude en reiteradas ocasiones Daniel Barbaro en\n               su correspondencia con BAM. Barbaro, como se demuestra aqu\u00ed y en otras cartas cruzadas\n               con BAM, estaba interesado en saber si la ortodoxia de Baldocio era inapelable.\n            <\/div>\n         <\/div>\n      <\/section>\n      \n      <div class=\"stdfooter autogenerated\">\n         <div class=\"footer\">\n            <!--standard links to project, institution etc--><a class=\"plain\" href=\"\/en\/\"><\/a> \n         <\/div>\n         \n            <!--\n\t  Generated from index.xml using XSLT stylesheets version 7.55.0\n\t       based on http:\/\/www.tei-c.org\/Stylesheets\/\n\t       on 2023-04-25T10:23:44Z.\n\t       SAXON HE 9.8.0.15.\n\t\t -->\n      <\/div>\n\n\n\n<div style=\"height:47px\" aria-hidden=\"true\" class=\"wp-block-spacer\"><\/div>\n<\/div>\n\n\n\n<div class=\"wp-block-column is-layout-flow wp-block-column-is-layout-flow\">\n<b>TEXT (WITHOUT VISUALIZATION OF <br>XML-TEI MARKUP)<br><\/b>\n   \n  \n   \n      <meta http-equiv=\"Content-Type\" content=\"text\/html; charset=UTF-8\">\n      <!--THIS FILE IS GENERATED FROM AN XML MASTER. DO NOT EDIT (5)--><title>La correspondencia de Benito Arias Montano: edici\u00f3n cr\u00edtica digital \u2014 Daniel Barbaro (Venecia) a Benito Arias Montano (Amberes) &#8211; 29 de agosto de 1568 <\/title><meta name=\"author\" content=\"Daniel Barbaro\">\n      <meta name=\"generator\" content=\"Text Encoding Initiative Consortium XSLT stylesheets\">\n      <meta name=\"DC.Title\" content=\"La correspondencia de Benito Arias Montano: edici\u00f3n cr\u00edtica digital \u2014 Daniel Barbaro (Venecia) a Benito Arias Montano (Amberes) - 29 de agosto de 1568\">\n      <meta name=\"DC.Type\" content=\"Text\">\n      <meta name=\"DC.Format\" content=\"text\/html\"><link href=\"http:\/\/nl.ijs.si\/tei\/convert\/profiles\/test\/html\/jsi-tei.css\" rel=\"stylesheet\" type=\"text\/css\"><link rel=\"stylesheet\" media=\"print\" type=\"text\/css\" href=\"https:\/\/www.tei-c.org\/release\/xml\/tei\/stylesheet\/tei-print.css\">\n   \n      <div class=\"stdheader autogenerated\">\n         \n      <\/div>\n      <section class=\"source\" id=\"index.xml-group.1_text.1\">\n         \n       \n         <div class=\"tei_body\"><br><br>\n            <div class=\"pagebreak\" id=\"index.xml-pb-w19203192ab2b5b1b1b3b1\"><a href=\"http:\/\/lacorrespondenciadebenitoariasmontano.online\/wp-content\/uploads\/2023\/04\/KBS-A-902-f.-28v-scaled.jpg\" target=\"_blank\" onclick=\"window.open(this.href, this.target, 'width=400,height=600'); return false;\" rel=\"noopener\">[f. 28v]<\/a><\/div>\n            <div class=\"address\" id=\"index.xml-group.1_text.1_body.1_div.1\">\n               <h5><span class=\"headingNumber\"> <\/span><span class=\"head\">[<i>Sobrescrito<\/i>:]<\/span><\/h5>\n               <div>Al molto magnifico et reverendo dottor Benedicto Arias Montano quanto fratello  osservandissimo. Anversa. Ricommandata allo eccellente Plantino d\u2019Anversa libraio.\n               <\/div>\n            <\/div>\n            <div class=\"anotation\" id=\"index.xml-group.1_text.1_body.1_div.2\">\n               <h5><span class=\"headingNumber\"> <\/span><span class=\"head\">[<i>Anotado en el margen, escritura de BAM, con escritura transversal<\/i>:]<\/span><\/h5>\n               <div>Venetia 1568. Daniel Barbaro. 4 Nonas Septembris. Recibida 12 del mismo.\n               <\/div>\n            <\/div>\n            <div class=\"main_content\" id=\"index.xml-group.1_text.1_body.1_div.3\">\n               <h2><span class=\"headingNumber\"> <\/span><\/h2>\n               <div class=\"pagebreak\" id=\"index.xml-pb-w19203192ab2b5b1b1b3b7b1\"><a href=\"http:\/\/lacorrespondenciadebenitoariasmontano.online\/wp-content\/uploads\/2023\/04\/KBS-A-902-f.-17r-scaled.jpg\" target=\"_blank\" onclick=\"window.open(this.href, this.target, 'width=400,height=600'); return false;\" rel=\"noopener\">[f. 17r]<\/a><\/div>\n               <div class=\"opener\">Optimo uiro Benedicto Arias Montano Daniel Barbarus, electus Aquileiensis, salutem plurimam dicit.\n               <\/div>\n               <p>[<b>1<\/b>] Dum tuas literas expectarem et prae nimio illarum desiderio prope consenescerem, ecce\n                  illas, optime uir, peropportune quidem. Eas uero attulit mihi nescio quis, angelum\n                  puto. Gratissimae plane mihi fuere cum de te et rebus tuis me certiorem fecerint. [<b>2<\/b>]\n                  Amplexatus sum primum probatum amorem tuum erga me, mox non mediocrem laetitiam cepi cum te in negotiis serenissimi regis detineri Antuerpiae audiui. Plurimum enim facio tanti principis de te iudicium. [<b>3<\/b>] Arbitror autem te religionis\n                  causa istuc missum; Deus te adiuuet ita ut opto! Et laetor cum reipublicae christianae per summos et principes uiros consulitur. Et si quis alius onus hoc laboris\n                  atque officii plenissimum summa cum dignitate sustinet, Pontifex noster unus est, cuius uitae probitas exemplum, iustitia terrorem, pietas spem miram\n                  orbi uniuerso affert.\n               <\/p>\n               <p>[<b>4<\/b>] Albanum ducem perfidos illos christiani nominis hostes contriuisse laetor; uideo enim in iis gestis admiranda illa Dei opera quae\n                  in dilecti populi gratiam olim faciebat. Haec miror; idem enim Deus est nec nos minus\n                  illi cari et accepti sumus quam populus Israelis.\n               <\/p>\n               <p>[<b>5<\/b>] Quod uero ad me attinet, in iis studiis uersor de quibus antea ad te scripsi dum in\n                  Hispania esses. Illud amplius scies <span class=\"titlem\">Opticen<\/span> meam sub praelo esse; ante mensem (ut spero) absoluetur; eam ad te mittam. Post haec\n                  ad Psalmorum interpretationem edendam me accingam, <span class=\"pagebreak\" id=\"index.xml-pb-w19203192ab2b5b1b1b3b7b9b5\"><a href=\"http:\/\/lacorrespondenciadebenitoariasmontano.online\/wp-content\/uploads\/2023\/04\/KBS-A-902-f.-17v-scaled.jpg\" target=\"_blank\" onclick=\"window.open(this.href, this.target, 'width=400,height=600'); return false;\" rel=\"noopener\">[f. 17v]<\/a><\/span> eius te quoque participem faciam ut exiguo symbolo magnum meum in te amorem significem. [<b>6<\/b>]\n                  Tu uero crebrius ad me scribe, rescribam et ego crebrius.\n               <\/p>\n               <p>[<b>7<\/b>] Est quidam Oliuerius Baldoccius, uir doctus, Louanii, qui literarum causa se in mei amicitiam insinuauit. Vellem ut diligenter de eo inquireres;\n                  nam si probitas et fides doctrinae eius ac beneuolentiae in me suae respondebit, pari\n                  illum amore ac beneuolentia rependam. Sin minus, scias me literas odisse quae pietate\n                  carent. Detestor enim insanientem sapientiam. At si eum inuenies uirum, amplectere,\n                  quaeso, illum; et sic cum eo agas aut per literas aut si praesens affuerit ut cognoscat\n                  commendationem meam apud te plurimum ualuisse.\n               <\/p>\n              \n                  <p>[<b>8<\/b>] Vale. Venetii, 4 Kalendas Septembris MDLVIII.\n                  <\/p>\n\n            <\/div>\n         <\/div>\n      <\/section>\n     \n      \n      <div class=\"stdfooter autogenerated\">\n         <div class=\"footer\">\n            <!--standard links to project, institution etc--><a class=\"plain\" href=\"\/en\/\"><\/a> \n         <\/div>\n         \n            <!--\n\t  Generated from index.xml using XSLT stylesheets version 7.55.0\n\t       based on http:\/\/www.tei-c.org\/Stylesheets\/\n\t       on 2023-04-25T10:23:44Z.\n\t       SAXON HE 9.8.0.15.\n\t\t -->\n      <\/div>\n\n\n\n<div style=\"height:53px\" aria-hidden=\"true\" class=\"wp-block-spacer\"><\/div>\n\n\n\n<div class=\"wp-block-buttons is-layout-flex wp-block-buttons-is-layout-flex\">\n<div class=\"wp-block-button aligncenter\"><a class=\"wp-block-button__link has-white-color has-text-color wp-element-button\" href=\"https:\/\/github.com\/CoBAM-editor\/CoBAM\/blob\/main\/1568%2008%2029%20CoBAM.xml\" style=\"border-radius:8px\" target=\"_blank\" rel=\"noreferrer noopener\">XML<\/a><\/div>\n<\/div>\n<\/div>\n<\/div>","protected":false},"excerpt":{"rendered":"<p>1568 08 29 Daniel Barbaro (Venecia) a Benito Arias Montano (Amberes) 29 de agosto de 1568 Identificador: 1568 08 29 \u00cdncipit: Dum tuas literas expectarem et prae nimio illarum desiderio prope consenescerem&#8230; Manuscritos: (O) KBS, Ms. A 902, f. 17r-v, f. 28r-v. Impresos: (E1) Mac\u00edas, La Biblia Pol\u00edglota de Amberes, pp. 92-95; (E2) Dom\u00ednguez, Correspondencia, [&hellip;]<\/p>","protected":false},"author":1,"featured_media":1721,"parent":2643,"menu_order":0,"comment_status":"closed","ping_status":"closed","template":"elementor_header_footer","meta":{"footnotes":""},"class_list":["post-3309","page","type-page","status-publish","has-post-thumbnail","czr-hentry"],"_links":{"self":[{"href":"https:\/\/lacorrespondenciadebenitoariasmontano.online\/en\/wp-json\/wp\/v2\/pages\/3309"}],"collection":[{"href":"https:\/\/lacorrespondenciadebenitoariasmontano.online\/en\/wp-json\/wp\/v2\/pages"}],"about":[{"href":"https:\/\/lacorrespondenciadebenitoariasmontano.online\/en\/wp-json\/wp\/v2\/types\/page"}],"author":[{"embeddable":true,"href":"https:\/\/lacorrespondenciadebenitoariasmontano.online\/en\/wp-json\/wp\/v2\/users\/1"}],"replies":[{"embeddable":true,"href":"https:\/\/lacorrespondenciadebenitoariasmontano.online\/en\/wp-json\/wp\/v2\/comments?post=3309"}],"version-history":[{"count":48,"href":"https:\/\/lacorrespondenciadebenitoariasmontano.online\/en\/wp-json\/wp\/v2\/pages\/3309\/revisions"}],"predecessor-version":[{"id":11067,"href":"https:\/\/lacorrespondenciadebenitoariasmontano.online\/en\/wp-json\/wp\/v2\/pages\/3309\/revisions\/11067"}],"up":[{"embeddable":true,"href":"https:\/\/lacorrespondenciadebenitoariasmontano.online\/en\/wp-json\/wp\/v2\/pages\/2643"}],"wp:featuredmedia":[{"embeddable":true,"href":"https:\/\/lacorrespondenciadebenitoariasmontano.online\/en\/wp-json\/wp\/v2\/media\/1721"}],"wp:attachment":[{"href":"https:\/\/lacorrespondenciadebenitoariasmontano.online\/en\/wp-json\/wp\/v2\/media?parent=3309"}],"curies":[{"name":"wp","href":"https:\/\/api.w.org\/{rel}","templated":true}]}}