{"id":3578,"date":"2023-06-02T16:01:50","date_gmt":"2023-06-02T16:01:50","guid":{"rendered":"https:\/\/lacorrespondenciadebenitoariasmontano.online\/?page_id=3578"},"modified":"2026-02-19T09:49:08","modified_gmt":"2026-02-19T09:49:08","slug":"1568-10-29","status":"publish","type":"page","link":"https:\/\/lacorrespondenciadebenitoariasmontano.online\/en\/correspondencia\/1568-10-29\/","title":{"rendered":"1568 10 29"},"content":{"rendered":"<div class=\"wp-block-columns is-layout-flex wp-container-core-columns-is-layout-2 wp-block-columns-is-layout-flex\">\n<div class=\"wp-block-column is-layout-flow wp-block-column-is-layout-flow\">\n<p class=\"has-text-align-center\" style=\"font-size:31px\">1568 10 29 <\/p>\n\n\n\n<p class=\"has-text-align-center\" style=\"font-size:31px\">Daniel Barbarus (Venice) to Benito Arias Montano (Antwerp) <\/p>\n\n\n\n<p class=\"has-text-align-right\" style=\"font-size:22px\">29 October 1568<\/p>\n\n\n\n<div style=\"height:28px\" aria-hidden=\"true\" class=\"wp-block-spacer\"><\/div>\n\n\n\n<div class=\"wp-block-columns is-layout-flex wp-container-core-columns-is-layout-1 wp-block-columns-is-layout-flex\">\n<div class=\"wp-block-column is-layout-flow wp-block-column-is-layout-flow\" style=\"flex-basis:33.33%\">\n<div class=\"wp-block-cover is-light wp-duotone-unset-1\" style=\"min-height:103px;aspect-ratio:unset;\"><span aria-hidden=\"true\" class=\"wp-block-cover__background has-background-dim-10 has-background-dim\"><\/span><img fetchpriority=\"high\" decoding=\"async\" width=\"1127\" height=\"423\" class=\"wp-block-cover__image-background wp-image-606\" alt=\"\" src=\"https:\/\/lacorrespondenciadebenitoariasmontano.online\/wp-content\/uploads\/2023\/03\/cropped-Gysbrechts-1.jpg\" data-object-fit=\"cover\" srcset=\"https:\/\/lacorrespondenciadebenitoariasmontano.online\/wp-content\/uploads\/2023\/03\/cropped-Gysbrechts-1.jpg 1127w, https:\/\/lacorrespondenciadebenitoariasmontano.online\/wp-content\/uploads\/2023\/03\/cropped-Gysbrechts-1-300x113.jpg 300w, https:\/\/lacorrespondenciadebenitoariasmontano.online\/wp-content\/uploads\/2023\/03\/cropped-Gysbrechts-1-1024x384.jpg 1024w, https:\/\/lacorrespondenciadebenitoariasmontano.online\/wp-content\/uploads\/2023\/03\/cropped-Gysbrechts-1-768x288.jpg 768w\" sizes=\"(max-width: 1127px) 100vw, 1127px\" \/><div class=\"wp-block-cover__inner-container is-layout-flow wp-block-cover-is-layout-flow\">\n<p class=\"has-text-align-center has-white-color has-text-color has-medium-font-size\"><strong>METADATA<\/strong><\/p>\n<\/div><\/div>\n\n\n\n<div style=\"height:10px\" aria-hidden=\"true\" class=\"wp-block-spacer\"><\/div>\n\n\n\n<meta http-equiv=\"Content-Type\" content=\"text\/html; charset=UTF-8\">\n   \n   \n      <div style=\"background-color:White;border:solid 1px DimGrey;border-radius:5px;\">\n         <div style=\"margin-left: 15px; color: #1C1C1C;\">\n            <p><b>Identifier: <\/b>1568 10 29<\/p>\n         <\/div>\n         <div style=\"margin-left: 15px; color: #1C1C1C;\">\n            <p><b>Incipit: <\/b>Accepi literas tuas VI Nonas Octobris Antuerpiae datas&#8230;<\/p>\n         <\/div>\n         <div style=\"margin-left: 15px\">\n            <p><b>Manuscripts: <\/b><\/p>\n            <ul>\n               (O) KBS, Ms. A 902, f. 18r-v, f. 27r-v.\n               <\/ul>\n         <\/div>\n         <div style=\"margin-left: 15px\">\n            <p><b>Prints: <\/b><\/p>\n            <ul>(E1) Mac\u00edas, <i>La Biblia Pol\u00edglota de Amberes<\/i>, pp. 102-105;  (E2) Dom\u00ednguez, <i>Correspondencia<\/i>, I, 122-127.<\/ul>\n         <\/div>\n         <div style=\"margin-left: 15px\">\n            <p><b>Critical edition, translation and notes: <\/b>Baldomero Mac\u00edas Rosendo <\/p>\n         <\/div>\n         <div style=\"margin-left: 15px\">\n            <p><b>Codification and digital edition: <\/b>Antonio D\u00e1vila P\u00e9rez<\/p>\n         <\/div>\n      <\/div>\n<\/div>\n\n\n\n<div class=\"wp-block-column is-layout-flow wp-block-column-is-layout-flow\" style=\"flex-basis:66.66%\">\n<p><strong>SUMMARY<\/strong><\/p>\n\n\n\n<p>Barbarus has received a letter from BAM dated October 2, 1568. It is not strange to Barbarus that the Spanish rulers have been pleased with his congratulations on their victory against the rebels. He is waiting for the copy of the <em>Humanae Salutis Monumenta<\/em>. Now he sends his book on the perspective. His interpretation on the Psalms will come soon. He is happy to learn that BAM has gathered good references on Oliverio Baldoccio. Together with this letter, Iosephus Amatus\u2019 answer to a previous BAM\u2019s letter is sent as well. Barbarus asks for references on the orthodoxy of Hieronymus Cock. In case those happen to be positive, he asks BAM to order Cock an engraving of baby Jesus in the manger with the Virgin Mary.<\/p>\n\n\n\n<p><strong>COMMENT<\/strong><\/p>\n\n\n\n<p>Daniel Barbarus responds to a letter from BAM, dated October 2, 1568, the content of which we can partially reconstruct based on the information deduced from this document. BAM had complained to his friend that he did not receive correspondence more frequently, which leads us to suppose that our humanist maintained a regular correspondence with the Italian prelate, of which we only have Barbaus' letters collected in this work. BAM continues by commenting on the Duke of Alba's satisfaction with Barbarus' congratulations after the military victories achieved. He informs him about the works of the Polyglot Bible while promising him a sample of the finished work. And he also transmitted the favorable report from the cloister of the University of Louvain on the young Oliverio Baldocio, about whom Barbarus had asked him for information. Finally we can deduce that BAM asks Barbarus to get in touch with a certain Iosephus Amatus, a Jew from Thessalonica, although we are completely unaware of the reason for such a request.<\/p>\n\n\n\n<p>Regarding the fate of the text, we know from another letter from Barbarus (see document <a href=\"https:\/\/lacorrespondenciadebenitoariasmontano.online\/en\/1569-01-01\/\">1569 01 01<\/a>) that BAM received this letter entrusted to Plantin quite late. Barbarus, fearing that the letter had been lost, sent him a copy of it dated January 1, 1569. This is the reason why BAM receives the same letter twice.<\/p>\n\n\n\n<p>The second page of the sheet, where the seal and address are preserved, has been archived in file A 902 of the Stockholm Manuscript, separated from the first part of the sheet, where the letter was written. As a result, the body of the letter has been numbered as folio 18r-v, and the part of the sheet where the seal and the appear appear as folio 27r (blank) and 27v.<\/p>\n\n\n\n<p><\/p>\n\n\n\n<p><\/p>\n\n\n\n<p><\/p>\n<\/div>\n<\/div>\n<\/div>\n<\/div>\n\n\n\n<p><strong>FACSIMILE<\/strong><\/p>\n\n\n\n<div class=\"wp-block-columns is-layout-flex wp-container-core-columns-is-layout-3 wp-block-columns-is-layout-flex\">\n<div class=\"wp-block-column is-layout-flow wp-block-column-is-layout-flow\" style=\"flex-basis:60%\">\n<figure class=\"wp-block-gallery has-nested-images columns-5 is-cropped wp-block-gallery-2 is-layout-flex wp-block-gallery-is-layout-flex\">\n<figure class=\"wp-block-image size-large is-style-zoooom\"><img decoding=\"async\" width=\"712\" height=\"1024\" src=\"http:\/\/lacorrespondenciadebenitoariasmontano.online\/wp-content\/uploads\/2023\/06\/KBS-Ms.-A-902-f.-18r-712x1024.jpg\" alt=\"\" class=\"wp-image-3575\" srcset=\"https:\/\/lacorrespondenciadebenitoariasmontano.online\/wp-content\/uploads\/2023\/06\/KBS-Ms.-A-902-f.-18r-712x1024.jpg 712w, https:\/\/lacorrespondenciadebenitoariasmontano.online\/wp-content\/uploads\/2023\/06\/KBS-Ms.-A-902-f.-18r-208x300.jpg 208w, https:\/\/lacorrespondenciadebenitoariasmontano.online\/wp-content\/uploads\/2023\/06\/KBS-Ms.-A-902-f.-18r-768x1105.jpg 768w, https:\/\/lacorrespondenciadebenitoariasmontano.online\/wp-content\/uploads\/2023\/06\/KBS-Ms.-A-902-f.-18r-1067x1536.jpg 1067w, https:\/\/lacorrespondenciadebenitoariasmontano.online\/wp-content\/uploads\/2023\/06\/KBS-Ms.-A-902-f.-18r-1423x2048.jpg 1423w, https:\/\/lacorrespondenciadebenitoariasmontano.online\/wp-content\/uploads\/2023\/06\/KBS-Ms.-A-902-f.-18r-8x12.jpg 8w, https:\/\/lacorrespondenciadebenitoariasmontano.online\/wp-content\/uploads\/2023\/06\/KBS-Ms.-A-902-f.-18r-scaled.jpg 1779w\" sizes=\"(max-width: 712px) 100vw, 712px\" \/><figcaption class=\"wp-element-caption\"><strong>KBS, Ms. A 902<\/strong>,<strong> f. 18r<\/strong><\/figcaption><\/figure>\n\n\n\n<figure class=\"wp-block-image size-large is-style-zoooom\"><img decoding=\"async\" width=\"704\" height=\"1024\" src=\"http:\/\/lacorrespondenciadebenitoariasmontano.online\/wp-content\/uploads\/2023\/06\/KBS-Ms.-A-902-f.-18v-704x1024.jpg\" alt=\"\" class=\"wp-image-3576\" srcset=\"https:\/\/lacorrespondenciadebenitoariasmontano.online\/wp-content\/uploads\/2023\/06\/KBS-Ms.-A-902-f.-18v-704x1024.jpg 704w, https:\/\/lacorrespondenciadebenitoariasmontano.online\/wp-content\/uploads\/2023\/06\/KBS-Ms.-A-902-f.-18v-206x300.jpg 206w, https:\/\/lacorrespondenciadebenitoariasmontano.online\/wp-content\/uploads\/2023\/06\/KBS-Ms.-A-902-f.-18v-768x1117.jpg 768w, https:\/\/lacorrespondenciadebenitoariasmontano.online\/wp-content\/uploads\/2023\/06\/KBS-Ms.-A-902-f.-18v-1056x1536.jpg 1056w, https:\/\/lacorrespondenciadebenitoariasmontano.online\/wp-content\/uploads\/2023\/06\/KBS-Ms.-A-902-f.-18v-1408x2048.jpg 1408w, https:\/\/lacorrespondenciadebenitoariasmontano.online\/wp-content\/uploads\/2023\/06\/KBS-Ms.-A-902-f.-18v-8x12.jpg 8w, https:\/\/lacorrespondenciadebenitoariasmontano.online\/wp-content\/uploads\/2023\/06\/KBS-Ms.-A-902-f.-18v-scaled.jpg 1760w\" sizes=\"(max-width: 704px) 100vw, 704px\" \/><figcaption class=\"wp-element-caption\"><strong>KBS, Ms. A 902<\/strong>,<strong> f. 18v<\/strong><\/figcaption><\/figure>\n\n\n\n<figure class=\"wp-block-image size-large is-style-zoooom\"><img loading=\"lazy\" decoding=\"async\" width=\"728\" height=\"1024\" src=\"http:\/\/lacorrespondenciadebenitoariasmontano.online\/wp-content\/uploads\/2023\/06\/KBS-Ms.-A-902-f.-27v-728x1024.jpg\" alt=\"\" class=\"wp-image-3577\" srcset=\"https:\/\/lacorrespondenciadebenitoariasmontano.online\/wp-content\/uploads\/2023\/06\/KBS-Ms.-A-902-f.-27v-728x1024.jpg 728w, https:\/\/lacorrespondenciadebenitoariasmontano.online\/wp-content\/uploads\/2023\/06\/KBS-Ms.-A-902-f.-27v-213x300.jpg 213w, https:\/\/lacorrespondenciadebenitoariasmontano.online\/wp-content\/uploads\/2023\/06\/KBS-Ms.-A-902-f.-27v-768x1080.jpg 768w, https:\/\/lacorrespondenciadebenitoariasmontano.online\/wp-content\/uploads\/2023\/06\/KBS-Ms.-A-902-f.-27v-1092x1536.jpg 1092w, https:\/\/lacorrespondenciadebenitoariasmontano.online\/wp-content\/uploads\/2023\/06\/KBS-Ms.-A-902-f.-27v-1457x2048.jpg 1457w, https:\/\/lacorrespondenciadebenitoariasmontano.online\/wp-content\/uploads\/2023\/06\/KBS-Ms.-A-902-f.-27v-9x12.jpg 9w, https:\/\/lacorrespondenciadebenitoariasmontano.online\/wp-content\/uploads\/2023\/06\/KBS-Ms.-A-902-f.-27v-scaled.jpg 1821w\" sizes=\"(max-width: 728px) 100vw, 728px\" \/><figcaption class=\"wp-element-caption\"><strong>KBS, Ms. A 902<\/strong>,<strong> f. 27v<\/strong><\/figcaption><\/figure>\n<\/figure>\n<\/div>\n<\/div>\n\n\n\n<div style=\"height:84px\" aria-hidden=\"true\" class=\"wp-block-spacer\"><\/div>\n\n\n\n<div style=\"height:0px\" aria-hidden=\"true\" class=\"wp-block-spacer\"><\/div>\n\n\n\n<div class=\"wp-block-columns is-layout-flex wp-container-core-columns-is-layout-4 wp-block-columns-is-layout-flex\">\n<div class=\"wp-block-column is-layout-flow wp-block-column-is-layout-flow\">\n<b>TEXT AND CRITICAL APPARATUS (VISUALIZATION OF XML-TEI MARKUP)<\/b>\n  \n   \n     \n   \n     \n   \n    \n   \n      <meta http-equiv=\"Content-Type\" content=\"text\/html; charset=UTF-8\">\n      <!--THIS FILE IS GENERATED FROM AN XML MASTER. DO NOT EDIT (5)--><title>La correspondencia de Benito Arias Montano: edici\u00f3n cr\u00edtica digital \u2014 Daniel Barbaro (Venecia) a Benito Arias Montano (Amberes) &#8211; 29 de octubre de 1568 <\/title><meta name=\"author\" content=\"Daniel Barbaro\">\n      <meta name=\"generator\" content=\"Text Encoding Initiative Consortium XSLT stylesheets\">\n      <meta name=\"DC.Title\" content=\"La correspondencia de Benito Arias Montano: edici\u00f3n cr\u00edtica digital \u2014 Daniel Barbaro (Venecia) a Benito Arias Montano (Amberes) - 29 de octubre de 1568\">\n      <meta name=\"DC.Type\" content=\"Text\">\n      <meta name=\"DC.Format\" content=\"text\/html\"><link href=\"http:\/\/nl.ijs.si\/tei\/convert\/profiles\/test\/html\/jsi-tei.css\" rel=\"stylesheet\" type=\"text\/css\"><link rel=\"stylesheet\" media=\"print\" type=\"text\/css\" href=\"https:\/\/www.tei-c.org\/release\/xml\/tei\/stylesheet\/tei-print.css\">\n   \n      <div class=\"stdheader autogenerated\">\n         \n      <\/div>\n      <section class=\"source\" id=\"index.xml-group.1_text.1\">\n         \n      \n         <div class=\"tei_body\"><br><br>\n            <div class=\"pagebreak\" id=\"index.xml-pb-w6985763ab2b5b1b1b3b1\"><a href=\"http:\/\/lacorrespondenciadebenitoariasmontano.online\/wp-content\/uploads\/2023\/06\/KBS-Ms.-A-902-f.-27v-scaled.jpg\" target=\"_blank\" onclick=\"window.open(this.href, this.target, 'width=400,height=600'); return false;\" rel=\"noopener\">[f. 27v]<\/a><\/div>\n            <div class=\"address\" id=\"index.xml-group.1_text.1_body.1_div.1\">\n               <h5><span class=\"head\">[<i>Sobrescrito<\/i>:]<\/span><\/h5>\n               <div>Al molto r<span title=\"tei:expan\" class=\"tei_expan\"><span class=\"ex\">everen<\/span><\/span>do come fratello il signor<sup class=\"appnote\" data-app=\"App1\">1<\/sup> <span title=\"tei:name[@type=&quot;person&quot;]\" class=\"tei_persName\">Benedetto Arias Montano<\/span>. <span title=\"tei:name[@type=&quot;place&quot;]\" class=\"tei_placeName\">Anversa<\/span>.\n               <\/div>\n            <\/div>\n            <div class=\"main_content\" id=\"index.xml-group.1_text.1_body.1_div.2\">\n               \n               <div class=\"pagebreak\" id=\"index.xml-pb-w6985763ab2b5b1b1b3b5b1\"><a href=\"http:\/\/lacorrespondenciadebenitoariasmontano.online\/wp-content\/uploads\/2023\/06\/KBS-Ms.-A-902-f.-18r-scaled.jpg\" target=\"_blank\" onclick=\"window.open(this.href, this.target, 'width=400,height=600'); return false;\" rel=\"noopener\">[f. 18r]<\/a><\/div>\n               <div class=\"opener\"><span title=\"tei:name[@type=&quot;person&quot;]\" class=\"tei_persName\">Benedicto Arias Montano<\/span>, praest<span title=\"tei:expan\" class=\"tei_expan\"><span class=\"ex\">anti<\/span><\/span> uiro, <span title=\"tei:name[@type=&quot;person&quot;]\" class=\"tei_persName\">Daniel Barbarus<\/span>, electus Aquileien<span title=\"tei:expan\" class=\"tei_expan\"><span class=\"ex\">sis<\/span><\/span>, s<span title=\"tei:expan\" class=\"tei_expan\"><span class=\"ex\">alutem<\/span><\/span> p<span title=\"tei:expan\" class=\"tei_expan\"><span class=\"ex\">lurimam<\/span><\/span> d<span title=\"tei:expan\" class=\"tei_expan\"><span class=\"ex\">icit<\/span><\/span>.\n               <\/div>\n               <p>[<b>1<\/b>] Accepi literas tuas <span class=\"date\">VI Non<span class=\"tei_expan\" title=\"tei:expan\"><span class=\"ex\">as<\/span><\/span> Oct<span class=\"tei_expan\" title=\"tei:expan\"><span class=\"ex\">obris<\/span><\/span><\/span> <span class=\"tei_placeName\" title=\"tei:name[@type=&quot;place&quot;]\">Antuerpiae<\/span> datas, in quibus amanter doles quod frequenter ad te non scribam. Et in ea re officium\n                  meum req<span class=\"tei_expan\" title=\"tei:expan\"><span class=\"ex\">ui<\/span><\/span>ris diligenterque de rebus tuis me certiorem facis. \n [<b>2<\/b>] Amplector ego q<span class=\"tei_expan\" title=\"tei:expan\"><span class=\"ex\">ui<\/span><\/span>dem beneuolentiae in me tuae significationem; et quod quaeris praestiturum me tibi\n                  polliceor. De me quoque tibi aliquid significabo.\n               <\/p>\n               <p>[<b>3<\/b>] Gratulationem meam de uictoria aduersus religionis hostes principibus placuisse non\n                  miror. Vehemens enim laetitiae meae impulsus magna fuit uis gaudii, ita plane ut in\n                  aliis quoque efficax esse potuerit. Deus faxit ut caetera ex uoto cedant!\n               <\/p>\n               <p>[<b>4<\/b>] Serenissimum Regem Hispaniarum Ecclesiae maxime fauere laetor uehementer. Specimen\n                  Sacrorum Librorum quod promittis summo desiderio expecto. Regii sumptus, uestra, hoc\n                  est, doctissimorum et piorum opera, piissimi conatus rem perficient omnino.[<b>5<\/b>] Interim\n                  <span class=\"titlem\">Opticen<\/span> meam, hoc est, ineptias meas ad te mitto. Viuens ualensque Psalmorum interpretationem\n                  a praelo statim habebis; opus illud aliquanto longiorem temporis moram postulat.\n               <\/p>\n               <p>[<b>6<\/b>] Elogium tuum de <span class=\"tei_persName\" title=\"tei:name[@type=&quot;person&quot;]\">Oliuerio Baldoccio<\/span> expecto. Louaniensis Academiae senatum de fide bene audire non solum gratulor, sed\n                  immortales propterea Deo gratias habeo.\n               <\/p>\n               <p>[<b>7<\/b>] <span class=\"tei_persName\" title=\"tei:name[@type=&quot;person&quot;]\">Iosephus Amatus<\/span>, Hebraeus Thessalonicensis<sup class=\"appnote\" data-app=\"App2\">2<\/sup>, cum quo statim acceptis literis tuis collocutus sum,\n                  ecce tibi respondet.\n               <\/p>\n               <p>[<b>8<\/b>] Vellem ego de quodam <span class=\"tei_persName\" title=\"tei:name[@type=&quot;person&quot;]\">Hieronymo Cock<\/span> impressore aliquid abs te scire, utrum a catholicis stet an in cathedra pestilentiae\n                  sedeat. Si forte stat, quaeso ut ab illo petas pagellam quandam in qua Redemptoris\n                  <span class=\"pagebreak\" id=\"index.xml-pb-w6985763ab2b5b1b1b3b5c15b3\"><a href=\"http:\/\/lacorrespondenciadebenitoariasmontano.online\/wp-content\/uploads\/2023\/06\/KBS-Ms.-A-902-f.-18v-scaled.jpg\" target=\"_blank\" onclick=\"window.open(this.href, this.target, 'width=400,height=600'); return false;\" rel=\"noopener\">[f. 18v]<\/a><\/span> nostri praesepe cum Virgine matre aeneis<sup class=\"appnote\" data-app=\"App3\">3<\/sup> typis excussum est, a quodam <span class=\"tei_persName\" title=\"tei:name[@type=&quot;person&quot;]\">Georgio Ghisi<\/span>, Mantuano pictore, descriptam. [<b>9<\/b>] Audiui enim <span class=\"tei_persName\" title=\"tei:name[@type=&quot;person&quot;]\">Georgium<\/span> typos ac pagellas omnes illi uenundedisse; ex <span class=\"tei_persName\" title=\"tei:name[@type=&quot;person&quot;]\">Plantino<\/span> bibliopola aliquid de ea scies. Pergratum mihi erit eam picturam habere. Interim\n                  si quid est quod mea opera tibi praestari possit, iubeto.\n               <\/p>\n           \n                  <p>[<b>10<\/b>] Vale et me ama. Dat<span class=\"tei_expan\" title=\"tei:expan\"><span class=\"ex\">um<\/span><\/span> <span class=\"tei_placeName\" title=\"tei:name[@type=&quot;place&quot;]\">Venet<span class=\"tei_expan\" title=\"tei:expan\"><span class=\"ex\">iis<\/span><\/span><\/span> <span class=\"date\">VIII Non<span class=\"tei_expan\" title=\"tei:expan\"><span class=\"ex\">as<\/span><\/span> Nouemb<span class=\"tei_expan\" title=\"tei:expan\"><span class=\"ex\">ris<\/span><\/span> MDLXVIII<\/span>.\n                  <\/p>\n               \n            <\/div>\n         <\/div>\n      <\/section>\n      \n      <div class=\"appcrit\">\n         <div class=\"app\" id=\"App1\"><span class=\"lemma\">signor<\/span>] <span class=\"lemmawitness\">O, E2<\/span>; signore (E1)\n         <\/div>\n<div class=\"app\" id=\"App2\"><span class=\"lemma\">Thessalonicensis<\/span>] <span class=\"lemmawitness\">O, E1<\/span>; Tessalonicensis (E2)\n         <\/div>\n         <div class=\"app\" id=\"App3\"><span class=\"lemma\">aeneis<\/span>] <span class=\"lemmawitness\">O, E1<\/span>; aenaeis (E2)\n         <\/div>\n      <\/div>\n      <div class=\"stdfooter autogenerated\">\n         <div class=\"footer\">\n            <!--standard links to project, institution etc--><a class=\"plain\" href=\"\/en\/\"><\/a> \n         <\/div>\n         \n            <!--\n\t  Generated from index.xml using XSLT stylesheets version 7.55.0\n\t       based on http:\/\/www.tei-c.org\/Stylesheets\/\n\t       on 2023-06-02T12:29:37Z.\n\t       SAXON HE 9.8.0.15.\n\t\t -->\n      <\/div>\n\n\n\n<div style=\"height:56px\" aria-hidden=\"true\" class=\"wp-block-spacer\"><\/div>\n<\/div>\n\n\n\n<div class=\"wp-block-column is-layout-flow wp-block-column-is-layout-flow\">\n<b>TRANSLATION INTO SPANISH <br>AND NOTES<br><\/b>\n   \n  <meta http-equiv=\"Content-Type\" content=\"text\/html; charset=UTF-8\">\n      <!--THIS FILE IS GENERATED FROM AN XML MASTER. DO NOT EDIT (5)--><title>La correspondencia de Benito Arias Montano: edici\u00f3n cr\u00edtica digital \u2014 Daniel Barbaro (Venecia) a Benito Arias Montano (Amberes) &#8211; 29 de octubre de 1568 <\/title><meta name=\"author\" content=\"Daniel Barbaro\">\n      <meta name=\"generator\" content=\"Text Encoding Initiative Consortium XSLT stylesheets\">\n      <meta name=\"DC.Title\" content=\"La correspondencia de Benito Arias Montano: edici\u00f3n cr\u00edtica digital \u2014 Daniel Barbaro (Venecia) a Benito Arias Montano (Amberes) - 29 de octubre de 1568\">\n      <meta name=\"DC.Type\" content=\"Text\">\n      <meta name=\"DC.Format\" content=\"text\/html\"><link href=\"http:\/\/nl.ijs.si\/tei\/convert\/profiles\/test\/html\/jsi-tei.css\" rel=\"stylesheet\" type=\"text\/css\"><link rel=\"stylesheet\" media=\"print\" type=\"text\/css\" href=\"https:\/\/www.tei-c.org\/release\/xml\/tei\/stylesheet\/tei-print.css\">\n   \n      <div class=\"stdheader autogenerated\">\n         \n      <\/div>\n     \n      <section class=\"translation\" id=\"index.xml-group.1_text.2\">\n        \n         <div class=\"tei_body\"><br><br>\n            <div class=\"pagebreak\" id=\"index.xml-pb-w6985763ab2b5b1b3b1b1\"><a href=\"http:\/\/lacorrespondenciadebenitoariasmontano.online\/wp-content\/uploads\/2023\/06\/KBS-Ms.-A-902-f.-27v-scaled.jpg\" target=\"_blank\" onclick=\"window.open(this.href, this.target, 'width=400,height=600'); return false;\" rel=\"noopener\">[f. 27v]<\/a><\/div>\n            <div class=\"address\" id=\"index.xml-group.1_text.2_body.1_div.1\">\n               <h5><span class=\"head\">[<i>Sobrescrito<\/i>:]<\/span><\/h5>\n               <div>Al muy reverendo, como un hermano, se\u00f1or Benito Arias Montano. Amberes. <\/div>\n            <\/div>\n            <div class=\"main_content\" id=\"index.xml-group.1_text.2_body.1_div.2\">\n               \n               <div class=\"pagebreak\" id=\"index.xml-pb-w6985763ab2b5b1b3b1b5b1\"><a href=\"http:\/\/lacorrespondenciadebenitoariasmontano.online\/wp-content\/uploads\/2023\/06\/KBS-Ms.-A-902-f.-18r-scaled.jpg\" target=\"_blank\" onclick=\"window.open(this.href, this.target, 'width=400,height=600'); return false;\" rel=\"noopener\">[f. 18r]<\/a><\/div>\n               <div class=\"opener\">Daniel Barbaro, electo de Aquileya, saluda cordialmente al egregio var\u00f3n\n                  Benito Arias Montano. \n               <\/div>\n               <p>[<b>1<\/b>] He recibido la carta de vuestra merced con fecha del dos de octubre,<a class=\"link_ref\" id=\"reference1\" href=\"#note1\" title=\"1 Entre la correspondencia de BAM no se ha encontrado la minuta de ninguna carta dirigida a Daniel Barbaro.\">1<\/a> en la que se queja con ternura de que no le escriba con frecuencia. Y en esto vuestra\n                  merced echa de menos mi compromiso y me informa con toda puntualidad de sus asuntos. [<b>2<\/b>]                  Yo verdaderamente aprecio las muestras de su benevolencia hacia mi persona, y prometo\n                  servirle en lo que me pide. Asimismo le har\u00e9 part\u00edcipe de mis asuntos.\n               <\/p>\n               <p>[<b>3<\/b>] No me extra\u00f1a que le haya complacido a los pr\u00edncipes mi felicitaci\u00f3n por su victoria\n                  contra los enemigos de nuestra religi\u00f3n. Pues aquel impulso impetuoso de mi alegr\u00eda\n                  fue un estallido de gozo tal, que habr\u00e1 podido surtir su efecto tambi\u00e9n en otros.\n                  \u00a1Dios procure que todo lo dem\u00e1s salga conforme a nuestro deseo!\n               <\/p>\n               <p>[<b>4<\/b>] Me colma de satisfacci\u00f3n que el Seren\u00edsimo Rey de las Espa\u00f1as favorezca de manera\n                  especial a la Iglesia. Aguardo con gran impaciencia el ejemplar que me promete vuestra\n                  merced de los Libros Sagrados. Los desembolsos del Rey, el trabajo de vuestras mercedes,\n                  es decir, el de hombres doctos y piadosos, los piados\u00edsimos esfuerzos llevar\u00e1n esta\n                  obra a su feliz t\u00e9rmino. [<b>5<\/b>] Entretanto, env\u00edo a vuestra merced mi libro <span class=\"titlem\">Sobre perspectiva<\/span>, o lo que es lo mismo, mis majader\u00edas. Si Dios me da fuerzas y prolonga mi vida, tendr\u00e1 un ejemplar de mi interpretaci\u00f3n de los Salmos tan pronto como salga de\n                  la imprenta; pero esta obra requiere todav\u00eda alg\u00fan tiempo m\u00e1s.\n               <\/p>\n               <p>[<b>6<\/b>] Aguardo el elogio de vuestra merced sobre Oliverio Baldocio.<a class=\"link_ref\" id=\"reference2\" href=\"#note2\" title=\"2 H. de Vocht no recoge ninguna noticia sobre ese tal Oliverio Baldocio en su obra HTL.\">2<\/a> El hecho de que el claustro de la Universidad de Lovaina tenga informes favorables\n                  sobre su fe, no solo me llena de alegr\u00eda, sino que doy inmortales gracias a Dios por\n                  ello.\n               <\/p>\n               <p>[<b>7<\/b>] Aqu\u00ed tiene la respuesta de Jos\u00e9 Amato, el hebreo de Tesal\u00f3nica, con quien\n                  me puse en contacto tan pronto como recib\u00ed la carta de vuestra merced.<a class=\"link_ref\" id=\"reference3\" href=\"#note3\" title=\"3 Los jud\u00edos de Mil\u00e1n entre quienes se encontraban amigos y allegados de BAM hab\u00edan acudido a su mediaci\u00f3n para lograr la renov...\">3<\/a><\/p>\n               <p>[<b>8<\/b>] Me gustar\u00eda que me informara acerca de un tal Jer\u00f3nimo Cock,<a class=\"link_ref\" id=\"reference4\" href=\"#note4\" title=\"4 Hieronymus Cock (15181570) pintor flamenco grabador impresor y editor afincado en Amberes.\">4<\/a> impresor, para saber si permanece fiel al catolicismo o se ha adherido a la herej\u00eda.\n                  Si por casualidad permanece fiel, le ruego que le pida una estampa en la que est\u00e1\n                  grabado con caracteres de bronce el pesebre de Nuestro Redentor <span class=\"pagebreak\" id=\"index.xml-pb-w6985763ab2b5b1b3b1b5c15b3\"><a href=\"http:\/\/lacorrespondenciadebenitoariasmontano.online\/wp-content\/uploads\/2023\/06\/KBS-Ms.-A-902-f.-18v-scaled.jpg\" target=\"_blank\" onclick=\"window.open(this.href, this.target, 'width=400,height=600'); return false;\" rel=\"noopener\">[f. 18v]<\/a><\/span> con su madre la Virgen, dise\u00f1ada por un pintor mantuano llamado Giorgio Ghisi.<a class=\"link_ref\" id=\"reference5\" href=\"#note5\" title=\"5 Giorgio Ghisi (15201582) tambi\u00e9n conocido como Giorgio Mantuano fue un grabador italiano. Hacia 1550 trabaj\u00f3 en Amberes en el...\">5<\/a> [<b>9<\/b>] Pues he tenido noticias de que Giorgio le vendi\u00f3 todos los tipos y planchas; el librero\n                  Plantino podr\u00e1 darle a vuestra merced alguna informaci\u00f3n sobre ella. Me complacer\u00eda\n                  mucho poder tener este grabado. Entretanto, si hay algo en lo que pueda servirle, no dude\n                  en ped\u00edrmelo.\n               <\/p>\n               \n                  <p>[<b>10<\/b>] Adi\u00f3s, y acu\u00e9rdese de m\u00ed. Fechada en Venecia, a 29 de octubre de 1568. <\/p>\n               \n            <\/div>\n         <\/div>\n         <div class=\"tei_back\">\n            <div class=\"notes\" id=\"index.xml-group.1_text.2_back.1_div.1\">\n              \n               <div class=\"note\" id=\"note1\"><span class=\"noteLabel\">Note: <\/span><a class=\"link_ref\" href=\"#reference1\" title=\"1\">1<\/a> Entre la correspondencia de BAM no se ha encontrado la minuta de ninguna carta dirigida\n                  a Daniel Barbaro.\n               <\/div>\n               <div class=\"note\" id=\"note2\"><span class=\"noteLabel\">Note: <\/span><a class=\"link_ref\" href=\"#reference2\" title=\"2\">2<\/a> H. de Vocht no recoge ninguna noticia sobre ese tal Oliverio Baldocio en su obra <span class=\"titlem\">HTL<\/span>.\n               <\/div>\n               <div class=\"note\" id=\"note3\"><span class=\"noteLabel\">Note: <\/span><a class=\"link_ref\" href=\"#reference3\" title=\"3\">3<\/a> Los jud\u00edos de Mil\u00e1n, entre quienes se encontraban amigos y allegados de BAM, hab\u00edan\n                  acudido a su mediaci\u00f3n para lograr la renovaci\u00f3n de sus \u00abasientos\u00bb en aquel estado.\n                  Por su lado, los jud\u00edos de Venecia, seguramente a trav\u00e9s de ese Jos\u00e9 Amato y con\n                  la ayuda de Barbaro, le instan a que consiga lo mismo para ellos. V\u00e9ase sobre este\n                  particular la carta de Arias Montano a Zayas <a href=\"https:\/\/lacorrespondenciadebenitoariasmontano.online\/en\/1569-04-06\/\">1569 04 06<\/a>.\n               <\/div>\n               <div class=\"note\" id=\"note4\"><span class=\"noteLabel\">Note: <\/span><a class=\"link_ref\" href=\"#reference4\" title=\"4\">4<\/a> Hieronymus Cock (1518-1570), pintor flamenco, grabador, impresor y editor afincado\n                  en Amberes.\n               <\/div>\n               <div class=\"note\" id=\"note5\"><span class=\"noteLabel\">Note: <\/span><a class=\"link_ref\" href=\"#reference5\" title=\"5\">5<\/a> Giorgio Ghisi (1520-1582), tambi\u00e9n conocido como Giorgio Mantuano, fue un grabador\n                  italiano. Hacia 1550 trabaj\u00f3 en Amberes en el taller de Hieronymus Cock, antes de\n                  regresar a Mantua, donde ejerci\u00f3 su oficio toda su vida. V\u00e9ase la completa entrada\n                  bibliogr\u00e1fica de este artista italiano de Francesco Mozzetti, <a class=\"link_ref\" href=\"https:\/\/www.treccani.it\/enciclopedia\/giorgio-ghisi_%28Dizionario-Biografico%29\/\"><span class=\"titlem\">Dizionario Biografico degli Italiani<\/span><\/a>, LIV (2000).\n               <\/div>\n            <\/div>\n         <\/div>\n      <\/section>\n      \n      <div class=\"stdfooter autogenerated\">\n         <div class=\"footer\">\n            <!--standard links to project, institution etc--><a class=\"plain\" href=\"\/en\/\"><\/a> \n         <\/div>\n         \n            <!--\n\t  Generated from index.xml using XSLT stylesheets version 7.55.0\n\t       based on http:\/\/www.tei-c.org\/Stylesheets\/\n\t       on 2023-06-02T12:29:37Z.\n\t       SAXON HE 9.8.0.15.\n\t\t -->\n      <\/div>\n\n\n\n<div style=\"height:47px\" aria-hidden=\"true\" class=\"wp-block-spacer\"><\/div>\n<\/div>\n\n\n\n<div class=\"wp-block-column is-layout-flow wp-block-column-is-layout-flow\">\n<b>TEXT (WITHOUT VISUALIZATION OF <br>XML-TEI MARKUP)<br><\/b>\n   \n  \n   \n    <meta http-equiv=\"Content-Type\" content=\"text\/html; charset=UTF-8\">\n      <!--THIS FILE IS GENERATED FROM AN XML MASTER. DO NOT EDIT (5)--><title>La correspondencia de Benito Arias Montano: edici\u00f3n cr\u00edtica digital \u2014 Daniel Barbaro (Venecia) a Benito Arias Montano (Amberes) &#8211; 29 de octubre de 1568 <\/title><meta name=\"author\" content=\"Daniel Barbaro\">\n      <meta name=\"generator\" content=\"Text Encoding Initiative Consortium XSLT stylesheets\">\n      <meta name=\"DC.Title\" content=\"La correspondencia de Benito Arias Montano: edici\u00f3n cr\u00edtica digital \u2014 Daniel Barbaro (Venecia) a Benito Arias Montano (Amberes) - 29 de octubre de 1568\">\n      <meta name=\"DC.Type\" content=\"Text\">\n      <meta name=\"DC.Format\" content=\"text\/html\"><link href=\"http:\/\/nl.ijs.si\/tei\/convert\/profiles\/test\/html\/jsi-tei.css\" rel=\"stylesheet\" type=\"text\/css\"><link rel=\"stylesheet\" media=\"print\" type=\"text\/css\" href=\"https:\/\/www.tei-c.org\/release\/xml\/tei\/stylesheet\/tei-print.css\">\n   \n      <div class=\"stdheader autogenerated\">\n         \n      <\/div>\n      <section class=\"source\" id=\"index.xml-group.1_text.1\">\n         \n      \n         <div class=\"tei_body\"><br><br>\n            <div class=\"pagebreak\" id=\"index.xml-pb-w6985763ab2b5b1b1b3b1\"><a href=\"http:\/\/lacorrespondenciadebenitoariasmontano.online\/wp-content\/uploads\/2023\/06\/KBS-Ms.-A-902-f.-27v-scaled.jpg\" target=\"_blank\" onclick=\"window.open(this.href, this.target, 'width=400,height=600'); return false;\" rel=\"noopener\">[f. 27v]<\/a><\/div>\n            <div class=\"address\" id=\"index.xml-group.1_text.1_body.1_div.1\">\n               <h5><span class=\"head\">[<i>Sobrescrito<\/i>:]<\/span><\/h5>\n               <div>Al molto reverendo come fratello il signor Benedetto Arias Montano. Anversa.\n               <\/div>\n            <\/div>\n            <div class=\"main_content\" id=\"index.xml-group.1_text.1_body.1_div.2\">\n               \n               <div class=\"pagebreak\" id=\"index.xml-pb-w6985763ab2b5b1b1b3b5b1\"><a href=\"http:\/\/lacorrespondenciadebenitoariasmontano.online\/wp-content\/uploads\/2023\/06\/KBS-Ms.-A-902-f.-18r-scaled.jpg\" target=\"_blank\" onclick=\"window.open(this.href, this.target, 'width=400,height=600'); return false;\" rel=\"noopener\">[f. 18r]<\/a><\/div>\n               <div class=\"opener\">Benedicto Arias Montano, praestanti uiro, Daniel Barbarus, electus Aquileiensis, salutem plurimam dicit.\n               <\/div>\n               <p>[<b>1<\/b>] Accepi literas tuas VI Nonas  Octobris Antuerpiae datas, in quibus amanter doles quod frequenter ad te non scribam. Et in ea re officium\n                  meum requiris diligenterque de rebus tuis me certiorem facis.              \n [<b>2<\/b>] Amplector ego quidem beneuolentiae in me tuae significationem; et quod quaeris praestiturum me tibi\n                  polliceor. De me quoque tibi aliquid significabo.\n               <\/p>\n               <p>[<b>3<\/b>] Gratulationem meam de uictoria aduersus religionis hostes principibus placuisse non\n                  miror. Vehemens enim laetitiae meae impulsus magna fuit uis gaudii, ita plane ut in\n                  aliis quoque efficax esse potuerit. Deus faxit ut caetera ex uoto cedant!\n               <\/p>\n               <p>[<b>4<\/b>] Serenissimum Regem Hispaniarum Ecclesiae maxime fauere laetor uehementer. Specimen\n                  Sacrorum Librorum quod promittis summo desiderio expecto. Regii sumptus, uestra, hoc\n                  est, doctissimorum et piorum opera, piissimi conatus rem perficient omnino. [<b>5<\/b>] Interim\n                  <span class=\"titlem\">Opticen<\/span> meam, hoc est, ineptias meas ad te mitto. Viuens ualensque Psalmorum interpretationem\n                  a praelo statim habebis; opus illud aliquanto longiorem temporis moram postulat.\n               <\/p>\n               <p>[<b>6<\/b>] Elogium tuum de Oliuerio Baldoccio expecto. Louaniensis Academiae senatum de fide bene audire non solum gratulor, sed\n                  immortales propterea Deo gratias habeo.\n               <\/p>\n               <p>[<b>7<\/b>] Iosephus Amatus, Hebraeus Thessalonicensis, cum quo statim acceptis literis tuis collocutus sum,\n                  ecce tibi respondet.\n               <\/p>\n               <p>[<b>8<\/b>] Vellem ego de quodam Hieronymo Cock impressore aliquid abs te scire, utrum a catholicis stet an in cathedra pestilentiae\n                  sedeat. Si forte stat, quaeso ut ab illo petas pagellam quandam in qua Redemptoris\n                  <span class=\"pagebreak\" id=\"index.xml-pb-w6985763ab2b5b1b1b3b5c15b3\"><a href=\"http:\/\/lacorrespondenciadebenitoariasmontano.online\/wp-content\/uploads\/2023\/06\/KBS-Ms.-A-902-f.-18v-scaled.jpg\" target=\"_blank\" onclick=\"window.open(this.href, this.target, 'width=400,height=600'); return false;\" rel=\"noopener\">[f. 18v]<\/a><\/span> nostri praesepe cum Virgine matre aeneis typis excussum est, a quodam Georgio Ghisi, Mantuano pictore, descriptam. [<b>9<\/b>] Audiui enim Georgium typos ac pagellas omnes illi uenundedisse; ex Plantino bibliopola aliquid de ea scies. Pergratum mihi erit eam picturam habere. Interim\n                  si quid est quod mea opera tibi praestari possit, iubeto.\n               <\/p>\n           \n                  <p>[<b>10<\/b>] Vale et me ama. Datum Venetiis VIII Nonas Nouembris MDLXVIII.\n                  <\/p>\n               \n            <\/div>\n         <\/div>\n      <\/section>\n      \n      \n      <div class=\"stdfooter autogenerated\">\n         <div class=\"footer\">\n            <!--standard links to project, institution etc--><a class=\"plain\" href=\"\/en\/\"><\/a> \n         <\/div>\n         \n            <!--\n\t  Generated from index.xml using XSLT stylesheets version 7.55.0\n\t       based on http:\/\/www.tei-c.org\/Stylesheets\/\n\t       on 2023-06-02T12:29:37Z.\n\t       SAXON HE 9.8.0.15.\n\t\t -->\n      <\/div>\n\n\n\n<div style=\"height:53px\" aria-hidden=\"true\" class=\"wp-block-spacer\"><\/div>\n\n\n\n<div class=\"wp-block-buttons is-layout-flex wp-block-buttons-is-layout-flex\">\n<div class=\"wp-block-button aligncenter\"><a class=\"wp-block-button__link has-white-color has-text-color wp-element-button\" href=\"https:\/\/github.com\/CoBAM-editor\/CoBAM\/blob\/main\/1568%2010%2029%20CoBAM.xml\" style=\"border-radius:8px\">XML<\/a><\/div>\n<\/div>\n<\/div>\n<\/div>","protected":false},"excerpt":{"rendered":"<p>1568 10 29 Daniel Barbaro (Venecia) a Benito Arias Montano (Amberes) 29 de octubre de 1568 Identificador: 1568 10 29 \u00cdncipit: Accepi literas tuas VI Nonas Octobris Antuerpiae datas&#8230; Manuscritos: (O) KBS, Ms. A 902, f. 18r-v, f. 27r-v. Impresos: (E1) Mac\u00edas, La Biblia Pol\u00edglota de Amberes, pp. 102-105; (E2) Dom\u00ednguez, Correspondencia, I, 122-127. Edici\u00f3n [&hellip;]<\/p>","protected":false},"author":1,"featured_media":1721,"parent":2643,"menu_order":0,"comment_status":"closed","ping_status":"closed","template":"elementor_header_footer","meta":{"footnotes":""},"class_list":["post-3578","page","type-page","status-publish","has-post-thumbnail","czr-hentry"],"_links":{"self":[{"href":"https:\/\/lacorrespondenciadebenitoariasmontano.online\/en\/wp-json\/wp\/v2\/pages\/3578"}],"collection":[{"href":"https:\/\/lacorrespondenciadebenitoariasmontano.online\/en\/wp-json\/wp\/v2\/pages"}],"about":[{"href":"https:\/\/lacorrespondenciadebenitoariasmontano.online\/en\/wp-json\/wp\/v2\/types\/page"}],"author":[{"embeddable":true,"href":"https:\/\/lacorrespondenciadebenitoariasmontano.online\/en\/wp-json\/wp\/v2\/users\/1"}],"replies":[{"embeddable":true,"href":"https:\/\/lacorrespondenciadebenitoariasmontano.online\/en\/wp-json\/wp\/v2\/comments?post=3578"}],"version-history":[{"count":71,"href":"https:\/\/lacorrespondenciadebenitoariasmontano.online\/en\/wp-json\/wp\/v2\/pages\/3578\/revisions"}],"predecessor-version":[{"id":11043,"href":"https:\/\/lacorrespondenciadebenitoariasmontano.online\/en\/wp-json\/wp\/v2\/pages\/3578\/revisions\/11043"}],"up":[{"embeddable":true,"href":"https:\/\/lacorrespondenciadebenitoariasmontano.online\/en\/wp-json\/wp\/v2\/pages\/2643"}],"wp:featuredmedia":[{"embeddable":true,"href":"https:\/\/lacorrespondenciadebenitoariasmontano.online\/en\/wp-json\/wp\/v2\/media\/1721"}],"wp:attachment":[{"href":"https:\/\/lacorrespondenciadebenitoariasmontano.online\/en\/wp-json\/wp\/v2\/media?parent=3578"}],"curies":[{"name":"wp","href":"https:\/\/api.w.org\/{rel}","templated":true}]}}