{"id":3690,"date":"2023-07-19T11:18:51","date_gmt":"2023-07-19T11:18:51","guid":{"rendered":"https:\/\/lacorrespondenciadebenitoariasmontano.online\/?page_id=3690"},"modified":"2026-02-19T10:46:57","modified_gmt":"2026-02-19T10:46:57","slug":"1568-11-14","status":"publish","type":"page","link":"https:\/\/lacorrespondenciadebenitoariasmontano.online\/en\/correspondencia\/1568-11-14\/","title":{"rendered":"1568 11 14"},"content":{"rendered":"<div class=\"wp-block-columns is-layout-flex wp-container-core-columns-is-layout-2 wp-block-columns-is-layout-flex\">\n<div class=\"wp-block-column is-layout-flow wp-block-column-is-layout-flow\">\n<p class=\"has-text-align-center\" style=\"font-size:31px\">1568 11 14 <\/p>\n\n\n\n<p class=\"has-text-align-center\" style=\"font-size:31px\">William D. Lindanus (The Hague) to Benito Arias Montano [Antwerp] <\/p>\n\n\n\n<p class=\"has-text-align-right\" style=\"font-size:22px\">14 November 1568<\/p>\n\n\n\n<div style=\"height:28px\" aria-hidden=\"true\" class=\"wp-block-spacer\"><\/div>\n\n\n\n<div class=\"wp-block-columns is-layout-flex wp-container-core-columns-is-layout-1 wp-block-columns-is-layout-flex\">\n<div class=\"wp-block-column is-layout-flow wp-block-column-is-layout-flow\" style=\"flex-basis:33.33%\">\n<div class=\"wp-block-cover is-light wp-duotone-unset-1\" style=\"min-height:103px;aspect-ratio:unset;\"><span aria-hidden=\"true\" class=\"wp-block-cover__background has-background-dim-10 has-background-dim\"><\/span><img fetchpriority=\"high\" decoding=\"async\" width=\"1127\" height=\"423\" class=\"wp-block-cover__image-background wp-image-606\" alt=\"\" src=\"https:\/\/lacorrespondenciadebenitoariasmontano.online\/wp-content\/uploads\/2023\/03\/cropped-Gysbrechts-1.jpg\" data-object-fit=\"cover\" srcset=\"https:\/\/lacorrespondenciadebenitoariasmontano.online\/wp-content\/uploads\/2023\/03\/cropped-Gysbrechts-1.jpg 1127w, https:\/\/lacorrespondenciadebenitoariasmontano.online\/wp-content\/uploads\/2023\/03\/cropped-Gysbrechts-1-300x113.jpg 300w, https:\/\/lacorrespondenciadebenitoariasmontano.online\/wp-content\/uploads\/2023\/03\/cropped-Gysbrechts-1-1024x384.jpg 1024w, https:\/\/lacorrespondenciadebenitoariasmontano.online\/wp-content\/uploads\/2023\/03\/cropped-Gysbrechts-1-768x288.jpg 768w\" sizes=\"(max-width: 1127px) 100vw, 1127px\" \/><div class=\"wp-block-cover__inner-container is-layout-flow wp-block-cover-is-layout-flow\">\n<p class=\"has-text-align-center has-white-color has-text-color has-medium-font-size\"><strong>METADATA<\/strong><\/p>\n<\/div><\/div>\n\n\n\n<div style=\"height:10px\" aria-hidden=\"true\" class=\"wp-block-spacer\"><\/div>\n\n\n\n<meta http-equiv=\"Content-Type\" content=\"text\/html; charset=UTF-8\">\n   \n   \n      <div style=\"background-color:White;border:solid 1px DimGrey;border-radius:5px;\">\n         <div style=\"margin-left: 15px; color: #1C1C1C;\">\n            <p><b>Identifier: <\/b>1568 11 14<\/p>\n         <\/div>\n         <div style=\"margin-left: 15px; color: #1C1C1C;\">\n            <p><b>Incipit: <\/b>Si uales, magnifice domine doctor, ex animo gratulor.<\/p>\n         <\/div>\n         <div style=\"margin-left: 15px\">\n            <p><b>Manuscripts: <\/b><\/p>\n            <ul>\n               (O) KBS, Ms. A 902, ff. 153r-[154v].\n               <\/ul>\n         <\/div>\n         <div style=\"margin-left: 15px\">\n            <p><b>Prints: <\/b><\/p>\n            <ul>(E1) Mac\u00edas, <i>La Biblia Pol\u00edglota de Amberes<\/i>, pp. 106-109;  (E2) Dom\u00ednguez, <i>Correspondencia<\/i>, I, 146-153.<\/ul>\n         <\/div>\n         <div style=\"margin-left: 15px\">\n            <p><b>Critical edition, translation and notes: <\/b>Baldomero Mac\u00edas Rosendo <\/p>\n         <\/div>\n         <div style=\"margin-left: 15px\">\n            <p><b>Codification and digital edition: <\/b>Antonio D\u00e1vila P\u00e9rez<\/p>\n         <\/div>\n      <\/div>\n<\/div>\n\n\n\n<div class=\"wp-block-column is-layout-flow wp-block-column-is-layout-flow\" style=\"flex-basis:66.66%\">\n<p><strong>SUMMARY<\/strong><\/p>\n\n\n\n<p>While working on the second volume of his <em>Apologeticum<\/em>a question arose to Lindanus dealing with a passage of <em>Eclesi\u00e1stico<\/em> 16, [14]. In this letter Lindanus asks if the Greek manuscripts sent from Rome to make up the edition of the Polyglot present a reading different from the most common text, namely, \u00abevery man shall receive according to his works\u00bb.<\/p>\n\n\n\n<p><strong>COMMENT<\/strong><\/p>\n\n\n\n<p>During the years 1568-1569, Plantin printed for Lindanus the two volumes that comprised the first part of his <em>Apologeticum<\/em> <em>ad Germanos<\/em>. The second of those volumes was already printed in February 1569, and both volumes were always considered and sold as a unit, so it is not likely that the Bishop of Ruremonde was referring here to that work, but rather to the second part of the work, titled <em><a href=\"https:\/\/books.google.es\/books?printsec=frontcover&amp;vid=UCM5320777394&amp;redir_esc=y#v=onepage&amp;q&amp;f=false\">Altera pars apologetici ad Germanos, pro religionis catholicae pace, atque solida ecclesiarum in uero Christi Iesu Euangelio concordia<\/a><\/em>, whose printing finished in 1570.<\/p>\n\n\n\n<p>For the correct understanding of this letter, we must bear in mind that Lindanus asks BAM to verify a passage from the <em>Eclesi\u00e1stico<\/em> in the various Greek codices that had been assembled for the preparation of the Royal Polyglot. In turn, BAM will forward the letter, with a brief marginal annotation, to Franciscus Raphelengius, Plantin's son-in-law, to satisfy the bishop's request. A second marginal annotation has been added by Raphelengius, in which he responds to BAM's request. The fact that Raphelengius has the Greek manuscripts allows us to conjecture that perhaps he was taking care of fixing the Greek text. We can also assume, based on the testimony of this letter, that BAM did not frequent Plantin's workshops on a daily basis, where Rafelengio lived.<\/p>\n\n\n\n<p>The numbering of this document in the Stockholm manuscript records the fact that the second page of the sheet, where the address appears, which should be page 154, has not been numbered. The first page of the following letter receives that numbering. For this reason, we have chosen to register page 154 in square brackets.<\/p>\n\n\n\n<p><\/p>\n\n\n\n<p><\/p>\n\n\n\n<p><\/p>\n<\/div>\n<\/div>\n<\/div>\n<\/div>\n\n\n\n<p><strong>FACSIMILE<\/strong><\/p>\n\n\n\n<div class=\"wp-block-columns is-layout-flex wp-container-core-columns-is-layout-3 wp-block-columns-is-layout-flex\">\n<div class=\"wp-block-column is-layout-flow wp-block-column-is-layout-flow\" style=\"flex-basis:40%\">\n<figure class=\"wp-block-gallery has-nested-images columns-5 is-cropped wp-block-gallery-2 is-layout-flex wp-block-gallery-is-layout-flex\">\n<figure class=\"wp-block-image size-large is-style-zoooom\"><img decoding=\"async\" width=\"727\" height=\"1024\" src=\"http:\/\/lacorrespondenciadebenitoariasmontano.online\/wp-content\/uploads\/2023\/07\/KBS-Ms-A902-f-153r-727x1024.jpg\" alt=\"\" class=\"wp-image-3687\" srcset=\"https:\/\/lacorrespondenciadebenitoariasmontano.online\/wp-content\/uploads\/2023\/07\/KBS-Ms-A902-f-153r-727x1024.jpg 727w, https:\/\/lacorrespondenciadebenitoariasmontano.online\/wp-content\/uploads\/2023\/07\/KBS-Ms-A902-f-153r-213x300.jpg 213w, https:\/\/lacorrespondenciadebenitoariasmontano.online\/wp-content\/uploads\/2023\/07\/KBS-Ms-A902-f-153r-768x1082.jpg 768w, https:\/\/lacorrespondenciadebenitoariasmontano.online\/wp-content\/uploads\/2023\/07\/KBS-Ms-A902-f-153r-1090x1536.jpg 1090w, https:\/\/lacorrespondenciadebenitoariasmontano.online\/wp-content\/uploads\/2023\/07\/KBS-Ms-A902-f-153r-1453x2048.jpg 1453w, https:\/\/lacorrespondenciadebenitoariasmontano.online\/wp-content\/uploads\/2023\/07\/KBS-Ms-A902-f-153r-9x12.jpg 9w, https:\/\/lacorrespondenciadebenitoariasmontano.online\/wp-content\/uploads\/2023\/07\/KBS-Ms-A902-f-153r-scaled.jpg 1817w\" sizes=\"(max-width: 727px) 100vw, 727px\" \/><figcaption class=\"wp-element-caption\"><strong>KBS, Ms. A 902<\/strong>,<strong> f. 153r<\/strong><\/figcaption><\/figure>\n\n\n\n<figure class=\"wp-block-image size-large is-style-zoooom\"><img decoding=\"async\" width=\"732\" height=\"1024\" src=\"http:\/\/lacorrespondenciadebenitoariasmontano.online\/wp-content\/uploads\/2023\/07\/KBS-Ms-A902-f-154v-732x1024.jpg\" alt=\"\" class=\"wp-image-3688\" srcset=\"https:\/\/lacorrespondenciadebenitoariasmontano.online\/wp-content\/uploads\/2023\/07\/KBS-Ms-A902-f-154v-732x1024.jpg 732w, https:\/\/lacorrespondenciadebenitoariasmontano.online\/wp-content\/uploads\/2023\/07\/KBS-Ms-A902-f-154v-214x300.jpg 214w, https:\/\/lacorrespondenciadebenitoariasmontano.online\/wp-content\/uploads\/2023\/07\/KBS-Ms-A902-f-154v-768x1075.jpg 768w, https:\/\/lacorrespondenciadebenitoariasmontano.online\/wp-content\/uploads\/2023\/07\/KBS-Ms-A902-f-154v-1098x1536.jpg 1098w, https:\/\/lacorrespondenciadebenitoariasmontano.online\/wp-content\/uploads\/2023\/07\/KBS-Ms-A902-f-154v-1464x2048.jpg 1464w, https:\/\/lacorrespondenciadebenitoariasmontano.online\/wp-content\/uploads\/2023\/07\/KBS-Ms-A902-f-154v-9x12.jpg 9w, https:\/\/lacorrespondenciadebenitoariasmontano.online\/wp-content\/uploads\/2023\/07\/KBS-Ms-A902-f-154v-scaled.jpg 1830w\" sizes=\"(max-width: 732px) 100vw, 732px\" \/><figcaption class=\"wp-element-caption\"><strong>KBS, Ms. A 902<\/strong>,<strong> f. 154v<\/strong><\/figcaption><\/figure>\n<\/figure>\n<\/div>\n<\/div>\n\n\n\n<div style=\"height:84px\" aria-hidden=\"true\" class=\"wp-block-spacer\"><\/div>\n\n\n\n<div style=\"height:0px\" aria-hidden=\"true\" class=\"wp-block-spacer\"><\/div>\n\n\n\n<div class=\"wp-block-columns is-layout-flex wp-container-core-columns-is-layout-4 wp-block-columns-is-layout-flex\">\n<div class=\"wp-block-column is-layout-flow wp-block-column-is-layout-flow\">\n<b>TEXT AND CRITICAL APPARATUS (VISUALIZATION OF XML-TEI MARKUP)<\/b>\n  \n   \n     \n   \n     \n   \n     \n\n   \n     \n   \n      <meta http-equiv=\"Content-Type\" content=\"text\/html; charset=UTF-8\">\n      <!--THIS FILE IS GENERATED FROM AN XML MASTER. DO NOT EDIT (5)--><title>La correspondencia de Benito Arias Montano: edici\u00f3n cr\u00edtica digital \u2014 Guillermo D. Lindano (La Haya) a Benito Arias Montano [Amberes] &#8211; 14 de noviembre de 1568 <\/title><meta name=\"author\" content=\"Guillermo D. Lindano\">\n      <meta name=\"generator\" content=\"Text Encoding Initiative Consortium XSLT stylesheets\">\n      <meta name=\"DC.Title\" content=\"La correspondencia de Benito Arias Montano: edici\u00f3n cr\u00edtica digital \u2014 Guillermo D. Lindano (La Haya) a Benito Arias Montano [Amberes] - 14 de noviembre de 1568\">\n      <meta name=\"DC.Type\" content=\"Text\">\n      <meta name=\"DC.Format\" content=\"text\/html\"><link href=\"http:\/\/nl.ijs.si\/tei\/convert\/profiles\/test\/html\/jsi-tei.css\" rel=\"stylesheet\" type=\"text\/css\"><link rel=\"stylesheet\" media=\"print\" type=\"text\/css\" href=\"https:\/\/www.tei-c.org\/release\/xml\/tei\/stylesheet\/tei-print.css\">\n   \n      <div class=\"stdheader autogenerated\">\n        \n      <\/div>\n      <section class=\"source\" id=\"index.xml-group.1_text.1\">\n         \n         \n         <div class=\"tei_body\"><br><br>\n            <div class=\"pagebreak\" id=\"index.xml-pb-w82109438ab2b5b1b1b3b1\"><a href=\"http:\/\/lacorrespondenciadebenitoariasmontano.online\/wp-content\/uploads\/2023\/07\/KBS-Ms-A902-f-154v-scaled.jpg\" target=\"_blank\" onclick=\"window.open(this.href, this.target, 'width=400,height=600'); return false;\" rel=\"noopener\">[f. 154v]<\/a><\/div>\n            <div class=\"address\" id=\"index.xml-group.1_text.1_body.1_div.1\">\n               <h5><span class=\"head\">[<i>Sobrescrito<\/i>:]<\/span><\/h5>\n               <div>Magnifico atque cla<span title=\"tei:expan\" class=\"tei_expan\"><span class=\"ex\">rissimo<\/span><\/span> u<span title=\"tei:expan\" class=\"tei_expan\"><span class=\"ex\">iro<\/span><\/span> d<span title=\"tei:expan\" class=\"tei_expan\"><span class=\"ex\">omino<\/span><\/span> <span title=\"tei:name[@type=&quot;person&quot;]\" class=\"tei_persName\">Benedicto Ariae Montano.<\/span><\/div>\n            <\/div>\n            <div class=\"anotation\" id=\"index.xml-group.1_text.1_body.1_div.2\">\n               <h5><span class=\"head\">[<i>Anotado en el margen, escritura de BAM, con escritura transversal<\/i>:]<\/span><\/h5>\n               <div><span title=\"tei:name[@type=&quot;person&quot;]\" class=\"tei_persName\">Willelmus Lindanus<\/span>, epis<span title=\"tei:expan\" class=\"tei_expan\"><span class=\"ex\">copus<\/span><\/span> Ruremundensis<sup class=\"appnote\" data-app=\"App1\">1<\/sup>, ex <span title=\"tei:name[@type=&quot;place&quot;]\" class=\"tei_placeName\">Haga  Comitis<\/span><sup class=\"appnote\" data-app=\"App2\">2<\/sup> <span class=\"date\">14 nouembris 1568<\/span>. De uersione loci Ecclesiastici 16<sup class=\"appnote\" data-app=\"App3\">3<\/sup>.<\/div>\n            <\/div>\n            <div class=\"main_content\" id=\"index.xml-group.1_text.1_body.1_div.3\">\n               \n               <div class=\"pagebreak\" id=\"index.xml-pb-w82109438ab2b5b1b1b3b7b1\"><a href=\"http:\/\/lacorrespondenciadebenitoariasmontano.online\/wp-content\/uploads\/2023\/07\/KBS-Ms-A902-f-153r-scaled.jpg\" target=\"_blank\" onclick=\"window.open(this.href, this.target, 'width=400,height=600'); return false;\" rel=\"noopener\">[f. 153r]<\/a><\/div>\n               <div class=\"opener\">S<span title=\"tei:expan\" class=\"tei_expan\"><span class=\"ex\">alutem<\/span><\/span> p<span title=\"tei:expan\" class=\"tei_expan\"><span class=\"ex\">lurimam<\/span><\/span>.\n               <\/div>\n               <p>[<b>1<\/b>] Si uales, mag<span class=\"tei_expan\" title=\"tei:expan\"><span class=\"ex\">nifi<\/span><\/span>ce d<span class=\"tei_expan\" title=\"tei:expan\"><span class=\"ex\">omine<\/span><\/span> d<span class=\"tei_expan\" title=\"tei:expan\"><span class=\"ex\">octor<\/span><\/span>, ex a<span class=\"tei_expan\" title=\"tei:expan\"><span class=\"ex\"><\/span><\/span>n<span class=\"tei_expan\" title=\"tei:expan\"><span class=\"ex\"><\/span><\/span>i<span class=\"tei_expan\" title=\"tei:expan\"><span class=\"ex\">m<\/span><\/span>o gratulor. \n [<b>2<\/b>] Domum reuersus cum <span class=\"titlem\">Apologetici<\/span> nostri <span class=\"titlem\">pro religionis concordia<\/span> tomum alterum absoluere studeremus, nodus te uindice dignus incidit. \n[<b>3<\/b>] Cum enim codices\n                  Graeci nobis uisi, etiam Complutenses, cap<span class=\"tei_expan\" title=\"tei:expan\"><span class=\"ex\">ite<\/span><\/span> 16 <span class=\"titlem\">Ecclesiastici<\/span> uarient a Latina uulgata editione: \u00abomnis misericordia faciet cuique locum secundum\n                  meritum operum suorum\u00bb; optarim ut mag<span class=\"tei_expan\" title=\"tei:expan\"><span class=\"ex\">nifi<\/span><\/span>ca d<span class=\"tei_expan\" title=\"tei:expan\"><span class=\"ex\">ominatio<\/span><\/span> u<span class=\"tei_expan\" title=\"tei:expan\"><span class=\"ex\">estra<\/span><\/span> non grauetur codices <span class=\"tei_placeName\" title=\"tei:name[@type=&quot;place&quot;]\">Roma<\/span> missos aliosue Graecos tuos consulere an ulli tui uarient a uulgatis Graecis: \u1f15\u03ba\u03b1\u03c3\u03c4o\u03c2\n                  \u03ba\u03b1\u03c4\u1f70 \u03c4\u1f70 \u1f14\u03c1\u03b3\u03b1 \u03b1\u1f50\u03c4o\u1fe6 \u03b5\u1f51\u03c1\u03ae\u03c3\u03b5\u03b9.\n               <\/p>[<i>A\u00f1adido por Arias Montano<\/i>:]\n               <p><span class=\"tei_add\" title=\"tei:add[@place=&quot;margin&quot;]\">Curabis, amabo, charissime Francisce, conferre hunc locum et si quid dignum scriptu\n                     inuenies, in tergo huius epistol\u00e6 exscriptum ad me mittes<\/span><\/p>[<i>A\u00f1adido por Francisco Rafelengio<\/i>:]\n               <p><span class=\"tei_add\" title=\"tei:add[@place=&quot;margin&quot;]\">Exemplar Romanum non habet aliter \u1f15\u03ba\u03b1\u03c3\u03c4o\u03c2 \u03ba\u03b1\u03c4\u1f70 \u03c4\u1f70 \u1f14\u03c1\u03b3\u03b1 \u03b1\u1f50\u03c4o\u1fe6 \u03b5\u1f51\u03c1\u03ae\u03c3\u03b5\u03b9<\/span><\/p>\n               <p>[<b>4<\/b>] Noster legisse uidetur: \u03ba\u03b1\u03c4\u1f70 \u03c4\u1f74v \u1f00\u03be\u03af\u03b1v \u03c4\u1ff6\u03bd \u1f14\u03c1\u03b3\u03c9v, aut forte \u03ba\u03b1\u03c4\u1f70 \u03c4\u1f78 \u1f00\u03be\u03af\u03c9\u03bc\u03b1 \u03c4\u1ff6\u03bd \u1f14\u03c1\u03b3\u03c9v.\n                  \n               <\/p>\n               <p>[<b>5<\/b>] Si quid tuis in codicibus repereris quod hanc uetustam Graecorum lectionem queat confirmare,\n                  nobis pergratum fecerit mag<span class=\"tei_expan\" title=\"tei:expan\"><span class=\"ex\">nifi<\/span><\/span>ca u<span class=\"tei_expan\" title=\"tei:expan\"><span class=\"ex\">estra<\/span><\/span> d<span class=\"tei_expan\" title=\"tei:expan\"><span class=\"ex\">ominatio<\/span><\/span>, si communicare non grauabitur.\n               <\/p>\n               <p>[<b>6<\/b>] Boni, quaeso, consule nostram hanc libertatem, quod tua studia interpellare non uereor;\n                  fretus enim tua humanitate non dubitaui hasce ad te dare, quo nos tuis studiis deuotissimos\n                  magis tibi nouo beneficio deuincires. \n               <\/p>\n               <div class=\"closer\">[<b>7<\/b>] Vale diu incolumis in Chr<span title=\"tei:expan\" class=\"tei_expan\"><span class=\"ex\">ist<\/span><\/span>o Iesu. Ex <span title=\"tei:name[@type=&quot;place&quot;]\" class=\"tei_placeName\">Hagha  Comitis<\/span><sup class=\"appnote\" data-app=\"App4\">4<\/sup>, <span class=\"date\">14 no<span title=\"tei:expan\" class=\"tei_expan\"><span class=\"ex\">uembris<\/span><\/span> anno<\/span><sup class=\"appnote\" data-app=\"App5\">5<\/sup><span class=\"date\"> 68<\/span>. M<span title=\"tei:expan\" class=\"tei_expan\"><span class=\"ex\">agnifi<\/span><\/span>cae u<span title=\"tei:expan\" class=\"tei_expan\"><span class=\"ex\">estrae<\/span><\/span> d<span title=\"tei:expan\" class=\"tei_expan\"><span class=\"ex\">ominationi<\/span><\/span> ex animo dediti<span title=\"tei:expan\" class=\"tei_expan\">ssimus<\/span> \n                  <div class=\"signed\"><span title=\"tei:name[@type=&quot;person&quot;]\" class=\"tei_persName\">Wilh<span title=\"tei:expan\" class=\"tei_expan\"><span class=\"ex\">elmus<\/span><\/span> Lindanus<\/span>, episcopus Ruraemunde<span title=\"tei:expan\" class=\"tei_expan\"><span class=\"ex\">nsis<\/span><\/span>.\n                  <\/div>\n               <\/div>\n<p>[<i>Posdata<\/i>:]<\/p>\n               <p>[<b>8<\/b>] <span class=\"tei_persName\" title=\"tei:name[@type=&quot;person&quot;]\">Plantino<\/span> nostro mandauimus ut mag<span class=\"tei_expan\" title=\"tei:expan\"><span class=\"ex\">nifi<\/span><\/span>cae u<span class=\"tei_expan\" title=\"tei:expan\"><span class=\"ex\">estrae<\/span><\/span> d<span class=\"tei_expan\" title=\"tei:expan\"><span class=\"ex\">ominationi<\/span><\/span> exemplar nostri <span class=\"titlem\">Apologetici<\/span> daret nostro nomine quo pignus aliquod amicitiae nostrae extaret.\n               <\/p>\n            <\/div>\n         <\/div>\n      <\/section>\n      \n      <div class=\"appcrit\">\n         <div class=\"app\" id=\"App1\"><span class=\"lemma\">Ruremundensis<\/span>] <span class=\"lemmawitness\">O, E2<\/span>; Ruraemundensis (E1)\n         <\/div>\n         <div class=\"app\" id=\"App2\"><span class=\"lemma\"> Comitis<\/span>] <span class=\"lemmawitness\">O, E2<\/span>; Co<span title=\"tei:expan\" class=\"tei_expan\"><span class=\"ex\">mite<\/span><\/span> (E1)\n         <\/div>\n         <div class=\"app\" id=\"App3\"><span class=\"lemma\">16<\/span>] <span class=\"lemmawitness\">E1<\/span>; 18 (O, E2)\n         <\/div>\n         <div class=\"app\" id=\"App4\"><span class=\"lemma\"> Comitis<\/span>] <span class=\"lemmawitness\">O, E2<\/span>; Co<span title=\"tei:expan\" class=\"tei_expan\"><span class=\"ex\">mite<\/span><\/span> (E1)\n         <\/div>\n         <div class=\"app\" id=\"App5\"><span class=\"lemma\">anno<\/span>] <span class=\"lemmawitness\">O, E2<\/span>; <span style=\"font-style:italic\">omisit<\/span> (E1)\n         <\/div>\n      <\/div>\n      <div class=\"stdfooter autogenerated\">\n         <div class=\"footer\">\n            <!--standard links to project, institution etc--><a class=\"plain\" href=\"\/en\/\"><\/a> \n         <\/div>\n         \n            <!--\n\t  Generated from index.xml using XSLT stylesheets version 7.55.0\n\t       based on http:\/\/www.tei-c.org\/Stylesheets\/\n\t       on 2023-07-18T10:54:44Z.\n\t       SAXON HE 9.8.0.15.\n\t\t -->\n      <\/div>\n\n\n\n<div style=\"height:56px\" aria-hidden=\"true\" class=\"wp-block-spacer\"><\/div>\n\n\n\n<figure class=\"wp-block-image size-full\"><img loading=\"lazy\" decoding=\"async\" width=\"800\" height=\"916\" src=\"https:\/\/lacorrespondenciadebenitoariasmontano.online\/wp-content\/uploads\/2023\/11\/Portret_van_Willem_van_der_Linden_Gvilielmvs_Lindanvs.jpg\" alt=\"\" class=\"wp-image-4582\" srcset=\"https:\/\/lacorrespondenciadebenitoariasmontano.online\/wp-content\/uploads\/2023\/11\/Portret_van_Willem_van_der_Linden_Gvilielmvs_Lindanvs.jpg 800w, https:\/\/lacorrespondenciadebenitoariasmontano.online\/wp-content\/uploads\/2023\/11\/Portret_van_Willem_van_der_Linden_Gvilielmvs_Lindanvs-262x300.jpg 262w, https:\/\/lacorrespondenciadebenitoariasmontano.online\/wp-content\/uploads\/2023\/11\/Portret_van_Willem_van_der_Linden_Gvilielmvs_Lindanvs-768x879.jpg 768w, https:\/\/lacorrespondenciadebenitoariasmontano.online\/wp-content\/uploads\/2023\/11\/Portret_van_Willem_van_der_Linden_Gvilielmvs_Lindanvs-10x12.jpg 10w\" sizes=\"(max-width: 800px) 100vw, 800px\" \/><figcaption class=\"wp-element-caption\">Retrato de Guillermo D\u00e1maso Lindano. Grabado atribuido al estudio de Philips Galle, 1604 y 1608. <\/figcaption><\/figure>\n<\/div>\n\n\n\n<div class=\"wp-block-column is-layout-flow wp-block-column-is-layout-flow\">\n<b>TRANSLATION INTO SPANISH <br>AND NOTES<br><\/b>\n   \n     <meta http-equiv=\"Content-Type\" content=\"text\/html; charset=UTF-8\">\n      <!--THIS FILE IS GENERATED FROM AN XML MASTER. DO NOT EDIT (5)--><title>La correspondencia de Benito Arias Montano: edici\u00f3n cr\u00edtica digital \u2014 Guillermo D. Lindano (La Haya) a Benito Arias Montano [Amberes] &#8211; 14 de noviembre de 1568 <\/title><meta name=\"author\" content=\"Guillermo D. Lindano\">\n      <meta name=\"generator\" content=\"Text Encoding Initiative Consortium XSLT stylesheets\">\n      <meta name=\"DC.Title\" content=\"La correspondencia de Benito Arias Montano: edici\u00f3n cr\u00edtica digital \u2014 Guillermo D. Lindano (La Haya) a Benito Arias Montano [Amberes] - 14 de noviembre de 1568\">\n      <meta name=\"DC.Type\" content=\"Text\">\n      <meta name=\"DC.Format\" content=\"text\/html\"><link href=\"http:\/\/nl.ijs.si\/tei\/convert\/profiles\/test\/html\/jsi-tei.css\" rel=\"stylesheet\" type=\"text\/css\"><link rel=\"stylesheet\" media=\"print\" type=\"text\/css\" href=\"https:\/\/www.tei-c.org\/release\/xml\/tei\/stylesheet\/tei-print.css\">\n   \n      <div class=\"stdheader autogenerated\">\n        \n      <\/div>\n     \n      <section class=\"translation\" id=\"index.xml-group.1_text.2\">\n         \n         <div class=\"tei_body\"><br><br>\n            <div class=\"pagebreak\" id=\"index.xml-pb-w82109438ab2b5b1b3b1b1\"><a href=\"http:\/\/lacorrespondenciadebenitoariasmontano.online\/wp-content\/uploads\/2023\/07\/KBS-Ms-A902-f-154v-scaled.jpg\" target=\"_blank\" onclick=\"window.open(this.href, this.target, 'width=400,height=600'); return false;\" rel=\"noopener\">[f. 154v]<\/a><\/div>\n            <div class=\"address\" id=\"index.xml-group.1_text.2_body.1_div.1\">\n               <h5><span class=\"head\">[<i>Sobrescrito<\/i>:]<\/span><\/h5>\n               <div>Al magn\u00edfico y preclaro var\u00f3n, el se\u00f1or Benito Arias Montano. <\/div>\n            <\/div>\n            <div class=\"anotation\" id=\"index.xml-group.1_text.2_body.1_div.2\">\n               <h5><span class=\"head\">[<i>Anotado en el margen, escritura de BAM, con escritura transversal<\/i>:]<\/span><\/h5>\n               <div>Guillermo Lindano,<a id=\"reference1\" class=\"link_ref\" href=\"#note1\" title=\"1 Wilhelm Van der Lindt nace en 1525 en Dordrecht y estudia en Lovaina en los 40 siendo uno de los m\u00e1s brillantes estudiantes d...\">1<\/a> obispo de Ruremonde, desde La Haya, a 14 de noviembre de 1568. Acerca de la traducci\u00f3n\n                  de un pasaje del cap\u00edtulo 16 del Eclesi\u00e1stico.\n               <\/div>\n            <\/div>\n            <div class=\"main_content\" id=\"index.xml-group.1_text.2_body.1_div.3\">\n               \n               <div class=\"pagebreak\" id=\"index.xml-pb-w82109438ab2b5b1b3b1b7b1\"><a href=\"http:\/\/lacorrespondenciadebenitoariasmontano.online\/wp-content\/uploads\/2023\/07\/KBS-Ms-A902-f-153r-scaled.jpg\" target=\"_blank\" onclick=\"window.open(this.href, this.target, 'width=400,height=600'); return false;\" rel=\"noopener\">[f. 153r]<\/a><\/div>\n               <div class=\"opener\">Un cordial saludo. <\/div>\n               <p>[<b>1<\/b>] Si se encuentra bien, magn\u00edfico se\u00f1or doctor, me alegro sinceramente. \n[<b>2<\/b>] Tras regresar\n                  a casa y ponerme manos a la obra para acabar la segunda parte de nuestro <span class=\"titlem\">Apolog\u00e9tico en favor de la concordia de la religi\u00f3n<\/span>, me ha surgido un problema digno de su intervenci\u00f3n.[<b>3<\/b>] Pues dado que todos los c\u00f3dices\n                  griegos que hemos examinado, incluidos los complutenses, discrepan de la lectura de\n                  la Vulgata en el cap\u00edtulo 16 del <span class=\"titlem\">Eclesi\u00e1stico<\/span>: \u00abomnis misericordia faciet cuique locum secundum meritum operum suorum\u00bb;<a class=\"link_ref\" id=\"reference2\" href=\"#note2\" title=\"2 VVLG. Eccli. 16 15. Traducci\u00f3n toda misericordia le garantizar\u00e1 a cada uno un lugar seg\u00fan sus obras.\">2<\/a> me gustar\u00eda que su magn\u00edfica se\u00f1or\u00eda me comprobara en los c\u00f3dices griegos enviados\n                  desde Roma,<a class=\"link_ref\" id=\"reference3\" href=\"#note3\" title=\"3 Para la preparaci\u00f3n de la Pol\u00edglota Regia no solo dispusieron de los manuscritos griegos reunidos por Cisneros sino que se vo...\">3<\/a> u otros que est\u00e9n en su poder, si alguno discrepa respecto al arquetipo griego: \u1f15\u03ba\u03b1\u03c3\u03c4o\u03c2\n                  \u03ba\u03b1\u03c4\u1f70 \u03c4\u1f70 \u1f14\u03c1\u03b3\u03b1 \u03b1\u1f50\u03c4o\u1fe6 \u03b5\u1f51\u03c1\u03ae\u03c3\u03b5\u03b9.<a class=\"link_ref\" id=\"reference4\" href=\"#note4\" title=\"4 SEPTVAG. Sir. 16 14. Traducci\u00f3n cada uno recibir\u00e1 seg\u00fan sus obras. En el margen a\u00f1adido por BAM (se\u00f1alado en color verde en n...\">4<\/a><\/p>\n               <p>[<b>4<\/b>] Nuestro c\u00f3dice parece haber le\u00eddo \u03ba\u03b1\u03c4\u1f70 \u03c4\u1f74v \u1f00\u03be\u03af\u03b1v \u03c4\u1ff6\u03bd \u1f14\u03c1\u03b3\u03c9v, o tal vez, \u03ba\u03b1\u03c4\u1f70 \u03c4\u1f78 \u1f00\u03be\u03af\u03c9\u03bc\u03b1\n                  \u03c4\u1ff6\u03bd \u1f14\u03c1\u03b3\u03c9v \u00abseg\u00fan la categor\u00eda de sus obras\u00bb.<a class=\"link_ref\" id=\"reference5\" href=\"#note5\" title=\"5 Traducci\u00f3n del primer sintagma griego seg\u00fan el m\u00e9rito de sus obras traducci\u00f3n del segundo sintagma seg\u00fan la categor\u00eda de sus ...\">5<\/a><\/p>\n               <p>[<b>5<\/b>] Si encontrara en sus manuscritos algo que confirme esta antigua lectura griega, le\n                  quedar\u00edamos muy agradecidos a su se\u00f1or\u00eda si no reh\u00fasa comunic\u00e1rnoslo.\n               <\/p>\n               <p>[<b>6<\/b>] No tome a mal, se lo ruego, nuestro atrevimiento de interrumpir sus estudios; pues\n                  confiado en su humanidad, no he vacilado en remitirle esto, con lo que nos tendr\u00e1\n                  m\u00e1s obligados a\u00fan con este nuevo favor que nos hace a los que ya de por s\u00ed somos adeptos\n                  a sus estudios. \n               <\/p>\n               <div class=\"closer\">[<b>7<\/b>] Que Nuestro Se\u00f1or Jesucristo le d\u00e9 salud por mucho tiempo. Desde La Haya, a 14 de noviembre del a\u00f1o 68. Completamente afect\u00edsimo a su magn\u00edfica\n                  se\u00f1or\u00eda, \n                  <div class=\"signed\">Guillermo Lindano, obispo de Ruremonde.<\/div>\n               <\/div>\n[<i>Posdata<\/i>:]\n               <p>[<b>8<\/b>] Le hemos encargado a nuestro amigo Plantino que en nuestro nombre le regale a su magn\u00edfica\n                  se\u00f1or\u00eda un ejemplar del <span class=\"titlem\">Apolog\u00e9tico<\/span> para que medie alguna prenda de nuestra amistad.\n               <\/p>\n            <\/div>\n         <\/div>\n         <div class=\"tei_back\">\n            <div class=\"notes\" id=\"index.xml-group.1_text.2_back.1_div.1\">\n              \n               <div class=\"note\" id=\"note1\"><span class=\"noteLabel\">Note: <\/span><a class=\"link_ref\" href=\"#reference1\" title=\"1\">1<\/a> Wilhelm Van der Lindt nace en 1525 en Dordrecht y estudia en Lovaina en los 40, siendo\n                  uno de los m\u00e1s brillantes estudiantes del Collegium Trilingue; despu\u00e9s pasa alg\u00fan\n                  tiempo en Francia perfeccionando el griego y el hebreo. Trabaj\u00f3 durante alg\u00fan tiempo\n                  en la universidad creada en Dillingen por el cardenal Otto Truchsess, obispo de Augsburgo,\n                  para la formaci\u00f3n de los cl\u00e9rigos, habiendo alcanzado mientras tanto el doctorado\n                  de Teolog\u00eda (1556). Entre 1554 y 1557 ense\u00f1\u00f3 Teolog\u00eda en Dillingen para convertirse\n                  en 1577 en can\u00f3nigo y arcediano del obispado de Utrecht y vicario general de la sede\n                  de Leeuwarden. Su extraordinaria eficacia le llev\u00f3 a ser consagrado obispo de Rurmond\n                  el 14 de abril de 1562, en Bruselas. La revoluci\u00f3n y los problemas religiosos le impidieron\n                  residir en Rurmond durante siete a\u00f1os. En 1578 hizo un viaje a Roma para exponer al\n                  Papa Gregorio XIII el estado de los Pa\u00edses Bajos; el Pont\u00edfice le nombra asistente\n                  al trono pontifical. Despu\u00e9s de tres meses en Roma, Lindano embarca hacia Espa\u00f1a,\n                  de donde regresa en 1579. En 1584 vuelve a Roma, donde, durante el papado de Sixto\n                  V, se ocupa de estudios filos\u00f3ficos y de investigaciones de antiguos manuscritos:\n                  en 1588 se le llam\u00f3 a ocupar el obispado de Gante, vacante despu\u00e9s de la muerte de\n                  Cornelio Jansenio (muerto en 1575). Lindano fallece el 2 de noviembre de 1588, tres\n                  meses despu\u00e9s de su nominaci\u00f3n. Entre sus muchas obras, mencionamos el <span class=\"titlem\">De optimo genere interpretandi scripturas<\/span> (Colonia, 1558), <span class=\"titlem\">Apologeticum ad Germanos, pro religionis Catholicae pace atque solida ecclesiarum in uero Christi Iesu Euangelio concordia<\/span>, 3 vols. (Amberes, 1568-1570), t\u00edtulo al que se hace menci\u00f3n en esta carta,  <span class=\"titlem\">Paraphrasis et castigationes in psalmum 118, cum isagoge et oratione parascenastica\n                     in eumdem<\/span>. Cf. <span class=\"titlem\">BNB<\/span>, XII (1892-1893), cols. 212-216; <span class=\"titlem\">HTL<\/span>, IV, 378-398 y notas; <span class=\"titlem\">BIB<\/span>, III, 859.\n               <\/div>\n               <div class=\"note\" id=\"note2\"><span class=\"noteLabel\">Note: <\/span><a class=\"link_ref\" href=\"#reference2\" title=\"2\">2<\/a> VVLG. Eccli. 16, 15. Traducci\u00f3n: \u00abtoda misericordia le garantizar\u00e1 a cada uno un lugar\n                  seg\u00fan sus obras\u00bb.\n               <\/div>\n               <div class=\"note\" id=\"note3\"><span class=\"noteLabel\">Note: <\/span><a class=\"link_ref\" href=\"#reference3\" title=\"3\">3<\/a> Para la preparaci\u00f3n de la Pol\u00edglota Regia no solo dispusieron de los manuscritos griegos\n                  reunidos por Cisneros, sino que se volvieron a pedir a Roma los manuscritos que hab\u00edan\n                  servido de base para el texto Complutense. Algunos de esos manuscritos griegos procedentes\n                  de Roma han sido identificados en la Biblioteca Vaticana, concretamente los que llevan\n                  la numeraci\u00f3n 330 y 346 (108 y 248 de la colecci\u00f3n Holmes-Parsons).\n               <\/div>\n               <div class=\"note\" id=\"note4\"><span class=\"noteLabel\">Note: <\/span><a class=\"link_ref\" href=\"#reference4\" title=\"4\">4<\/a> SEPTVAG. Sir. 16, 14. Traducci\u00f3n: \u00abcada uno recibir\u00e1 seg\u00fan sus obras\u00bb. En el margen,\n                  a\u00f1adido por BAM (se\u00f1alado en color verde en nuestra edici\u00f3n): \u00abEnc\u00e1rgate, por favor,\n                  mi querido Francisco, de confrontar este pasaje, y si encuentras algo digno de escribirlo,\n                  env\u00edamelo copiado en el reverso de esta carta\u00bb. La respuesta de Francisco Rafelengio\n                  queda anotada tambi\u00e9n, a continuaci\u00f3n, en el margen del mismo original de la carta,\n                  que habr\u00eda sido previamente enviada a \u00e9l por BAM: \u00abEl ejemplar de Roma no recoge otra\n                  cosa m\u00e1s que \u00abcada uno recibir\u00e1 seg\u00fan sus obras\u00bb\u00bb.\n               <\/div>\n               <div class=\"note\" id=\"note5\"><span class=\"noteLabel\">Note: <\/span><a class=\"link_ref\" href=\"#reference5\" title=\"5\">5<\/a> Traducci\u00f3n del primer sintagma griego: \u00abseg\u00fan el m\u00e9rito de sus obras\u00bb; traducci\u00f3n\n                  del segundo sintagma: \u00abseg\u00fan la categor\u00eda de sus obras\u00bb.\n               <\/div>\n            <\/div>\n         <\/div>\n      <\/section>\n      \n      <div class=\"stdfooter autogenerated\">\n         <div class=\"footer\">\n            <!--standard links to project, institution etc--><a class=\"plain\" href=\"\/en\/\"><\/a> \n         <\/div>\n         \n            <!--\n\t  Generated from index.xml using XSLT stylesheets version 7.55.0\n\t       based on http:\/\/www.tei-c.org\/Stylesheets\/\n\t       on 2023-07-18T10:54:44Z.\n\t       SAXON HE 9.8.0.15.\n\t\t -->\n      <\/div>\n\n\n\n<div style=\"height:47px\" aria-hidden=\"true\" class=\"wp-block-spacer\"><\/div>\n<\/div>\n\n\n\n<div class=\"wp-block-column is-layout-flow wp-block-column-is-layout-flow\">\n<b>TEXT (WITHOUT VISUALIZATION OF <br>XML-TEI MARKUP)<br><\/b>\n   \n  \n   \n      \n   \n      <meta http-equiv=\"Content-Type\" content=\"text\/html; charset=UTF-8\">\n      <!--THIS FILE IS GENERATED FROM AN XML MASTER. DO NOT EDIT (5)--><title>La correspondencia de Benito Arias Montano: edici\u00f3n cr\u00edtica digital \u2014 Guillermo D. Lindano (La Haya) a Benito Arias Montano [Amberes] &#8211; 14 de noviembre de 1568 <\/title><meta name=\"author\" content=\"Guillermo D. Lindano\">\n      <meta name=\"generator\" content=\"Text Encoding Initiative Consortium XSLT stylesheets\">\n      <meta name=\"DC.Title\" content=\"La correspondencia de Benito Arias Montano: edici\u00f3n cr\u00edtica digital \u2014 Guillermo D. Lindano (La Haya) a Benito Arias Montano [Amberes] - 14 de noviembre de 1568\">\n      <meta name=\"DC.Type\" content=\"Text\">\n      <meta name=\"DC.Format\" content=\"text\/html\"><link href=\"http:\/\/nl.ijs.si\/tei\/convert\/profiles\/test\/html\/jsi-tei.css\" rel=\"stylesheet\" type=\"text\/css\"><link rel=\"stylesheet\" media=\"print\" type=\"text\/css\" href=\"https:\/\/www.tei-c.org\/release\/xml\/tei\/stylesheet\/tei-print.css\">\n   \n      <div class=\"stdheader autogenerated\">\n        \n      <\/div>\n      <section class=\"source\" id=\"index.xml-group.1_text.1\">\n         \n         \n         <div class=\"tei_body\"><br><br>\n            <div class=\"pagebreak\" id=\"index.xml-pb-w82109438ab2b5b1b1b3b1\"><a href=\"http:\/\/lacorrespondenciadebenitoariasmontano.online\/wp-content\/uploads\/2023\/07\/KBS-Ms-A902-f-154v-scaled.jpg\" target=\"_blank\" onclick=\"window.open(this.href, this.target, 'width=400,height=600'); return false;\" rel=\"noopener\">[f. 154v]<\/a><\/div>\n            <div class=\"address\" id=\"index.xml-group.1_text.1_body.1_div.1\">\n               <h5><span class=\"head\">[<i>Sobrescrito<\/i>:]<\/span><\/h5>\n               <div>Magnifico atque clarissimo uiro domino Benedicto Ariae Montano.<\/div>\n            <\/div>\n            <div class=\"anotation\" id=\"index.xml-group.1_text.1_body.1_div.2\">\n               <h5><span class=\"head\">[<i>Anotado en el margen, escritura de BAM, con escritura transversal<\/i>:]<\/span><\/h5>\n               <div>Willelmus Lindanus, episcopus Ruremundensis, ex Haga  Comitis 14 nouembris 1568. De uersione loci Ecclesiastici 16.<\/div>\n            <\/div>\n            <div class=\"main_content\" id=\"index.xml-group.1_text.1_body.1_div.3\">\n               \n               <div class=\"pagebreak\" id=\"index.xml-pb-w82109438ab2b5b1b1b3b7b1\"><a href=\"http:\/\/lacorrespondenciadebenitoariasmontano.online\/wp-content\/uploads\/2023\/07\/KBS-Ms-A902-f-153r-scaled.jpg\" target=\"_blank\" onclick=\"window.open(this.href, this.target, 'width=400,height=600'); return false;\" rel=\"noopener\">[f. 153r]<\/a><\/div>\n               <div class=\"opener\">Salutem plurimam.\n               <\/div>\n               <p>[<b>1<\/b>] Si uales, magnifice domine doctor, ex animo gratulor. <b>2<\/b>] Domum reuersus cum <span class=\"titlem\">Apologetici<\/span> nostri <span class=\"titlem\">pro religionis concordia<\/span> tomum alterum absoluere studeremus, nodus te uindice dignus incidit. \n[<b>3<\/b>] Cum enim codices\n                  Graeci nobis uisi, etiam Complutenses, capite 16 <span class=\"titlem\">Ecclesiastici<\/span> uarient a Latina uulgata editione: \u00abomnis misericordia faciet cuique locum secundum\n                  meritum operum suorum\u00bb; optarim ut magnifica dominatio uestra non grauetur codices Roma missos aliosue Graecos tuos consulere an ulli tui uarient a uulgatis Graecis: \u1f15\u03ba\u03b1\u03c3\u03c4o\u03c2\n                  \u03ba\u03b1\u03c4\u1f70 \u03c4\u1f70 \u1f14\u03c1\u03b3\u03b1 \u03b1\u1f50\u03c4o\u1fe6 \u03b5\u1f51\u03c1\u03ae\u03c3\u03b5\u03b9.\n               <\/p>\n               \n               <p>[<b>4<\/b>] Noster legisse uidetur: \u03ba\u03b1\u03c4\u1f70 \u03c4\u1f74v \u1f00\u03be\u03af\u03b1v \u03c4\u1ff6\u03bd \u1f14\u03c1\u03b3\u03c9v, aut forte \u03ba\u03b1\u03c4\u1f70 \u03c4\u1f78 \u1f00\u03be\u03af\u03c9\u03bc\u03b1 \u03c4\u1ff6\u03bd \u1f14\u03c1\u03b3\u03c9v.\n                  \n               <\/p>\n               <p>[<b>5<\/b>] Si quid tuis in codicibus repereris quod hanc uetustam Graecorum lectionem queat confirmare,\n                  nobis pergratum fecerit magnifica uestra dominatio, si communicare non grauabitur.\n               <\/p>\n               <p>[<b>6<\/b>] Boni, quaeso, consule nostram hanc libertatem, quod tua studia interpellare non uereor;\n                  fretus enim tua humanitate non dubitaui hasce ad te dare, quo nos tuis studiis deuotissimos\n                  magis tibi nouo beneficio deuincires. \n               <\/p>\n               <div class=\"closer\">[<b>7<\/b>] Vale diu incolumis in Christo Iesu. Ex Hagha  Comitis, 14 nouembris anno 68. Magnificae uestrae dominationi ex animo deditissimus \n                  <div class=\"signed\"> Wilhelmus Lindanus, episcopus Ruraemundensis.\n                  <\/div>\n               <\/div>\n[<i>Posdata<\/i>:]\n               <p> [<b>8<\/b>] Plantino nostro mandauimus ut magnificae uestrae dominationi exemplar nostri <span class=\"titlem\">Apologetici<\/span> daret nostro nomine quo pignus aliquod amicitiae nostrae extaret.\n               <\/p><b>\n            <\/b><\/div><b>\n         <\/b><\/div><b>\n      <\/b><\/section><b>\n      \n     \n      <div class=\"stdfooter autogenerated\">\n         <div class=\"footer\">\n            <!--standard links to project, institution etc--><a class=\"plain\" href=\"\/en\/\"><\/a> \n         <\/div>\n         \n            <!--\n\t  Generated from index.xml using XSLT stylesheets version 7.55.0\n\t       based on http:\/\/www.tei-c.org\/Stylesheets\/\n\t       on 2023-07-18T10:54:44Z.\n\t       SAXON HE 9.8.0.15.\n\t\t -->\n      <\/div><\/b>\n\n\n\n<div style=\"height:53px\" aria-hidden=\"true\" class=\"wp-block-spacer\"><\/div>\n\n\n\n<div class=\"wp-block-buttons is-layout-flex wp-block-buttons-is-layout-flex\">\n<div class=\"wp-block-button aligncenter\"><a class=\"wp-block-button__link has-white-color has-text-color wp-element-button\" href=\"https:\/\/github.com\/CoBAM-editor\/CoBAM\/blob\/main\/1568%2011%2014%20CoBAM.xml\" style=\"border-radius:8px\" target=\"_blank\" rel=\"noreferrer noopener\">XML<\/a><\/div>\n<\/div>\n<\/div>\n<\/div>","protected":false},"excerpt":{"rendered":"<p>1568 11 14 Guillermo D. Lindano (La Haya) a Benito Arias Montano [Amberes] 14 de noviembre de 1568 Identificador: 1568 11 14 \u00cdncipit: Si uales, magnifice domine doctor, ex animo gratulor. Manuscritos: (O) KBS, Ms. A 902, ff. 153r-[154v]. Impresos: (E1) Mac\u00edas, La Biblia Pol\u00edglota de Amberes, pp. 106-109; (E2) Dom\u00ednguez, Correspondencia, I, 146-153. Edici\u00f3n [&hellip;]<\/p>","protected":false},"author":1,"featured_media":1721,"parent":2643,"menu_order":0,"comment_status":"closed","ping_status":"closed","template":"elementor_header_footer","meta":{"footnotes":""},"class_list":["post-3690","page","type-page","status-publish","has-post-thumbnail","czr-hentry"],"_links":{"self":[{"href":"https:\/\/lacorrespondenciadebenitoariasmontano.online\/en\/wp-json\/wp\/v2\/pages\/3690"}],"collection":[{"href":"https:\/\/lacorrespondenciadebenitoariasmontano.online\/en\/wp-json\/wp\/v2\/pages"}],"about":[{"href":"https:\/\/lacorrespondenciadebenitoariasmontano.online\/en\/wp-json\/wp\/v2\/types\/page"}],"author":[{"embeddable":true,"href":"https:\/\/lacorrespondenciadebenitoariasmontano.online\/en\/wp-json\/wp\/v2\/users\/1"}],"replies":[{"embeddable":true,"href":"https:\/\/lacorrespondenciadebenitoariasmontano.online\/en\/wp-json\/wp\/v2\/comments?post=3690"}],"version-history":[{"count":78,"href":"https:\/\/lacorrespondenciadebenitoariasmontano.online\/en\/wp-json\/wp\/v2\/pages\/3690\/revisions"}],"predecessor-version":[{"id":11074,"href":"https:\/\/lacorrespondenciadebenitoariasmontano.online\/en\/wp-json\/wp\/v2\/pages\/3690\/revisions\/11074"}],"up":[{"embeddable":true,"href":"https:\/\/lacorrespondenciadebenitoariasmontano.online\/en\/wp-json\/wp\/v2\/pages\/2643"}],"wp:featuredmedia":[{"embeddable":true,"href":"https:\/\/lacorrespondenciadebenitoariasmontano.online\/en\/wp-json\/wp\/v2\/media\/1721"}],"wp:attachment":[{"href":"https:\/\/lacorrespondenciadebenitoariasmontano.online\/en\/wp-json\/wp\/v2\/media?parent=3690"}],"curies":[{"name":"wp","href":"https:\/\/api.w.org\/{rel}","templated":true}]}}