{"id":4020,"date":"2023-09-28T11:04:20","date_gmt":"2023-09-28T11:04:20","guid":{"rendered":"https:\/\/lacorrespondenciadebenitoariasmontano.online\/?page_id=4020"},"modified":"2026-02-20T07:09:03","modified_gmt":"2026-02-20T07:09:03","slug":"1569-01-01","status":"publish","type":"page","link":"https:\/\/lacorrespondenciadebenitoariasmontano.online\/en\/correspondencia\/1569-01-01\/","title":{"rendered":"1569 01 01"},"content":{"rendered":"<div class=\"wp-block-columns is-layout-flex wp-container-core-columns-is-layout-2 wp-block-columns-is-layout-flex\">\n<div class=\"wp-block-column is-layout-flow wp-block-column-is-layout-flow\">\n<p class=\"has-text-align-center\" style=\"font-size:31px\">1569 01 01 <\/p>\n\n\n\n<p class=\"has-text-align-center\" style=\"font-size:31px\">Daniel Barbarus (Venice) to Benito Arias Montano (Antwerp) <\/p>\n\n\n\n<p class=\"has-text-align-right\" style=\"font-size:22px\">1 January 1569<\/p>\n\n\n\n<div style=\"height:28px\" aria-hidden=\"true\" class=\"wp-block-spacer\"><\/div>\n\n\n\n<div class=\"wp-block-columns is-layout-flex wp-container-core-columns-is-layout-1 wp-block-columns-is-layout-flex\">\n<div class=\"wp-block-column is-layout-flow wp-block-column-is-layout-flow\" style=\"flex-basis:33.33%\">\n<div class=\"wp-block-cover is-light wp-duotone-unset-1\" style=\"min-height:103px;aspect-ratio:unset;\"><span aria-hidden=\"true\" class=\"wp-block-cover__background has-background-dim-10 has-background-dim\"><\/span><img fetchpriority=\"high\" decoding=\"async\" width=\"1127\" height=\"423\" class=\"wp-block-cover__image-background wp-image-606\" alt=\"\" src=\"https:\/\/lacorrespondenciadebenitoariasmontano.online\/wp-content\/uploads\/2023\/03\/cropped-Gysbrechts-1.jpg\" data-object-fit=\"cover\" srcset=\"https:\/\/lacorrespondenciadebenitoariasmontano.online\/wp-content\/uploads\/2023\/03\/cropped-Gysbrechts-1.jpg 1127w, https:\/\/lacorrespondenciadebenitoariasmontano.online\/wp-content\/uploads\/2023\/03\/cropped-Gysbrechts-1-300x113.jpg 300w, https:\/\/lacorrespondenciadebenitoariasmontano.online\/wp-content\/uploads\/2023\/03\/cropped-Gysbrechts-1-1024x384.jpg 1024w, https:\/\/lacorrespondenciadebenitoariasmontano.online\/wp-content\/uploads\/2023\/03\/cropped-Gysbrechts-1-768x288.jpg 768w\" sizes=\"(max-width: 1127px) 100vw, 1127px\" \/><div class=\"wp-block-cover__inner-container is-layout-flow wp-block-cover-is-layout-flow\">\n<p class=\"has-text-align-center has-white-color has-text-color has-medium-font-size\"><strong>METADATA<\/strong><\/p>\n<\/div><\/div>\n\n\n\n<div style=\"height:10px\" aria-hidden=\"true\" class=\"wp-block-spacer\"><\/div>\n\n\n\n<meta http-equiv=\"Content-Type\" content=\"text\/html; charset=UTF-8\">\n   \n   \n      <div style=\"background-color:White;border:solid 1px DimGrey;border-radius:5px;\">\n         <div style=\"margin-left: 15px; color: #1C1C1C;\">\n            <p><b>Identifier: <\/b>1569 01 01<\/p>\n         <\/div>\n         <div style=\"margin-left: 15px; color: #1C1C1C;\">\n            <p><b>Incipit: <\/b>Miror te non recepisse meas ad te datas VIII Nonas Nouembris&#8230;<\/p>\n         <\/div>\n         <div style=\"margin-left: 15px\">\n            <p><b>Manuscripts: <\/b><\/p>\n            <ul>\n               (O) KBS, Ms. A 902, f. 19r-v, f. 26r-v.\n               <\/ul>\n         <\/div>\n         <div style=\"margin-left: 15px\">\n            <p><b>Prints: <\/b><\/p>\n            <ul>(E1) Mac\u00edas, <i>La Biblia Pol\u00edglota de Amberes<\/i>, pp. 114-117;  (E2) Dom\u00ednguez, <i>Correspondencia<\/i>, I, 162-165.<\/ul>\n         <\/div>\n         <div style=\"margin-left: 15px\">\n            <p><b>Critical edition, translation and notes: <\/b>Baldomero Mac\u00edas Rosendo <\/p>\n         <\/div>\n         <div style=\"margin-left: 15px\">\n            <p><b>Codification and digital edition: <\/b>Antonio D\u00e1vila P\u00e9rez<\/p>\n         <\/div>\n      <\/div>\n<\/div>\n\n\n\n<div class=\"wp-block-column is-layout-flow wp-block-column-is-layout-flow\" style=\"flex-basis:66.66%\">\n<p><strong>SUMMARY<\/strong><\/p>\n\n\n\n<p>Barbarus is surprised that BAM has not received his letter dated 29 October. Since he does not want to be considered sloppy, he now sends a duplicate of the same letter. He confirms all contents of his missing letter except the order for a engraving, which he has already achieved by other means. He has given his book on the perspective to a merchant. The book will probably be delivered to BAM much later than the present letter.<\/p>\n\n\n\n<p><strong>COMMENT<\/strong><\/p>\n\n\n\n<p>As we saw in letter <a href=\"https:\/\/lacorrespondenciadebenitoariasmontano.online\/en\/1568-10-29\/\">1568 10 29<\/a>, Daniel Barbarus had sent his letter of October 29, 1568 to BAM through Plantino. Suspecting that this letter had not been delivered to its recipient, Barbaro sends a copy of it here. For its part, BAM must have received the delayed letter in the meantime, which explains why a duplicate of the same document has been preserved in the Stockholm manuscript.<\/p>\n\n\n\n<p>This document is a non-autograph original; Barbarus only writes down the postscript in his own handwriting. The second folio of the sheet, where the address is preserved, has been archived in the Stockholm manuscript separately from the first part of the sheet, where the letter was written. This has resulted in the jump in the numbering of both parts of the letter: folio 19 (the body of the letter) and folio 26 (the seal and address).<\/p>\n\n\n\n<p><\/p>\n\n\n\n<p><\/p>\n\n\n\n<p><\/p>\n\n\n\n<p><\/p>\n<\/div>\n<\/div>\n<\/div>\n<\/div>\n\n\n\n<p><strong>FACSIMILE<\/strong><\/p>\n\n\n\n<div class=\"wp-block-columns is-layout-flex wp-container-core-columns-is-layout-3 wp-block-columns-is-layout-flex\">\n<div class=\"wp-block-column is-layout-flow wp-block-column-is-layout-flow\" style=\"flex-basis:60%\">\n<figure class=\"wp-block-gallery has-nested-images columns-5 is-cropped wp-block-gallery-2 is-layout-flex wp-block-gallery-is-layout-flex\">\n<figure class=\"wp-block-image size-large is-style-zoooom\"><img decoding=\"async\" width=\"745\" height=\"1024\" src=\"http:\/\/lacorrespondenciadebenitoariasmontano.online\/wp-content\/uploads\/2023\/09\/KBS-A902-f-19r-745x1024.jpg\" alt=\"\" class=\"wp-image-3965\" srcset=\"https:\/\/lacorrespondenciadebenitoariasmontano.online\/wp-content\/uploads\/2023\/09\/KBS-A902-f-19r-745x1024.jpg 745w, https:\/\/lacorrespondenciadebenitoariasmontano.online\/wp-content\/uploads\/2023\/09\/KBS-A902-f-19r-218x300.jpg 218w, https:\/\/lacorrespondenciadebenitoariasmontano.online\/wp-content\/uploads\/2023\/09\/KBS-A902-f-19r-768x1055.jpg 768w, https:\/\/lacorrespondenciadebenitoariasmontano.online\/wp-content\/uploads\/2023\/09\/KBS-A902-f-19r-1118x1536.jpg 1118w, https:\/\/lacorrespondenciadebenitoariasmontano.online\/wp-content\/uploads\/2023\/09\/KBS-A902-f-19r-1491x2048.jpg 1491w, https:\/\/lacorrespondenciadebenitoariasmontano.online\/wp-content\/uploads\/2023\/09\/KBS-A902-f-19r-9x12.jpg 9w, https:\/\/lacorrespondenciadebenitoariasmontano.online\/wp-content\/uploads\/2023\/09\/KBS-A902-f-19r-scaled.jpg 1863w\" sizes=\"(max-width: 745px) 100vw, 745px\" \/><figcaption class=\"wp-element-caption\"><strong>KBS, Ms. A 902<\/strong>,<strong> f. 19r<\/strong><\/figcaption><\/figure>\n\n\n\n<figure class=\"wp-block-image size-large is-style-zoooom\"><img decoding=\"async\" width=\"704\" height=\"1024\" src=\"http:\/\/lacorrespondenciadebenitoariasmontano.online\/wp-content\/uploads\/2023\/09\/KBS-A902-f-19v-704x1024.jpg\" alt=\"\" class=\"wp-image-3966\" srcset=\"https:\/\/lacorrespondenciadebenitoariasmontano.online\/wp-content\/uploads\/2023\/09\/KBS-A902-f-19v-704x1024.jpg 704w, https:\/\/lacorrespondenciadebenitoariasmontano.online\/wp-content\/uploads\/2023\/09\/KBS-A902-f-19v-206x300.jpg 206w, https:\/\/lacorrespondenciadebenitoariasmontano.online\/wp-content\/uploads\/2023\/09\/KBS-A902-f-19v-768x1117.jpg 768w, https:\/\/lacorrespondenciadebenitoariasmontano.online\/wp-content\/uploads\/2023\/09\/KBS-A902-f-19v-1056x1536.jpg 1056w, https:\/\/lacorrespondenciadebenitoariasmontano.online\/wp-content\/uploads\/2023\/09\/KBS-A902-f-19v-1408x2048.jpg 1408w, https:\/\/lacorrespondenciadebenitoariasmontano.online\/wp-content\/uploads\/2023\/09\/KBS-A902-f-19v-8x12.jpg 8w, https:\/\/lacorrespondenciadebenitoariasmontano.online\/wp-content\/uploads\/2023\/09\/KBS-A902-f-19v-scaled.jpg 1760w\" sizes=\"(max-width: 704px) 100vw, 704px\" \/><figcaption class=\"wp-element-caption\"><strong>KBS, Ms. A 902<\/strong>,<strong> f. 19v<\/strong><\/figcaption><\/figure>\n\n\n\n<figure class=\"wp-block-image size-large is-style-zoooom\"><img loading=\"lazy\" decoding=\"async\" width=\"773\" height=\"1024\" src=\"http:\/\/lacorrespondenciadebenitoariasmontano.online\/wp-content\/uploads\/2023\/09\/KBS-A902-f-26v-773x1024.jpg\" alt=\"\" class=\"wp-image-3968\" srcset=\"https:\/\/lacorrespondenciadebenitoariasmontano.online\/wp-content\/uploads\/2023\/09\/KBS-A902-f-26v-773x1024.jpg 773w, https:\/\/lacorrespondenciadebenitoariasmontano.online\/wp-content\/uploads\/2023\/09\/KBS-A902-f-26v-226x300.jpg 226w, https:\/\/lacorrespondenciadebenitoariasmontano.online\/wp-content\/uploads\/2023\/09\/KBS-A902-f-26v-768x1017.jpg 768w, https:\/\/lacorrespondenciadebenitoariasmontano.online\/wp-content\/uploads\/2023\/09\/KBS-A902-f-26v-1160x1536.jpg 1160w, https:\/\/lacorrespondenciadebenitoariasmontano.online\/wp-content\/uploads\/2023\/09\/KBS-A902-f-26v-1546x2048.jpg 1546w, https:\/\/lacorrespondenciadebenitoariasmontano.online\/wp-content\/uploads\/2023\/09\/KBS-A902-f-26v-9x12.jpg 9w, https:\/\/lacorrespondenciadebenitoariasmontano.online\/wp-content\/uploads\/2023\/09\/KBS-A902-f-26v-scaled.jpg 1933w\" sizes=\"(max-width: 773px) 100vw, 773px\" \/><figcaption class=\"wp-element-caption\"><strong>KBS, Ms. A 902<\/strong>,<strong> f. 26v<\/strong><\/figcaption><\/figure>\n<\/figure>\n<\/div>\n<\/div>\n\n\n\n<div style=\"height:84px\" aria-hidden=\"true\" class=\"wp-block-spacer\"><\/div>\n\n\n\n<div style=\"height:0px\" aria-hidden=\"true\" class=\"wp-block-spacer\"><\/div>\n\n\n\n<div class=\"wp-block-columns is-layout-flex wp-container-core-columns-is-layout-4 wp-block-columns-is-layout-flex\">\n<div class=\"wp-block-column is-layout-flow wp-block-column-is-layout-flow\">\n<b>TEXT AND CRITICAL APPARATUS (VISUALIZATION OF XML-TEI MARKUP)<\/b>\n  \n   \n     \n   \n     \n   \n    \n   \n     \n   \n      <meta http-equiv=\"Content-Type\" content=\"text\/html; charset=UTF-8\">\n      <!--THIS FILE IS GENERATED FROM AN XML MASTER. DO NOT EDIT (5)--><title>La correspondencia de Benito Arias Montano: edici\u00f3n cr\u00edtica digital \u2014 Daniel Barbaro (Venecia) a Benito Arias Montano (Amberes) &#8211; 1 de enero de 1569 <\/title><meta name=\"author\" content=\"Daniel Barbaro\">\n      <meta name=\"generator\" content=\"Text Encoding Initiative Consortium XSLT stylesheets\">\n      <meta name=\"DC.Title\" content=\"La correspondencia de Benito Arias Montano: edici\u00f3n cr\u00edtica digital \u2014 Daniel Barbaro (Venecia) a Benito Arias Montano (Amberes) - 1 de enero de 1569\">\n      <meta name=\"DC.Type\" content=\"Text\">\n      <meta name=\"DC.Format\" content=\"text\/html\"><link href=\"http:\/\/nl.ijs.si\/tei\/convert\/profiles\/test\/html\/jsi-tei.css\" rel=\"stylesheet\" type=\"text\/css\"><link rel=\"stylesheet\" media=\"print\" type=\"text\/css\" href=\"https:\/\/www.tei-c.org\/release\/xml\/tei\/stylesheet\/tei-print.css\">\n   \n      <div class=\"stdheader autogenerated\">\n         \n      <\/div>\n      <section class=\"source\" id=\"index.xml-group.1_text.1\">\n        \n         \n         <div class=\"tei_body\"><br><br>\n            <div class=\"pagebreak\" id=\"index.xml-pb-w40990518ab2b5b1b1b3b1\"><a href=\"http:\/\/lacorrespondenciadebenitoariasmontano.online\/wp-content\/uploads\/2023\/09\/KBS-A902-f-26v-scaled.jpg\" target=\"_blank\" onclick=\"window.open(this.href, this.target, 'width=400,height=600'); return false;\" rel=\"noopener\">[f. 26v]<\/a><\/div>\n            <div class=\"address\" id=\"index.xml-group.1_text.1_body.1_div.1\">\n              <h5>[<i>Sobrescrito<\/i>:]<\/h5>\n               <div>Al molto r<span title=\"tei:expan\" class=\"tei_expan\"><span class=\"ex\">everen<\/span><\/span>do signor<sup class=\"appnote\" data-app=\"App1\">1<\/sup> come fratello il signor<sup class=\"appnote\" data-app=\"App2\">2<\/sup> <span title=\"tei:name[@type=&quot;person&quot;]\" class=\"tei_persName\">Benedetto Arias Montano<\/span>. In <span title=\"tei:name[@type=&quot;place&quot;]\" class=\"tei_placeName\">Anversa<\/span>.\n               <\/div>\n            <\/div>\n            <div class=\"anotation\" id=\"index.xml-group.1_text.1_body.1_div.2\">\n               <h5>[<i>Anotado en el margen, escritura de BAM, con escritura transversal<\/i>:]<\/h5>\n               <div><span title=\"tei:name[@type=&quot;place&quot;]\" class=\"tei_placeName\">Venecia<\/span> <span class=\"date\">1569<\/span>. <span title=\"tei:name[@type=&quot;person&quot;]\" class=\"tei_persName\">Daniel Barbaro<\/span>. <span class=\"date\">1 de enero<\/span>.\n               <\/div>\n            <\/div>\n            <div class=\"main_content\" id=\"index.xml-group.1_text.1_body.1_div.3\">\n               \n               <div class=\"pagebreak\" id=\"index.xml-pb-w40990518ab2b5b1b1b3b7b1\"><a href=\"http:\/\/lacorrespondenciadebenitoariasmontano.online\/wp-content\/uploads\/2023\/09\/KBS-A902-f-19r-scaled.jpg\" target=\"_blank\" onclick=\"window.open(this.href, this.target, 'width=400,height=600'); return false;\" rel=\"noopener\">[f. 19r]<\/a><\/div>\n               <div class=\"opener\"><span title=\"tei:name[@type=&quot;person&quot;]\" class=\"tei_persName\">Benedicto Arias Montano<\/span>, praestanti uiro, <span title=\"tei:name[@type=&quot;person&quot;]\" class=\"tei_persName\">Daniel Barbarus,<\/span> electus Aquileien<span title=\"tei:expan\" class=\"tei_expan\"><span class=\"ex\">sis<\/span><\/span>, s<span title=\"tei:expan\" class=\"tei_expan\"><span class=\"ex\">alutem<\/span><\/span> p<span title=\"tei:expan\" class=\"tei_expan\"><span class=\"ex\">lurimam<\/span><\/span> d<span title=\"tei:expan\" class=\"tei_expan\"><span class=\"ex\">icit<\/span><\/span>.\n               <\/div>\n               <p>[<b>1<\/b>] Miror te non recepisse meas ad te datas <span class=\"date\">VIII Non<span class=\"tei_expan\" title=\"tei:expan\"><span class=\"ex\">as<\/span><\/span> Nouembris<\/span> et commendatas <span class=\"tei_persName\" title=\"tei:name[@type=&quot;person&quot;]\">Plantino<\/span> <span class=\"tei_choice\" title=\"tei:choice\"><span class=\"tei_sic\" title=\"tei:sic\">bibliopelae<\/span><span class=\"tei_corr\" title=\"tei:corr\">bibliopolae<\/span><\/span>. Doleo quoque me propterea negligentiae nomine potuisse tibi esse suspectum, quod\n                  nollem suspicareris. Nam me sollicitat amor ingens, quo te prosequor, qui non sinet\n                  me ullum officium amicitiae conseruandae unquam pretermittere. [<b>2<\/b>] Interim exemplar earumdem\n                  literarum tibi mitto, quas in o<span class=\"tei_expan\" title=\"tei:expan\"><span class=\"ex\">mn<\/span><\/span>ibus ratas esse uolo, praeterq<span class=\"tei_expan\" title=\"tei:expan\"><span class=\"ex\">uam<\/span><\/span> in ea re, quae pertinet ad tabellam, ut uidebis, namque aliunde prouisum mihi fuit.\n               <\/p>\n               \n                  <p>[<b>3<\/b>] Reliquum te amo et me ut redames uehementer peto. Dat<span class=\"tei_expan\" title=\"tei:expan\"><span class=\"ex\">um<\/span><\/span> <span class=\"tei_placeName\" title=\"tei:name[@type=&quot;place&quot;]\">Venet<span class=\"tei_expan\" title=\"tei:expan\"><span class=\"ex\">iis<\/span><\/span><\/span> <span class=\"date\">Cal<span class=\"tei_expan\" title=\"tei:expan\"><span class=\"ex\">endis<\/span><\/span> Ianuarii 1569<\/span>.\n                  <\/p>\n               \n            <\/div>\n            <div class=\"copy_of-previous_letter\" id=\"index.xml-group.1_text.1_body.1_div.4\">\n               <h5><span class=\"head\">[Copia de carta 1568 10 29]<\/span><\/h5>\n               \n               <p>[<b>4<\/b>] Accepi l<span class=\"tei_expan\" title=\"tei:expan\"><span class=\"ex\">ite<\/span><\/span>ras tuas <span class=\"date\">VI Non<span class=\"tei_expan\" title=\"tei:expan\"><span class=\"ex\">as<\/span><\/span> Oct<span class=\"tei_expan\" title=\"tei:expan\"><span class=\"ex\">obris<\/span><\/span><\/span> <span class=\"tei_placeName\" title=\"tei:name[@type=&quot;place&quot;]\">Antuerpiae<\/span> datas <span class=\"tei_surplus\" title=\"tei:surplus\">etc.<\/span>, in quibus amanter doles quod frequenter ad te non scribam. Et in ea re officium\n                  meum requiris diligenterque de rebus tuis me certiorem facis. [<b>5<\/b>] Amplector ego quidem\n                  tantae beneuolentiae in me tuae significationem; et quod quaeris praestiturum me tibi\n                  polliceor. De me quoque tibi aliquid significabo.\n               <\/p>\n               <p>[<b>6<\/b>] Gratulationem meam de uictoria aduersus religionis hostes principibus placuisse non\n                  miror. Vehemens enim laetitiae meae impulsus magna fuit uis gaudii, ita plane ut in\n                  aliis quoque efficax esse potuerit. Deus faxit ut caetera ex uoto cedant!\n               <\/p>\n               <p> [<b>7<\/b>] Serenissimum Regem Hispaniarum Ecclesiae max<span class=\"tei_expan\" title=\"tei:expan\"><span class=\"ex\">im<\/span><\/span>e fauere uehementer laetor. Specimen Sacrorum Librorum quod promittis summo desiderio\n                  expecto. Regii sumptus, uestra, hoc est, doctissimorum et piorum opera, piissimi conatus <span class=\"pagebreak\" id=\"index.xml-pb-w40990518ab2b5b1b1b3b9c15b3\"><a href=\"http:\/\/lacorrespondenciadebenitoariasmontano.online\/wp-content\/uploads\/2023\/09\/KBS-A902-f-19v-scaled.jpg\" target=\"_blank\" onclick=\"window.open(this.href, this.target, 'width=400,height=600'); return false;\" rel=\"noopener\">[f. 19v]<\/a><\/span>\n                  rem perficient omnino. [<b>8<\/b>] Interim <span class=\"titlem\">Opticen<\/span> meam, hoc est, ineptias meas ad te mitto. Viuens ualensque Psalmorum interpretationem\n                  a praelo statim habebis; opus illud aliquanto longiorem temporis moram postulat.\n               <\/p>\n               <p>[<b>9<\/b>] Elogium tuum de <span class=\"tei_persName\" title=\"tei:name[@type=&quot;person&quot;]\">Oliuerio Baldoccio<\/span> expecto. Louaniensi<span class=\"tei_supplied\" title=\"tei:supplied\">s<\/span> Academiae senatum de fide bene audire non solum gratulor, sed inmortales<sup class=\"appnote\" data-app=\"App3\">3<\/sup> propterea Deo gra<span class=\"tei_expan\" title=\"tei:expan\"><span class=\"ex\">tia<\/span><\/span>s habeo.\n               <\/p>\n               <p>[<b>10<\/b>] <span class=\"tei_persName\" title=\"tei:name[@type=&quot;person&quot;]\">Iosephus Amatus<\/span>, Hebraeus Thessalonicensis<sup class=\"appnote\" data-app=\"App4\">4<\/sup>, cum quo statim acceptis literis tuis collocutus sum, ecce tibi respondet.\n               <\/p>\n               <p>[<b>11<\/b>] Vellem ego de quodam <span class=\"tei_persName\" title=\"tei:name[@type=&quot;person&quot;]\">Hieronymo Cock<\/span> impressore aliquid abs te scire, utrum a catholicis stet an in cathedra pestilentiae\n                  sedeat. \n[<b>12<\/b>] Si forte stat, quaeso ut ab illo petas pagellam quandam in qua Redemptoris n<span class=\"tei_expan\" title=\"tei:expan\"><span class=\"ex\">ost<\/span><\/span>ri praesepe cum Virgine matre aeneis typis excussum est, a quodam <span class=\"tei_persName\" title=\"tei:name[@type=&quot;person&quot;]\">Georgio Ghisi<\/span>, Mantuano pictore, descriptam. Audiui enim <span class=\"tei_persName\" title=\"tei:name[@type=&quot;person&quot;]\">Georgium<\/span> typos ac pagellas o<span class=\"tei_expan\" title=\"tei:expan\"><span class=\"ex\">mn<\/span><\/span>es illi uenundedisse<sup class=\"appnote\" data-app=\"App5\">5<\/sup>; ex <span class=\"tei_persName\" title=\"tei:name[@type=&quot;person&quot;]\">Plantino<\/span> bibliopola aliquid de ea re<sup class=\"appnote\" data-app=\"App6\">6<\/sup> scies. Pergratum mihi erit eam picturam habere. [<b>13<\/b>] Interim si quid est quod mea opera\n                  tibi praestari possit, iubeto.\n               <\/p>\n               \n                  <p>Vale et me ama.<\/p>\n               [<i>Posdata, a\u00f1adida de mano de Daniel Barbaro<\/i>:]\n               <p>[<b>14<\/b>] <span class=\"titlem\">Opticen<\/span> meam mercatori cuidam ad te perferendam cum suis mercibus dedi; tardius aliquanto\n                  eam habebis\n               <\/p>\n            <\/div>\n         <\/div>\n      <\/section>\n     \n      <div class=\"appcrit\">\n         <div class=\"app\" id=\"App1\"><span class=\"lemma\">signor<\/span>] <span class=\"lemmawitness\">O, E2<\/span>; signore (E1)\n         <\/div>\n         <div class=\"app\" id=\"App2\"><span class=\"lemma\">signor<\/span>] <span class=\"lemmawitness\">O, E2<\/span>; signore (E1)\n         <\/div>\n         <div class=\"app\" id=\"App3\"><span class=\"lemma\">inmortales<\/span>] <span class=\"lemmawitness\">O, E1<\/span>; immortales (E2)\n         <\/div>\n         <div class=\"app\" id=\"App4\"><span class=\"lemma\">Thessalonicensis<\/span>] <span class=\"lemmawitness\">O, E1<\/span>; Tessalonicensis (E2)\n         <\/div>\n         <div class=\"app\" id=\"App5\"><span class=\"lemma\">uenundedisse<\/span>] <span class=\"lemmawitness\">O, E1<\/span>; uenumdedisse (E2)\n         <\/div>\n         <div class=\"app\" id=\"App6\"><span class=\"lemma\">re<\/span>] <span class=\"lemmawitness\">O, E2<\/span>; <span style=\"font-style:italic\">omisit<\/span> (E1)\n         <\/div>\n      <\/div>\n      <div class=\"stdfooter autogenerated\">\n         <div class=\"footer\">\n            <!--standard links to project, institution etc--><a class=\"plain\" href=\"\/en\/\"><\/a> \n         <\/div>\n        \n            <!--\n\t  Generated from index.xml using XSLT stylesheets version 7.55.0\n\t       based on http:\/\/www.tei-c.org\/Stylesheets\/\n\t       on 2023-09-28T08:45:09Z.\n\t       SAXON HE 9.8.0.15.\n\t\t -->\n      <\/div>\n\n\n\n<div style=\"height:56px\" aria-hidden=\"true\" class=\"wp-block-spacer\"><\/div>\n<\/div>\n\n\n\n<div class=\"wp-block-column is-layout-flow wp-block-column-is-layout-flow\">\n<b>TRANSLATION INTO SPANISH <br>AND NOTES<br><\/b>\n   \n    <meta http-equiv=\"Content-Type\" content=\"text\/html; charset=UTF-8\">\n      <!--THIS FILE IS GENERATED FROM AN XML MASTER. DO NOT EDIT (5)--><title>La correspondencia de Benito Arias Montano: edici\u00f3n cr\u00edtica digital \u2014 Daniel Barbaro (Venecia) a Benito Arias Montano (Amberes) &#8211; 1 de enero de 1569 <\/title><meta name=\"author\" content=\"Daniel Barbaro\">\n      <meta name=\"generator\" content=\"Text Encoding Initiative Consortium XSLT stylesheets\">\n      <meta name=\"DC.Title\" content=\"La correspondencia de Benito Arias Montano: edici\u00f3n cr\u00edtica digital \u2014 Daniel Barbaro (Venecia) a Benito Arias Montano (Amberes) - 1 de enero de 1569\">\n      <meta name=\"DC.Type\" content=\"Text\">\n      <meta name=\"DC.Format\" content=\"text\/html\"><link href=\"http:\/\/nl.ijs.si\/tei\/convert\/profiles\/test\/html\/jsi-tei.css\" rel=\"stylesheet\" type=\"text\/css\"><link rel=\"stylesheet\" media=\"print\" type=\"text\/css\" href=\"https:\/\/www.tei-c.org\/release\/xml\/tei\/stylesheet\/tei-print.css\">\n   \n      <div class=\"stdheader autogenerated\">\n         \n      <\/div>\n     \n      <section class=\"translation\" id=\"index.xml-group.1_text.2\">\n        \n         <div class=\"tei_body\"><br><br>\n            <div class=\"pagebreak\" id=\"index.xml-pb-w40990518ab2b5b1b3b1b1\"><a href=\"http:\/\/lacorrespondenciadebenitoariasmontano.online\/wp-content\/uploads\/2023\/09\/KBS-A902-f-26v-scaled.jpg\" target=\"_blank\" onclick=\"window.open(this.href, this.target, 'width=400,height=600'); return false;\" rel=\"noopener\">[f. 26v]<\/a><\/div>\n            <div class=\"address\" id=\"index.xml-group.1_text.2_body.1_div.1\">\n               <h5>[<i>Sobrescrito<\/i>:]<\/h5>\n               <div>Al se\u00f1or Benito Arias Montano, reverenciado por m\u00ed como un hermano. Amberes. <\/div>\n            <\/div>\n            <div class=\"anotation\" id=\"index.xml-group.1_text.2_body.1_div.2\">\n               <h5><span class=\"head\">[<i>Anotado en el margen, escritura de BAM, con escritura transversal<\/i>:]<\/span><\/h5>\n               <div>Venecia 1569. Daniel Barbaro. 1 de enero.<\/div>\n            <\/div>\n            <div class=\"main_content\" id=\"index.xml-group.1_text.2_body.1_div.3\">\n              \n               <div class=\"pagebreak\" id=\"index.xml-pb-w40990518ab2b5b1b3b1b7b1\"><a href=\"http:\/\/lacorrespondenciadebenitoariasmontano.online\/wp-content\/uploads\/2023\/09\/KBS-A902-f-19r-scaled.jpg\" target=\"_blank\" onclick=\"window.open(this.href, this.target, 'width=400,height=600'); return false;\" rel=\"noopener\">[f. 19r]<\/a><\/div>\n               <div class=\"opener\">Daniel Barbaro, electo de Aquileya, saluda al egregio var\u00f3n Benito Arias Montano. <\/div>\n               <p>[<b>1<\/b>] Me asombra que vuestra merced no haya recibido la carta que le envi\u00e9 el 29 de octubre\n                  y encomend\u00e9 al librero Plantino. Y me apesadumbra tambi\u00e9n que pueda parecerle por\n                  ello descuidado; lo cual no me gustar\u00eda parec\u00e9rselo. Pues me mueve un enorme afecto,\n                  con el que sigo a vuestra merced, el cual no me permitir\u00e1 nunca descuidar ninguna\n                  muestra de fidelidad destinada a perpetuar nuestra amistad. [<b>2<\/b>] Entretanto, env\u00edo a vuestra\n                  merced una copia de esa carta, la cual quiero ratificar en todos sus puntos, salvo\n                  en lo que se refiere a la estampa, como ver\u00e1; pues me la he procurado por otra v\u00eda.\n                  \n               <\/p>\n              \n                  <p>[<b>3<\/b>] Por lo dem\u00e1s, le expreso mi afecto, y le pido insistentemente que me corresponda. <\/p>\n                  <div class=\"dateline\">Fechada en Venecia, a uno de enero de 1569. <\/div>\n               \n            <\/div>\n            <div class=\"copy_of-previous_letter\" id=\"index.xml-group.1_text.2_body.1_div.4\">\n               <h5>[Copia de carta 1568 10 29]<a class=\"link_ref\" id=\"reference1\" href=\"#note1\" title=\"1 El texto de esta copia coincide casi completamente con el de la que de hecho recibi\u00f3 BAM con fecha de 29 de octubre. Se omite...\">1<\/a><\/h5>\n               <p>[<b>4<\/b>] He recibido la carta de vuestra merced con fecha del dos de octubre, en la que se\n                  queja con ternura de que no le escriba con frecuencia. Y en esto echa de menos mi\n                  compromiso y me informa con toda puntualidad de los asuntos de vuestra merced. [<b>5<\/b>] Yo\n                  aprecio las muestras de su benevolencia tan grande<a class=\"link_ref\" id=\"reference2\" href=\"#note2\" title=\"2 En esta versi\u00f3n de la carta se a\u00f1ade el adjetivo tantae (que no estaba en la carta original enviada en el mes de octubre del ...\">2<\/a> hacia mi persona, y prometo servirle en lo que me pide. Asimismo le har\u00e9 part\u00edcipe\n                  de mis asuntos.\n               <\/p>\n               <p>[<b>6<\/b>] No me extra\u00f1a que les haya complacido a los pr\u00edncipes mi felicitaci\u00f3n por su victoria\n                  contra los enemigos de nuestra religi\u00f3n. Pues aquel impulso impetuoso de mi alegr\u00eda\n                  fue un estallido de gozo tal, que habr\u00e1 podido surtir su efecto tambi\u00e9n en otros.\n                  \u00a1Dios procure que todo lo dem\u00e1s salga conforme a nuestro deseo!\n               <\/p>\n               <p>[<b>7<\/b>] Me colma de satisfacci\u00f3n<a class=\"link_ref\" id=\"reference3\" href=\"#note3\" title=\"3 En esta versi\u00f3n de la carta hallamos la expresi\u00f3n uehementer laetor frente al orden de palabras del original laetor uehemente...\">3<\/a> que el Seren\u00edsimo Rey de las Espa\u00f1as favorezca de manera especial a la Iglesia. Aguardo\n                  con gran impaciencia el ejemplar que vuestra merced me promete de los Libros Sagrados.\n                  Los desembolsos del Rey, el trabajo de vuestras mercedes, es decir, el de hombres\n                  doctos y piadosos, los pient\u00edsimos esfuerzos <span class=\"pagebreak\" id=\"index.xml-pb-w40990518ab2b5b1b1b3b9c15b3\"><a href=\"http:\/\/lacorrespondenciadebenitoariasmontano.online\/wp-content\/uploads\/2023\/09\/KBS-A902-f-19v-scaled.jpg\" target=\"_blank\" onclick=\"window.open(this.href, this.target, 'width=400,height=600'); return false;\" rel=\"noopener\">[f. 19v]<\/a><\/span> llevar\u00e1n esta obra a su feliz t\u00e9rmino.\n                  \n[<b>8<\/b>] Entretanto, env\u00edo a vuestra merced mi libro <span class=\"titlem\">On the perspective<\/span>, o lo que es lo mismo, mis majader\u00edas. Si Dios me da fuerzas y prolonga mi vida,\n                  tendr\u00e1 vuestra merced un ejemplar de mi interpretaci\u00f3n de los Salmos tan pronto como\n                  salga de la imprenta; pero esta obra requiere todav\u00eda alg\u00fan tiempo m\u00e1s.\n               <\/p>\n               <p>[<b>9<\/b>] Aguardo el elogio de vuestra merced sobre Oliverio Baldocio. El hecho de que el claustro\n                  de la Universidad de Lovaina tenga informes favorables sobre su fe, no solo me llena\n                  de alegr\u00eda, sino que doy inmortales gracias a Dios por ello. \n               <\/p>\n               <p>[<b>10<\/b>] Aqu\u00ed tiene la respuesta de Jos\u00e9 Amato, el hebreo de Tesal\u00f3nica, con quien me puse\n                  en contacto tan pronto como recib\u00ed la carta de vuestra merced.\n               <\/p>\n               <p>[<b>11<\/b>] Me gustar\u00eda que me informara vuestra merced acerca de un tal Jer\u00f3nimo Cock, grabador\n                  de profesi\u00f3n, para saber si permanece fiel al catolicismo o se ha adherido a la herej\u00eda. [<b>12<\/b>]\n                  Si por casualidad permanece fiel, ruego a vuestra merced que le pida una estampa en\n                  la que est\u00e1 grabado con caracteres de bronce el pesebre de Nuestro Redentor con su madre la Virgen, dise\u00f1ada por un pintor mantuano llamado Giorgio Ghisi. Pues he tenido\n                  noticias de que Giorgio le vendi\u00f3 todas las planchas y estampas; el librero Plantino\n                  podr\u00e1 dar a vuestra merced alguna informaci\u00f3n sobre este asunto.<a class=\"link_ref\" id=\"reference4\" href=\"#note4\" title=\"4 En esta versi\u00f3n de la carta leemos de ea re frente al sintagma del original de ea\">4<\/a> Me complacer\u00eda mucho poder tener este grabado. [<b>13<\/b>] Entretanto, si hay algo en lo pueda\n                  servirle, puede orden\u00e1rmelo.\n               <\/p>\n             \n                  <p>Adi\u00f3s, y acu\u00e9rdese de m\u00ed.<\/p>\n               [<i>Posdata, a\u00f1adida de mano de Daniel Barbaro<\/i>:]\n               <p>[<b>14<\/b>] He entregado mi obra <span class=\"titlem\">On the perspective<\/span> a cierto mercader para que lo lleve a vuestra merced junto con\n                  sus mercanc\u00edas; la tendr\u00e1 vuestra merced bastante m\u00e1s tarde.\n               <\/p>\n            <\/div>\n         <\/div>\n         <div class=\"tei_back\">\n            <div class=\"notes\" id=\"index.xml-group.1_text.2_back.1_div.1\">\n              \n               <div class=\"note\" id=\"note1\"><span class=\"noteLabel\">Note: <\/span><a class=\"link_ref\" href=\"#reference1\" title=\"1\">1<\/a> El texto de esta copia coincide casi completamente con el de la que, de hecho, recibi\u00f3\n                  BAM con fecha de 29 de octubre. Se omite en esta copia el encabezado de la carta original\n                  (<span style=\"font-style:italic\">Benedicto Arias Montano, praestanti uiro, Daniel Barbarus, electus Aquileiensis, salutem\n                     plurimam dicit<\/span>), la anotaci\u00f3n de la fecha (<span style=\"font-style:italic\">Datum Venetiis VIII Nonas Nouembris MDLXVIII<\/span>) y, como es l\u00f3gico, el propio sobrescrito. Por otra parte, existen escasas y peque\u00f1as\n                  variaciones textuales que se\u00f1alamos tambi\u00e9n, en su debido lugar, dentro de este aparato\n                  de notas.\n               <\/div>\n               <div class=\"note\" id=\"note2\"><span class=\"noteLabel\">Note: <\/span><a class=\"link_ref\" href=\"#reference2\" title=\"2\">2<\/a> En esta versi\u00f3n de la carta se a\u00f1ade el adjetivo <span style=\"font-style:italic\">tantae<\/span> (que no estaba en la carta original enviada en el mes de octubre del a\u00f1o anterior)\n                  seguido de <span style=\"font-style:italic\">beneuolentia<\/span>.\n               <\/div>\n               <div class=\"note\" id=\"note3\"><span class=\"noteLabel\">Note: <\/span><a class=\"link_ref\" href=\"#reference3\" title=\"3\">3<\/a> En esta versi\u00f3n de la carta hallamos la expresi\u00f3n <span style=\"font-style:italic\">uehementer laetor<\/span> frente al orden de palabras del original <span style=\"font-style:italic\">laetor uehementer<\/span>.<\/div>\n               <div class=\"note\" id=\"note4\"><span class=\"noteLabel\">Note: <\/span><a class=\"link_ref\" href=\"#reference4\" title=\"4\">4<\/a> En esta versi\u00f3n de la carta leemos <span style=\"font-style:italic\">de ea re<\/span> frente al sintagma del original <span style=\"font-style:italic\">de ea<\/span>.<\/div>\n            <\/div>\n         <\/div>\n      <\/section>\n      \n      <div class=\"stdfooter autogenerated\">\n         <div class=\"footer\">\n            <!--standard links to project, institution etc--><a class=\"plain\" href=\"\/en\/\"><\/a> \n         <\/div>\n        \n            <!--\n\t  Generated from index.xml using XSLT stylesheets version 7.55.0\n\t       based on http:\/\/www.tei-c.org\/Stylesheets\/\n\t       on 2023-09-28T08:45:09Z.\n\t       SAXON HE 9.8.0.15.\n\t\t -->\n      <\/div>\n\n\n\n<div style=\"height:47px\" aria-hidden=\"true\" class=\"wp-block-spacer\"><\/div>\n<\/div>\n\n\n\n<div class=\"wp-block-column is-layout-flow wp-block-column-is-layout-flow\">\n<b>TEXT (WITHOUT VISUALIZATION OF <br>XML-TEI MARKUP)<br><\/b>\n   \n  \n   \n    <meta http-equiv=\"Content-Type\" content=\"text\/html; charset=UTF-8\">\n      <!--THIS FILE IS GENERATED FROM AN XML MASTER. DO NOT EDIT (5)--><title>La correspondencia de Benito Arias Montano: edici\u00f3n cr\u00edtica digital \u2014 Daniel Barbaro (Venecia) a Benito Arias Montano (Amberes) &#8211; 1 de enero de 1569 <\/title><meta name=\"author\" content=\"Daniel Barbaro\">\n      <meta name=\"generator\" content=\"Text Encoding Initiative Consortium XSLT stylesheets\">\n      <meta name=\"DC.Title\" content=\"La correspondencia de Benito Arias Montano: edici\u00f3n cr\u00edtica digital \u2014 Daniel Barbaro (Venecia) a Benito Arias Montano (Amberes) - 1 de enero de 1569\">\n      <meta name=\"DC.Type\" content=\"Text\">\n      <meta name=\"DC.Format\" content=\"text\/html\"><link href=\"http:\/\/nl.ijs.si\/tei\/convert\/profiles\/test\/html\/jsi-tei.css\" rel=\"stylesheet\" type=\"text\/css\"><link rel=\"stylesheet\" media=\"print\" type=\"text\/css\" href=\"https:\/\/www.tei-c.org\/release\/xml\/tei\/stylesheet\/tei-print.css\">\n   \n      <div class=\"stdheader autogenerated\">\n         \n      <\/div>\n      <section class=\"source\" id=\"index.xml-group.1_text.1\">\n        \n         \n         <div class=\"tei_body\"><br><br>\n            <div class=\"pagebreak\" id=\"index.xml-pb-w40990518ab2b5b1b1b3b1\"><a href=\"http:\/\/lacorrespondenciadebenitoariasmontano.online\/wp-content\/uploads\/2023\/09\/KBS-A902-f-26v-scaled.jpg\" target=\"_blank\" onclick=\"window.open(this.href, this.target, 'width=400,height=600'); return false;\" rel=\"noopener\">[f. 26v]<\/a><\/div>\n            <div class=\"address\" id=\"index.xml-group.1_text.1_body.1_div.1\">\n              <h5>[<i>Sobrescrito<\/i>:]<\/h5>\n               <div>Al molto reverendo signor come fratello il signor Benedetto Arias Montano. In Anversa.\n               <\/div>\n            <\/div>\n            <div class=\"anotation\" id=\"index.xml-group.1_text.1_body.1_div.2\">\n               <h5>[<i>Anotado en el margen, escritura de BAM, con escritura transversal<\/i>:]<\/h5>\n               <div>Venecia 1569. Daniel Barbaro. 1 de enero.\n               <\/div>\n            <\/div>\n            <div class=\"main_content\" id=\"index.xml-group.1_text.1_body.1_div.3\">\n               \n               <div class=\"pagebreak\" id=\"index.xml-pb-w40990518ab2b5b1b1b3b7b1\"><a href=\"http:\/\/lacorrespondenciadebenitoariasmontano.online\/wp-content\/uploads\/2023\/09\/KBS-A902-f-19r-scaled.jpg\" target=\"_blank\" onclick=\"window.open(this.href, this.target, 'width=400,height=600'); return false;\" rel=\"noopener\">[f. 19r]<\/a><\/div>\n               <div class=\"opener\">Benedicto Arias Montano, praestanti uiro, Daniel Barbarus, electus Aquileiensis, salutem plurimam dicit.\n               <\/div>\n               <p>[<b>1<\/b>] Miror te non recepisse meas ad te datas VIII Nonas Nouembris et commendatas Plantino bibliopolae. Doleo quoque me propterea negligentiae nomine potuisse tibi esse suspectum, quod\n                  nollem suspicareris. Nam me sollicitat amor ingens, quo te prosequor, qui non sinet\n                  me ullum officium amicitiae conseruandae unquam pretermittere. [<b>2<\/b>] Interim exemplar earumdem\n                  literarum tibi mitto, quas in omnibus ratas esse uolo, praeterquam in ea re, quae pertinet ad tabellam, ut uidebis, namque aliunde prouisum mihi fuit.\n               <\/p>\n               \n                  <p>[<b>3<\/b>] Reliquum te amo et me ut redames uehementer peto. Datum Venetiis Calendis Ianuarii 1569.\n                  <\/p>\n               \n            <\/div>\n            <div class=\"copy_of-previous_letter\" id=\"index.xml-group.1_text.1_body.1_div.4\">\n               <h5><span class=\"head\">[Copia de carta 1568 10 29]<\/span><\/h5>\n               \n               <p>[<b>4<\/b>] Accepi literas tuas VI Nonas Octobris Antuerpiae datas, in quibus amanter doles quod frequenter ad te non scribam. Et in ea re officium\n                  meum requiris diligenterque de rebus tuis me certiorem facis. [<b>5<\/b>] Amplector ego quidem\n                  tantae beneuolentiae in me tuae significationem; et quod quaeris praestiturum me tibi\n                  polliceor. De me quoque tibi aliquid significabo.\n               <\/p>\n               <p>[<b>6<\/b>] Gratulationem meam de uictoria aduersus religionis hostes principibus placuisse non\n                  miror. Vehemens enim laetitiae meae impulsus magna fuit uis gaudii, ita plane ut in\n                  aliis quoque efficax esse potuerit. Deus faxit ut caetera ex uoto cedant!\n               <\/p>\n               <p>[<b>7<\/b>] Serenissimum Regem Hispaniarum Ecclesiae maxime fauere uehementer laetor. Specimen Sacrorum Librorum quod promittis summo desiderio\n                  expecto. Regii sumptus, uestra, hoc est, doctissimorum et piorum opera, piissimi conatus <span class=\"pagebreak\" id=\"index.xml-pb-w40990518ab2b5b1b1b3b9c15b3\"><a href=\"http:\/\/lacorrespondenciadebenitoariasmontano.online\/wp-content\/uploads\/2023\/09\/KBS-A902-f-19v-scaled.jpg\" target=\"_blank\" onclick=\"window.open(this.href, this.target, 'width=400,height=600'); return false;\" rel=\"noopener\">[f. 19v]<\/a><\/span> rem perficient omnino. [<b>8<\/b>] Interim <span class=\"titlem\">Opticen<\/span> meam, hoc est, ineptias meas ad te mitto. Viuens ualensque Psalmorum interpretationem\n                  a praelo statim habebis; opus illud aliquanto longiorem temporis moram postulat.\n               <\/p>\n               <p>[<b>9<\/b>] Elogium tuum de Oliuerio Baldoccio expecto. Louaniensis Academiae senatum de fide bene audire non solum gratulor, sed inmortales  propterea Deo gratias habeo.\n               <\/p>\n               <p>[<b>10<\/b>] Iosephus Amatus, Hebraeus Thessalonicensis, cum quo statim acceptis literis tuis collocutus sum, ecce tibi respondet.\n               <\/p>\n               <p>[<b>11<\/b>] Vellem ego de quodam Hieronymo Cock impressore aliquid abs te scire, utrum a catholicis stet an in cathedra pestilentiae\n                  sedeat. [<b>12<\/b>] Si forte stat, quaeso ut ab illo petas pagellam quandam in qua Redemptoris           nostri praesepe cum Virgine matre aeneis typis excussum est, a quodam Georgio Ghisi, Mantuano pictore, descriptam. Audiui enim Georgium typos ac pagellas omnes illi uenundedisse; ex Plantino bibliopola aliquid de ea re scies. Pergratum mihi erit eam picturam habere. [<b>13<\/b>] Interim si quid est quod mea opera\n                  tibi praestari possit, iubeto.\n               <\/p>\n               \n                  <p>Vale et me ama.<\/p>\n               [<i>Posdata, a\u00f1adida de mano de Daniel Barbaro<\/i>:]\n               <p>[<b>14<\/b>] <span class=\"titlem\">Opticen<\/span> meam mercatori cuidam ad te perferendam cum suis mercibus dedi; tardius aliquanto\n                  eam habebis\n               <\/p>\n            <\/div>\n         <\/div>\n      <\/section>\n     \n      \n      \n      <div class=\"stdfooter autogenerated\">\n         <div class=\"footer\">\n            <!--standard links to project, institution etc--><a class=\"plain\" href=\"\/en\/\"><\/a> \n         <\/div>\n        \n            <!--\n\t  Generated from index.xml using XSLT stylesheets version 7.55.0\n\t       based on http:\/\/www.tei-c.org\/Stylesheets\/\n\t       on 2023-09-28T08:45:09Z.\n\t       SAXON HE 9.8.0.15.\n\t\t -->\n      <\/div>\n\n\n\n<div style=\"height:53px\" aria-hidden=\"true\" class=\"wp-block-spacer\"><\/div>\n\n\n\n<div class=\"wp-block-buttons is-layout-flex wp-block-buttons-is-layout-flex\">\n<div class=\"wp-block-button aligncenter\"><a class=\"wp-block-button__link has-white-color has-text-color wp-element-button\" href=\"https:\/\/github.com\/CoBAM-editor\/CoBAM\/blob\/main\/1569%2001%2001%20CoBAM.xml\" style=\"border-radius:8px\" target=\"_blank\" rel=\"noreferrer noopener\">XML<\/a><\/div>\n<\/div>\n<\/div>\n<\/div>","protected":false},"excerpt":{"rendered":"<p>1569 01 01 Daniel Barbaro (Venecia) a Benito Arias Montano (Amberes) 1 de enero de 1569 Identificador: 1569 01 01 \u00cdncipit: Miror te non recepisse meas ad te datas VIII Nonas Nouembris&#8230; Manuscritos: (O) KBS, Ms. A 902, f. 19r-v, f. 26r-v. Impresos: (E1) Mac\u00edas, La Biblia Pol\u00edglota de Amberes, pp. 114-117; (E2) Dom\u00ednguez, Correspondencia, [&hellip;]<\/p>","protected":false},"author":1,"featured_media":1721,"parent":2643,"menu_order":0,"comment_status":"closed","ping_status":"closed","template":"elementor_header_footer","meta":{"footnotes":""},"class_list":["post-4020","page","type-page","status-publish","has-post-thumbnail","czr-hentry"],"_links":{"self":[{"href":"https:\/\/lacorrespondenciadebenitoariasmontano.online\/en\/wp-json\/wp\/v2\/pages\/4020"}],"collection":[{"href":"https:\/\/lacorrespondenciadebenitoariasmontano.online\/en\/wp-json\/wp\/v2\/pages"}],"about":[{"href":"https:\/\/lacorrespondenciadebenitoariasmontano.online\/en\/wp-json\/wp\/v2\/types\/page"}],"author":[{"embeddable":true,"href":"https:\/\/lacorrespondenciadebenitoariasmontano.online\/en\/wp-json\/wp\/v2\/users\/1"}],"replies":[{"embeddable":true,"href":"https:\/\/lacorrespondenciadebenitoariasmontano.online\/en\/wp-json\/wp\/v2\/comments?post=4020"}],"version-history":[{"count":96,"href":"https:\/\/lacorrespondenciadebenitoariasmontano.online\/en\/wp-json\/wp\/v2\/pages\/4020\/revisions"}],"predecessor-version":[{"id":11087,"href":"https:\/\/lacorrespondenciadebenitoariasmontano.online\/en\/wp-json\/wp\/v2\/pages\/4020\/revisions\/11087"}],"up":[{"embeddable":true,"href":"https:\/\/lacorrespondenciadebenitoariasmontano.online\/en\/wp-json\/wp\/v2\/pages\/2643"}],"wp:featuredmedia":[{"embeddable":true,"href":"https:\/\/lacorrespondenciadebenitoariasmontano.online\/en\/wp-json\/wp\/v2\/media\/1721"}],"wp:attachment":[{"href":"https:\/\/lacorrespondenciadebenitoariasmontano.online\/en\/wp-json\/wp\/v2\/media?parent=4020"}],"curies":[{"name":"wp","href":"https:\/\/api.w.org\/{rel}","templated":true}]}}