{"id":4632,"date":"2023-12-05T14:55:43","date_gmt":"2023-12-05T14:55:43","guid":{"rendered":"https:\/\/lacorrespondenciadebenitoariasmontano.online\/?page_id=4632"},"modified":"2026-02-21T19:10:41","modified_gmt":"2026-02-21T19:10:41","slug":"1569-03-01","status":"publish","type":"page","link":"https:\/\/lacorrespondenciadebenitoariasmontano.online\/en\/correspondencia\/1569-03-01\/","title":{"rendered":"1569 03 01"},"content":{"rendered":"<div class=\"wp-block-columns is-layout-flex wp-container-core-columns-is-layout-2 wp-block-columns-is-layout-flex\">\n<div class=\"wp-block-column is-layout-flow wp-block-column-is-layout-flow\">\n<p class=\"has-text-align-center\" style=\"font-size:31px\">1569 03 01 <\/p>\n\n\n\n<p class=\"has-text-align-center\" style=\"font-size:31px\">Daniel Barbarus (Venice) to Benito Arias Montano (Antwerp) <\/p>\n\n\n\n<p class=\"has-text-align-right\" style=\"font-size:22px\">1 March 1569<\/p>\n\n\n\n<div style=\"height:28px\" aria-hidden=\"true\" class=\"wp-block-spacer\"><\/div>\n\n\n\n<div class=\"wp-block-columns is-layout-flex wp-container-core-columns-is-layout-1 wp-block-columns-is-layout-flex\">\n<div class=\"wp-block-column is-layout-flow wp-block-column-is-layout-flow\" style=\"flex-basis:33.33%\">\n<div class=\"wp-block-cover is-light wp-duotone-unset-1\" style=\"min-height:103px;aspect-ratio:unset;\"><span aria-hidden=\"true\" class=\"wp-block-cover__background has-background-dim-10 has-background-dim\"><\/span><img fetchpriority=\"high\" decoding=\"async\" width=\"1127\" height=\"423\" class=\"wp-block-cover__image-background wp-image-606\" alt=\"\" src=\"https:\/\/lacorrespondenciadebenitoariasmontano.online\/wp-content\/uploads\/2023\/03\/cropped-Gysbrechts-1.jpg\" data-object-fit=\"cover\" srcset=\"https:\/\/lacorrespondenciadebenitoariasmontano.online\/wp-content\/uploads\/2023\/03\/cropped-Gysbrechts-1.jpg 1127w, https:\/\/lacorrespondenciadebenitoariasmontano.online\/wp-content\/uploads\/2023\/03\/cropped-Gysbrechts-1-300x113.jpg 300w, https:\/\/lacorrespondenciadebenitoariasmontano.online\/wp-content\/uploads\/2023\/03\/cropped-Gysbrechts-1-1024x384.jpg 1024w, https:\/\/lacorrespondenciadebenitoariasmontano.online\/wp-content\/uploads\/2023\/03\/cropped-Gysbrechts-1-768x288.jpg 768w\" sizes=\"(max-width: 1127px) 100vw, 1127px\" \/><div class=\"wp-block-cover__inner-container is-layout-flow wp-block-cover-is-layout-flow\">\n<p class=\"has-text-align-center has-white-color has-text-color has-medium-font-size\"><strong>METADATA<\/strong><\/p>\n<\/div><\/div>\n\n\n\n<div style=\"height:10px\" aria-hidden=\"true\" class=\"wp-block-spacer\"><\/div>\n\n\n\n<meta http-equiv=\"Content-Type\" content=\"text\/html; charset=UTF-8\">\n   \n   \n      <div style=\"background-color:White;border:solid 1px DimGrey;border-radius:5px;\">\n         <div style=\"margin-left: 15px; color: #1C1C1C;\">\n            <p><b>Identifier: <\/b>1569 03 01<\/p>\n         <\/div>\n         <div style=\"margin-left: 15px; color: #1C1C1C;\">\n            <p><b>Incipit: <\/b>Andream de Armari, cui te literas ad me dedisse&#8230;<\/p>\n         <\/div>\n         <div style=\"margin-left: 15px\">\n            <p><b>Manuscripts: <\/b><\/p>\n            <ul>\n               (O) KBS, Ms. A 902, f. 20r-v, f. 25r-v.\n               <\/ul>\n         <\/div>\n         <div style=\"margin-left: 15px\">\n            <p><b>Prints: <\/b><\/p>\n            <ul>(E1) Mac\u00edas, <i>La Biblia Pol\u00edglota de Amberes<\/i>, pp. 118-119;  (E2) Dom\u00ednguez, <i>Correspondencia<\/i>, I, 194-197.<\/ul>\n         <\/div>\n         <div style=\"margin-left: 15px\">\n            <p><b>Critical edition, translation and notes: <\/b>Baldomero Mac\u00edas Rosendo <\/p>\n         <\/div>\n         <div style=\"margin-left: 15px\">\n            <p><b>Codification and digital edition: <\/b>Antonio D\u00e1vila P\u00e9rez<\/p>\n         <\/div>\n      <\/div>\n<\/div>\n\n\n\n<div class=\"wp-block-column is-layout-flow wp-block-column-is-layout-flow\" style=\"flex-basis:66.66%\">\n<p><strong>SUMMARY<\/strong><\/p>\n\n\n\n<p>Barbarus is looking forward to the arrival of the Greek merchant Andreas Darmarius, who is bringing him BAM\u2019s letter and several orders. He would love to see more samples of the Polyglot Bible. He gave his book on the perspective to certain merchant who has to deliver it to BAM or Plantin. He sends a letter from Oliverio Baldoccio. He has already given Josephus Amatus BAM\u2019s letter. His answer goes next to Barbarus\u2019 letter.&nbsp;<\/p>\n\n\n\n<p><strong>COMMENT<\/strong><\/p>\n\n\n\n<p>The belief of a part of biblical scholarsphip that the Jews had corrupted the sacred text to destroy the principles of the Christian faith constitutes a double-edged sword, which in the hands of the detractors of BAM turns against the Antwerp Polyglot . Aside from the Polyglot, and from the promulgation in February 1569 of the edict of Philip II that ordered the publication in Flanders of a catalog of prohibited books, BAM will be busy preparing that catalogue. The aim is to make a list of books published after the Index of Pius IV (1564) that should be banned or expunged. In order to draft a first catalogue, which will be submitted for approval by a board of theologians meeting in Brussels, BAM requests the collaboration of Daniel Barbarus. The list prepared by BAM will be approved in its entirety, being published in 1569 in Plantin's printing press under the title <em>Librorum prohibitorum index ex mandato Regiae Catholicae Maiestatis et Illustrissimi Ducis Albani Consiliique Regii decreto confectus et editus<\/em>.<\/p>\n\n\n\n<p>The letter is completely handwritten by Barbarus, unlike previous ones in which he only signed his handwriting. Folios 20v and 25r are blank.<\/p>\n\n\n\n<p><\/p>\n\n\n\n<p><\/p>\n\n\n\n<p><\/p>\n\n\n\n<p><\/p>\n<\/div>\n<\/div>\n<\/div>\n<\/div>\n\n\n\n<p><strong>FACSIMILE<\/strong><\/p>\n\n\n\n<div class=\"wp-block-columns is-layout-flex wp-container-core-columns-is-layout-3 wp-block-columns-is-layout-flex\">\n<div class=\"wp-block-column is-layout-flow wp-block-column-is-layout-flow\" style=\"flex-basis:40%\">\n<figure class=\"wp-block-gallery has-nested-images columns-5 is-cropped wp-block-gallery-2 is-layout-flex wp-block-gallery-is-layout-flex\">\n<figure class=\"wp-block-image size-large is-style-zoooom\"><img decoding=\"async\" width=\"709\" height=\"1024\" src=\"http:\/\/lacorrespondenciadebenitoariasmontano.online\/wp-content\/uploads\/2023\/12\/KBS-A902-f-20r-709x1024.jpg\" alt=\"\" class=\"wp-image-4629\" srcset=\"https:\/\/lacorrespondenciadebenitoariasmontano.online\/wp-content\/uploads\/2023\/12\/KBS-A902-f-20r-709x1024.jpg 709w, https:\/\/lacorrespondenciadebenitoariasmontano.online\/wp-content\/uploads\/2023\/12\/KBS-A902-f-20r-208x300.jpg 208w, https:\/\/lacorrespondenciadebenitoariasmontano.online\/wp-content\/uploads\/2023\/12\/KBS-A902-f-20r-768x1110.jpg 768w, https:\/\/lacorrespondenciadebenitoariasmontano.online\/wp-content\/uploads\/2023\/12\/KBS-A902-f-20r-1063x1536.jpg 1063w, https:\/\/lacorrespondenciadebenitoariasmontano.online\/wp-content\/uploads\/2023\/12\/KBS-A902-f-20r-1418x2048.jpg 1418w, https:\/\/lacorrespondenciadebenitoariasmontano.online\/wp-content\/uploads\/2023\/12\/KBS-A902-f-20r-8x12.jpg 8w, https:\/\/lacorrespondenciadebenitoariasmontano.online\/wp-content\/uploads\/2023\/12\/KBS-A902-f-20r-scaled.jpg 1772w\" sizes=\"(max-width: 709px) 100vw, 709px\" \/><figcaption class=\"wp-element-caption\"><strong>KBS, Ms. A 902<\/strong>,<strong> f. 20r<\/strong><\/figcaption><\/figure>\n\n\n\n<figure class=\"wp-block-image size-large is-style-zoooom\"><img decoding=\"async\" width=\"729\" height=\"1024\" src=\"http:\/\/lacorrespondenciadebenitoariasmontano.online\/wp-content\/uploads\/2023\/12\/KBS-A902-f-25v-729x1024.jpg\" alt=\"\" class=\"wp-image-4630\" srcset=\"https:\/\/lacorrespondenciadebenitoariasmontano.online\/wp-content\/uploads\/2023\/12\/KBS-A902-f-25v-729x1024.jpg 729w, https:\/\/lacorrespondenciadebenitoariasmontano.online\/wp-content\/uploads\/2023\/12\/KBS-A902-f-25v-213x300.jpg 213w, https:\/\/lacorrespondenciadebenitoariasmontano.online\/wp-content\/uploads\/2023\/12\/KBS-A902-f-25v-768x1079.jpg 768w, https:\/\/lacorrespondenciadebenitoariasmontano.online\/wp-content\/uploads\/2023\/12\/KBS-A902-f-25v-1093x1536.jpg 1093w, https:\/\/lacorrespondenciadebenitoariasmontano.online\/wp-content\/uploads\/2023\/12\/KBS-A902-f-25v-1457x2048.jpg 1457w, https:\/\/lacorrespondenciadebenitoariasmontano.online\/wp-content\/uploads\/2023\/12\/KBS-A902-f-25v-9x12.jpg 9w, https:\/\/lacorrespondenciadebenitoariasmontano.online\/wp-content\/uploads\/2023\/12\/KBS-A902-f-25v-scaled.jpg 1822w\" sizes=\"(max-width: 729px) 100vw, 729px\" \/><figcaption class=\"wp-element-caption\"><strong>KBS, Ms. A 902<\/strong>,<strong> f. 25v<\/strong><\/figcaption><\/figure>\n<\/figure>\n<\/div>\n<\/div>\n\n\n\n<div style=\"height:84px\" aria-hidden=\"true\" class=\"wp-block-spacer\"><\/div>\n\n\n\n<div style=\"height:0px\" aria-hidden=\"true\" class=\"wp-block-spacer\"><\/div>\n\n\n\n<div class=\"wp-block-columns is-layout-flex wp-container-core-columns-is-layout-4 wp-block-columns-is-layout-flex\">\n<div class=\"wp-block-column is-layout-flow wp-block-column-is-layout-flow\">\n<b>TEXT AND CRITICAL APPARATUS (VISUALIZATION OF XML-TEI MARKUP)<\/b>\n  \n   \n     \n   \n     \n   \n    \n   \n      <meta http-equiv=\"Content-Type\" content=\"text\/html; charset=UTF-8\">\n      <!--THIS FILE IS GENERATED FROM AN XML MASTER. DO NOT EDIT (5)--><title>La correspondencia de Benito Arias Montano: edici\u00f3n cr\u00edtica digital \u2014 Daniel Barbaro (Venecia) a Benito Arias Montano (Amberes) &#8211; 1 de marzo de 1569 <\/title><meta name=\"author\" content=\"Daniel Barbaro\">\n      <meta name=\"generator\" content=\"Text Encoding Initiative Consortium XSLT stylesheets\">\n      <meta name=\"DC.Title\" content=\"La correspondencia de Benito Arias Montano: edici\u00f3n cr\u00edtica digital \u2014 Daniel Barbaro (Venecia) a Benito Arias Montano (Amberes) - 1 de marzo de 1569\">\n      <meta name=\"DC.Type\" content=\"Text\">\n      <meta name=\"DC.Format\" content=\"text\/html\"><link href=\"http:\/\/nl.ijs.si\/tei\/convert\/profiles\/test\/html\/jsi-tei.css\" rel=\"stylesheet\" type=\"text\/css\"><link rel=\"stylesheet\" media=\"print\" type=\"text\/css\" href=\"https:\/\/www.tei-c.org\/release\/xml\/tei\/stylesheet\/tei-print.css\">\n   \n      <div class=\"stdheader autogenerated\">\n        \n      <\/div>\n      <section class=\"source\" id=\"index.xml-group.1_text.1\">\n         \n         \n         <div class=\"tei_body\"><br><br>\n            <div class=\"pagebreak\" id=\"index.xml-pb-w11804915ab2b5b1b1b3b1\"><a href=\"http:\/\/lacorrespondenciadebenitoariasmontano.online\/wp-content\/uploads\/2023\/12\/KBS-A902-f-25v-scaled.jpg\" target=\"_blank\" onclick=\"window.open(this.href, this.target, 'width=400,height=600'); return false;\" rel=\"noopener\">[f. 25v]<\/a><\/div>\n            <div class=\"address\" id=\"index.xml-group.1_text.1_body.1_div.1\">\n               <h5><span class=\"head\">[<i>Sobrescrito<\/i>:]<\/span><\/h5>\n               <div>Al molto mag<span title=\"tei:expan\" class=\"tei_expan\"><span class=\"ex\">nifi<\/span><\/span>co et r<span title=\"tei:expan\" class=\"tei_expan\"><span class=\"ex\">everen<\/span><\/span>do sig<span title=\"tei:expan\" class=\"tei_expan\"><span class=\"ex\">no<\/span><\/span>r<sup class=\"appnote\" data-app=\"App1\">1<\/sup> \n <\/a>d<span title=\"tei:expan\" class=\"tei_expan\"><span class=\"ex\">ottor<\/span><\/span> <span title=\"tei:name[@type=&quot;person&quot;]\" class=\"tei_persName\">Arias Montano<\/span>, mio os<span title=\"tei:expan\" class=\"tei_expan\"><span class=\"ex\">servandissi<\/span><\/span>mo<sup class=\"appnote\" data-app=\"App2\">2<\/sup>  f<span title=\"tei:expan\" class=\"tei_expan\"><span class=\"ex\">rate<\/span><\/span>ll<span title=\"tei:expan\" class=\"tei_expan\"><span class=\"ex\">o<\/span><\/span><sup class=\"appnote\" data-app=\"App3\">3<\/sup>. <span title=\"tei:name[@type=&quot;place&quot;]\" class=\"tei_placeName\">Anversa<\/span>.\n               <\/div>\n            <\/div>\n            <div class=\"main_content\" id=\"index.xml-group.1_text.1_body.1_div.2\">\n               \n               <div class=\"pagebreak\" id=\"index.xml-pb-w11804915ab2b5b1b1b3b5b1\"><a href=\"http:\/\/lacorrespondenciadebenitoariasmontano.online\/wp-content\/uploads\/2023\/12\/KBS-A902-f-20r-scaled.jpg\" target=\"_blank\" onclick=\"window.open(this.href, this.target, 'width=400,height=600'); return false;\" rel=\"noopener\">[f. 20r]<\/a><\/div>\n               <div class=\"opener\">Praestantis<span title=\"tei:expan\" class=\"tei_expan\"><span class=\"ex\">sim<\/span><\/span>o uiro atque amicissimo d<span title=\"tei:expan\" class=\"tei_expan\"><span class=\"ex\">omino<\/span><\/span> <span title=\"tei:name[@type=&quot;person&quot;]\" class=\"tei_persName\">Benedicto Ariae Montano<\/span> <span title=\"tei:name[@type=&quot;person&quot;]\" class=\"tei_persName\">Daniel Barbarus<\/span> s<span title=\"tei:expan\" class=\"tei_expan\"><span class=\"ex\">alutem<\/span><\/span> p<span title=\"tei:expan\" class=\"tei_expan\"><span class=\"ex\">lurimam<\/span><\/span> d<span title=\"tei:expan\" class=\"tei_expan\"><span class=\"ex\">icit<\/span><\/span>.\n               <\/div>\n               <p>[<b>1<\/b>] <span class=\"tei_persName\" title=\"tei:name[@type=&quot;person&quot;]\">Andream de Armari<\/span>, cui te literas ad me dedisse et uolumen cerata tela inductum mihi tradendum credidisse\n                  scribis, adhuc expecto. Vereor ne a Graeco homine fidem diu nimis desideremus. \n [<b>2<\/b>] Sane\n                  perquam gratum mihi esset specimen uestrorum librorum uidere, ut potius utilitati\n                  meae quam uoluntati tuae consuleretur. Etenim quid est quod non maxime probandum sit\n                  omnium iudicio, quod tam iustis causis, tam magnis auspiciis, tanti regis conatibus\n                  inchoatum, per tot sapientes et optimos uiros est perficiendum? Viuamne tandiu ut\n                  absolutum illud opus uideam? Viuam sane (ut spero) et uidebo, et me felicem et uos\n                  beatos praedicabo.\n               <\/p>\n               <p>[<b>3<\/b>] Iam (ut scripsi alias) <span class=\"titlem\">Opticem meam<\/span> cuidam mercatori ad te cum suis mercibus perferendam dedi. Credo illum bona fide\n                  (non enim Graecus est) depositum tibi aut <span class=\"tei_persName\" title=\"tei:name[@type=&quot;person&quot;]\">Plantino<\/span> bibliopolae tibi tradendum meo nomine redditurum.\n               <\/p>\n               <p>[<b>4<\/b>] Interim, si me amas, <span class=\"tei_persName\" title=\"tei:name[@type=&quot;person&quot;]\">Oliuerio Baldoccio<\/span> Sauonensi in academia Louaniana meas literas reddendas  curato.<sup class=\"appnote\" data-app=\"App4\">4<\/sup> Ea tamen conditione (ut alias ad te scripsi): si amicitia n<span class=\"tei_expan\" title=\"tei:expan\"><span class=\"ex\">ostra<\/span><\/span> dignus inuentus fuerit. Dignus autem erit cum et bene de fide et Ecclesia senserit,\n                  et honeste uixerit. Sed si iudicio tuo non probabitur, nolo ut cum eo ullis amicitiae\n                  officiis communicemus. Alias ad me scripsisti Louanienses bene sentire et <span class=\"tei_persName\" title=\"tei:name[@type=&quot;person&quot;]\">Oliuerium<\/span> te uidisse.\n               <\/p>\n               <p>[<b>5<\/b>] <span class=\"tei_persName\" title=\"tei:name[@type=&quot;person&quot;]\">Iosepho Amato<\/span> <span class=\"tei_del\" title=\"tei:del\">Iudaeo<\/span> tuas literas dedi, cum his meis responsum habes.\n               <\/p>\n               \n                  <p>[<b>6<\/b>] Interim me ama, ut soles. <span class=\"tei_placeName\" title=\"tei:name[@type=&quot;place&quot;]\">Venetii<\/span>, <span class=\"date\">Kal<span class=\"tei_expan\" title=\"tei:expan\"><span class=\"ex\">endis<\/span><\/span> Marti<span class=\"tei_expan\" title=\"tei:expan\"><span class=\"ex\">s<\/span><\/span> MDLXIX<\/span>.\n                  <\/p>\n               \n            <\/div>\n         <\/div>\n      <\/section>\n      \n      <div class=\"appcrit\">\n         <div class=\"app\" id=\"App1\"><span class=\"lemma\">signor<\/span>] <span class=\"lemmawitness\">O, E2<\/span>; signore (E1)\n         <\/div>\n         <div class=\"app\" id=\"App2\"><span class=\"lemma\">osservandissimo<\/span>] <span class=\"lemmawitness\">O, E2<\/span>; osservantissimo (E1)\n         <\/div>\n         <div class=\"app\" id=\"App3\"><span class=\"lemma\"> fratello <\/span>] <span class=\"lemmawitness\">O, E2<\/span>; <span style=\"font-style:italic\">omisit<\/span> (E1)\n         <\/div>\n         <div class=\"app\" id=\"App4\"><span class=\"lemma\"> curato.<\/span>] <span class=\"lemmawitness\">O, E1<\/span>; <i>post<\/i> curato <i>leuiter distinxit<\/i> (E2)\n         <\/div>\n      <\/div>\n      <div class=\"stdfooter autogenerated\">\n         <div class=\"footer\">\n            <!--standard links to project, institution etc--><a class=\"plain\" href=\"\/en\/\"><\/a> \n         <\/div>\n         \n            <!--\n Generated from index.xml using XSLT stylesheets version 7.56.0\n\t\t based on http:\/\/www.tei-c.org\/Stylesheets\/\n\t\t on 2023-12-05T12:27:34Z.\n\t\t SAXON HE 9.8.0.15.\n\t\t   -->\n      <\/div>\n\n\n\n<div style=\"height:56px\" aria-hidden=\"true\" class=\"wp-block-spacer\"><\/div>\n<\/div>\n\n\n\n<div class=\"wp-block-column is-layout-flow wp-block-column-is-layout-flow\">\n<b>TRANSLATION INTO SPANISH <br>AND NOTES<br><\/b>\n   \n    <meta http-equiv=\"Content-Type\" content=\"text\/html; charset=UTF-8\">\n      <!--THIS FILE IS GENERATED FROM AN XML MASTER. DO NOT EDIT (5)--><title>La correspondencia de Benito Arias Montano: edici\u00f3n cr\u00edtica digital \u2014 Daniel Barbaro (Venecia) a Benito Arias Montano (Amberes) &#8211; 1 de marzo de 1569 <\/title><meta name=\"author\" content=\"Daniel Barbaro\">\n      <meta name=\"generator\" content=\"Text Encoding Initiative Consortium XSLT stylesheets\">\n      <meta name=\"DC.Title\" content=\"La correspondencia de Benito Arias Montano: edici\u00f3n cr\u00edtica digital \u2014 Daniel Barbaro (Venecia) a Benito Arias Montano (Amberes) - 1 de marzo de 1569\">\n      <meta name=\"DC.Type\" content=\"Text\">\n      <meta name=\"DC.Format\" content=\"text\/html\"><link href=\"http:\/\/nl.ijs.si\/tei\/convert\/profiles\/test\/html\/jsi-tei.css\" rel=\"stylesheet\" type=\"text\/css\"><link rel=\"stylesheet\" media=\"print\" type=\"text\/css\" href=\"https:\/\/www.tei-c.org\/release\/xml\/tei\/stylesheet\/tei-print.css\">\n   \n      <div class=\"stdheader autogenerated\">\n        \n      <\/div>\n      \n      <section class=\"translation\" id=\"index.xml-group.1_text.2\">\n         \n         <div class=\"tei_body\"><br><br>\n            <div class=\"pagebreak\" id=\"index.xml-pb-w11804915ab2b5b1b3b1b1\"><a href=\"http:\/\/lacorrespondenciadebenitoariasmontano.online\/wp-content\/uploads\/2023\/12\/KBS-A902-f-25v-scaled.jpg\" target=\"_blank\" onclick=\"window.open(this.href, this.target, 'width=400,height=600'); return false;\" rel=\"noopener\">[f. 25v]<\/a><\/div>\n            <div class=\"address\" id=\"index.xml-group.1_text.2_body.1_div.1\">\n               <h5><span class=\"head\">[<i>Sobrescrito<\/i>:]<\/span><\/h5>\n               <div>Al muy magn\u00edfico y reverendo se\u00f1or el doctor Arias Montano, mi venerad\u00edsimo hermano.\n                  Amberes. \n               <\/div>\n            <\/div>\n            <div class=\"main_content\" id=\"index.xml-group.1_text.2_body.1_div.2\">\n              \n               <div class=\"pagebreak\" id=\"index.xml-pb-w11804915ab2b5b1b3b1b5b1\"><a href=\"http:\/\/lacorrespondenciadebenitoariasmontano.online\/wp-content\/uploads\/2023\/12\/KBS-A902-f-20r-scaled.jpg\" target=\"_blank\" onclick=\"window.open(this.href, this.target, 'width=400,height=600'); return false;\" rel=\"noopener\">[f. 20r]<\/a><\/div>\n               <div class=\"opener\">Daniel Barbaro saluda afectuosamente al eximio var\u00f3n, y muy amigo, el se\u00f1or Benito\n                  Arias Montano. \n               <\/div>\n               <p>[<b>1<\/b>] Todav\u00eda estoy esperando a Andr\u00e9s Darmario, a quien me escribe vuestra merced que le\n                  confi\u00f3 una carta para m\u00ed y un volumen envuelto en tela encerada para que me lo entregara.\n                  Me temo que tengamos que esperar por largo tiempo que el griego cumpla su palabra.<a class=\"link_ref\" id=\"reference1\" href=\"#note1\" title=\"1 A principios de mayo de este a\u00f1o de 1569 Daniel Barbaro recibi\u00f3 por fin el env\u00edo que BAM confi\u00f3 cuatro meses antes ...\">1<\/a> [<b>2<\/b>] Realmente me ser\u00eda muy grato poder ver una muestra de vuestros libros, aunque se\n                  atienda con ello m\u00e1s a mi propio provecho que al deseo de vuestra merced. Pues, \u00bfqu\u00e9\n                  raz\u00f3n hay para que no sea aprobado por todos sin excepci\u00f3n lo que se ha emprendido\n                  con tan justas razones, tan favorables auspicios, con el empe\u00f1o de un monarca tan\n                  poderoso, y que se debe acabar por obra de tantos hombres sabios y virtuosos? \u00bfLlegar\u00e9\n                  a vivir lo suficiente como para ver semejante obra acabada? Vivir\u00e9 sin duda (seg\u00fan\n                  espero) y la podr\u00e9 ver, y me pregonar\u00e9 afortunado a m\u00ed mismo y a vuestras mercedes\n                  dichosos.\n               <\/p>\n               <p>[<b>3<\/b>] Ya le he confiado mi libro <span class=\"titlem\">On the perspective<\/span> (como he escrito a vuestra merced en otra)<a class=\"link_ref\" id=\"reference2\" href=\"#note2\" title=\"2 V\u00e9ase carta 1569 01 01.\">2<\/a> a cierto mercader, para que lo lleve a vuestra merced junto con sus mercanc\u00edas. Creo\n                  que con diligencia (pues no es griego) entregar\u00e1 a vuestra merced lo que le he confiado,\n                  a vuestra merced personalmente, o al librero Plantino para que lo entregue a vuestra\n                  merced en mi nombre.\n               <\/p>\n               <p>[<b>4<\/b>] Entretanto, si me aprecia vuestra merced, procure entregarle mi carta al savonense\n                  Oliverio Baldocio, que est\u00e1 en la Universidad de Lovaina.<a class=\"link_ref\" id=\"reference3\" href=\"#note3\" title=\"3 El 29 de agosto de 1568 Barbaro pidi\u00f3 a BAM que recabara informaci\u00f3n sobre Oliverio Baldoccio un estudioso que viv\u00eda en Lovai...\">3<\/a> Pero con esta condici\u00f3n que ya he escrito antes a vuestra merced: si lo considera\n                  digno de nuestra amistad. Y ser\u00e1 digno si su pensamiento no se aparta de la fe ni\n                  de la Iglesia, y vive con honestidad. Pero si no merece la aprobaci\u00f3n de vuestra merced,\n                  no quiero compartir con \u00e9l prendas de amistad. En otra me escribi\u00f3<a class=\"link_ref\" id=\"reference4\" href=\"#note4\" title=\"4 Posiblememente se refiere Barbaro a la carta no conservada de BAM escrita el 2 de octubre de 1568 (cf. 1568 10 02)\">4<\/a> vuestra merced que sus maestros de Lovaina tienen buena opini\u00f3n de \u00e9l, y que vuestra\n                  merced lo hab\u00eda visto personalmente.\n               <\/p>\n               <p>[<b>5<\/b>] He entregado la carta de vuestra merced a Jos\u00e9 Amato; con la m\u00eda lleva vuestra merced\n                  su respuesta.<a class=\"link_ref\" id=\"reference5\" href=\"#note5\" title=\"5 No se conserva la respuesta de Jos\u00e9 Amato ni la carta de BAM que provoc\u00f3 esta respuesta.\">5<\/a><\/p>\n             \n                  <p>[<b>6<\/b>] Mientras tanto, corresponda a mi amistad como acostumbra vuestra merced. En Venecia,\n                     a uno de marzo de 1569.\n                  <\/p>\n               \n            <\/div>\n         <\/div>\n         <div class=\"tei_back\">\n            <div class=\"notes\" id=\"index.xml-group.1_text.2_back.1_div.1\">\n             \n               <div class=\"note\" id=\"note1\"><span class=\"noteLabel\">Note: <\/span><a class=\"link_ref\" href=\"#reference1\" title=\"1\">1<\/a> A principios de mayo de este a\u00f1o de 1569 Daniel Barbaro recibi\u00f3 por fin el env\u00edo que\n                  BAM confi\u00f3 cuatro meses antes al mercader griego Andr\u00e9s Darmario con muestras\n                  de la Biblia Pol\u00edglota y una estampa del nacimiento de Jes\u00fas, dise\u00f1ada por el pintor\n                  Jorge Ghisi e impresa por Jer\u00f3nimo Cock. V\u00e9ase carta <a href=\"https:\/\/lacorrespondenciadebenitoariasmontano.online\/en\/1569-05-01\/\">1569 05 01<\/a>.\n               <\/div>\n               <div class=\"note\" id=\"note2\"><span class=\"noteLabel\">Note: <\/span><a class=\"link_ref\" href=\"#reference2\" title=\"2\">2<\/a> V\u00e9ase carta <a class=\"link_ref\" href=\"https:\/\/lacorrespondenciadebenitoariasmontano.online\/en\/1569-01-01\/\">1569 01 01<\/a>.\n               <\/div>\n               <div class=\"note\" id=\"note3\"><span class=\"noteLabel\">Note: <\/span><a class=\"link_ref\" href=\"#reference3\" title=\"3\">3<\/a> El 29 de agosto de 1568 Barbaro pidi\u00f3 a BAM que recabara informaci\u00f3n sobre Oliverio\n                  Baldoccio, un estudioso que viv\u00eda en Lovaina que estaba tratando de iniciar una amistad\n                  con \u00e9l (v\u00e9ase carta <a class=\"link_ref\" href=\"https:\/\/lacorrespondenciadebenitoariasmontano.online\/en\/1568-08-29\/\">1569 08 29<\/a>. El 29 de octubre de ese mismo a\u00f1o (cf. <a class=\"link_ref\" href=\"https:\/\/lacorrespondenciadebenitoariasmontano.online\/en\/1568-10-29\/\">1569 10 29<\/a>) Barbaro manifiesta a BAM que est\u00e1 contento de que este haya recabado buenas referencias\n                  sobre Oliverio Baldoccio.\n               <\/div>\n               <div class=\"note\" id=\"note4\"><span class=\"noteLabel\">Note: <\/span><a class=\"link_ref\" href=\"#reference4\" title=\"4\">4<\/a> Posiblememente se refiere Barbaro a la carta no conservada de BAM escrita el 2 de\n                  octubre de 1568.\n               <\/div>\n               <div class=\"note\" id=\"note5\"><span class=\"noteLabel\">Note: <\/span><a class=\"link_ref\" href=\"#reference5\" title=\"5\">5<\/a> No se conserva la respuesta de Jos\u00e9 Amato ni la carta de BAM que provoc\u00f3 esta respuesta.\n               <\/div>\n            <\/div>\n         <\/div>\n      <\/section>\n     \n      <div class=\"stdfooter autogenerated\">\n         <div class=\"footer\">\n            <!--standard links to project, institution etc--><a class=\"plain\" href=\"\/en\/\"><\/a> \n         <\/div>\n         \n            <!--\n Generated from index.xml using XSLT stylesheets version 7.56.0\n\t\t based on http:\/\/www.tei-c.org\/Stylesheets\/\n\t\t on 2023-12-05T12:27:34Z.\n\t\t SAXON HE 9.8.0.15.\n\t\t   -->\n      <\/div>\n\n\n\n<div style=\"height:47px\" aria-hidden=\"true\" class=\"wp-block-spacer\"><\/div>\n<\/div>\n\n\n\n<div class=\"wp-block-column is-layout-flow wp-block-column-is-layout-flow\">\n<b>TEXT (WITHOUT VISUALIZATION OF <br>XML-TEI MARKUP)<br><\/b>\n   \n  \n   \n    <meta http-equiv=\"Content-Type\" content=\"text\/html; charset=UTF-8\">\n      <!--THIS FILE IS GENERATED FROM AN XML MASTER. DO NOT EDIT (5)--><title>La correspondencia de Benito Arias Montano: edici\u00f3n cr\u00edtica digital \u2014 Daniel Barbaro (Venecia) a Benito Arias Montano (Amberes) &#8211; 1 de marzo de 1569 <\/title><meta name=\"author\" content=\"Daniel Barbaro\">\n      <meta name=\"generator\" content=\"Text Encoding Initiative Consortium XSLT stylesheets\">\n      <meta name=\"DC.Title\" content=\"La correspondencia de Benito Arias Montano: edici\u00f3n cr\u00edtica digital \u2014 Daniel Barbaro (Venecia) a Benito Arias Montano (Amberes) - 1 de marzo de 1569\">\n      <meta name=\"DC.Type\" content=\"Text\">\n      <meta name=\"DC.Format\" content=\"text\/html\"><link href=\"http:\/\/nl.ijs.si\/tei\/convert\/profiles\/test\/html\/jsi-tei.css\" rel=\"stylesheet\" type=\"text\/css\"><link rel=\"stylesheet\" media=\"print\" type=\"text\/css\" href=\"https:\/\/www.tei-c.org\/release\/xml\/tei\/stylesheet\/tei-print.css\">\n   \n      <div class=\"stdheader autogenerated\">\n        \n      <\/div>\n      <section class=\"source\" id=\"index.xml-group.1_text.1\">\n         \n         \n         <div class=\"tei_body\"><br><br>\n            <div class=\"pagebreak\" id=\"index.xml-pb-w11804915ab2b5b1b1b3b1\"><a href=\"http:\/\/lacorrespondenciadebenitoariasmontano.online\/wp-content\/uploads\/2023\/12\/KBS-A902-f-25v-scaled.jpg\" target=\"_blank\" onclick=\"window.open(this.href, this.target, 'width=400,height=600'); return false;\" rel=\"noopener\">[f. 25v]<\/a><\/div>\n            <div class=\"address\" id=\"index.xml-group.1_text.1_body.1_div.1\">\n               <h5><span class=\"head\">[<i>Sobrescrito<\/i>:]<\/span><\/h5>\n               <div>Al molto magnifico et reverendo signor dottor Arias Montano, mio osservandissimo  fratello. Anversa.\n               <\/div>\n            <\/div>\n            <div class=\"main_content\" id=\"index.xml-group.1_text.1_body.1_div.2\">\n               \n               <div class=\"pagebreak\" id=\"index.xml-pb-w11804915ab2b5b1b1b3b5b1\"><a href=\"http:\/\/lacorrespondenciadebenitoariasmontano.online\/wp-content\/uploads\/2023\/12\/KBS-A902-f-20r-scaled.jpg\" target=\"_blank\" onclick=\"window.open(this.href, this.target, 'width=400,height=600'); return false;\" rel=\"noopener\">[f. 20r]<\/a><\/div>\n               <div class=\"opener\">Praestantissimo uiro atque amicissimo domino Benedicto Ariae Montano Daniel Barbarus salutem plurimam dicit.\n               <\/div>\n               <p>[<b>1<\/b>] Andream de Armari, cui te literas ad me dedisse et uolumen cerata tela inductum mihi tradendum credidisse\n                  scribis, adhuc expecto. Vereor ne a Graeco homine fidem diu nimis desideremus. [<b>2<\/b>] Sane\n                  perquam gratum mihi esset specimen uestrorum librorum uidere, ut potius utilitati\n                  meae quam uoluntati tuae consuleretur. Etenim quid est quod non maxime probandum sit\n                  omnium iudicio, quod tam iustis causis, tam magnis auspiciis, tanti regis conatibus\n                  inchoatum, per tot sapientes et optimos uiros est perficiendum? Viuamne tandiu ut\n                  absolutum illud opus uideam? Viuam sane (ut spero) et uidebo, et me felicem et uos\n                  beatos praedicabo.\n               <\/p>\n               <p>[<b>3<\/b>] Iam (ut scripsi alias) <span class=\"titlem\">Opticem meam<\/span> cuidam mercatori ad te cum suis mercibus perferendam dedi. Credo illum bona fide\n                  (non enim Graecus est) depositum tibi aut Plantino bibliopolae tibi tradendum meo nomine redditurum.\n               <\/p>\n               <p>[<b>4<\/b>] Interim, si me amas, Oliuerio Baldoccio Sauonensi in academia Louaniana meas literas reddendas  curato. Ea tamen conditione (ut alias ad te scripsi): si amicitia nostra dignus inuentus fuerit. Dignus autem erit cum et bene de fide et Ecclesia senserit,\n                  et honeste uixerit. Sed si iudicio tuo non probabitur, nolo ut cum eo ullis amicitiae\n                  officiis communicemus. Alias ad me scripsisti Louanienses bene sentire et Oliuerium te uidisse.\n               <\/p>\n               <p>[<b>5<\/b>] Iosepho Amato tuas literas dedi, cum his meis responsum habes.\n               <\/p>\n               \n                  <p>[<b>6<\/b>] Interim me ama, ut soles. Venetii, Kalendis Martis MDLXIX.\n                  <\/p>\n               \n            <\/div>\n         <\/div>\n      <\/section>\n      \n      \n      <div class=\"stdfooter autogenerated\">\n         <div class=\"footer\">\n            <!--standard links to project, institution etc--><a class=\"plain\" href=\"\/en\/\"><\/a> \n         <\/div>\n         \n            <!--\n Generated from index.xml using XSLT stylesheets version 7.56.0\n\t\t based on http:\/\/www.tei-c.org\/Stylesheets\/\n\t\t on 2023-12-05T12:27:34Z.\n\t\t SAXON HE 9.8.0.15.\n\t\t   -->\n      <\/div>\n\n\n\n<div style=\"height:53px\" aria-hidden=\"true\" class=\"wp-block-spacer\"><\/div>\n\n\n\n<div class=\"wp-block-buttons is-layout-flex wp-block-buttons-is-layout-flex\">\n<div class=\"wp-block-button aligncenter\"><a class=\"wp-block-button__link has-white-color has-text-color wp-element-button\" href=\"https:\/\/github.com\/CoBAM-editor\/CoBAM\/blob\/main\/1569%2003%2001%20CoBAM.xml\" style=\"border-radius:8px\">XML<\/a><\/div>\n<\/div>\n<\/div>\n<\/div>","protected":false},"excerpt":{"rendered":"<p>1569 03 01 Daniel Barbaro (Venecia) a Benito Arias Montano (Amberes) 1 de marzo de 1569 Identificador: 1569 03 01 \u00cdncipit: Andream de Armari, cui te literas ad me dedisse&#8230; Manuscritos: (O) KBS, Ms. A 902, f. 20r-v, f. 25r-v. Impresos: (E1) Mac\u00edas, La Biblia Pol\u00edglota de Amberes, pp. 118-119; (E2) Dom\u00ednguez, Correspondencia, I, 194-197. [&hellip;]<\/p>","protected":false},"author":1,"featured_media":1721,"parent":2643,"menu_order":0,"comment_status":"closed","ping_status":"closed","template":"elementor_header_footer","meta":{"footnotes":""},"class_list":["post-4632","page","type-page","status-publish","has-post-thumbnail","czr-hentry"],"_links":{"self":[{"href":"https:\/\/lacorrespondenciadebenitoariasmontano.online\/en\/wp-json\/wp\/v2\/pages\/4632"}],"collection":[{"href":"https:\/\/lacorrespondenciadebenitoariasmontano.online\/en\/wp-json\/wp\/v2\/pages"}],"about":[{"href":"https:\/\/lacorrespondenciadebenitoariasmontano.online\/en\/wp-json\/wp\/v2\/types\/page"}],"author":[{"embeddable":true,"href":"https:\/\/lacorrespondenciadebenitoariasmontano.online\/en\/wp-json\/wp\/v2\/users\/1"}],"replies":[{"embeddable":true,"href":"https:\/\/lacorrespondenciadebenitoariasmontano.online\/en\/wp-json\/wp\/v2\/comments?post=4632"}],"version-history":[{"count":49,"href":"https:\/\/lacorrespondenciadebenitoariasmontano.online\/en\/wp-json\/wp\/v2\/pages\/4632\/revisions"}],"predecessor-version":[{"id":11109,"href":"https:\/\/lacorrespondenciadebenitoariasmontano.online\/en\/wp-json\/wp\/v2\/pages\/4632\/revisions\/11109"}],"up":[{"embeddable":true,"href":"https:\/\/lacorrespondenciadebenitoariasmontano.online\/en\/wp-json\/wp\/v2\/pages\/2643"}],"wp:featuredmedia":[{"embeddable":true,"href":"https:\/\/lacorrespondenciadebenitoariasmontano.online\/en\/wp-json\/wp\/v2\/media\/1721"}],"wp:attachment":[{"href":"https:\/\/lacorrespondenciadebenitoariasmontano.online\/en\/wp-json\/wp\/v2\/media?parent=4632"}],"curies":[{"name":"wp","href":"https:\/\/api.w.org\/{rel}","templated":true}]}}