{"id":5434,"date":"2024-01-15T18:24:11","date_gmt":"2024-01-15T18:24:11","guid":{"rendered":"https:\/\/lacorrespondenciadebenitoariasmontano.online\/?page_id=5434"},"modified":"2026-02-26T08:04:52","modified_gmt":"2026-02-26T08:04:52","slug":"1569-07-04","status":"publish","type":"page","link":"https:\/\/lacorrespondenciadebenitoariasmontano.online\/en\/1569-07-04\/","title":{"rendered":"1569 07 04"},"content":{"rendered":"<div class=\"wp-block-columns is-layout-flex wp-container-core-columns-is-layout-2 wp-block-columns-is-layout-flex\">\n<div class=\"wp-block-column is-layout-flow wp-block-column-is-layout-flow\">\n<p class=\"has-text-align-center\" style=\"font-size:31px\">1569 07 04 <\/p>\n\n\n\n<p class=\"has-text-align-center\" style=\"font-size:31px\">Benito Arias Montano (Antwerp) to Gabriel de Zayas (Madrid) <\/p>\n\n\n\n<p class=\"has-text-align-right\" style=\"font-size:22px\">4 July 1569<\/p>\n\n\n\n<div style=\"height:28px\" aria-hidden=\"true\" class=\"wp-block-spacer\"><\/div>\n\n\n\n<div class=\"wp-block-columns is-layout-flex wp-container-core-columns-is-layout-1 wp-block-columns-is-layout-flex\">\n<div class=\"wp-block-column is-layout-flow wp-block-column-is-layout-flow\" style=\"flex-basis:33.33%\">\n<div class=\"wp-block-cover is-light wp-duotone-unset-1\" style=\"min-height:103px;aspect-ratio:unset;\"><span aria-hidden=\"true\" class=\"wp-block-cover__background has-background-dim-10 has-background-dim\"><\/span><img fetchpriority=\"high\" decoding=\"async\" width=\"1127\" height=\"423\" class=\"wp-block-cover__image-background wp-image-606\" alt=\"\" src=\"https:\/\/lacorrespondenciadebenitoariasmontano.online\/wp-content\/uploads\/2023\/03\/cropped-Gysbrechts-1.jpg\" data-object-fit=\"cover\" srcset=\"https:\/\/lacorrespondenciadebenitoariasmontano.online\/wp-content\/uploads\/2023\/03\/cropped-Gysbrechts-1.jpg 1127w, https:\/\/lacorrespondenciadebenitoariasmontano.online\/wp-content\/uploads\/2023\/03\/cropped-Gysbrechts-1-300x113.jpg 300w, https:\/\/lacorrespondenciadebenitoariasmontano.online\/wp-content\/uploads\/2023\/03\/cropped-Gysbrechts-1-1024x384.jpg 1024w, https:\/\/lacorrespondenciadebenitoariasmontano.online\/wp-content\/uploads\/2023\/03\/cropped-Gysbrechts-1-768x288.jpg 768w\" sizes=\"(max-width: 1127px) 100vw, 1127px\" \/><div class=\"wp-block-cover__inner-container is-layout-flow wp-block-cover-is-layout-flow\">\n<p class=\"has-text-align-center has-white-color has-text-color has-medium-font-size\"><strong>METADATA<\/strong><\/p>\n<\/div><\/div>\n\n\n\n<div style=\"height:10px\" aria-hidden=\"true\" class=\"wp-block-spacer\"><\/div>\n\n\n\n<meta http-equiv=\"Content-Type\" content=\"text\/html; charset=UTF-8\">\n   \n   \n      <div style=\"background-color:White;border:solid 1px DimGrey;border-radius:5px;\">\n         <div style=\"margin-left: 15px; color: #1C1C1C;\">\n            <p><b>Identifier: <\/b>1569 07 04<\/p>\n         <\/div>\n         <div style=\"margin-left: 15px; color: #1C1C1C;\">\n            <p><b>Incipit: <\/b>A los tres deste lleg\u00f3 a esta villa un correo despachado de Medina&#8230;<\/p>\n         <\/div>\n         <div style=\"margin-left: 15px\">\n            <p><b>Manuscripts: <\/b><\/p>\n            <ul>\n               (O) AGS, E 583\/14.\n               <\/ul>\n         <\/div>\n         <div style=\"margin-left: 15px\">\n            <p><b>Prints: <\/b><\/p>\n            <ul>(E1) <i>Codoin<\/i>, p. 163; (E2) Dom\u00ednguez, <i>Correspondencia<\/i>, I, 244-245.<\/ul>\n         <\/div>\n         <div style=\"margin-left: 15px\">\n            <p><b>Critical edition and notes: <\/b>Antonio D\u00e1vila P\u00e9rez <\/p>\n         <\/div>\n         <div style=\"margin-left: 15px\">\n            <p><b>Codification and digital edition: <\/b>Antonio D\u00e1vila P\u00e9rez<\/p>\n         <\/div>\n      <\/div>\n<\/div>\n\n\n\n<div class=\"wp-block-column is-layout-flow wp-block-column-is-layout-flow\" style=\"flex-basis:66.66%\">\n<p><strong>SUMMARY<\/strong><\/p>\n\n\n\n<p>BAM has received bad news from Seville in a letter received on July 3rd. He misses letters from Zayas. He also needs to know about the health of their siblings in Seville. He wrote a long letter to Zayas a few days ago. With this brief letter, he will only communicate that Plantin has gone to Paris to obtain materials for the Bible.&nbsp;&nbsp;<\/p>\n\n\n\n<p><strong>COMMENT<\/strong><\/p>\n\n\n\n<p>In the envelope of this letter, after its reception at the Spanish court, the two main topics it contains are noted:  \u00abLas ruynes nuevas que tiene de Sevilla. Yda de Plantino a Par\u00eds\u00bb. The correspondence between BAM and the Spanish court has been lost since April 6, the date of the previous letter; this can be inferred from the letters referred to by BAM here, which have not been located.<\/p>\n\n\n\n<p>Folios [1v] and [2r] of this letter from BAM to Zayas are blank.<\/p>\n\n\n\n<p><\/p>\n\n\n\n<p><\/p>\n\n\n\n<p><\/p>\n<\/div>\n<\/div>\n<\/div>\n<\/div>\n\n\n\n<p><strong>FACSIMILE<\/strong><\/p>\n\n\n\n<div class=\"wp-block-columns is-layout-flex wp-container-core-columns-is-layout-3 wp-block-columns-is-layout-flex\">\n<div class=\"wp-block-column is-layout-flow wp-block-column-is-layout-flow\">\n<figure class=\"wp-block-gallery has-nested-images columns-default is-cropped wp-block-gallery-2 is-layout-flex wp-block-gallery-is-layout-flex\">\n<figure class=\"wp-block-image size-large is-style-zoooom\"><img decoding=\"async\" width=\"708\" height=\"1024\" src=\"https:\/\/lacorrespondenciadebenitoariasmontano.online\/wp-content\/uploads\/2024\/01\/AGS-E-583-14-f-1r-708x1024.jpg\" alt=\"\" class=\"wp-image-5431\" srcset=\"https:\/\/lacorrespondenciadebenitoariasmontano.online\/wp-content\/uploads\/2024\/01\/AGS-E-583-14-f-1r-708x1024.jpg 708w, https:\/\/lacorrespondenciadebenitoariasmontano.online\/wp-content\/uploads\/2024\/01\/AGS-E-583-14-f-1r-207x300.jpg 207w, https:\/\/lacorrespondenciadebenitoariasmontano.online\/wp-content\/uploads\/2024\/01\/AGS-E-583-14-f-1r-768x1111.jpg 768w, https:\/\/lacorrespondenciadebenitoariasmontano.online\/wp-content\/uploads\/2024\/01\/AGS-E-583-14-f-1r-1061x1536.jpg 1061w, https:\/\/lacorrespondenciadebenitoariasmontano.online\/wp-content\/uploads\/2024\/01\/AGS-E-583-14-f-1r-1415x2048.jpg 1415w, https:\/\/lacorrespondenciadebenitoariasmontano.online\/wp-content\/uploads\/2024\/01\/AGS-E-583-14-f-1r-8x12.jpg 8w, https:\/\/lacorrespondenciadebenitoariasmontano.online\/wp-content\/uploads\/2024\/01\/AGS-E-583-14-f-1r-scaled.jpg 1769w\" sizes=\"(max-width: 708px) 100vw, 708px\" \/><figcaption class=\"wp-element-caption\"><strong>AGS, E 583\/14, [f. 1r]<\/strong><\/figcaption><\/figure>\n\n\n\n<figure class=\"wp-block-image size-large is-style-zoooom\"><img decoding=\"async\" width=\"680\" height=\"1024\" src=\"https:\/\/lacorrespondenciadebenitoariasmontano.online\/wp-content\/uploads\/2024\/01\/AGS-E-583-14-f-2v-680x1024.jpg\" alt=\"\" class=\"wp-image-5432\" srcset=\"https:\/\/lacorrespondenciadebenitoariasmontano.online\/wp-content\/uploads\/2024\/01\/AGS-E-583-14-f-2v-680x1024.jpg 680w, https:\/\/lacorrespondenciadebenitoariasmontano.online\/wp-content\/uploads\/2024\/01\/AGS-E-583-14-f-2v-199x300.jpg 199w, https:\/\/lacorrespondenciadebenitoariasmontano.online\/wp-content\/uploads\/2024\/01\/AGS-E-583-14-f-2v-768x1156.jpg 768w, https:\/\/lacorrespondenciadebenitoariasmontano.online\/wp-content\/uploads\/2024\/01\/AGS-E-583-14-f-2v-1020x1536.jpg 1020w, https:\/\/lacorrespondenciadebenitoariasmontano.online\/wp-content\/uploads\/2024\/01\/AGS-E-583-14-f-2v-1360x2048.jpg 1360w, https:\/\/lacorrespondenciadebenitoariasmontano.online\/wp-content\/uploads\/2024\/01\/AGS-E-583-14-f-2v-8x12.jpg 8w, https:\/\/lacorrespondenciadebenitoariasmontano.online\/wp-content\/uploads\/2024\/01\/AGS-E-583-14-f-2v-scaled.jpg 1700w\" sizes=\"(max-width: 680px) 100vw, 680px\" \/><figcaption class=\"wp-element-caption\"><strong>AGS, E 583\/14, [f. 2v]<\/strong><\/figcaption><\/figure>\n<\/figure>\n<\/div>\n\n\n\n<div class=\"wp-block-column is-layout-flow wp-block-column-is-layout-flow\"><\/div>\n<\/div>\n\n\n\n<div style=\"height:84px\" aria-hidden=\"true\" class=\"wp-block-spacer\"><\/div>\n\n\n\n<div style=\"height:0px\" aria-hidden=\"true\" class=\"wp-block-spacer\"><\/div>\n\n\n\n<div class=\"wp-block-columns is-layout-flex wp-container-core-columns-is-layout-4 wp-block-columns-is-layout-flex\">\n<div class=\"wp-block-column is-layout-flow wp-block-column-is-layout-flow\">\n<b>TEXT AND CRITICAL APPARATUS (VISUALIZATION OF XML-TEI MARKUP)<\/b>\n  \n   \n     \n\n   \n   \n    \n   \n      <meta http-equiv=\"Content-Type\" content=\"text\/html; charset=UTF-8\">\n      <!--THIS FILE IS GENERATED FROM AN XML MASTER. DO NOT EDIT (5)--><title>La correspondencia de Benito Arias Montano: edici\u00f3n cr\u00edtica digital \u2014 Benito Arias Montano (Amberes) a Gabriel de Zayas (Madrid) &#8211; 4 de julio de 1569 <\/title><meta name=\"author\" content=\"Benito Arias Montano\">\n      <meta name=\"generator\" content=\"Text Encoding Initiative Consortium XSLT stylesheets\">\n      <meta name=\"DC.Title\" content=\"La correspondencia de Benito Arias Montano: edici\u00f3n cr\u00edtica digital \u2014 Benito Arias Montano (Amberes) a Gabriel de Zayas (Madrid) - 4 de julio de 1569\">\n      <meta name=\"DC.Type\" content=\"Text\">\n      <meta name=\"DC.Format\" content=\"text\/html\"><link href=\"http:\/\/nl.ijs.si\/tei\/convert\/profiles\/test\/html\/jsi-tei.css\" rel=\"stylesheet\" type=\"text\/css\"><link rel=\"stylesheet\" media=\"print\" type=\"text\/css\" href=\"https:\/\/www.tei-c.org\/release\/xml\/tei\/stylesheet\/tei-print.css\">\n   \n      <div class=\"stdheader autogenerated\">\n        \n      <\/div>\n     \n      <!--TEI body--><br><br>\n      <div class=\"tei_body\">\n         <section class=\"address\" id=\"index.xml-body.1_div.1\">\n            <div class=\"pagebreak\" id=\"index.xml-pb-w2145784ab2b5b3b1b1\"><a href=\"http:\/\/lacorrespondenciadebenitoariasmontano.online\/wp-content\/uploads\/2024\/01\/AGS-E-583-14-f-2v-scaled.jpg\" target=\"_blank\" onclick=\"window.open(this.href, this.target, 'width=400,height=600'); return false;\" rel=\"noopener\">[f. [2v]]<\/a><\/div>\n            <header>\n               <h5><span class=\"head\">[<i>Sobrescrito<\/i>:]<\/span><\/h5>\n            <\/header>\n            <div>Al ill<span title=\"tei:expan\" class=\"tei_expan\"><span class=\"ex\">ustr<\/span><\/span>e s<span title=\"tei:expan\" class=\"tei_expan\"><span class=\"ex\">e\u00f1<\/span><\/span>or mi se\u00f1or <span class=\"tei_persName\" title=\"tei:name[@type=&quot;person&quot;]\">Gabriel de \u00c7ayas<\/span>, secretario de Stados<sup class=\"appnote\" data-app=\"App1\">1<\/sup> de Su Mag<span title=\"tei:expan\" class=\"tei_expan\"><span class=\"ex\">es<\/span><\/span>t<span title=\"tei:expan\" class=\"tei_expan\"><span class=\"ex\">ad<\/span><\/span> y de su Consejo. En corte.\n            <\/div>\n         <\/section>\n         <section class=\"anotation\" id=\"index.xml-body.1_div.2\">\n            <header>\n               <h5><span class=\"head\">[<i>Anotado por otra mano, en el margen, con escritura transversal<\/i>:]<\/span><\/h5>\n            <\/header>\n            <p><span class=\"tei_placeName\" title=\"tei:name[@type=&quot;place&quot;]\">Anvers<\/span>. A <span class=\"tei_persName\" title=\"tei:name[@type=&quot;person&quot;]\">\u00c7ayas<\/span>. <span class=\"tei_persName\" title=\"tei:name[@type=&quot;person&quot;]\">Arias Montano<\/span> <span class=\"date\">a IIII<sup>o<\/sup><\/span><sup class=\"appnote\" data-app=\"App2\">2<\/sup>.<sup class=\"appnote\" data-app=\"App3\">3<\/sup><\/p>\n            <p>Las ruynes nuevas que tiene de <span class=\"tei_placeName\" title=\"tei:name[@type=&quot;place&quot;]\">Sevilla<\/span>.<sup class=\"appnote\" data-app=\"App4\">4<\/sup>\n            <\/p>\n            <p> <span class=\"tei_del\" title=\"tei:del\">Plantino<\/span> Yda de \n<span class=\"tei_persName\" title=\"tei:name[@type=&quot;person&quot;]\">Plantino<\/span> a <span class=\"tei_placeName\" title=\"tei:name[@type=&quot;place&quot;]\">Par\u00eds<\/span>.<sup class=\"appnote\" data-app=\"App5\">5<\/sup>\n            <\/p>\n         <\/section>\n         <section class=\"main_content\" id=\"index.xml-body.1_div.3\">\n            \n            <div class=\"pagebreak\" id=\"index.xml-pb-w2145784ab2b5b3b5b1\"><a href=\"http:\/\/lacorrespondenciadebenitoariasmontano.online\/wp-content\/uploads\/2024\/01\/AGS-E-583-14-f-1r-scaled.jpg\" target=\"_blank\" onclick=\"window.open(this.href, this.target, 'width=400,height=600'); return false;\" rel=\"noopener\">[f. [1r]]<\/a><\/div>\n            <div class=\"opener\">Ill<span title=\"tei:expan\" class=\"tei_expan\"><span class=\"ex\">ustr<\/span><\/span>e s<span title=\"tei:expan\" class=\"tei_expan\"><span class=\"ex\">e\u00f1<\/span><\/span>or:<sup class=\"appnote\" data-app=\"App6\">6<\/sup><\/div>\n            <p>[<b>1<\/b>] <span class=\"date\"> A los tres deste<\/span> lleg\u00f3 a esta villa un correo despachado de <span class=\"tei_placeName\" title=\"tei:name[@type=&quot;place&quot;]\">Medina<\/span> con cartas de <span class=\"date\">diez del passado<\/span> y con nuevas de <span class=\"tei_placeName\" title=\"tei:name[@type=&quot;place&quot;]\">Sevilla<\/span> no buenas; y por ninguna parte he podido saber de v<span class=\"tei_expan\" title=\"tei:expan\"><span class=\"ex\">uestra<\/span><\/span> m<span class=\"tei_expan\" title=\"tei:expan\"><span class=\"ex\">erced<\/span><\/span> ni visto carta suya, ni tenido aviso de la salud de mis h<span class=\"tei_expan\" title=\"tei:expan\"><span class=\"ex\">e<\/span><\/span>r<span class=\"tei_expan\" title=\"tei:expan\"><span class=\"ex\">man<\/span><\/span>os en <span class=\"tei_placeName\" title=\"tei:name[@type=&quot;place&quot;]\">Sevilla<\/span>. Estoy tan affligido desto que no s\u00e9 de m\u00ed, y con mis pensamientos, que acerca de\n               los que bien quiero jam\u00e1s reposan, hago dozientos<sup class=\"appnote\" data-app=\"App7\">7<\/sup> discursos a la hora, y todos tristes. [<b>2<\/b>] Por amor de Dios, que v<span class=\"tei_expan\" title=\"tei:expan\"><span class=\"ex\">uestra<\/span><\/span> m<span class=\"tei_expan\" title=\"tei:expan\"><span class=\"ex\">erced<\/span><\/span> no dexe venir correo con quien siquiera una palabra no me escriva, y esta sea la\n               m\u00e1s importante a mi salud, que sea aviso de la de v<span class=\"tei_expan\" title=\"tei:expan\"><span class=\"ex\">uestra<\/span><\/span> m<span class=\"tei_expan\" title=\"tei:expan\"><span class=\"ex\">erced<\/span><\/span> y de los que v<span class=\"tei_expan\" title=\"tei:expan\"><span class=\"ex\">uestra<\/span><\/span> m<span class=\"tei_expan\" title=\"tei:expan\"><span class=\"ex\">erced<\/span><\/span> sabe devo amar. [<b>3<\/b>] Porque ha pocos d\u00edas escriv\u00ed a v<span class=\"tei_expan\" title=\"tei:expan\"><span class=\"ex\">uestra<\/span><\/span> m<span class=\"tei_expan\" title=\"tei:expan\"><span class=\"ex\">erced<\/span><\/span> largo y agora no tengo cosa nueva, sino <span class=\"tei_del\" title=\"tei:del\">do<\/span> tristeza y cuydado que no me dexa entender en cosa que me d\u00e9 gusto, no ser\u00e9 m\u00e1s largo\n               en esta. [<b>4<\/b>] El buen <span class=\"tei_persName\" title=\"tei:name[@type=&quot;person&quot;]\">Plantino<\/span> se parte a <span class=\"tei_placeName\" title=\"tei:name[@type=&quot;place&quot;]\">Par\u00eds<\/span> <span class=\"date\">un d\u00eda despu\u00e9s de la fecha<\/span> a procurar cosas para esta santa obra. \u00c9l besa las manos de v<span class=\"tei_expan\" title=\"tei:expan\"><span class=\"ex\">uestra<\/span><\/span> m<span class=\"tei_expan\" title=\"tei:expan\"><span class=\"ex\">erced<\/span><\/span>.<sup class=\"appnote\" data-app=\"App8\">8<\/sup> E yo las de mi s<span class=\"tei_expan\" title=\"tei:expan\"><span class=\"ex\">e\u00f1<\/span><\/span>or d<span class=\"tei_expan\" title=\"tei:expan\"><span class=\"ex\">on<\/span><\/span> <span class=\"tei_persName\" title=\"tei:name[@type=&quot;person&quot;]\">Luis Manrique<\/span>. \n [<b>5<\/b>] N<span class=\"tei_expan\" title=\"tei:expan\"><span class=\"ex\">uest<\/span><\/span>ro S<span class=\"tei_expan\" title=\"tei:expan\"><span class=\"ex\">e\u00f1<\/span><\/span>or la ill<span class=\"tei_expan\" title=\"tei:expan\"><span class=\"ex\">ustr<\/span><\/span>e pers<span class=\"tei_expan\" title=\"tei:expan\"><span class=\"ex\">on<\/span><\/span>a de v<span class=\"tei_expan\" title=\"tei:expan\"><span class=\"ex\">uestra<\/span><\/span> m<span class=\"tei_expan\" title=\"tei:expan\"><span class=\"ex\">erced<\/span><\/span> prospere en su servicio. En <span class=\"tei_placeName\" title=\"tei:name[@type=&quot;place&quot;]\">Anvers<\/span>, <span class=\"date\">4 de julio, 1569<\/span>.\n            <\/p>\n           \n               <p>Besa las manos de v<span class=\"tei_expan\" title=\"tei:expan\"><span class=\"ex\">uestra<\/span><\/span> m<span class=\"tei_expan\" title=\"tei:expan\"><span class=\"ex\">erced<\/span><\/span> su servidor,\n               <\/p>\n            \n            <div class=\"signed\" style=\"text-align:right\"><span title=\"tei:name[@type=&quot;person&quot;]\" class=\"tei_persName\">B<span title=\"tei:expan\" class=\"tei_expan\"><span class=\"ex\">enito<\/span><\/span> Arias Montano \u062a\u0644\u0645\u064a\u062f <sup class=\"appnote\" data-app=\"App9\">9<\/sup><\/span><\/div>\n         <\/section>\n      <\/div>\n      <!--TEI back-->\n      <div class=\"tei_back\">\n         \n      <\/div>\n      <div class=\"appcrit\">\n         <div class=\"app\" id=\"App1\"><span class=\"lemma\">mi se\u00f1or Gabriel de \u00c7ayas, secretario de Stados<\/span>] <span class=\"lemmawitness\">O, E2<\/span>; Gabriel de Zayas, mi se\u00f1or, secretario de Estado (E1)\n         <\/div>\n         <div class=\"app\" id=\"App2\"><span class=\"lemma\">Anvers. A \u00c7ayas. Arias Montano a IIII<sup>o<\/sup> de julio, 1569.<\/span>] <span class=\"lemmawitness\">O, E2<\/span>; <span style=\"font-style:italic\">omisit<\/span> (E1)\n         <\/div>\n         <div class=\"app\" id=\"App3\"><span class=\"lemma\">IIII<sup>o<\/sup><\/span>] <span class=\"lemmawitness\">O<\/span>; IIII (E2)\n         <\/div>\n         <div class=\"app\" id=\"App4\"><span class=\"lemma\">Las ruynes nuevas que tiene de Sevilla.<\/span>] <span class=\"lemmawitness\">O, E2<\/span>; <span style=\"font-style:italic\">omisit<\/span> (E1)\n         <\/div>\n         <div class=\"app\" id=\"App5\"><span class=\"lemma\">Plantino Yda de Plantino a Par\u00eds.<\/span>] <span class=\"lemmawitness\">O, E2<\/span>; <span style=\"font-style:italic\">omisit<\/span> (E1)\n         <\/div>\n         <div class=\"app\" id=\"App6\"><span class=\"lemma\">Illustre se\u00f1or:<\/span>] <span class=\"lemmawitness\">O, E2<\/span>; <span style=\"font-style:italic\">omisit<\/span> (E1)\n         <\/div>\n         <div class=\"app\" id=\"App7\"><span class=\"lemma\">dozientos<\/span>] <span class=\"lemmawitness\">O, E2<\/span>; doscientos (E1)\n         <\/div>\n         <div class=\"app\" id=\"App8\"><span class=\"lemma\">merced.<\/span>] <span class=\"lemmawitness\">O<\/span>; merced (E1, E2)\n         <\/div>\n         <div class=\"app\" id=\"App9\"><span class=\"lemma\">\u062a\u0644\u0645\u064a\u062f <\/span>] <span class=\"lemmawitness\">O, E2<\/span>; <span style=\"font-style:italic\">omisit<\/span> (E1)\n         <\/div>\n      <\/div>\n      <div class=\"stdfooter autogenerated\">\n         <div class=\"footer\">\n            <!--standard links to project, institution etc--><a class=\"plain\" href=\"\/en\/\"><\/a> \n         <\/div>\n         \n            <!--\n Generated from index.xml using XSLT stylesheets version 7.56.0\n\t\t based on http:\/\/www.tei-c.org\/Stylesheets\/\n\t\t on 2024-01-15T18:00:19Z.\n\t\t SAXON HE 9.8.0.15.\n\t\t   -->\n      <\/div>\n\n\n\n<div style=\"height:50px\" aria-hidden=\"true\" class=\"wp-block-spacer\"><\/div>\n\n\n\n<div class=\"wp-block-buttons is-layout-flex wp-block-buttons-is-layout-flex\"><\/div>\n<\/div>\n\n\n\n<div class=\"wp-block-column is-layout-flow wp-block-column-is-layout-flow\">\n<b>TEXT AND NOTES (WITHOUT VISUALIZATION OF XML-TEI MARKUP)<\/b>\n   \n     \n  \n   \n      <meta http-equiv=\"Content-Type\" content=\"text\/html; charset=UTF-8\">\n      <!--THIS FILE IS GENERATED FROM AN XML MASTER. DO NOT EDIT (5)--><title>La correspondencia de Benito Arias Montano: edici\u00f3n cr\u00edtica digital \u2014 Benito Arias Montano (Amberes) a Gabriel de Zayas (Madrid) &#8211; 4 de julio de 1569 <\/title><meta name=\"author\" content=\"Benito Arias Montano\">\n      <meta name=\"generator\" content=\"Text Encoding Initiative Consortium XSLT stylesheets\">\n      <meta name=\"DC.Title\" content=\"La correspondencia de Benito Arias Montano: edici\u00f3n cr\u00edtica digital \u2014 Benito Arias Montano (Amberes) a Gabriel de Zayas (Madrid) - 4 de julio de 1569\">\n      <meta name=\"DC.Type\" content=\"Text\">\n      <meta name=\"DC.Format\" content=\"text\/html\"><link href=\"http:\/\/nl.ijs.si\/tei\/convert\/profiles\/test\/html\/jsi-tei.css\" rel=\"stylesheet\" type=\"text\/css\"><link rel=\"stylesheet\" media=\"print\" type=\"text\/css\" href=\"https:\/\/www.tei-c.org\/release\/xml\/tei\/stylesheet\/tei-print.css\">\n   \n      <div class=\"stdheader autogenerated\">\n        \n      <\/div>\n     \n      <!--TEI body--><br><br>\n      <div class=\"tei_body\">\n         <section class=\"address\" id=\"index.xml-body.1_div.1\">\n            <div class=\"pagebreak\" id=\"index.xml-pb-w2145784ab2b5b3b1b1\"><a href=\"http:\/\/lacorrespondenciadebenitoariasmontano.online\/wp-content\/uploads\/2024\/01\/AGS-E-583-14-f-2v-scaled.jpg\" target=\"_blank\" onclick=\"window.open(this.href, this.target, 'width=400,height=600'); return false;\" rel=\"noopener\">[f. [2v]]<\/a><\/div>\n            <header>\n               <h5><span class=\"head\">[<i>Sobrescrito<\/i>:]<\/span><\/h5>\n            <\/header>\n            <div>Al illustre se\u00f1or mi se\u00f1or Gabriel de \u00c7ayas, secretario de Stados de Su Magestad y de su Consejo. En corte.\n            <\/div>\n         <\/section>\n         <section class=\"anotation\" id=\"index.xml-body.1_div.2\">\n            <header>\n               <h5><span class=\"head\">[<i>Anotado por otra mano, en el margen, con escritura transversal<\/i>:]<\/span><\/h5>\n            <\/header>\n            <p>Anvers. A \u00c7ayas. Arias Montano a IIII<sup>o<\/sup> de julio, 1569.\n            <\/p><p>Las ruynes nuevas que tiene de Sevilla.\n            <\/p>\n            <p>Yda de Plantino a Par\u00eds.\n            <\/p>\n         <\/section>\n         <section class=\"main_content\" id=\"index.xml-body.1_div.3\">\n            \n            <div class=\"pagebreak\" id=\"index.xml-pb-w2145784ab2b5b3b5b1\"><a href=\"http:\/\/lacorrespondenciadebenitoariasmontano.online\/wp-content\/uploads\/2024\/01\/AGS-E-583-14-f-1r-scaled.jpg\" target=\"_blank\" onclick=\"window.open(this.href, this.target, 'width=400,height=600'); return false;\" rel=\"noopener\">[f. [1r]]<\/a><\/div>\n            <div class=\"opener\">Illustre se\u00f1or:<\/div>\n            <p>[<b>1<\/b>] A los tres deste lleg\u00f3 a esta villa un correo despachado de Medina con cartas de diez del passado y con nuevas de Sevilla no buenas;<a class=\"link_ref\" id=\"reference1\" href=\"#note1\" title=\"1 Desconocemos la naturaleza de esas malas noticias y si el \u00e1mbito de las mismas es el \u00fablico o el privado.\">1<\/a> y por ninguna parte he podido saber de vuestra merced ni visto carta suya, ni tenido aviso de la salud de mis hermanos en Sevilla. Estoy tan affligido desto que no s\u00e9 de m\u00ed, y con mis pensamientos, que acerca de\n               los que bien quiero jam\u00e1s reposan, hago dozientos discursos a la hora, y todos tristes. [<b>2<\/b>] Por amor de Dios, que vuestra merced no dexe venir correo con quien siquiera una palabra no me escriva, y esta sea la\n               m\u00e1s importante a mi salud, que sea aviso de la de vuestra merced y de los que vuestra merced sabe devo amar. [<b>3<\/b>] Porque ha pocos d\u00edas escriv\u00ed a vuestra merced largo<a class=\"link_ref\" id=\"reference2\" href=\"#note2\" title=\"2 En una extensa carta no conservada que debi\u00f3 de ser escrita hacia finales de junio de 1569. A esta carta BAM hace tambi\u00e9n ref...\">2<\/a> y agora no tengo cosa nueva, sino tristeza y cuydado que no me dexa entender en cosa que me d\u00e9 gusto, no ser\u00e9 m\u00e1s largo\n               en esta. [<b>4<\/b>] El buen Plantino se parte a Par\u00eds un d\u00eda despu\u00e9s de la fecha a procurar cosas para esta santa obra.<a class=\"link_ref\" id=\"reference3\" href=\"#note3\" title=\"3 Plantino se demor\u00f3 unas seis semanas en este viaje por Francia para hacer acopio de papel para sus impresiones. No es hasta f...\">3<\/a> \u00c9l besa las manos de vuestra merced. E yo las de mi se\u00f1or don Luis Manrique.<a class=\"link_ref\" id=\"reference4\" href=\"#note4\" title=\"4 La cercan\u00eda del biblista y el Limosnero Real Luis Manrique de Lara quien ha sido ya nombrado en varias cartas precedentes se ...\">4<\/a> [<b>5<\/b>] Nuestro Se\u00f1or la illustre persona de vuestra merced prospere en su servicio. En Anvers, 4 de julio, 1569.\n            <\/p>\n           \n               <p>Besa las manos de vuestra merced su servidor,\n               <\/p>\n            \n            <div class=\"signed\" style=\"text-align:right\">Benito Arias Montano \u062a\u0644\u0645\u064a\u062f <\/div>\n         <\/section>\n      <\/div>\n      <!--TEI back-->\n      <div class=\"tei_back\">\n         <section class=\"notes\" id=\"index.xml-back.1_div.1\">\n            \n            <div class=\"note\" id=\"note1\"><span class=\"noteLabel\">Note: <\/span><a class=\"link_ref\" href=\"#reference1\" title=\"1\">1<\/a> Desconocemos la naturaleza de esas malas noticias, y si el \u00e1mbito de las mismas es\n               el \u00fablico o el privado.\n            <\/div>\n            <div class=\"note\" id=\"note2\"><span class=\"noteLabel\">Note: <\/span><a class=\"link_ref\" href=\"#reference2\" title=\"2\">2<\/a> En una extensa carta no conservada, que debi\u00f3 de ser escrita hacia finales de junio\n               de 1569. A esta carta BAM hace tambi\u00e9n referencia al inicio de la n\u00famero 1569 07 09.\n            <\/div>\n            <div class=\"note\" id=\"note3\"><span class=\"noteLabel\">Note: <\/span><a class=\"link_ref\" href=\"#reference3\" title=\"3\">3<\/a> Plantino se demor\u00f3 unas seis semanas en este viaje por Francia para hacer acopio de\n               papel para sus impresiones. No es hasta final de agosto cuando regresa a la imprenta\n               y reanuda su actividad epistolar. V\u00e9ase carta del impresor al cardenal de Granvela,\n               del 27 de agosto de 1569, en <span class=\"titlem\">CP<\/span>, II, 62-63, n\u00ba 180.\n            <\/div>\n            <div class=\"note\" id=\"note4\"><span class=\"noteLabel\">Note: <\/span><a class=\"link_ref\" href=\"#reference4\" title=\"4\">4<\/a> La cercan\u00eda del biblista y el Limosnero Real Luis Manrique de Lara, quien ha sido\n               ya nombrado en varias cartas precedentes, se refleja en varios testimonios epistolares,\n               como el deseo de Manrique de retirarse tambi\u00e9n a la Pe\u00f1a, si BAM y Juan de Ovando,\n               presidente del Consejo de Indias, as\u00ed lo hizieran (cf. carta de Ovando a BAM, de 21\n               de enero de 1570, 1570 01 21), o la a\u00f1oranza de BAM de disfrutar de la conversaci\u00f3n\n               de Zayas y Luis Manrique en corte (cf. carta 1579 01 04). En los primeros a\u00f1os de\n               su estancia en Amberes, BAM env\u00eda de forma frecuente cofres con todo tipo de objetos\n               de lujo para Luis Manrique, quien debi\u00f3 de de mantener una copiosa correspondencia\n               con el biblista de Fregenal, desafortunadamente perdida. En alguna de esas cartas,\n               Luis Manrique anim\u00f3 a BAM a dise\u00f1ar los grabados para el primer tomo de la Biblia\n               (cf. carta <a href=\"https:\/\/lacorrespondenciadebenitoariasmontano.online\/en\/1569-04-06\/\">1569 04 06<\/a>).\n            <\/div>\n         <\/section>\n      <\/div>\n      \n      <div class=\"stdfooter autogenerated\">\n         <div class=\"footer\">\n            <!--standard links to project, institution etc--><a class=\"plain\" href=\"\/en\/\"><\/a> \n         <\/div>\n         \n            <!--\n Generated from index.xml using XSLT stylesheets version 7.56.0\n\t\t based on http:\/\/www.tei-c.org\/Stylesheets\/\n\t\t on 2024-01-15T18:00:19Z.\n\t\t SAXON HE 9.8.0.15.\n\t\t   -->\n      <\/div>\n\n\n\n<div style=\"height:53px\" aria-hidden=\"true\" class=\"wp-block-spacer\"><\/div>\n\n\n\n<div class=\"wp-block-buttons is-layout-flex wp-block-buttons-is-layout-flex\">\n<div class=\"wp-block-button aligncenter\"><a class=\"wp-block-button__link has-white-color has-text-color wp-element-button\" href=\"https:\/\/github.com\/CoBAM-editor\/CoBAM\/blob\/main\/1569%2007%2004%20CoBAM.xml\" style=\"border-radius:8px\">XML<\/a><\/div>\n<\/div>\n<\/div>\n<\/div>","protected":false},"excerpt":{"rendered":"<p>1569 07 04 Benito Arias Montano (Amberes) a Gabriel de Zayas (Madrid) 4 de julio de 1569 Identificador: 1569 07 04 \u00cdncipit: A los tres deste lleg\u00f3 a esta villa un correo despachado de Medina&#8230; Manuscritos: (O) AGS, E 583\/14. Impresos: (E1) Codoin, p. 163; (E2) Dom\u00ednguez, Correspondencia, I, 244-245. Edici\u00f3n cr\u00edtica y notas: Antonio [&hellip;]<\/p>","protected":false},"author":1,"featured_media":1721,"parent":0,"menu_order":0,"comment_status":"closed","ping_status":"closed","template":"elementor_header_footer","meta":{"footnotes":""},"class_list":["post-5434","page","type-page","status-publish","has-post-thumbnail","czr-hentry"],"_links":{"self":[{"href":"https:\/\/lacorrespondenciadebenitoariasmontano.online\/en\/wp-json\/wp\/v2\/pages\/5434"}],"collection":[{"href":"https:\/\/lacorrespondenciadebenitoariasmontano.online\/en\/wp-json\/wp\/v2\/pages"}],"about":[{"href":"https:\/\/lacorrespondenciadebenitoariasmontano.online\/en\/wp-json\/wp\/v2\/types\/page"}],"author":[{"embeddable":true,"href":"https:\/\/lacorrespondenciadebenitoariasmontano.online\/en\/wp-json\/wp\/v2\/users\/1"}],"replies":[{"embeddable":true,"href":"https:\/\/lacorrespondenciadebenitoariasmontano.online\/en\/wp-json\/wp\/v2\/comments?post=5434"}],"version-history":[{"count":70,"href":"https:\/\/lacorrespondenciadebenitoariasmontano.online\/en\/wp-json\/wp\/v2\/pages\/5434\/revisions"}],"predecessor-version":[{"id":11156,"href":"https:\/\/lacorrespondenciadebenitoariasmontano.online\/en\/wp-json\/wp\/v2\/pages\/5434\/revisions\/11156"}],"wp:featuredmedia":[{"embeddable":true,"href":"https:\/\/lacorrespondenciadebenitoariasmontano.online\/en\/wp-json\/wp\/v2\/media\/1721"}],"wp:attachment":[{"href":"https:\/\/lacorrespondenciadebenitoariasmontano.online\/en\/wp-json\/wp\/v2\/media?parent=5434"}],"curies":[{"name":"wp","href":"https:\/\/api.w.org\/{rel}","templated":true}]}}