{"id":7915,"date":"2024-08-30T08:45:44","date_gmt":"2024-08-30T08:45:44","guid":{"rendered":"https:\/\/lacorrespondenciadebenitoariasmontano.online\/?page_id=7915"},"modified":"2026-02-09T13:00:00","modified_gmt":"2026-02-09T13:00:00","slug":"1570-05-01-g","status":"publish","type":"page","link":"https:\/\/lacorrespondenciadebenitoariasmontano.online\/en\/1570-05-01-g\/","title":{"rendered":"1570 05 01 G"},"content":{"rendered":"<div class=\"wp-block-columns is-layout-flex wp-container-core-columns-is-layout-2 wp-block-columns-is-layout-flex\">\n<div class=\"wp-block-column is-layout-flow wp-block-column-is-layout-flow\">\n<p class=\"has-text-align-center\" style=\"font-size:31px\">1570 05 01 G <\/p>\n\n\n\n<p class=\"has-text-align-center\" style=\"font-size:31px\">Cornelio Gemma (Leuven) to Benito Arias Montano (Antwerp)<\/p>\n\n\n\n<p class=\"has-text-align-right\" style=\"font-size:22px\">1 May 1570<\/p>\n\n\n\n<div style=\"height:28px\" aria-hidden=\"true\" class=\"wp-block-spacer\"><\/div>\n\n\n\n<div class=\"wp-block-columns is-layout-flex wp-container-core-columns-is-layout-1 wp-block-columns-is-layout-flex\">\n<div class=\"wp-block-column is-layout-flow wp-block-column-is-layout-flow\" style=\"flex-basis:33.33%\">\n<div class=\"wp-block-cover is-light wp-duotone-unset-1\" style=\"min-height:103px;aspect-ratio:unset;\"><span aria-hidden=\"true\" class=\"wp-block-cover__background has-background-dim-10 has-background-dim\"><\/span><img fetchpriority=\"high\" decoding=\"async\" width=\"1127\" height=\"423\" class=\"wp-block-cover__image-background wp-image-606\" alt=\"\" src=\"https:\/\/lacorrespondenciadebenitoariasmontano.online\/wp-content\/uploads\/2023\/03\/cropped-Gysbrechts-1.jpg\" data-object-fit=\"cover\" srcset=\"https:\/\/lacorrespondenciadebenitoariasmontano.online\/wp-content\/uploads\/2023\/03\/cropped-Gysbrechts-1.jpg 1127w, https:\/\/lacorrespondenciadebenitoariasmontano.online\/wp-content\/uploads\/2023\/03\/cropped-Gysbrechts-1-300x113.jpg 300w, https:\/\/lacorrespondenciadebenitoariasmontano.online\/wp-content\/uploads\/2023\/03\/cropped-Gysbrechts-1-1024x384.jpg 1024w, https:\/\/lacorrespondenciadebenitoariasmontano.online\/wp-content\/uploads\/2023\/03\/cropped-Gysbrechts-1-768x288.jpg 768w\" sizes=\"(max-width: 1127px) 100vw, 1127px\" \/><div class=\"wp-block-cover__inner-container is-layout-flow wp-block-cover-is-layout-flow\">\n<p class=\"has-text-align-center has-white-color has-text-color has-medium-font-size\"><strong>METADATA<\/strong><\/p>\n<\/div><\/div>\n\n\n\n<div style=\"height:10px\" aria-hidden=\"true\" class=\"wp-block-spacer\"><\/div>\n\n\n\n<meta http-equiv=\"Content-Type\" content=\"text\/html; charset=UTF-8\">\n   \n   \n      <div style=\"background-color:White;border:solid 1px DimGrey;border-radius:5px;\">\n         <div style=\"margin-left: 15px; color: #1C1C1C;\">\n            <p><b>Identifier: <\/b>1570 05 01 G<\/p>\n         <\/div>\n         <div style=\"margin-left: 15px; color: #1C1C1C;\">\n            <p><b>Incipit: <\/b>Clarissime domine doctor et patrone obseruandissime, si sus (quod aiunt) uocanda ad\n               opus Mineruae fuit&#8230;<\/p>\n         <\/div>\n         <div style=\"margin-left: 15px\">\n            <p><b>Manuscripts: <\/b><\/p>\n            <ul>\n               (O) KBS, Ms. A 902, ff. 114r-115v.\n               <\/ul>\n         <\/div>\n         <div style=\"margin-left: 15px\">\n            <p><b>Prints: <\/b><\/p>\n            <ul>(E1) Van Ortroy, <i>Bio-bibliographie de Gemma Frisius<\/i>, pp. 413-415; (E2) Mac\u00edas, <i>La Biblia Pol\u00edglota de Amberes<\/i>, pp. 180-183; (E3) Dom\u00ednguez, <i>Correspondencia<\/i>, I, 390-395.<\/ul>\n         <\/div>\n         <div style=\"margin-left: 15px\">\n            <p><b>Critical edition, translation and notes: <\/b>Baldomero Mac\u00edas Rosendo<\/p>\n         <\/div>\n         <div style=\"margin-left: 15px\">\n            <p><b>Codification and digital edition: <\/b>Antonio D\u00e1vila P\u00e9rez<\/p>\n         <\/div>\n      <\/div>\n<\/div>\n\n\n\n<div class=\"wp-block-column is-layout-flow wp-block-column-is-layout-flow\" style=\"flex-basis:66.66%\">\n<p><strong>SUMMARY<\/strong><\/p>\n\n\n\n<p>Gemma has corrected the prologue of the Bible written by BAM, although he expresses feelings of not being up to the task. He is impressed by the form and subject of the text. He just sends some corrections regarding the wording and suggestes adding a comparison of Philip II to the Roman kings. He thanks again BAM for his recommendation to the Spanish court. Soon he will go to visit Montano. He also invites him to his ceremony of doctorate that will take place on 22 May.&nbsp;<\/p>\n\n\n\n<p><strong>COMMENT<\/strong><\/p>\n\n\n\n<p>The early connections between Cornelius Gemma and BAM can be traced back to 9 November 1568. The young Cornelius did not hesitate to turn to the king's envoy to seek his favor regarding a position as a professor of medicine in Leuven. Gemma's judgment on the preface of the Bible is too laden with servility and gratitude for the favor received to be fully appreciated in its entirety.<\/p>\n\n\n\n<p><\/p>\n\n\n\n<p><\/p>\n\n\n\n<p><\/p>\n<\/div>\n<\/div>\n<\/div>\n<\/div>\n\n\n\n<p><strong>FACSIMILE<\/strong><\/p>\n\n\n\n<div class=\"wp-block-columns is-layout-flex wp-container-core-columns-is-layout-3 wp-block-columns-is-layout-flex\">\n<div class=\"wp-block-column is-layout-flow wp-block-column-is-layout-flow\" style=\"flex-basis:80%\">\n<figure class=\"wp-block-gallery has-nested-images columns-4 is-cropped wp-block-gallery-2 is-layout-flex wp-block-gallery-is-layout-flex\">\n<figure class=\"wp-block-image size-large is-style-zoooom\"><img decoding=\"async\" width=\"694\" height=\"1024\" src=\"https:\/\/lacorrespondenciadebenitoariasmontano.online\/wp-content\/uploads\/2024\/08\/KBS-Ms.-A-902-f.-114r-694x1024.jpg\" alt=\"\" class=\"wp-image-7905\" srcset=\"https:\/\/lacorrespondenciadebenitoariasmontano.online\/wp-content\/uploads\/2024\/08\/KBS-Ms.-A-902-f.-114r-694x1024.jpg 694w, https:\/\/lacorrespondenciadebenitoariasmontano.online\/wp-content\/uploads\/2024\/08\/KBS-Ms.-A-902-f.-114r-203x300.jpg 203w, https:\/\/lacorrespondenciadebenitoariasmontano.online\/wp-content\/uploads\/2024\/08\/KBS-Ms.-A-902-f.-114r-768x1134.jpg 768w, https:\/\/lacorrespondenciadebenitoariasmontano.online\/wp-content\/uploads\/2024\/08\/KBS-Ms.-A-902-f.-114r-1040x1536.jpg 1040w, https:\/\/lacorrespondenciadebenitoariasmontano.online\/wp-content\/uploads\/2024\/08\/KBS-Ms.-A-902-f.-114r-8x12.jpg 8w, https:\/\/lacorrespondenciadebenitoariasmontano.online\/wp-content\/uploads\/2024\/08\/KBS-Ms.-A-902-f.-114r.jpg 1387w\" sizes=\"(max-width: 694px) 100vw, 694px\" \/><figcaption class=\"wp-element-caption\"><strong>KBS, Ms. A 902<\/strong>, <strong>f. 114r<\/strong><\/figcaption><\/figure>\n\n\n\n<figure class=\"wp-block-image size-large is-style-zoooom\"><img decoding=\"async\" width=\"689\" height=\"1024\" src=\"https:\/\/lacorrespondenciadebenitoariasmontano.online\/wp-content\/uploads\/2024\/08\/KBS-Ms.-A-902-f.-114v-689x1024.jpg\" alt=\"\" class=\"wp-image-7906\" srcset=\"https:\/\/lacorrespondenciadebenitoariasmontano.online\/wp-content\/uploads\/2024\/08\/KBS-Ms.-A-902-f.-114v-689x1024.jpg 689w, https:\/\/lacorrespondenciadebenitoariasmontano.online\/wp-content\/uploads\/2024\/08\/KBS-Ms.-A-902-f.-114v-202x300.jpg 202w, https:\/\/lacorrespondenciadebenitoariasmontano.online\/wp-content\/uploads\/2024\/08\/KBS-Ms.-A-902-f.-114v-768x1142.jpg 768w, https:\/\/lacorrespondenciadebenitoariasmontano.online\/wp-content\/uploads\/2024\/08\/KBS-Ms.-A-902-f.-114v-1033x1536.jpg 1033w, https:\/\/lacorrespondenciadebenitoariasmontano.online\/wp-content\/uploads\/2024\/08\/KBS-Ms.-A-902-f.-114v-8x12.jpg 8w, https:\/\/lacorrespondenciadebenitoariasmontano.online\/wp-content\/uploads\/2024\/08\/KBS-Ms.-A-902-f.-114v.jpg 1308w\" sizes=\"(max-width: 689px) 100vw, 689px\" \/><figcaption class=\"wp-element-caption\"><strong>KBS, Ms. A 902, f. 114v<\/strong><\/figcaption><\/figure>\n\n\n\n<figure class=\"wp-block-image size-large is-style-zoooom\"><img loading=\"lazy\" decoding=\"async\" width=\"730\" height=\"1024\" src=\"https:\/\/lacorrespondenciadebenitoariasmontano.online\/wp-content\/uploads\/2024\/08\/KBS-Ms.-A-902-f.-115r-730x1024.jpg\" alt=\"\" class=\"wp-image-7907\" srcset=\"https:\/\/lacorrespondenciadebenitoariasmontano.online\/wp-content\/uploads\/2024\/08\/KBS-Ms.-A-902-f.-115r-730x1024.jpg 730w, https:\/\/lacorrespondenciadebenitoariasmontano.online\/wp-content\/uploads\/2024\/08\/KBS-Ms.-A-902-f.-115r-214x300.jpg 214w, https:\/\/lacorrespondenciadebenitoariasmontano.online\/wp-content\/uploads\/2024\/08\/KBS-Ms.-A-902-f.-115r-768x1077.jpg 768w, https:\/\/lacorrespondenciadebenitoariasmontano.online\/wp-content\/uploads\/2024\/08\/KBS-Ms.-A-902-f.-115r-1095x1536.jpg 1095w, https:\/\/lacorrespondenciadebenitoariasmontano.online\/wp-content\/uploads\/2024\/08\/KBS-Ms.-A-902-f.-115r-9x12.jpg 9w, https:\/\/lacorrespondenciadebenitoariasmontano.online\/wp-content\/uploads\/2024\/08\/KBS-Ms.-A-902-f.-115r.jpg 1393w\" sizes=\"(max-width: 730px) 100vw, 730px\" \/><figcaption class=\"wp-element-caption\"><strong>KBS, Ms. A 902, f. 115r<\/strong><\/figcaption><\/figure>\n\n\n\n<figure class=\"wp-block-image size-large is-style-zoooom\"><img loading=\"lazy\" decoding=\"async\" width=\"692\" height=\"1024\" src=\"https:\/\/lacorrespondenciadebenitoariasmontano.online\/wp-content\/uploads\/2024\/08\/KBS-Ms.-A-902-f.-115v-692x1024.jpg\" alt=\"\" class=\"wp-image-7908\" srcset=\"https:\/\/lacorrespondenciadebenitoariasmontano.online\/wp-content\/uploads\/2024\/08\/KBS-Ms.-A-902-f.-115v-692x1024.jpg 692w, https:\/\/lacorrespondenciadebenitoariasmontano.online\/wp-content\/uploads\/2024\/08\/KBS-Ms.-A-902-f.-115v-203x300.jpg 203w, https:\/\/lacorrespondenciadebenitoariasmontano.online\/wp-content\/uploads\/2024\/08\/KBS-Ms.-A-902-f.-115v-768x1136.jpg 768w, https:\/\/lacorrespondenciadebenitoariasmontano.online\/wp-content\/uploads\/2024\/08\/KBS-Ms.-A-902-f.-115v-1039x1536.jpg 1039w, https:\/\/lacorrespondenciadebenitoariasmontano.online\/wp-content\/uploads\/2024\/08\/KBS-Ms.-A-902-f.-115v-8x12.jpg 8w, https:\/\/lacorrespondenciadebenitoariasmontano.online\/wp-content\/uploads\/2024\/08\/KBS-Ms.-A-902-f.-115v.jpg 1334w\" sizes=\"(max-width: 692px) 100vw, 692px\" \/><figcaption class=\"wp-element-caption\"><strong>KBS, Ms. A 902, f. 115v<\/strong><\/figcaption><\/figure>\n<\/figure>\n<\/div>\n\n\n\n<div class=\"wp-block-column is-layout-flow wp-block-column-is-layout-flow\" style=\"flex-basis:17%\"><\/div>\n<\/div>\n\n\n\n<div class=\"wp-block-buttons is-layout-flex wp-block-buttons-is-layout-flex\"><\/div>\n\n\n\n<div style=\"height:84px\" aria-hidden=\"true\" class=\"wp-block-spacer\"><\/div>\n\n\n\n<div style=\"height:0px\" aria-hidden=\"true\" class=\"wp-block-spacer\"><\/div>\n\n\n\n<div class=\"wp-block-columns is-layout-flex wp-container-core-columns-is-layout-4 wp-block-columns-is-layout-flex\">\n<div class=\"wp-block-column is-layout-flow wp-block-column-is-layout-flow\">\n<b>TEXT AND CRITICAL APPARATUS (VISUALIZATION OF XML-TEI MARKUP)<\/b>\n\n   \n   \n   \n      <meta http-equiv=\"Content-Type\" content=\"text\/html; charset=UTF-8\">\n      <!--THIS FILE IS GENERATED FROM AN XML MASTER. DO NOT EDIT (5)--><title>La correspondencia de Benito Arias Montano: edici\u00f3n cr\u00edtica digital \u2014   Cornelio Gemma (Lovaina) a Benito Arias Montano (Amberes) &#8211; 1 de mayo de 1570 <\/title><meta name=\"author\" content=\"Cornelio Gemma\">\n      <meta name=\"generator\" content=\"Text Encoding Initiative Consortium XSLT stylesheets\">\n      <meta name=\"DC.Title\" content=\"La correspondencia de Benito Arias Montano: edici\u00f3n cr\u00edtica digital \u2014 Cornelio Gemma (Lovaina) a Benito Arias Montano (Amberes) - 1 de mayo de 1570\">\n      <meta name=\"DC.Type\" content=\"Text\">\n      <meta name=\"DC.Format\" content=\"text\/html\"><link href=\"http:\/\/nl.ijs.si\/tei\/convert\/profiles\/test\/html\/jsi-tei.css\" rel=\"stylesheet\" type=\"text\/css\"><link rel=\"stylesheet\" media=\"print\" type=\"text\/css\" href=\"https:\/\/www.tei-c.org\/release\/xml\/tei\/stylesheet\/tei-print.css\">\n   \n      <div class=\"stdheader autogenerated\">\n         \n      <\/div>\n      <section class=\"source\" id=\"index.xml-group.1_text.1\">\n        \n                  <div class=\"tei_body\"><br><br>\n            <div class=\"address\" id=\"index.xml-group.1_text.1_body.1_div.1\">\n               <div class=\"pagebreak\" id=\"index.xml-pb-w8552528ab2b5b1b1b3b1b1\"><a href=\"https:\/\/lacorrespondenciadebenitoariasmontano.online\/wp-content\/uploads\/2024\/08\/KBS-Ms.-A-902-f.-115v.jpg\" target=\"_blank\" onclick=\"window.open(this.href, this.target, 'width=400,height=600'); return false;\" rel=\"noopener\">[f. 115v]<\/a><\/div>\n               <h5><span class=\"head\">[<i>Sobrescrito<\/i>:]<\/span><\/h5>\n               <div>\u2020Cl\u2020arissimo domino \u2020doc\u2020tori<a class=\"notelink\" href=\"#App1\"><sup>1<\/sup><\/a>, sacrae paginae \u2020in\u2020terpreti Regio, d<span title=\"tei:expan\" class=\"tei_expan\"><span class=\"ex\">omino<\/span><\/span> Ariae \u2020M\u2020ontano, domino suo \u2020co\u2020lendissimo. <span title=\"tei:name[@type=&quot;place&quot;]\" class=\"tei_placeName\">Hantuerpiae<\/span>.\n               <\/div>\n            <\/div>\n            <div class=\"anotation\" id=\"index.xml-group.1_text.1_body.1_div.2\">\n               <h5><span class=\"head\">[<i>Anotado por otra mano, en el margen, con escritura transversal<\/i>:]<\/span><\/h5>\n               <div><span title=\"tei:name[@type=&quot;place&quot;]\" class=\"tei_placeName\">Louanio<\/span> <span class=\"date\"><\/span>1570. <span title=\"tei:name[@type=&quot;person&quot;]\" class=\"tei_persName\">Cornelii Gemmae<\/span> Calend<span title=\"tei:expan\" class=\"tei_expan\"><span class=\"ex\">is<\/span><\/span> Maii. De praefatione Bibliorum.\n               <\/div>\n            <\/div>\n            <div class=\"main_content\" id=\"index.xml-group.1_text.1_body.1_div.3\">\n              \n               <div class=\"pagebreak\" id=\"index.xml-pb-w8552528ab2b5b1b1b3b5b1\"><a href=\"https:\/\/lacorrespondenciadebenitoariasmontano.online\/wp-content\/uploads\/2024\/08\/KBS-Ms.-A-902-f.-114r.jpg\" target=\"_blank\" onclick=\"window.open(this.href, this.target, 'width=400,height=600'); return false;\" rel=\"noopener\">[f. 114r]<\/a><\/div>\n               <div class=\"opener\">S<span title=\"tei:expan\" class=\"tei_expan\"><span class=\"ex\">alutem<\/span><\/span> p<span title=\"tei:expan\" class=\"tei_expan\"><span class=\"ex\">lurimam<\/span><\/span>.\n               <\/div>\n               <p>[<span style=\"font-weight:bold\">1<\/span>] Clariss<span class=\"tei_expan\" title=\"tei:expan\"><span class=\"ex\">ime<\/span><\/span> d<span class=\"tei_expan\" title=\"tei:expan\"><span class=\"ex\">omine<\/span><\/span> doctor et patrone obseruandiss<span class=\"tei_expan\" title=\"tei:expan\"><span class=\"ex\">ime<\/span><\/span>, si sus (quod aiunt) uocanda ad opus Mineruae fuit<a class=\"notelink\" href=\"#App2\"><sup>2<\/sup><\/a>, recte mehercule et nostrae censurae diuinam illam foeturam<a class=\"notelink\" href=\"#App3\"><sup>3<\/sup><\/a> ingenii tui, ubi ne quicquam ad perfectionem uel Momus expostulet, commisisti. Sed\n                  quando ita uisum est, perlegi omnia quam attentissime ne in illo erga te officii g<span class=\"tei_expan\" title=\"tei:expan\"><span class=\"ex\">ene<\/span><\/span>re uidear dormitasse,<a class=\"notelink\" href=\"#App4\"><sup>4<\/sup><\/a> quamquam pudet in illis censorem agere, quae michi lumine suo et splendore hoc qualecumque\n                  animi lumen obtundunt. [<span style=\"font-weight:bold\">2<\/span>] De rebus theologicis meum iudicium non est quod expectes; sum enim illarum penitus\n                  rudis, neque res sacras<a class=\"notelink\" href=\"#App5\"><sup>5<\/sup><\/a> inquirere soleo nisi quantum ad mores formandos componendasque animae perturbationes\n                  utile uidebatur. Quarum istuc experior in dies praestantissimum,<a class=\"notelink\" href=\"#App6\"><sup>6<\/sup><\/a> illud autem cogitatione concepi dudum et intellexi, re ipsa consecutum minime esse\n                  confiteor. Interim ne nichil egisse uidear unicum et alterum annotaui, ubi quidem\n                  nullus error in rebus, sed forte expositione uberiori aut uerbo planiore res uisa\n                  est indigere.\n               <\/p>\n               <p>[<span style=\"font-weight:bold\">3<\/span>] Nescio an sub finem commode ad laudem regis <span class=\"tei_persName\" title=\"tei:name[@type=&quot;person&quot;]\">Philippi<\/span> nostri conueniat obiter addi comparationem regum<a class=\"notelink\" href=\"#App7\"><sup>7<\/sup><\/a> Romanorum, quod alii quidem<a class=\"notelink\" href=\"#App8\"><sup>8<\/sup><\/a> armis, alii semper fuerint religione praestantes; in <span class=\"pagebreak\" id=\"index.xml-pb-w8552528ab2b5b1b1b3b5b7b9\"><a href=\"https:\/\/lacorrespondenciadebenitoariasmontano.online\/wp-content\/uploads\/2024\/08\/KBS-Ms.-A-902-f.-114v.jpg\" target=\"_blank\" onclick=\"window.open(this.href, this.target, 'width=400,height=600'); return false;\" rel=\"noopener\">[f. 114v]<\/a><\/span> nostro utrumque genus laudis et gloriae mira cum aequabilitate spectatum hactenus\n                  fuerit, ut humanarum rerum et diuinarum iuxta contemperatio ad labefactatae maxime\n                  reip<span class=\"tei_expan\" title=\"tei:expan\"><span class=\"ex\">ublicae<\/span><\/span> Christianae restaurationem infusa diuinitus uideatur. Posset id obiter intertexi,\n                  sed elegantius et uerbis (quae tibi sunt in promptu<a class=\"notelink\" href=\"#App9\"><sup>9<\/sup><\/a>) multo elimatioribus<a class=\"notelink\" href=\"#App10\"><sup>10<\/sup><\/a> , si<a class=\"notelink\" href=\"#App11\"><sup>11<\/sup><\/a> modo pagina aut sensus rei tuo iudicio tale quid patiatur. [<span style=\"font-weight:bold\">4<\/span>] Nichil enim desidero magis quam ut uirtutes principum animis popularibus<a class=\"notelink\" href=\"#App12\"><sup>12<\/sup><\/a> plane et fuse delineentur<a class=\"notelink\" href=\"#App13\"><sup>13<\/sup><\/a>, quod a te factum uideo artificio sane tam accurato ut picturis <span class=\"tei_persName\" title=\"tei:name[@type=&quot;person&quot;]\">Phidiae<\/span> uel <span class=\"tei_persName\" title=\"tei:name[@type=&quot;person&quot;]\">Polycleti<\/span> statuis possit contendere. Miror profecto insignem ordinis oeconomiam, uerborum flumen,\n                  sententiarum optimarum pondus, consyderationis<a class=\"notelink\" href=\"#App14\"><sup>14<\/sup><\/a> philosophicae syntagma et contextum tam admirabilem<a class=\"notelink\" href=\"#App15\"><sup>15<\/sup><\/a>, ut si quid ademeris uel adieceris, quemadmodum in consonantissima harmonia, totus\n                  concentus ilico uioletur. [<span style=\"font-weight:bold\">5<\/span>] Sed nolo laudare in os. Consules boni, ut libere orasti, libere respondeo. Nec uelim\n                  ullo pacto inter censores operis recenseri, ut obiter uisus es insinuasse<a class=\"notelink\" href=\"#App16\"><sup>16<\/sup><\/a>. Nescis enim quantum hac ratione tuo operi<a class=\"notelink\" href=\"#App17\"><sup>17<\/sup><\/a> pulcherrimo et pondus et ornamentum sis detracturus.\n               <\/p>\n               <p>[<span style=\"font-weight:bold\">6<\/span>] Magnum attulit adiumentum nobis commendatio tua, atque huius beneficii non minor\n                  erit <span class=\"pagebreak\" id=\"index.xml-pb-w8552528ab2b5b1b1b3b5b9b3\"><a href=\"https:\/\/lacorrespondenciadebenitoariasmontano.online\/wp-content\/uploads\/2024\/08\/KBS-Ms.-A-902-f.-115r.jpg\" target=\"_blank\" onclick=\"window.open(this.href, this.target, 'width=400,height=600'); return false;\" rel=\"noopener\">[f. 115r]<\/a><\/span> gratia quam si me secundo ac tertio a morte redemeris. Agerem pluribus gratias, sed\n                  ea est tuorum omnium amplitudo, ut prestet benemerendi tempus optare et, quod a te\n                  factum est, tibi dum adsum (adesse autem perpetuo me non dubito) solo<a class=\"notelink\" href=\"#App18\"><sup>18<\/sup><\/a> admirationis silentio uenerari.\n               <\/p>\n               <p>[<span style=\"font-weight:bold\">7<\/span>] Res omnis nostra belle procedit; spero propediem istius tam turbulentae comediae\n                  laetam catastrophen<a class=\"notelink\" href=\"#App19\"><sup>19<\/sup><\/a> fore, quamquam ille noua in dies moliatur, quae tuis praeceptis et praesidiis hactenus\n                  confirmatus didici contemnere. [<span style=\"font-weight:bold\">8<\/span>] Propediem (si di sinant) et corpore te praesens inuisam; est enim aliud quod illic\n                  agam atque in quo tuis consiliis ualde sit opus. Praeterea, ut uerbo dicam, <span class=\"date\">22 Maii<\/span> suscepturus sum doctoratus insignia. Huic actui celeberrimo te inter caeteros amicissimum\n                  nobis adfuturum in ornamentum spero, si per ualetudinem et seria negotia licet. [<span style=\"font-weight:bold\">9<\/span>] Sed pluribus coram.<a class=\"notelink\" href=\"#App20\"><sup>20<\/sup><\/a> Scripsi et d<span class=\"tei_expan\" title=\"tei:expan\"><span class=\"ex\">omino<\/span><\/span><span class=\"tei_persName\" title=\"tei:name[@type=&quot;person&quot;]\">Siviliae<\/span><a class=\"notelink\" href=\"#App21\"><sup>21<\/sup><\/a>. Videbo et hortulum tuum et quid desideres. Cyclaminis plantam mecum adferam cum\n                  aliis <span class=\"tei_choice\" title=\"tei:choice\"><span class=\"tei_sic\" title=\"tei:sic\">plaerisque<\/span><span class=\"tei_corr\" title=\"tei:corr\">plerisque<\/span><\/span>.\n               <\/p>\n              \n                  <p>[<span style=\"font-weight:bold\">10<\/span>] Bene uale, mi domine et frater colendiss<span class=\"tei_expan\" title=\"tei:expan\"><span class=\"ex\">ime<\/span><\/span>, salutat te plurimum soror tua, uxor mea. Louanii, Kalendis Maii 1570. D<span class=\"tei_expan\" title=\"tei:expan\"><span class=\"ex\">ominationi<\/span><\/span> u<span class=\"tei_expan\" title=\"tei:expan\"><span class=\"ex\">estrae<\/span><\/span> ex animo addictissimus<a class=\"notelink\" href=\"#App22\"><sup>22<\/sup><\/a>, Cornelius <span class=\"tei_choice\" title=\"tei:choice\"><span class=\"tei_sic\" title=\"tei:sic\">Gemme<\/span><span class=\"tei_corr\" title=\"tei:corr\">Gemma<\/span><\/span>.\n                  <\/p>\n                           <\/div>\n         <\/div>\n      <\/section>\n      \n      <div class=\"appcrit\">\n         <div class=\"app\" id=\"App1\"><span class=\"lemma\">\u2020doc\u2020tori<\/span>] <span class=\"lemmawitness\">O, E2, E3<\/span>; <span title=\"tei:expan\" class=\"tei_expan\"><span class=\"ex\">au<\/span><\/span>tori (E1)\n         <\/div>\n         <div class=\"app\" id=\"App2\"><span class=\"lemma\">fuit<\/span>] <span class=\"lemmawitness\">O, E2, E3<\/span>; fint (E1)\n         <\/div>\n         <div class=\"app\" id=\"App3\"><span class=\"lemma\">foeturam<\/span>] <span class=\"lemmawitness\">O, E2, E3<\/span>; faeturam (E1)\n         <\/div>\n         <div class=\"app\" id=\"App4\"><span class=\"lemma\">dormitasse,<\/span>] <span class=\"lemmawitness\">O, E1, E3<\/span>; <span style=\"font-style:italic\">post<\/span> dormitasse <span style=\"font-style:italic\">imum punctum posuit<\/span> (E2)\n         <\/div>\n         <div class=\"app\" id=\"App5\"><span class=\"lemma\">sacras<\/span>] <span class=\"lemmawitness\">O, E1, E3<\/span>; sanas (E2)\n         <\/div>\n         <div class=\"app\" id=\"App6\"><span class=\"lemma\">praestantissimum,<\/span>] <span class=\"lemmawitness\">O, E2, E3<\/span>; <span style=\"font-style:italic\">post<\/span> praestantissimum <span style=\"font-style:italic\">non distixit<\/span> (E1)\n         <\/div>\n         <div class=\"app\" id=\"App7\"><span class=\"lemma\">regum<\/span>] <span class=\"lemmawitness\">O, E2, E3<\/span>; regni (E1)\n         <\/div>\n         <div class=\"app\" id=\"App8\"><span class=\"lemma\">quidem<\/span>] <span class=\"lemmawitness\">O, E2, E3<\/span>; quadraginta (E1)\n         <\/div>\n         <div class=\"app\" id=\"App9\"><span class=\"lemma\">promptu<\/span>] <span class=\"lemmawitness\">O, E2, E3<\/span>; promptum (E1)\n         <\/div>\n         <div class=\"app\" id=\"App10\"><span class=\"lemma\">elimatioribus<\/span>] <span class=\"lemmawitness\">O, E2, E3<\/span>; eleuatioribus (E1)\n         <\/div>\n         <div class=\"app\" id=\"App11\"><span class=\"lemma\">, si<\/span>] <span class=\"lemmawitness\">O, E2, E3<\/span>; <span style=\"font-style:italic\">ante<\/span> si <span style=\"font-style:italic\">imum punctum posuit<\/span> (E1)\n         <\/div>\n         <div class=\"app\" id=\"App12\"><span class=\"lemma\">popularibus<\/span>] <span class=\"lemmawitness\">O, E1, E3<\/span>; populariter (E2)\n         <\/div>\n         <div class=\"app\" id=\"App13\"><span class=\"lemma\">delineentur<\/span>] <span class=\"lemmawitness\">O, E1, E3<\/span>; delinientur (E2)\n         <\/div>\n         <div class=\"app\" id=\"App14\"><span class=\"lemma\">consyderationis<\/span>] <span class=\"lemmawitness\">O, E1, E3<\/span>; considerationis (E2)\n         <\/div>\n         <div class=\"app\" id=\"App15\"><span class=\"lemma\">admirabilem<\/span>] <span class=\"lemmawitness\">O, E1, E3<\/span>; admirabiliter (E2)\n         <\/div>\n         <div class=\"app\" id=\"App16\"><span class=\"lemma\">insinuasse<\/span>] <span class=\"lemmawitness\">O, E2, E3<\/span>; infirmasse (E1)\n         <\/div>\n         <div class=\"app\" id=\"App17\"><span class=\"lemma\">operi<\/span>] <span class=\"lemmawitness\">O, E2, E3<\/span>; opere (E1)\n         <\/div>\n         <div class=\"app\" id=\"App18\"><span class=\"lemma\">solo<\/span>] <span class=\"lemmawitness\">O, E2, E3<\/span>; sola (E1)\n         <\/div>\n         <div class=\"app\" id=\"App19\"><span class=\"lemma\">catastrophen<\/span>] <span class=\"lemmawitness\">O, E2, E3<\/span>; castrophen (E1)\n         <\/div>\n         <div class=\"app\" id=\"App20\"><span class=\"lemma\">coram.<\/span>] <span class=\"lemmawitness\">O, E1, E3<\/span>; <span style=\"font-style:italic\">post<\/span> coram <span style=\"font-style:italic\">non distinxit<\/span> (E2)\n         <\/div>\n         <div class=\"app\" id=\"App21\"><span class=\"lemma\">Siviliae<\/span>] <span class=\"lemmawitness\">O, E1, E3<\/span>; Siuilice (E2)\n         <\/div>\n         <div class=\"app\" id=\"App22\"><span class=\"lemma\">addictissimus<\/span>] <span class=\"lemmawitness\">O, E2, E3<\/span>; additissimus (E1)\n         <\/div>\n      <\/div>\n      <div class=\"stdfooter autogenerated\">\n         <div class=\"footer\">\n            <!--standard links to project, institution etc--><a class=\"plain\" href=\"\/en\/\"><\/a> \n         <\/div>\n        \n            <!--\n Generated from index.xml using XSLT stylesheets version 7.57.0\n\t\t based on http:\/\/www.tei-c.org\/Stylesheets\/\n\t\t on 2024-08-30T08:41:17Z.\n\t\t SAXON HE 9.8.0.15.\n\t\t   -->\n      <\/div>\n\n\n\n<div style=\"height:42px\" aria-hidden=\"true\" class=\"wp-block-spacer\"><\/div>\n\n\n\n<div class=\"wp-block-buttons is-layout-flex wp-block-buttons-is-layout-flex\"><\/div>\n<\/div>\n\n\n\n<div class=\"wp-block-column is-layout-flow wp-block-column-is-layout-flow\">\n<b>TRANSLATION INTO SPANISH <br>AND NOTES<br><\/b>\n   \n\n   \n      \n   \n        <meta http-equiv=\"Content-Type\" content=\"text\/html; charset=UTF-8\">\n      <!--THIS FILE IS GENERATED FROM AN XML MASTER. DO NOT EDIT (5)--><title>La correspondencia de Benito Arias Montano: edici\u00f3n cr\u00edtica digital \u2014   Cornelio Gemma (Lovaina) a Benito Arias Montano (Amberes) &#8211; 1 de mayo de 1570 <\/title><meta name=\"author\" content=\"Cornelio Gemma\">\n      <meta name=\"generator\" content=\"Text Encoding Initiative Consortium XSLT stylesheets\">\n      <meta name=\"DC.Title\" content=\"La correspondencia de Benito Arias Montano: edici\u00f3n cr\u00edtica digital \u2014 Cornelio Gemma (Lovaina) a Benito Arias Montano (Amberes) - 1 de mayo de 1570\">\n      <meta name=\"DC.Type\" content=\"Text\">\n      <meta name=\"DC.Format\" content=\"text\/html\"><link href=\"http:\/\/nl.ijs.si\/tei\/convert\/profiles\/test\/html\/jsi-tei.css\" rel=\"stylesheet\" type=\"text\/css\"><link rel=\"stylesheet\" media=\"print\" type=\"text\/css\" href=\"https:\/\/www.tei-c.org\/release\/xml\/tei\/stylesheet\/tei-print.css\">\n   \n      <div class=\"stdheader autogenerated\">\n         \n      <\/div>\n      \n      <section class=\"translation\" id=\"index.xml-group.1_text.2\"><br><br>\n        \n         <div class=\"tei_body\">\n            <div class=\"address\" id=\"index.xml-group.1_text.2_body.1_div.1\">\n               <div class=\"pagebreak\" id=\"index.xml-pb-w8552528ab2b5b1b3b1b1b1\"><a href=\"https:\/\/lacorrespondenciadebenitoariasmontano.online\/wp-content\/uploads\/2024\/08\/KBS-Ms.-A-902-f.-115v.jpg\" target=\"_blank\" onclick=\"window.open(this.href, this.target, 'width=400,height=600'); return false;\" rel=\"noopener\">[f. 115v]<\/a><\/div>\n               <h5><span class=\"head\">[<i>Sobrescrito<\/i>:]<\/span><\/h5>\n               <div>Al distinguido se\u00f1or doctor Arias Montano, traductor real de Escritura Sagrada, con\n                  el debido respeto. Amberes. \n               <\/div>\n            <\/div>\n            <div class=\"anotation\" id=\"index.xml-group.1_text.2_body.1_div.2\">\n               <h5><span class=\"head\">[<i>Anotado por otra mano, en el margen, con escritura transversal<\/i>:]<\/span><\/h5>\n               <div>Lovaina 1570. De Cornelio Gemma,<a id=\"reference1\" class=\"link_ref\" href=\"#note1\" title=\"1 Sobre Conelio Gemma v\u00e9ase nota biogr\u00e1fica en carta 1568 11 09.\">1<\/a> primero de mayo. Acerca del prefacio de la Biblia.\n               <\/div>\n            <\/div>\n            <div class=\"main_content\" id=\"index.xml-group.1_text.2_body.1_div.3\">\n              \n               <div class=\"pagebreak\" id=\"index.xml-pb-w8552528ab2b5b1b3b1b5b1\"><a href=\"https:\/\/lacorrespondenciadebenitoariasmontano.online\/wp-content\/uploads\/2024\/08\/KBS-Ms.-A-902-f.-114r.jpg\" target=\"_blank\" onclick=\"window.open(this.href, this.target, 'width=400,height=600'); return false;\" rel=\"noopener\">[f. 114r]<\/a><\/div>\n               <div class=\"opener\">Un cordial saludo.<\/div>\n               <p>[<span style=\"font-weight:bold\">1<\/span>] Distinguido se\u00f1or doctor y patr\u00f3n respetabil\u00edsimo, si una cerda, como dicen, tuvo\n                  que ser llamada para una obra de Minerva,<a class=\"link_ref\" id=\"reference2\" href=\"#note2\" title=\"2 Frase proverbial para expresar que alguien pretende instruir a otro m\u00e1s avisado.\">2<\/a> con gran acierto, por H\u00e9rcules, someti\u00f3 vuestra merced a nuestra censura aquel fruto\n                  divino de su ingenio, donde ni siquiera Momo exigir\u00eda nada para alcanzar la perfecci\u00f3n.<a class=\"link_ref\" id=\"reference3\" href=\"#note3\" title=\"3 Momo es la personificaci\u00f3n del sarcasmo. Es hija de la Noche y hermana de las Hesp\u00e9rides en la Teogon\u00eda hesi\u00f3dica.\">3<\/a> Pero ya que ha parecido as\u00ed, lo he le\u00eddo todo lo m\u00e1s atentamente posible para no\n                  dar la impresi\u00f3n de haberme dormido en aquel tipo de obligaci\u00f3n respecto a vuestra\n                  merced, aunque me averg\u00fcenza ejercer mi censura en aquello que con su luz y esplendor\n                  anublan esta luz de mi mente, cualquiera que sea su valor. [<span style=\"font-weight:bold\">2<\/span>] En asuntos de Teolog\u00eda, mi juicio no es el que deber\u00eda esperar vuestra merced; pues\n                  los desconozco por completo, y no suelo investigar los asuntos sagrados, salvo en\n                  la medida que me parece \u00fatil para adquirir las buenas costumbres y restablecer las\n                  perturbaciones del esp\u00edritu. De estas dos cuestiones, esta \u00faltima he experimentado\n                  cada d\u00eda lo importante que es; sin embargo, la primera hace tiempo que la conceb\u00ed\n                  con el pensamiento y la entend\u00ed, pero en la pr\u00e1ctica tengo que confesar que he logrado\n                  muy poco. Mientras tanto, para no dar la impresi\u00f3n de haber estado ocioso, he anotado\n                  alg\u00fan que otro pasaje donde, a decir verdad, no hab\u00eda ning\u00fan error de contenido, pero\n                  el asunto s\u00ed me pareci\u00f3 que requer\u00eda quiz\u00e1 una exposici\u00f3n m\u00e1s detallada o un t\u00e9rmino\n                  m\u00e1s claro.\n               <\/p>\n               <p>[<span style=\"font-weight:bold\">3<\/span>] No s\u00e9 si casi al final convendr\u00eda a\u00f1adir expresamente para gloria de nuestro Rey\n                  Felipe la comparaci\u00f3n con los reyes romanos, dado que unos destacaron con las armas\n                  y otros por su religiosidad; en cambio, el <span class=\"pagebreak\" id=\"index.xml-pb-w8552528ab2b5b1b3b1b5b7b3\"><a href=\"https:\/\/lacorrespondenciadebenitoariasmontano.online\/wp-content\/uploads\/2024\/08\/KBS-Ms.-A-902-f.-114v.jpg\" target=\"_blank\" onclick=\"window.open(this.href, this.target, 'width=400,height=600'); return false;\" rel=\"noopener\">[f. 114v]<\/a><\/span> nuestro, hasta ahora, ha mostrado ambos g\u00e9neros de m\u00e9ritos y gloria con una sorprendente\n                  equidad, de modo que parece una mezcla de los asuntos humanos y divinos inspirada\n                  por la divinidad para sacar a la rep\u00fablica cristiana del abatimiento en que se halla.\n                  Podr\u00eda entretejerse esto abiertamente, pero de un modo m\u00e1s elegante y con palabras\n                  m\u00e1s cuidadas, las cuales a vuestra merced le salen con facilidad, con tal que el escrito\n                  o el sentido de la exposici\u00f3n admita en el juicio de vuestra merced algo similar.\n                  [<span style=\"font-weight:bold\">4<\/span>] Pues no hay nada que desee tanto como el que las virtudes de los pr\u00edncipes se dibujen\n                  de manera clara y generalizada en los \u00e1nimos del pueblo, lo cual veo que vuestra merced\n                  lo ha conseguido con tal artificio, que podr\u00eda competir con las pinturas de Fidias\n                  o las estatuas de Policleto. Me admira, en verdad, la insigne econom\u00eda del orden,\n                  el flujo de palabras, el peso de las principales frases, el sintagma de la consideraci\u00f3n\n                  filos\u00f3fica y la trabaz\u00f3n conseguida de un modo tan admirable, que si quitas o a\u00f1ades\n                  algo, igual que en una armon\u00eda absoluta, enseguida se romper\u00e1 todo el concierto. [<span style=\"font-weight:bold\">5<\/span>] Pero no quiero regalar el o\u00eddo de vuestra merced. T\u00f3melo a bien, ya que me consult\u00f3\n                  libremente vuestra merced, con igual libertad le respondo. Y no me gustar\u00eda de ning\u00fan\n                  modo ser contado entre los censores de la obra, como me pareci\u00f3 que me insinu\u00f3 vuestra\n                  merced a las claras. Pues no sabe cu\u00e1nto peso y adorno quitar\u00eda vuestra merced de\n                  este modo a su hermos\u00edsima obra.\n               <\/p>\n               <p>[<span style=\"font-weight:bold\">6<\/span>] La recomendaci\u00f3n de vuestra merced me fue de gran ayuda, y mi gratitud por este\n                  favor no ser\u00e1 menor <span class=\"pagebreak\" id=\"index.xml-pb-w8552528ab2b5b1b3b1b5b9b3\"><a href=\"https:\/\/lacorrespondenciadebenitoariasmontano.online\/wp-content\/uploads\/2024\/08\/KBS-Ms.-A-902-f.-115r.jpg\" target=\"_blank\" onclick=\"window.open(this.href, this.target, 'width=400,height=600'); return false;\" rel=\"noopener\">[f. 115r]<\/a><\/span> que si me hubiera salvado vuestra merced de la muerte dos o tres veces.<a class=\"link_ref\" id=\"reference4\" href=\"#note4\" title=\"4 Sobre la recomendaci\u00f3n de BAM para promover a Gemma como profesor de Medicina de Lovaina v\u00e9anse cartas 1568 11 09 y 1569 04 0...\">4<\/a> Me gustar\u00eda expresarle mi gratitud con m\u00e1s prolijidad, pero es tal la grandeza de\n                  todas las virtudes de vuestra merced, que es preferible desear la ocasi\u00f3n de prestarle\n                  servicio y venerarle, lo cual vuestra merced lo ha conseguido, mientras estoy junto\n                  a vuestra merced (y en efecto no dudo en estarlo siempre) con el silencio solo de\n                  la admiraci\u00f3n.\n               <\/p>\n               <p>[<span style=\"font-weight:bold\">7<\/span>] Todos nuestros asuntos marchan a la perfecci\u00f3n; espero en breve el feliz desenlace\n                  de esta comedia tan turbulenta, aunque aquel maquina cada d\u00eda cosas nuevas, las cuales\n                  hasta ahora, confirmado con los preceptos y ayuda de vuestra merced, he aprendido\n                  a desde\u00f1ar. [<span style=\"font-weight:bold\">8<\/span>] Pronto, si los dioses lo permiten, ir\u00e9 a visitar personalmente a vuestra merced;\n                  pues hay otro asunto que tengo que tratar all\u00ed y en el cual requiero los consejos\n                  de vuestra merced. Adem\u00e1s, le comunico que el 22 de mayo voy a recibir las insignias\n                  del doctorado. Espero que vuestra merced, el mejor de mis amigos, me acompa\u00f1e en este\n                  concurrido acto, si la salud y los importantes negocios de vuestra merced se lo permiten.\n                  [<span style=\"font-weight:bold\">9<\/span>] Pero hablaremos m\u00e1s cara a cara. Ya he escrito tambien al se\u00f1or de Sevilla.<a class=\"link_ref\" id=\"reference5\" href=\"#note5\" title=\"5 Posiblemente Fernando de Sevilla mercad\u00e9s cordob\u00e9s establecido en Amberes y gran amigo personal de BAM. Fernando de Sevilla a...\">5<\/a> Ver\u00e9 tambi\u00e9n el jard\u00edn de vuestra merced y lo que desee. Llevar\u00e9 conmigo planta de\n                  ciclamen junto con otras muchas.\n               <\/p>\n               \n                  <p>[<span style=\"font-weight:bold\">10<\/span>] Adi\u00f3s, mi querido se\u00f1or y hermano respetabil\u00edsimo; le env\u00eda muchos saludos su hermana,\n                     mi mujer. En Lovaina, a primero de mayo de 1570. Afectuosamente suyo, Cornelio Gemma.\n                  <\/p>\n               \n            <\/div>\n         <\/div>\n         <div class=\"tei_back\">\n            <div class=\"notes\" id=\"index.xml-group.1_text.2_back.1_div.1\">\n              \n               <div class=\"note\" id=\"note1\"><span class=\"noteLabel\">Note: <\/span><a class=\"link_ref\" href=\"#reference1\" title=\"1\">1<\/a> Sobre Conelio Gemma v\u00e9ase nota biogr\u00e1fica en carta <a class=\"link_ref\" href=\"https:\/\/lacorrespondenciadebenitoariasmontano.online\/en\/1568-11-09\/\">1568 11 09<\/a>.\n               <\/div>\n               <div class=\"note\" id=\"note2\"><span class=\"noteLabel\">Note: <\/span><a class=\"link_ref\" href=\"#reference2\" title=\"2\">2<\/a> Frase proverbial para expresar que alguien pretende instruir a otro m\u00e1s avisado.\n               <\/div>\n               <div class=\"note\" id=\"note3\"><span class=\"noteLabel\">Note: <\/span><a class=\"link_ref\" href=\"#reference3\" title=\"3\">3<\/a> Momo es la personificaci\u00f3n del sarcasmo. Es hija de la Noche y hermana de las Hesp\u00e9rides\n                  en la Teogon\u00eda hesi\u00f3dica.\n               <\/div>\n               <div class=\"note\" id=\"note4\"><span class=\"noteLabel\">Note: <\/span><a class=\"link_ref\" href=\"#reference4\" title=\"4\">4<\/a> Sobre la recomendaci\u00f3n de BAM para promover a Gemma como profesor de Medicina de Lovaina\n                  v\u00e9anse cartas <a class=\"link_ref\" href=\"https:\/\/lacorrespondenciadebenitoariasmontano.online\/en\/1568-11-09\/\">1568 11 09<\/a> and <a class=\"link_ref\" href=\"https:\/\/lacorrespondenciadebenitoariasmontano.online\/en\/1569-04-06\/\">1569 04 06<\/a>.\n               <\/div>\n               <div class=\"note\" id=\"note5\"><span class=\"noteLabel\">Note: <\/span><a class=\"link_ref\" href=\"#reference5\" title=\"5\">5<\/a> Posiblemente Fernando de Sevilla, mercad\u00e9s cordob\u00e9s establecido en Amberes y gran\n                  amigo personal de BAM. Fernando de Sevilla aparece con cierta frecuencia en la correspondencia\n                  de BAM entre 1570 y 1572. En el cap\u00edtulo de saludos que Plantino env\u00eda a BAM tras\n                  su marcha de Amberes, suelen aparecer de forma ligada los nombres del banquero Luis\n                  P\u00e9rez, Fernando Xim\u00e9nez y Fernando de Sevilla (v\u00e9ase, por ejemplo, carta de Plantino\n                  a BAM en 77 05 14). A Fernando de Sevilla pertenec\u00eda el ejemplar de los <span class=\"titlem\">Opera Omnia<\/span> de Erasmo que se confi\u00f3 a la Faculta de Teolog\u00eda de Lovaina la expurgaci\u00f3n de las\n                  obras del humanista holand\u00e9s con vistas al <span class=\"titlem\">Index expurgatorius qui hoc saeculo prodierunt<\/span> (Amberes, 1571), ejemplar de la edici\u00f3n publicada en 1538 por J\u00e9r\u00f4me Froben y Nicolas\n                  Episcopius en Basilea, actualmente en dep\u00f3sito de la biblioteca de la Facultad de\n                  Teolog\u00eda de la Universidad Cat\u00f3lica de Lovaina.\n               <\/div>\n            <\/div>\n         <\/div>\n      <\/section>\n     \n      <div class=\"stdfooter autogenerated\">\n         <div class=\"footer\">\n            <!--standard links to project, institution etc--><a class=\"plain\" href=\"\/en\/\"><\/a> \n         <\/div>\n        \n            <!--\n Generated from index.xml using XSLT stylesheets version 7.57.0\n\t\t based on http:\/\/www.tei-c.org\/Stylesheets\/\n\t\t on 2024-08-30T08:41:17Z.\n\t\t SAXON HE 9.8.0.15.\n\t\t   -->\n      <\/div>\n<\/div>\n\n\n\n<div class=\"wp-block-column is-layout-flow wp-block-column-is-layout-flow\">\n<b>TEXT (WITHOUT VISUALISATION <br>OF XML-TEI MARKUP)<br><\/b>\n   \n      \n   \n     <meta http-equiv=\"Content-Type\" content=\"text\/html; charset=UTF-8\">\n      <!--THIS FILE IS GENERATED FROM AN XML MASTER. DO NOT EDIT (5)--><title>La correspondencia de Benito Arias Montano: edici\u00f3n cr\u00edtica digital \u2014   Cornelio Gemma (Lovaina) a Benito Arias Montano (Amberes) &#8211; 1 de mayo de 1570 <\/title><meta name=\"author\" content=\"Cornelio Gemma\">\n      <meta name=\"generator\" content=\"Text Encoding Initiative Consortium XSLT stylesheets\">\n      <meta name=\"DC.Title\" content=\"La correspondencia de Benito Arias Montano: edici\u00f3n cr\u00edtica digital \u2014 Cornelio Gemma (Lovaina) a Benito Arias Montano (Amberes) - 1 de mayo de 1570\">\n      <meta name=\"DC.Type\" content=\"Text\">\n      <meta name=\"DC.Format\" content=\"text\/html\"><link href=\"http:\/\/nl.ijs.si\/tei\/convert\/profiles\/test\/html\/jsi-tei.css\" rel=\"stylesheet\" type=\"text\/css\"><link rel=\"stylesheet\" media=\"print\" type=\"text\/css\" href=\"https:\/\/www.tei-c.org\/release\/xml\/tei\/stylesheet\/tei-print.css\">\n   \n      <div class=\"stdheader autogenerated\">\n         \n      <\/div>\n      <section class=\"source\" id=\"index.xml-group.1_text.1\">\n        \n                  <div class=\"tei_body\"><br><br>\n            <div class=\"address\" id=\"index.xml-group.1_text.1_body.1_div.1\">\n               <div class=\"pagebreak\" id=\"index.xml-pb-w8552528ab2b5b1b1b3b1b1\"><a href=\"https:\/\/lacorrespondenciadebenitoariasmontano.online\/wp-content\/uploads\/2024\/08\/KBS-Ms.-A-902-f.-115v.jpg\" target=\"_blank\" onclick=\"window.open(this.href, this.target, 'width=400,height=600'); return false;\" rel=\"noopener\">[f. 115v]<\/a><\/div>\n               <h5><span class=\"head\">[<i>Sobrescrito<\/i>:]<\/span><\/h5>\n               <div>\u2020Cl\u2020arissimo domino \u2020doc\u2020tori, sacrae paginae \u2020in\u2020terpreti Regio, domino Ariae \u2020M\u2020ontano, domino suo \u2020co\u2020lendissimo. Hantuerpiae.\n               <\/div>\n            <\/div>\n            <div class=\"anotation\" id=\"index.xml-group.1_text.1_body.1_div.2\">\n               <h5><span class=\"head\">[<i>Anotado por otra mano, en el margen, con escritura transversal<\/i>:]<\/span><\/h5>\n               <div>Louanio 1570. Cornelii Gemmae Calendis Maii. De praefatione Bibliorum.\n               <\/div>\n            <\/div>\n            <div class=\"main_content\" id=\"index.xml-group.1_text.1_body.1_div.3\">\n              \n               <div class=\"pagebreak\" id=\"index.xml-pb-w8552528ab2b5b1b1b3b5b1\"><a href=\"https:\/\/lacorrespondenciadebenitoariasmontano.online\/wp-content\/uploads\/2024\/08\/KBS-Ms.-A-902-f.-114r.jpg\" target=\"_blank\" onclick=\"window.open(this.href, this.target, 'width=400,height=600'); return false;\" rel=\"noopener\">[f. 114r]<\/a><\/div>\n               <div class=\"opener\">Salutem plurimam.\n               <\/div>\n               <p>[<span style=\"font-weight:bold\">1<\/span>] Clarissime domine doctor et patrone obseruandissime, si sus (quod aiunt) uocanda ad opus Mineruae fuit, recte mehercule et nostrae censurae diuinam illam foeturam ingenii tui, ubi ne quicquam ad perfectionem uel Momus expostulet, commisisti. Sed\n                  quando ita uisum est, perlegi omnia quam attentissime ne in illo erga te officii genere uidear dormitasse, quamquam pudet in illis censorem agere, quae michi lumine suo et splendore hoc qualecumque\n                  animi lumen obtundunt. [<span style=\"font-weight:bold\">2<\/span>] De rebus theologicis meum iudicium non est quod expectes; sum enim illarum penitus\n                  rudis, neque res sacras inquirere soleo nisi quantum ad mores formandos componendasque animae perturbationes\n                  utile uidebatur. Quarum istuc experior in dies praestantissimum, illud autem cogitatione concepi dudum et intellexi, re ipsa consecutum minime esse\n                  confiteor. Interim ne nichil egisse uidear unicum et alterum annotaui, ubi quidem\n                  nullus error in rebus, sed forte expositione uberiori aut uerbo planiore res uisa\n                  est indigere.\n               <\/p>\n               <p>[<span style=\"font-weight:bold\">3<\/span>] Nescio an sub finem commode ad laudem regis Philippi nostri conueniat obiter addi comparationem regum Romanorum, quod alii quidem armis, alii semper fuerint religione praestantes; in <span class=\"pagebreak\" id=\"index.xml-pb-w8552528ab2b5b1b1b3b5b7b9\"><a href=\"https:\/\/lacorrespondenciadebenitoariasmontano.online\/wp-content\/uploads\/2024\/08\/KBS-Ms.-A-902-f.-114v.jpg\" target=\"_blank\" onclick=\"window.open(this.href, this.target, 'width=400,height=600'); return false;\" rel=\"noopener\">[f. 114v]<\/a><\/span> nostro utrumque genus laudis et gloriae mira cum aequabilitate spectatum hactenus\n                  fuerit, ut humanarum rerum et diuinarum iuxta contemperatio ad labefactatae maxime\n                  reipublicae Christianae restaurationem infusa diuinitus uideatur. Posset id obiter intertexi,\n                  sed elegantius et uerbis (quae tibi sunt in promptu) multo elimatioribus, si modo pagina aut sensus rei tuo iudicio tale quid patiatur. [<span style=\"font-weight:bold\">4<\/span>] Nichil enim desidero magis quam ut uirtutes principum animis popularibus plane et fuse delineentur, quod a te factum uideo artificio sane tam accurato ut picturis Phidiae uel Polycleti statuis possit contendere. Miror profecto insignem ordinis oeconomiam, uerborum flumen,\n                  sententiarum optimarum pondus, consyderationis philosophicae syntagma et contextum tam admirabilem, ut si quid ademeris uel adieceris, quemadmodum in consonantissima harmonia, totus\n                  concentus ilico uioletur. [<span style=\"font-weight:bold\">5<\/span>] Sed nolo laudare in os. Consules boni, ut libere orasti, libere respondeo. Nec uelim\n                  ullo pacto inter censores operis recenseri, ut obiter uisus es insinuasse. Nescis enim quantum hac ratione tuo operi pulcherrimo et pondus et ornamentum sis detracturus.\n               <\/p>\n               <p>[<span style=\"font-weight:bold\">6<\/span>] Magnum attulit adiumentum nobis commendatio tua, atque huius beneficii non minor\n                  erit <span class=\"pagebreak\" id=\"index.xml-pb-w8552528ab2b5b1b1b3b5b9b3\"><a href=\"https:\/\/lacorrespondenciadebenitoariasmontano.online\/wp-content\/uploads\/2024\/08\/KBS-Ms.-A-902-f.-115r.jpg\" target=\"_blank\" onclick=\"window.open(this.href, this.target, 'width=400,height=600'); return false;\" rel=\"noopener\">[f. 115r]<\/a><\/span> gratia quam si me secundo ac tertio a morte redemeris. Agerem pluribus gratias, sed\n                  ea est tuorum omnium amplitudo, ut prestet benemerendi tempus optare et, quod a te\n                  factum est, tibi dum adsum (adesse autem perpetuo me non dubito) solo admirationis silentio uenerari.\n               <\/p>\n               <p>[<span style=\"font-weight:bold\">7<\/span>] Res omnis nostra belle procedit; spero propediem istius tam turbulentae comediae\n                  laetam catastrophen fore, quamquam ille noua in dies moliatur, quae tuis praeceptis et praesidiis hactenus\n                  confirmatus didici contemnere. [<span style=\"font-weight:bold\">8<\/span>] Propediem (si di sinant) et corpore te praesens inuisam; est enim aliud quod illic\n                  agam atque in quo tuis consiliis ualde sit opus. Praeterea, ut uerbo dicam, 22 Maii suscepturus sum doctoratus insignia. Huic actui celeberrimo te inter caeteros amicissimum\n                  nobis adfuturum in ornamentum spero, si per ualetudinem et seria negotia licet. [<span style=\"font-weight:bold\">9<\/span>] Sed pluribus coram. Scripsi et domino Siviliae. Videbo et hortulum tuum et quid desideres. Cyclaminis plantam mecum adferam cum\n                  aliis plerisque.\n               <\/p>\n              \n                  <p>[<span style=\"font-weight:bold\">10<\/span>] Bene uale, mi domine et frater colendissime, salutat te plurimum soror tua, uxor mea. Louanii, Kalendis Maii 1570. Dominationi uestrae ex animo addictissimus, Cornelius Gemma.\n                  <\/p>\n                           <\/div>\n         <\/div>\n      <\/section>\n      \n     \n        \n      <div class=\"stdfooter autogenerated\">\n         <div class=\"footer\">\n            <!--standard links to project, institution etc--><a class=\"plain\" href=\"\/en\/\"><\/a> \n         <\/div>\n        \n            <!--\n Generated from index.xml using XSLT stylesheets version 7.57.0\n\t\t based on http:\/\/www.tei-c.org\/Stylesheets\/\n\t\t on 2024-08-30T08:41:17Z.\n\t\t SAXON HE 9.8.0.15.\n\t\t   -->\n      <\/div>\n\n\n\n<div style=\"height:45px\" aria-hidden=\"true\" class=\"wp-block-spacer\"><\/div>\n\n\n\n<div class=\"wp-block-buttons is-layout-flex wp-block-buttons-is-layout-flex\">\n<div class=\"wp-block-button aligncenter\"><a class=\"wp-block-button__link has-white-color has-text-color wp-element-button\" href=\"https:\/\/github.com\/CoBAM-editor\/CoBAM\/blob\/main\/1570%2005%2001%20G%20CoBAM.xml\" style=\"border-radius:8px\">XML<\/a><\/div>\n<\/div>\n<\/div>\n<\/div>","protected":false},"excerpt":{"rendered":"<p>1570 05 01 G Cornelio Gemma (Lovaina) a Benito Arias Montano (Amberes) 1 de mayo de 1570 Identificador: 1570 05 01 G \u00cdncipit: Clarissime domine doctor et patrone obseruandissime, si sus (quod aiunt) uocanda ad opus Mineruae fuit&#8230; Manuscritos: (O) KBS, Ms. A 902, ff. 114r-115v. Impresos: (E1) Van Ortroy, Bio-bibliographie de Gemma Frisius, pp. [&hellip;]<\/p>","protected":false},"author":1,"featured_media":1721,"parent":0,"menu_order":0,"comment_status":"closed","ping_status":"closed","template":"elementor_header_footer","meta":{"footnotes":""},"class_list":["post-7915","page","type-page","status-publish","has-post-thumbnail","czr-hentry"],"_links":{"self":[{"href":"https:\/\/lacorrespondenciadebenitoariasmontano.online\/en\/wp-json\/wp\/v2\/pages\/7915"}],"collection":[{"href":"https:\/\/lacorrespondenciadebenitoariasmontano.online\/en\/wp-json\/wp\/v2\/pages"}],"about":[{"href":"https:\/\/lacorrespondenciadebenitoariasmontano.online\/en\/wp-json\/wp\/v2\/types\/page"}],"author":[{"embeddable":true,"href":"https:\/\/lacorrespondenciadebenitoariasmontano.online\/en\/wp-json\/wp\/v2\/users\/1"}],"replies":[{"embeddable":true,"href":"https:\/\/lacorrespondenciadebenitoariasmontano.online\/en\/wp-json\/wp\/v2\/comments?post=7915"}],"version-history":[{"count":39,"href":"https:\/\/lacorrespondenciadebenitoariasmontano.online\/en\/wp-json\/wp\/v2\/pages\/7915\/revisions"}],"predecessor-version":[{"id":10679,"href":"https:\/\/lacorrespondenciadebenitoariasmontano.online\/en\/wp-json\/wp\/v2\/pages\/7915\/revisions\/10679"}],"wp:featuredmedia":[{"embeddable":true,"href":"https:\/\/lacorrespondenciadebenitoariasmontano.online\/en\/wp-json\/wp\/v2\/media\/1721"}],"wp:attachment":[{"href":"https:\/\/lacorrespondenciadebenitoariasmontano.online\/en\/wp-json\/wp\/v2\/media?parent=7915"}],"curies":[{"name":"wp","href":"https:\/\/api.w.org\/{rel}","templated":true}]}}