{"id":8127,"date":"2024-10-04T19:27:56","date_gmt":"2024-10-04T19:27:56","guid":{"rendered":"https:\/\/lacorrespondenciadebenitoariasmontano.online\/?page_id=8127"},"modified":"2026-02-09T14:24:19","modified_gmt":"2026-02-09T14:24:19","slug":"1570-05-06","status":"publish","type":"page","link":"https:\/\/lacorrespondenciadebenitoariasmontano.online\/en\/1570-05-06\/","title":{"rendered":"1570 05 06"},"content":{"rendered":"<div class=\"wp-block-columns is-layout-flex wp-container-core-columns-is-layout-2 wp-block-columns-is-layout-flex\">\n<div class=\"wp-block-column is-layout-flow wp-block-column-is-layout-flow\">\n<p class=\"has-text-align-center\" style=\"font-size:31px\">1570 05 06<\/p>\n\n\n\n<p class=\"has-text-align-center\" style=\"font-size:31px\">Benito Arias Montano [Antwerp] to Iohannes Sambucus [Vienna]<\/p>\n\n\n\n<p class=\"has-text-align-right\" style=\"font-size:22px\">6 May 1570.<\/p>\n\n\n\n<div style=\"height:28px\" aria-hidden=\"true\" class=\"wp-block-spacer\"><\/div>\n\n\n\n<div class=\"wp-block-columns is-layout-flex wp-container-core-columns-is-layout-1 wp-block-columns-is-layout-flex\">\n<div class=\"wp-block-column is-layout-flow wp-block-column-is-layout-flow\" style=\"flex-basis:33.33%\">\n<div class=\"wp-block-cover is-light wp-duotone-unset-1\" style=\"min-height:103px;aspect-ratio:unset;\"><span aria-hidden=\"true\" class=\"wp-block-cover__background has-background-dim-10 has-background-dim\"><\/span><img fetchpriority=\"high\" decoding=\"async\" width=\"1127\" height=\"423\" class=\"wp-block-cover__image-background wp-image-606\" alt=\"\" src=\"https:\/\/lacorrespondenciadebenitoariasmontano.online\/wp-content\/uploads\/2023\/03\/cropped-Gysbrechts-1.jpg\" data-object-fit=\"cover\" srcset=\"https:\/\/lacorrespondenciadebenitoariasmontano.online\/wp-content\/uploads\/2023\/03\/cropped-Gysbrechts-1.jpg 1127w, https:\/\/lacorrespondenciadebenitoariasmontano.online\/wp-content\/uploads\/2023\/03\/cropped-Gysbrechts-1-300x113.jpg 300w, https:\/\/lacorrespondenciadebenitoariasmontano.online\/wp-content\/uploads\/2023\/03\/cropped-Gysbrechts-1-1024x384.jpg 1024w, https:\/\/lacorrespondenciadebenitoariasmontano.online\/wp-content\/uploads\/2023\/03\/cropped-Gysbrechts-1-768x288.jpg 768w\" sizes=\"(max-width: 1127px) 100vw, 1127px\" \/><div class=\"wp-block-cover__inner-container is-layout-flow wp-block-cover-is-layout-flow\">\n<p class=\"has-text-align-center has-white-color has-text-color has-medium-font-size\"><strong>METADATA<\/strong><\/p>\n<\/div><\/div>\n\n\n\n<div style=\"height:10px\" aria-hidden=\"true\" class=\"wp-block-spacer\"><\/div>\n\n\n\n<!DOCTYPE HTML><html xmlns:tei=\"http:\/\/www.tei-c.org\/ns\/1.0\" lang=\"es\">\n   <head>\n      <meta http-equiv=\"Content-Type\" content=\"text\/html; charset=UTF-8\">\n   <\/head>\n   <body>\n      <div style=\"background-color:White;border:solid 1px DimGrey;border-radius:5px;\">\n         <div style=\"margin-left: 15px; color: #1C1C1C;\">\n            <p><b>Identifier: <\/b>1570 05 06<\/p>\n         <\/div>\n         <div style=\"margin-left: 15px; color: #1C1C1C;\">\n            <p><b>Incipit: <\/b>Ego tametsi tempore non primus omnium quibus charus es dici possim&#8230;<\/p>\n         <\/div>\n         <div style=\"margin-left: 15px\">\n            <p><b>Manuscripts: <\/b><\/p>\n            <ul>\n               (B) KBS, Ms. A 902, f. 198r.\n               <\/ul>\n         <\/div>\n         <div style=\"margin-left: 15px\">\n            <p><b>Prints: <\/b><\/p>\n            <ul>(E1) Mac\u00edas, <i>La Biblia Pol\u00edglota de Amberes<\/i>, pp. 202-205; (E2) Dom\u00ednguez, <i>Correspondencia<\/i>, I, 430-441.<\/ul>\n         <\/div>\n         <div style=\"margin-left: 15px\">\n            <p><b>Critical edition, translation and notes: <\/b>Baldomero Mac\u00edas Rosendo<\/p>\n         <\/div>\n         <div style=\"margin-left: 15px\">\n            <p><b>Codification and digital edition: <\/b>Antonio D\u00e1vila P\u00e9rez<\/p>\n         <\/div>\n      <\/div>\n   <\/body>\n<\/html>\n<\/div>\n\n\n\n<div class=\"wp-block-column is-layout-flow wp-block-column-is-layout-flow\" style=\"flex-basis:66.66%\">\n<p><strong>SUMMARY<\/strong><\/p>\n\n\n\n<p>BAM sends Sambucus a copy of the preface to the Royal Polyglot, requesting his judgment and evaluation of the work.<\/p>\n\n\n\n<p><strong>COMMENT<\/strong><\/p>\n\n\n\n<p>The fact that two drafts have been preserved with the same recipient, the same content, and both written around the same date compels us to consider, as we mentioned in the letter <a href=\"https:\/\/lacorrespondenciadebenitoariasmontano.online\/en\/1570-05-00-s\/\">70 05 00 S<\/a>, that only one of these two drafts was actually sent to the Hungarian scholar Iohannes Sambucus. And as we pointed out there, the disorganization of ideas and the careless syntax of that document lead us to consider it as the preliminary draft of the other one we present here.<\/p>\n\n\n\n<p><\/p>\n\n\n\n<p><\/p>\n\n\n\n<p><\/p>\n\n\n\n<p><\/p>\n\n\n\n<p><\/p>\n<\/div>\n<\/div>\n<\/div>\n<\/div>\n\n\n\n<p><strong>FACSIMILE<\/strong><\/p>\n\n\n\n<div class=\"wp-block-columns is-layout-flex wp-container-core-columns-is-layout-3 wp-block-columns-is-layout-flex\">\n<div class=\"wp-block-column is-layout-flow wp-block-column-is-layout-flow\" style=\"flex-basis:20%\">\n<figure class=\"wp-block-gallery has-nested-images columns-4 is-cropped wp-block-gallery-2 is-layout-flex wp-block-gallery-is-layout-flex\">\n<figure class=\"wp-block-image size-large is-style-zoooom\"><img decoding=\"async\" width=\"714\" height=\"1024\" src=\"https:\/\/lacorrespondenciadebenitoariasmontano.online\/wp-content\/uploads\/2024\/09\/KBS-Ms-A-902-f.-198r-714x1024.jpg\" alt=\"\" class=\"wp-image-8081\" srcset=\"https:\/\/lacorrespondenciadebenitoariasmontano.online\/wp-content\/uploads\/2024\/09\/KBS-Ms-A-902-f.-198r-714x1024.jpg 714w, https:\/\/lacorrespondenciadebenitoariasmontano.online\/wp-content\/uploads\/2024\/09\/KBS-Ms-A-902-f.-198r-209x300.jpg 209w, https:\/\/lacorrespondenciadebenitoariasmontano.online\/wp-content\/uploads\/2024\/09\/KBS-Ms-A-902-f.-198r-768x1101.jpg 768w, https:\/\/lacorrespondenciadebenitoariasmontano.online\/wp-content\/uploads\/2024\/09\/KBS-Ms-A-902-f.-198r-1071x1536.jpg 1071w, https:\/\/lacorrespondenciadebenitoariasmontano.online\/wp-content\/uploads\/2024\/09\/KBS-Ms-A-902-f.-198r-8x12.jpg 8w, https:\/\/lacorrespondenciadebenitoariasmontano.online\/wp-content\/uploads\/2024\/09\/KBS-Ms-A-902-f.-198r.jpg 1380w\" sizes=\"(max-width: 714px) 100vw, 714px\" \/><figcaption class=\"wp-element-caption\"><strong>KBS, Ms. A 902<\/strong>, <strong>f. 198r<\/strong><\/figcaption><\/figure>\n<\/figure>\n<\/div>\n\n\n\n<div class=\"wp-block-column is-layout-flow wp-block-column-is-layout-flow\" style=\"flex-basis:17%\"><\/div>\n<\/div>\n\n\n\n<div class=\"wp-block-buttons is-layout-flex wp-block-buttons-is-layout-flex\"><\/div>\n\n\n\n<div style=\"height:84px\" aria-hidden=\"true\" class=\"wp-block-spacer\"><\/div>\n\n\n\n<div style=\"height:0px\" aria-hidden=\"true\" class=\"wp-block-spacer\"><\/div>\n\n\n\n<div class=\"wp-block-columns is-layout-flex wp-container-core-columns-is-layout-4 wp-block-columns-is-layout-flex\">\n<div class=\"wp-block-column is-layout-flow wp-block-column-is-layout-flow\">\n<b>TEXT AND CRITICAL APPARATUS (VISUALIZATION OF XML-TEI MARKUP)<\/b>\n   \n   \n   \n    \n   <!DOCTYPE html><html xmlns=\"http:\/\/www.w3.org\/1999\/xhtml\" xml:lang=\"es\" lang=\"es\">\n   <head>\n      <meta http-equiv=\"Content-Type\" content=\"text\/html; charset=UTF-8\"\/>\n      <!--THIS FILE IS GENERATED FROM AN XML MASTER. DO NOT EDIT (5)--><title>La correspondencia de Benito Arias Montano: edici\u00f3n cr\u00edtica digital \u2014 Benito Arias Montano (Amberes) a Juan Sambuco [Viena] &#8211; 6 de mayo de 1570<\/title><meta name=\"author\" content=\"Benito Arias Montano\"\/>\n      <meta name=\"generator\" content=\"Text Encoding Initiative Consortium XSLT stylesheets\"\/>\n      <meta name=\"DC.Title\" content=\"La correspondencia de Benito Arias Montano: edici\u00f3n cr\u00edtica digital \u2014 Benito Arias Montano (Amberes) a Juan Sambuco [Viena] - 6 de mayo de 1570\"\/>\n      <meta name=\"DC.Type\" content=\"Text\"\/>\n      <meta name=\"DC.Format\" content=\"text\/html\"\/><link href=\"http:\/\/nl.ijs.si\/tei\/convert\/profiles\/test\/html\/jsi-tei.css\" rel=\"stylesheet\" type=\"text\/css\"\/><link rel=\"stylesheet\" media=\"print\" type=\"text\/css\" href=\"https:\/\/www.tei-c.org\/release\/xml\/tei\/stylesheet\/tei-print.css\"\/><\/head>\n   <body class=\"simple\" id=\"TOP\">\n      <div class=\"stdheader autogenerated\">\n        \n      <\/div>\n      <section class=\"source\" id=\"index.xml-group.1_text.1\">\n        \n         \n         <div class=\"tei_body\"><br><\/br>\n            <div class=\"main_content\" id=\"index.xml-group.1_text.1_body.1_div.1\">\n               \n               <div class=\"pagebreak\" id=\"index.xml-pb-w43955790ab2b5b1b1b3b1b1\"><a href=\"https:\/\/lacorrespondenciadebenitoariasmontano.online\/wp-content\/uploads\/2024\/09\/KBS-Ms-A-902-f.-198r.jpg\" target=\"_blank\" onclick=\"window.open(this.href, this.target, 'width=400,height=600'); return false;\" rel=\"noopener\">[f. 198r]<\/a><\/div>\n               <p>[<span style=\"font-weight:bold\">1<\/span>] Ego tametsi tempore non primus omnium quibus charus <span class=\"tei_choice\" title=\"tei:choice\"><span class=\"tei_sic\" title=\"tei:sic\">est<\/span><span class=\"tei_corr\" title=\"tei:corr\">es<\/span><\/span> dici possim, affectu tamen et studio inter <span class=\"tei_del\" title=\"tei:del\">postremos non haberi<\/span> primos censeri. Id quod si tibi persuaseris, omni officiorum genere ex me expectando\n                  cum opportunum fuerit experiri <span class=\"tei_del\" title=\"tei:del\">licebit<\/span> poteris. Eadem autem ego animi mei fiducia fretus amicitiae <span class=\"tei_del\" title=\"tei:del\">suauissimos<\/span> fructus <span class=\"tei_del\" title=\"tei:del\">a te<\/span> ex te, cum res postulauerit, <span class=\"tei_del\" title=\"tei:del\">. . exigere<\/span> suauissimos percepturus exigere non dubitabo.\n               <\/p>\n               <p>[<span style=\"font-weight:bold\">2<\/span>] <span class=\"tei_del\" title=\"tei:del\">Iam ut arbitror<\/span> Bibliorum quadrilinguium opus illud maximum et dignissimum quod a <span class=\"tei_persName\" title=\"tei:name[@type=&#34;person&#34;]\">Philipp<span class=\"tei_del\" title=\"tei:del\">o<\/span>i<\/span> <span class=\"tei_del\" title=\"tei:del\">rege<\/span> catholic<span class=\"tei_del\" title=\"tei:del\">o<\/span>i <span class=\"tei_choice\" title=\"tei:choice\"><span class=\"tei_sic\" title=\"tei:sic\">reges<\/span><span class=\"tei_corr\" title=\"tei:corr\">regis<\/span><\/span> consilio et auspiciis <span class=\"tei_persName\" title=\"tei:name[@type=&#34;person&#34;]\">Plantino<\/span> nostro imprimendum commissum est cuique ego procurando regis auctoritate legatus\n                  sum ex diuino beneficio foeliciter atque ex animi sententia procedere <span class=\"tei_del\" title=\"tei:del\">iam scias<\/span> atque non longe nimium a fine distare scias <span class=\"tei_del\" title=\"tei:del\">ueli<\/span> uolo. Id autem oportuna praefatione instruere ex eiusdem cath<span class=\"tei_expan\" title=\"tei:expan\"><span class=\"ex\">olici<\/span><\/span> r<span class=\"tei_expan\" title=\"tei:expan\"><span class=\"ex\">egis<\/span><\/span> auctori<span class=\"tei_supplied\" title=\"tei:supplied\">ta<\/span>te meditamur. Ipse autem rex argumentum nobis prescripsit, quod longiore oratione\n                  etiam ex illius mandato persequeremur. Quoniam uero nihil a nobis in toto opere <span class=\"tei_del\" title=\"tei:del\">. est<\/span> exigebatur praeter sum<span class=\"tei_supplied\" title=\"tei:supplied\">m<\/span>am uersionum fidem et correctionis diligentiam, quam pro ingenii ac facultatis nostrae\n                  tenuitate studiose praestitisse uidemur, una tantum reliqua cura est praefationis,\n                  cuius rationem non meo unius ingenio aut <span class=\"tei_del\" title=\"tei:del\">con<\/span> iudicio constare uolui, sed <span class=\"tei_del\" title=\"tei:del\">omn<\/span> eorum omnium arbitrio et calculo quibus et pietatis et doctrinae nomine me ipsum\n                  meaque omnia ad examen, correctionem et probationem proponere ac<a class=\"notelink\" href=\"#App1\"><sup>1<\/sup><\/a> summittere debeo. [<span style=\"font-weight:bold\">3<\/span>] <span class=\"tei_del\" title=\"tei:del\">His autem . <\/span> Ex quibus te unum ut amicum diligo ita quoque meorum studiorum censorem adiutoremque\n                  appellare constitui <span class=\"tei_del\" title=\"tei:del\">maxi<\/span> in re praecipue non mea tantum, sed tua, sed communi omnium <span class=\"tei_del\" title=\"tei:del\">bono<\/span> christianorum et doctorum uirorum qualis tu es, cuiusmodi hanc Sacrorum Bibliorum\n                  aeditionem existimare oportet.\n               <\/p>\n               <p>[<span style=\"font-weight:bold\">4<\/span>] Te igitur, mi <span class=\"tei_persName\" title=\"tei:name[@type=&#34;person&#34;]\">Sambuce<\/span>, uehementer oro atque obsecro ut, inter caetera studia tua, aliquot saltem horas\n                  huic praefationi impertiri uelis pro arbitrio iudicioque tuo eximio, non in rebus\n                  quae in ea tractantur<a class=\"notelink\" href=\"#App2\"><sup>2<\/sup><\/a> solum, sed in uerborum etiam proprietate, elegantia et castimonia examinandae, corrigendae\n                  et, si commodum uideatur, immutandae. Ideo enim latiores margines in exemplo relinqui\n                  curaui, ut idoneus adnotationibus et correctionibus adscribendis esset locus. [<span style=\"font-weight:bold\">5<\/span>] Gratissimum autem mihi et te dignissimum <span class=\"tei_del\" title=\"tei:del\">officium<\/span> feceris officium ac me tui amantissimum perpetuo beneficio deuinxeris. Nec ingratum\n                  experiere aut immemorem, utpote qui cum apud alios omnes quibus notus sum tum apud\n                  regem meum pietatem doctrinamque tuam sim libenter perpetuo praedicaturus.\n               <\/p>\n               \n                  <p>Vale. <span class=\"tei_placeName\" title=\"tei:name[@type=&#34;place&#34;]\">Antuerpiae<\/span>, <span class=\"date\">pridie Non<span class=\"tei_expan\" title=\"tei:expan\"><span class=\"ex\">as<\/span><\/span> Maii 1570<\/span>.\n                  <\/p>\n               \n            <\/div>\n         <\/div>\n      <\/section>\n      \n      <div class=\"appcrit\">\n         <div class=\"app\" id=\"App1\"><span class=\"lemma\">ac<\/span>] <span class=\"lemmawitness\">B, E2<\/span>; et (E1)\n         <\/div>\n         <div class=\"app\" id=\"App2\"><span class=\"lemma\">tractantur<\/span>] <span class=\"lemmawitness\">B, E2<\/span>; tranctantur (E1)\n         <\/div>\n      <\/div>\n      <div class=\"stdfooter autogenerated\">\n         <div class=\"footer\">\n            <!--standard links to project, institution etc--><a class=\"plain\" href=\"\/en\/\"><\/a> \n         <\/div>\n         \n            <!--\n Generated from index.xml using XSLT stylesheets version 7.57.0\n\t\t based on http:\/\/www.tei-c.org\/Stylesheets\/\n\t\t on 2024-10-04T19:26:34Z.\n\t\t SAXON HE 9.8.0.15.\n\t\t   --><\/address>\n      <\/div>\n   <\/body>\n\n\n\n<div style=\"height:42px\" aria-hidden=\"true\" class=\"wp-block-spacer\"><\/div>\n\n\n\n<figure class=\"wp-block-image size-full\"><img decoding=\"async\" width=\"675\" height=\"900\" src=\"https:\/\/lacorrespondenciadebenitoariasmontano.online\/wp-content\/uploads\/2024\/09\/Johannes_Sambucus.jpg\" alt=\"\" class=\"wp-image-8118\" srcset=\"https:\/\/lacorrespondenciadebenitoariasmontano.online\/wp-content\/uploads\/2024\/09\/Johannes_Sambucus.jpg 675w, https:\/\/lacorrespondenciadebenitoariasmontano.online\/wp-content\/uploads\/2024\/09\/Johannes_Sambucus-225x300.jpg 225w, https:\/\/lacorrespondenciadebenitoariasmontano.online\/wp-content\/uploads\/2024\/09\/Johannes_Sambucus-9x12.jpg 9w\" sizes=\"(max-width: 675px) 100vw, 675px\" \/><figcaption class=\"wp-element-caption\">Grabado de Juan Sambuco, tomado de Jean-Jacques Boissard,<em> Bibliotheca chalcographica<\/em>, 1652-1669.<\/figcaption><\/figure>\n\n\n\n<div class=\"wp-block-buttons is-layout-flex wp-block-buttons-is-layout-flex\"><\/div>\n<\/div>\n\n\n\n<div class=\"wp-block-column is-layout-flow wp-block-column-is-layout-flow\">\n<b>TRANSLATION INTO SPANISH <br>AND NOTES<br><\/b>\n   \n   \n\n   <!DOCTYPE html><html xmlns=\"http:\/\/www.w3.org\/1999\/xhtml\" xml:lang=\"es\" lang=\"es\">\n   <head>\n      <meta http-equiv=\"Content-Type\" content=\"text\/html; charset=UTF-8\"\/>\n      <!--THIS FILE IS GENERATED FROM AN XML MASTER. DO NOT EDIT (5)--><title>La correspondencia de Benito Arias Montano: edici\u00f3n cr\u00edtica digital \u2014 Benito Arias Montano (Amberes) a Juan Sambuco [Viena] &#8211; 6 de mayo de 1570<\/title><meta name=\"author\" content=\"Benito Arias Montano\"\/>\n      <meta name=\"generator\" content=\"Text Encoding Initiative Consortium XSLT stylesheets\"\/>\n      <meta name=\"DC.Title\" content=\"La correspondencia de Benito Arias Montano: edici\u00f3n cr\u00edtica digital \u2014 Benito Arias Montano (Amberes) a Juan Sambuco [Viena] - 6 de mayo de 1570\"\/>\n      <meta name=\"DC.Type\" content=\"Text\"\/>\n      <meta name=\"DC.Format\" content=\"text\/html\"\/><link href=\"http:\/\/nl.ijs.si\/tei\/convert\/profiles\/test\/html\/jsi-tei.css\" rel=\"stylesheet\" type=\"text\/css\"\/><link rel=\"stylesheet\" media=\"print\" type=\"text\/css\" href=\"https:\/\/www.tei-c.org\/release\/xml\/tei\/stylesheet\/tei-print.css\"\/><\/head>\n   <body class=\"simple\" id=\"TOP\">\n      <div class=\"stdheader autogenerated\">\n        \n      <\/div>\n      \n      <section class=\"translation\" id=\"index.xml-group.1_text.2\">\n         \n         <div class=\"tei_body\"><br><\/br>\n            <div class=\"main_content\" id=\"index.xml-group.1_text.2_body.1_div.1\">\n              \n               <div class=\"pagebreak\" id=\"index.xml-pb-w43955790ab2b5b1b3b1b1b1\"><a href=\"\/en\/<div class=\/\"pagebreak\" id=\"index.xml-pb-w43955790ab2b5b1b1b3b1b1\"><a href=\"https:\/\/lacorrespondenciadebenitoariasmontano.online\/wp-content\/uploads\/2024\/09\/KBS-Ms-A-902-f.-198r.jpg\" target=\"_blank\" onclick=\"window.open(this.href, this.target, 'width=400,height=600'); return false;\" rel=\"noopener\">[f. 198r]<\/a><\/div>\n               <p>[<span style=\"font-weight:bold\">1<\/span>] Si bien no se puede decir que sea el primero de todos a quienes es grato vuestra\n                  merced, no obstante, en afecto y celo puedo ser considerado entre los primeros.<a class=\"link_ref\" id=\"reference1\" href=\"#note1\" title=\"1 Dom\u00ednguez Correspondencia I 431 ss opta por fundir en uno solo el borrador que nosotros editamos como 1570 05 00 S y este mis...\">1<\/a> Y si vuestra merced est\u00e1 convencido de ello, podr\u00e1 experimentar todo tipo de servicios\n                  de mi parte cuando fuere oportuno. Y llevado por esta confianza de mi esp\u00edritu en\n                  que recibir\u00e9 los suav\u00edsimos frutos de la amistad de vuestra merced cuando lo exija\n                  la ocasi\u00f3n, no vacilar\u00e9 en pedirlos.\n               <\/p>\n               <p>[<span style=\"font-weight:bold\">2<\/span>] Quiero que sepa vuestra merced que aquel trabajo insigne y dign\u00edsimo de la Biblia\n                  cuadriling\u00fce, que por decisi\u00f3n y bajo los auspicios del rey cat\u00f3lico Felipe, recibi\u00f3\n                  el encargo de imprimirla nuestro Plantino, y la cual estoy encargado de dirigir en\n                  nombre del rey, avanza felizmente por obra de Dios y conforme a nuestro deseo, y no\n                  dista ya mucho de su conclusi\u00f3n. Ahora bien, tenemos en mente proveerla con un pr\u00f3logo\n                  apropiado, como lo tiene ordenado este mismo rey cat\u00f3lico. Y el propio rey nos ha\n                  determinado lo que debemos tratar con un discurso m\u00e1s extenso conforme a su mandato.\n                  Y dado que no se nos exig\u00eda en toda la obra otra responsabilidad que la m\u00e1xima fidelidad\n                  de las traducciones y el mayor cuidado en la correcci\u00f3n, lo cual creemos haberlo garantizado\n                  con celo, a tenor de la parquedad de nuestro ingenio y facultades, solo me queda el\n                  cuidado del prefacio, cuya consideraci\u00f3n no he querido que dependa solo de mi ingenio\n                  y juicio, sino tambi\u00e9n de la opini\u00f3n y criterio de todos estos a cuyo examen, aprobaci\u00f3n\n                  y correcci\u00f3n debo presentarme y someterme yo mismo y todo lo m\u00edo por su piedad y erudici\u00f3n.\n                  [<span style=\"font-weight:bold\">3<\/span>] De entre los cuales, a vuestra merced muy en particular, igual que le aprecio como\n                  amigo, del mismo modo he decidido llamarle como censor y colaborador, especialmente\n                  en un asunto que no es solo m\u00edo, sino tambi\u00e9n de vuestra merced, tambi\u00e9n com\u00fan a todos\n                  los hombres cristianos y doctos, cual es vuestra merced, tal y como conviene considerar\n                  esta edici\u00f3n de la sagrada Biblia.\n               <\/p>\n               <p>[<span style=\"font-weight:bold\">4<\/span>] A vuestra merced por tanto, mi querido Sambuco, pido y ruego encarecidamente que\n                  entre los dem\u00e1s trabajos suyos se digne a dedicarle a este prefacio al menos algunas\n                  horas, para que, seg\u00fan su opini\u00f3n y eximio juicio, lo examine, lo corrija y, si le\n                  parece oportuno, lo modifique no solo en el contenido, sino tambi\u00e9n en la propiedad,\n                  la elegancia y la pureza de los t\u00e9rminos empleados. Y por este motivo he procurado\n                  dejar m\u00e1rgenes bastante amplios en la copia, para que haya suficiente espacio para\n                  recoger las anotaciones y las correcciones. [<span style=\"font-weight:bold\">5<\/span>] Me prestar\u00e1 vuestra merced as\u00ed un servicio muy grato para m\u00ed y muy digno de vuestra\n                  merced, y me tendr\u00e1 obligado con un favor eterno a m\u00ed que soy afect\u00edsimo suyo. Y no\n                  me mostrar\u00e9 desagradecido ni olvidadizo, puesto que no solo ante todos los que conozco,\n                  sino tambi\u00e9n ante mi rey pregonar\u00e9 siempre de buen grado la piedad y erudici\u00f3n de\n                  vuestra merced.\n               <\/p>\n               \n                  <p>[<span style=\"font-weight:bold\">6<\/span>] Adi\u00f3s. En Amberes, a 6 de mayo de 1570.\n                  <\/p>\n               \n            <\/div>\n         <\/div>\n         <div class=\"tei_back\">\n            <div class=\"notes\" id=\"index.xml-group.1_text.2_back.1_div.1\">\n               \n               <div class=\"note\" id=\"note1\"><span class=\"noteLabel\">Note: <\/span><a class=\"link_ref\" href=\"#reference1\" title=\"1\">1<\/a> Dom\u00ednguez, <span class=\"titlem\">Correspondencia<\/span>, I, 431 ss, opta por fundir en uno solo el borrador que nosotros editamos como <a class=\"link_ref\" href=\"https:\/\/lacorrespondenciadebenitoariasmontano.online\/en\/1570-05-00-s\/\">1570 05 00 S<\/a> y este mismo. Aun siendo plausible esta hip\u00f3tesis (el infinitivo <i>censeri<\/i> podr\u00eda depender del verbo <i>cupio<\/i> que en el citado borrador anterior quedaba incompleto), nosotros hemos preferido incluir\n                  ambos testimonios en nuestra edici\u00f3n cr\u00edtica digital de manera separada, habida cuenta\n                  de la separaci\u00f3n f\u00edsica de los dos borradores en el manuscrito de Estocolomo, y de\n                  que cada uno de los borradores pudo ser resultado de un momento de redacci\u00f3n distinto.\n               <\/div>\n            <\/div>\n         <\/div>\n      <\/section>\n      \n      <div class=\"stdfooter autogenerated\">\n         <div class=\"footer\">\n            <!--standard links to project, institution etc--><a class=\"plain\" href=\"\/en\/\"><\/a> \n         <\/div>\n         \n            <!--\n Generated from index.xml using XSLT stylesheets version 7.57.0\n\t\t based on http:\/\/www.tei-c.org\/Stylesheets\/\n\t\t on 2024-10-04T19:26:34Z.\n\t\t SAXON HE 9.8.0.15.\n\t\t   --><\/address>\n      <\/div>\n   <\/body>\n<\/div>\n\n\n\n<div class=\"wp-block-column is-layout-flow wp-block-column-is-layout-flow\">\n<b>TEXT (WITHOUT VISUALISATION <br>OF XML-TEI MARKUP)<br><\/b>\n   \n      \n   <!DOCTYPE html><html xmlns=\"http:\/\/www.w3.org\/1999\/xhtml\" xml:lang=\"es\" lang=\"es\">\n   <head>\n      <meta http-equiv=\"Content-Type\" content=\"text\/html; charset=UTF-8\"\/>\n      <!--THIS FILE IS GENERATED FROM AN XML MASTER. DO NOT EDIT (5)--><title>La correspondencia de Benito Arias Montano: edici\u00f3n cr\u00edtica digital \u2014 Benito Arias Montano (Amberes) a Juan Sambuco [Viena] &#8211; 6 de mayo de 1570<\/title><meta name=\"author\" content=\"Benito Arias Montano\"\/>\n      <meta name=\"generator\" content=\"Text Encoding Initiative Consortium XSLT stylesheets\"\/>\n      <meta name=\"DC.Title\" content=\"La correspondencia de Benito Arias Montano: edici\u00f3n cr\u00edtica digital \u2014 Benito Arias Montano (Amberes) a Juan Sambuco [Viena] - 6 de mayo de 1570\"\/>\n      <meta name=\"DC.Type\" content=\"Text\"\/>\n      <meta name=\"DC.Format\" content=\"text\/html\"\/><link href=\"http:\/\/nl.ijs.si\/tei\/convert\/profiles\/test\/html\/jsi-tei.css\" rel=\"stylesheet\" type=\"text\/css\"\/><link rel=\"stylesheet\" media=\"print\" type=\"text\/css\" href=\"https:\/\/www.tei-c.org\/release\/xml\/tei\/stylesheet\/tei-print.css\"\/><\/head>\n   <body class=\"simple\" id=\"TOP\">\n      <div class=\"stdheader autogenerated\">\n        \n      <\/div>\n      <section class=\"source\" id=\"index.xml-group.1_text.1\">\n        \n         \n         <div class=\"tei_body\"><br><\/br>\n            <div class=\"main_content\" id=\"index.xml-group.1_text.1_body.1_div.1\">\n               \n               <div class=\"pagebreak\" id=\"index.xml-pb-w43955790ab2b5b1b1b3b1b1\"><a href=\"https:\/\/lacorrespondenciadebenitoariasmontano.online\/wp-content\/uploads\/2024\/09\/KBS-Ms-A-902-f.-198r.jpg\" target=\"_blank\" onclick=\"window.open(this.href, this.target, 'width=400,height=600'); return false;\" rel=\"noopener\">[f. 198r]<\/a><\/div>\n               <p>[<span style=\"font-weight:bold\">1<\/span>] Ego tametsi tempore non primus omnium quibus charus est dici possim, affectu tamen et studio inter  primos censeri. Id quod si tibi persuaseris, omni officiorum genere ex me expectando\n                  cum opportunum fuerit experiri poteris. Eadem autem ego animi mei fiducia fretus amicitiae fructus ex te, cum res postulauerit, suauissimos percepturus exigere non dubitabo.\n               <\/p>\n               <p>[<span style=\"font-weight:bold\">2<\/span>] Bibliorum quadrilinguium opus illud maximum et dignissimum quod a Philippi catholici regis consilio et auspiciis Plantino nostro imprimendum commissum est cuique ego procurando regis auctoritate legatus\n                  sum ex diuino beneficio foeliciter atque ex animi sententia procedere atque non longe nimium a fine distare scias uolo. Id autem oportuna praefatione instruere ex eiusdem catholici regis auctoritate meditamur. Ipse autem rex argumentum nobis prescripsit, quod longiore oratione\n                  etiam ex illius mandato persequeremur. Quoniam uero nihil a nobis in toto opere  exigebatur praeter summam uersionum fidem et correctionis diligentiam, quam pro ingenii ac facultatis nostrae\n                  tenuitate studiose praestitisse uidemur, una tantum reliqua cura est praefationis,\n                  cuius rationem non meo unius ingenio aut iudicio constare uolui, sed eorum omnium arbitrio et calculo quibus et pietatis et doctrinae nomine me ipsum\n                  meaque omnia ad examen, correctionem et probationem proponere ac summittere debeo. [<span style=\"font-weight:bold\">3<\/span>] Ex quibus te unum ut amicum diligo ita quoque meorum studiorum censorem adiutoremque\n                  appellare constitui  in re praecipue non mea tantum, sed tua, sed communi omnium  christianorum et doctorum uirorum qualis tu es, cuiusmodi hanc Sacrorum Bibliorum\n                  aeditionem existimare oportet.\n               <\/p>\n               <p>[<span style=\"font-weight:bold\">4<\/span>] Te igitur, mi Sambuce, uehementer oro atque obsecro ut, inter caetera studia tua, aliquot saltem horas\n                  huic praefationi impertiri uelis pro arbitrio iudicioque tuo eximio, non in rebus\n                  quae in ea tractantur solum, sed in uerborum etiam proprietate, elegantia et castimonia examinandae, corrigendae\n                  et, si commodum uideatur, immutandae. Ideo enim latiores margines in exemplo relinqui\n                  curaui, ut idoneus adnotationibus et correctionibus adscribendis esset locus. [<span style=\"font-weight:bold\">5<\/span>] Gratissimum autem mihi et te dignissimum feceris officium ac me tui amantissimum perpetuo beneficio deuinxeris. Nec ingratum\n                  experiere aut immemorem, utpote qui cum apud alios omnes quibus notus sum tum apud\n                  regem meum pietatem doctrinamque tuam sim libenter perpetuo praedicaturus.\n               <\/p>\n               \n                  <p>Vale. Antuerpiae, pridie Nonas Maii 1570.\n                  <\/p>\n               \n            <\/div>\n         <\/div>\n      <\/section>\n      \n      \n      <div class=\"stdfooter autogenerated\">\n         <div class=\"footer\">\n            <!--standard links to project, institution etc--><a class=\"plain\" href=\"\/en\/\"><\/a> \n         <\/div>\n         \n            <!--\n Generated from index.xml using XSLT stylesheets version 7.57.0\n\t\t based on http:\/\/www.tei-c.org\/Stylesheets\/\n\t\t on 2024-10-04T19:26:34Z.\n\t\t SAXON HE 9.8.0.15.\n\t\t   --><\/address>\n      <\/div>\n   <\/body>\n\n\n\n<div style=\"height:45px\" aria-hidden=\"true\" class=\"wp-block-spacer\"><\/div>\n\n\n\n<div class=\"wp-block-buttons is-layout-flex wp-block-buttons-is-layout-flex\">\n<div class=\"wp-block-button aligncenter\"><a class=\"wp-block-button__link has-white-color has-text-color wp-element-button\" href=\"https:\/\/github.com\/CoBAM-editor\/CoBAM\/blob\/main\/1570%2005%2006%20CoBAM.xml\" style=\"border-radius:8px\"><strong>XML<\/strong><\/a><\/div>\n<\/div>\n<\/div>\n<\/div>\n\n\n\n<p><\/p>","protected":false},"excerpt":{"rendered":"<p>1570 05 06 Benito Arias Montano (Amberes) a Juan Sambuco [Viena] 6 de mayo de 1570 Identificador: 1570 05 06 \u00cdncipit: Ego tametsi tempore non primus omnium quibus charus es dici possim&#8230; Manuscritos: (B) KBS, Ms. A 902, f. 198r. Impresos: (E1) Mac\u00edas, La Biblia Pol\u00edglota de Amberes, pp. 202-205; (E2) Dom\u00ednguez, Correspondencia, I, 430-441. [&hellip;]<\/p>","protected":false},"author":1,"featured_media":1721,"parent":0,"menu_order":0,"comment_status":"closed","ping_status":"closed","template":"elementor_header_footer","meta":{"footnotes":""},"class_list":["post-8127","page","type-page","status-publish","has-post-thumbnail","czr-hentry"],"_links":{"self":[{"href":"https:\/\/lacorrespondenciadebenitoariasmontano.online\/en\/wp-json\/wp\/v2\/pages\/8127"}],"collection":[{"href":"https:\/\/lacorrespondenciadebenitoariasmontano.online\/en\/wp-json\/wp\/v2\/pages"}],"about":[{"href":"https:\/\/lacorrespondenciadebenitoariasmontano.online\/en\/wp-json\/wp\/v2\/types\/page"}],"author":[{"embeddable":true,"href":"https:\/\/lacorrespondenciadebenitoariasmontano.online\/en\/wp-json\/wp\/v2\/users\/1"}],"replies":[{"embeddable":true,"href":"https:\/\/lacorrespondenciadebenitoariasmontano.online\/en\/wp-json\/wp\/v2\/comments?post=8127"}],"version-history":[{"count":29,"href":"https:\/\/lacorrespondenciadebenitoariasmontano.online\/en\/wp-json\/wp\/v2\/pages\/8127\/revisions"}],"predecessor-version":[{"id":10682,"href":"https:\/\/lacorrespondenciadebenitoariasmontano.online\/en\/wp-json\/wp\/v2\/pages\/8127\/revisions\/10682"}],"wp:featuredmedia":[{"embeddable":true,"href":"https:\/\/lacorrespondenciadebenitoariasmontano.online\/en\/wp-json\/wp\/v2\/media\/1721"}],"wp:attachment":[{"href":"https:\/\/lacorrespondenciadebenitoariasmontano.online\/en\/wp-json\/wp\/v2\/media?parent=8127"}],"curies":[{"name":"wp","href":"https:\/\/api.w.org\/{rel}","templated":true}]}}