{"id":8360,"date":"2024-11-29T16:28:18","date_gmt":"2024-11-29T16:28:18","guid":{"rendered":"https:\/\/lacorrespondenciadebenitoariasmontano.online\/?page_id=8360"},"modified":"2026-02-09T14:32:35","modified_gmt":"2026-02-09T14:32:35","slug":"1570-05-11","status":"publish","type":"page","link":"https:\/\/lacorrespondenciadebenitoariasmontano.online\/en\/1570-05-11\/","title":{"rendered":"1570 05 11"},"content":{"rendered":"<div class=\"wp-block-columns is-layout-flex wp-container-core-columns-is-layout-2 wp-block-columns-is-layout-flex\">\n<div class=\"wp-block-column is-layout-flow wp-block-column-is-layout-flow\">\n<p class=\"has-text-align-center\" style=\"font-size:31px\">1570 05 11<\/p>\n\n\n\n<p class=\"has-text-align-center\" style=\"font-size:31px\">Benito Arias Montano (Antwerp) to Maximilian Morillon [Brussels]<\/p>\n\n\n\n<p class=\"has-text-align-right\" style=\"font-size:22px\">11 May 1570<\/p>\n\n\n\n<div style=\"height:28px\" aria-hidden=\"true\" class=\"wp-block-spacer\"><\/div>\n\n\n\n<div class=\"wp-block-columns is-layout-flex wp-container-core-columns-is-layout-1 wp-block-columns-is-layout-flex\">\n<div class=\"wp-block-column is-layout-flow wp-block-column-is-layout-flow\" style=\"flex-basis:33.33%\">\n<div class=\"wp-block-cover is-light wp-duotone-unset-1\" style=\"min-height:103px;aspect-ratio:unset;\"><span aria-hidden=\"true\" class=\"wp-block-cover__background has-background-dim-10 has-background-dim\"><\/span><img fetchpriority=\"high\" decoding=\"async\" width=\"1127\" height=\"423\" class=\"wp-block-cover__image-background wp-image-606\" alt=\"\" src=\"https:\/\/lacorrespondenciadebenitoariasmontano.online\/wp-content\/uploads\/2023\/03\/cropped-Gysbrechts-1.jpg\" data-object-fit=\"cover\" srcset=\"https:\/\/lacorrespondenciadebenitoariasmontano.online\/wp-content\/uploads\/2023\/03\/cropped-Gysbrechts-1.jpg 1127w, https:\/\/lacorrespondenciadebenitoariasmontano.online\/wp-content\/uploads\/2023\/03\/cropped-Gysbrechts-1-300x113.jpg 300w, https:\/\/lacorrespondenciadebenitoariasmontano.online\/wp-content\/uploads\/2023\/03\/cropped-Gysbrechts-1-1024x384.jpg 1024w, https:\/\/lacorrespondenciadebenitoariasmontano.online\/wp-content\/uploads\/2023\/03\/cropped-Gysbrechts-1-768x288.jpg 768w\" sizes=\"(max-width: 1127px) 100vw, 1127px\" \/><div class=\"wp-block-cover__inner-container is-layout-flow wp-block-cover-is-layout-flow\">\n<p class=\"has-text-align-center has-white-color has-text-color has-medium-font-size\"><strong>METADATA<\/strong><\/p>\n<\/div><\/div>\n\n\n\n<div style=\"height:10px\" aria-hidden=\"true\" class=\"wp-block-spacer\"><\/div>\n\n\n\n<!DOCTYPE HTML><html xmlns:tei=\"http:\/\/www.tei-c.org\/ns\/1.0\" lang=\"es\">\n   <head>\n      <meta http-equiv=\"Content-Type\" content=\"text\/html; charset=UTF-8\">\n   <\/head>\n   <body>\n      <div style=\"background-color:White;border:solid 1px DimGrey;border-radius:5px;\">\n         <div style=\"margin-left: 15px; color: #1C1C1C;\">\n            <p><b>Identifier: <\/b>1570 05 11<\/p>\n         <\/div>\n         <div style=\"margin-left: 15px; color: #1C1C1C;\">\n            <p><b>Incipit: <\/b>Praeter caeteros omnes et optimos et doctissimos uiros&#8230;<\/p>\n         <\/div>\n         <div style=\"margin-left: 15px\">\n            <p><b>Manuscripts: <\/b><\/p>\n            <ul>\n               (B) KBS, Ms. A 902, f. 198v.\n               <\/ul>\n         <\/div>\n         <div style=\"margin-left: 15px\">\n            <p><b>Prints: <\/b><\/p>\n            <ul>(E1) Mac\u00edas, <i>La Biblia Pol\u00edglota de Amberes<\/i>, pp. 206-209; (E2) Dom\u00ednguez, <i>Correspondencia<\/i>, I, 458-463.<\/ul>\n         <\/div>\n         <div style=\"margin-left: 15px\">\n            <p><b>Critical edition, translation and notes: <\/b>Baldomero Mac\u00edas Rosendo<\/p>\n         <\/div>\n         <div style=\"margin-left: 15px\">\n            <p><b>Codification and digital edition: <\/b>Antonio D\u00e1vila P\u00e9rez<\/p>\n         <\/div>\n      <\/div>\n   <\/body>\n<\/html>\n<\/div>\n\n\n\n<div class=\"wp-block-column is-layout-flow wp-block-column-is-layout-flow\" style=\"flex-basis:66.66%\">\n<p><strong>SUMMARY<\/strong><\/p>\n\n\n\n<p>Before sending the prologue of the Polyglot Bible to the Spanish Court, BAM requests that Morillon review and correct both the content and the wording of the draft. He would also like to receive Pighius's opinion.<\/p>\n\n\n\n<p><strong>COMMENT<\/strong><\/p>\n\n\n\n<p>The name of Antonio Perrenot, Cardinal of Granvelle, is closely associated with Plantin\u2019s printing house as one of its most ardent supporters. Naturally, it is also linked to the most ambitious project of his press: the Polyglot Bible. However, starting in 1570, Antonio Perrenot, compelled to leave the Low Countries to fulfill his duties as Viceroy of Naples, continued to receive regular updates on the Bible enterprise through Maximilien Morillon, his vicar general for the Diocese of Mechelen.<\/p>\n\n\n\n<p><\/p>\n\n\n\n<p><\/p>\n\n\n\n<p><\/p>\n\n\n\n<p><\/p>\n\n\n\n<p><\/p>\n<\/div>\n<\/div>\n<\/div>\n<\/div>\n\n\n\n<p><strong>FACSIMILE<\/strong><\/p>\n\n\n\n<div class=\"wp-block-columns is-layout-flex wp-container-core-columns-is-layout-3 wp-block-columns-is-layout-flex\">\n<div class=\"wp-block-column is-layout-flow wp-block-column-is-layout-flow\" style=\"flex-basis:20%\">\n<figure class=\"wp-block-gallery has-nested-images columns-4 is-cropped wp-block-gallery-2 is-layout-flex wp-block-gallery-is-layout-flex\">\n<figure class=\"wp-block-image size-large is-style-zoooom\"><img decoding=\"async\" width=\"764\" height=\"1024\" src=\"https:\/\/lacorrespondenciadebenitoariasmontano.online\/wp-content\/uploads\/2024\/11\/KBS-Ms-A-902-f.-198v-764x1024.jpg\" alt=\"\" class=\"wp-image-8358\" srcset=\"https:\/\/lacorrespondenciadebenitoariasmontano.online\/wp-content\/uploads\/2024\/11\/KBS-Ms-A-902-f.-198v-764x1024.jpg 764w, https:\/\/lacorrespondenciadebenitoariasmontano.online\/wp-content\/uploads\/2024\/11\/KBS-Ms-A-902-f.-198v-224x300.jpg 224w, https:\/\/lacorrespondenciadebenitoariasmontano.online\/wp-content\/uploads\/2024\/11\/KBS-Ms-A-902-f.-198v-768x1029.jpg 768w, https:\/\/lacorrespondenciadebenitoariasmontano.online\/wp-content\/uploads\/2024\/11\/KBS-Ms-A-902-f.-198v-1146x1536.jpg 1146w, https:\/\/lacorrespondenciadebenitoariasmontano.online\/wp-content\/uploads\/2024\/11\/KBS-Ms-A-902-f.-198v-9x12.jpg 9w, https:\/\/lacorrespondenciadebenitoariasmontano.online\/wp-content\/uploads\/2024\/11\/KBS-Ms-A-902-f.-198v.jpg 1194w\" sizes=\"(max-width: 764px) 100vw, 764px\" \/><figcaption class=\"wp-element-caption\"><strong>KBS, Ms. A 902<\/strong>, <strong>f. 198v<\/strong><\/figcaption><\/figure>\n<\/figure>\n<\/div>\n\n\n\n<div class=\"wp-block-column is-layout-flow wp-block-column-is-layout-flow\" style=\"flex-basis:17%\"><\/div>\n<\/div>\n\n\n\n<div class=\"wp-block-buttons is-layout-flex wp-block-buttons-is-layout-flex\"><\/div>\n\n\n\n<div style=\"height:84px\" aria-hidden=\"true\" class=\"wp-block-spacer\"><\/div>\n\n\n\n<div style=\"height:0px\" aria-hidden=\"true\" class=\"wp-block-spacer\"><\/div>\n\n\n\n<div class=\"wp-block-columns is-layout-flex wp-container-core-columns-is-layout-4 wp-block-columns-is-layout-flex\">\n<div class=\"wp-block-column is-layout-flow wp-block-column-is-layout-flow\">\n<b>TEXT AND CRITICAL APPARATUS (VISUALIZATION OF XML-TEI MARKUP)<\/b>\n   \n   <!DOCTYPE html><html xmlns=\"http:\/\/www.w3.org\/1999\/xhtml\" xml:lang=\"es\" lang=\"es\">\n   <head>\n      <meta http-equiv=\"Content-Type\" content=\"text\/html; charset=UTF-8\"\/>\n      <!--THIS FILE IS GENERATED FROM AN XML MASTER. DO NOT EDIT (5)--><title>La correspondencia de Benito Arias Montano: edici\u00f3n cr\u00edtica digital \u2014 Benito Arias Montano (Amberes) a Maximiliano Morillon [Bruselas] &#8211; 11 de mayo de 1570<\/title><meta name=\"author\" content=\"Benito Arias Montano\"\/>\n      <meta name=\"generator\" content=\"Text Encoding Initiative Consortium XSLT stylesheets\"\/>\n      <meta name=\"DC.Title\" content=\"La correspondencia de Benito Arias Montano: edici\u00f3n cr\u00edtica digital \u2014 Benito Arias Montano (Amberes) a Maximiliano Morillon [Bruselas] - 11 de mayo de 1570\"\/>\n      <meta name=\"DC.Type\" content=\"Text\"\/>\n      <meta name=\"DC.Format\" content=\"text\/html\"\/><link href=\"http:\/\/nl.ijs.si\/tei\/convert\/profiles\/test\/html\/jsi-tei.css\" rel=\"stylesheet\" type=\"text\/css\"\/><link rel=\"stylesheet\" media=\"print\" type=\"text\/css\" href=\"https:\/\/www.tei-c.org\/release\/xml\/tei\/stylesheet\/tei-print.css\"\/><\/head>\n   <body class=\"simple\" id=\"TOP\">\n      <div class=\"stdheader autogenerated\">\n         \n      <\/div>\n      <section class=\"source\" id=\"index.xml-group.1_text.1\">\n         \n         \n         <div class=\"tei_body\"><br><\/br>\n            <div class=\"anotation\" id=\"index.xml-group.1_text.1_body.1_div.1\">\n               <div class=\"pagebreak\" id=\"index.xml-pb-w16657320ab2b5b1b1b3b1b1\"><a href=\"https:\/\/lacorrespondenciadebenitoariasmontano.online\/wp-content\/uploads\/2024\/11\/KBS-Ms-A-902-f.-198v.jpg\" target=\"_blank\" onclick=\"window.open(this.href, this.target, 'width=400,height=600'); return false;\" rel=\"noopener\">[f. 198v]<\/a><\/div>\n               <h5><span class=\"head\">[<i>Anotado por otra mano, en el margen, con escritura transversal<\/i>:]<\/span><\/h5>\n               <div>De praefatione Bib<span title=\"tei:expan\" class=\"tei_expan\"><span class=\"ex\">liorum<\/span><\/span> Regiorum<a class=\"notelink\" href=\"#App1\"><sup>1<\/sup><\/a>.\n               <\/div>\n            <\/div>\n            <div class=\"main_content\" id=\"index.xml-group.1_text.1_body.1_div.2\">\n               \n               <p><span class=\"tei_persName\" title=\"tei:name[@type=&#34;person&#34;]\">Morillonio<\/span> s<span class=\"tei_expan\" title=\"tei:expan\"><span class=\"ex\">alutem<\/span><\/span> p<span class=\"tei_expan\" title=\"tei:expan\"><span class=\"ex\">lurimam<\/span><\/span> d<span class=\"tei_expan\" title=\"tei:expan\"><span class=\"ex\">icit<\/span><\/span><a class=\"notelink\" href=\"#App2\"><sup>2<\/sup><\/a>.\n               <\/p>\n               <p>[<span style=\"font-weight:bold\">1<\/span>] Praeter caeteros omnes et optimos et doctissimos uiros, quorum ego probitate et\n                  doctrina ad studiorum meorum totiusque uitae rationes componendas utor, unus tu es\n                  <span class=\"tei_del\" title=\"tei:del\">est<\/span> qu<span class=\"tei_del\" title=\"tei:del\">i<\/span>em <span class=\"tei_del\" title=\"tei:del\">. <\/span> postquam amicum magno Dei beneficio nactus sum, mearum rerum omnium cognoscendarum\n                  <span class=\"tei_del\" title=\"tei:del\">Arist.<\/span> et probandarum <span class=\"tei_persName\" title=\"tei:name[@type=&#34;person&#34;]\">Aristarchum<\/span> mihi proposui, quippe cuius <span class=\"tei_del\" title=\"tei:del\">quod<\/span> <span class=\"tei_del\" title=\"tei:del\">quantum<\/span> eruditionem, pietatem, grauitatem, iudicium et in colendis amicitiis diligentiam\n                  <span class=\"tei_del\" title=\"tei:del\">ualeas<\/span> multis priuatis et publicis exemplis <span class=\"tei_del\" title=\"tei:del\">probe intellexerim<\/span> perspectam habeam; atque illud etiam <span class=\"tei_del\" title=\"tei:del\">sci.<\/span> aperte sciam <span class=\"tei_del\" title=\"tei:del\">me meaque omnia<\/span> quantum me measque res omnes singulari <span class=\"tei_del\" title=\"tei:del\">a te<\/span> beneuolentia <span class=\"tei_surplus\" title=\"tei:surplus\">et<\/span> <span class=\"tei_del\" title=\"tei:del\">cura esse suscepta<\/span> prosequaris, id quod ego inter maxima quae mihi <span class=\"tei_del\" title=\"tei:del\">a patria<\/span> <span class=\"tei_del\" title=\"tei:del\">per<\/span> <span class=\"tei_del\" title=\"tei:del\">unquam a patria<\/span> uarias regiones peragranti unquam contigerint commoda summum duco atque amplissimum.\n                  [<span style=\"font-weight:bold\">2<\/span>]  Quamobrem<a class=\"notelink\" href=\"#App3\"><sup>3<\/sup><\/a> cum tantum ego tibi tribuam et fidam ut nulli <span class=\"tei_del\" title=\"tei:del\">mortalium<\/span> magis mortalium, rei non tantum meae unius quantum tuae ipsius propriae, quantum\n                  omnium piorum et catholicorum hominum <span class=\"tei_del\" title=\"tei:del\">cognoscendae<\/span> communis cognoscendae et promouendae rationem tibi exponere et curam etiam imponere\n                  non dubitaui. Quid autem hoc sit paucis accipies.\n               <\/p>\n               <p>[<span style=\"font-weight:bold\">3<\/span>] Praefationem huic sacro Bibliorum operi, quod catholici regis consilio et <span class=\"tei_del\" title=\"tei:del\">. <\/span> auctoritate susceptum a <span class=\"tei_persName\" title=\"tei:name[@type=&#34;person&#34;]\">Plantino<\/span> est, praefigendam eiusdem regis mei mandato his proximis <span class=\"tei_del\" title=\"tei:del\">diebus<\/span> ante diebus exarabam, accepto argumento ab eodem rege; qui quid in praefatione agendum\n                  esset<a class=\"notelink\" href=\"#App4\"><sup>4<\/sup><\/a> <span class=\"tei_del\" title=\"tei:del\">idem praescrip.<\/span> ipse mihi praescripserat, ut de diuinorum librorum dignitate et utilitate, de linguarum\n                  usu deque suo ipsius <span class=\"tei_del\" title=\"tei:del\">in hoc opere . <\/span> in hac re consilio agerem. [<span style=\"font-weight:bold\">4<\/span>] Huius autem praefationis exemplum antequam regi meo <span class=\"tei_del\" title=\"tei:del\">ostendum<\/span> <span class=\"tei_del\" title=\"tei:del\">uidendum<\/span> <span class=\"tei_del\" title=\"tei:del\">mittam tibi<\/span> <span class=\"tei_del\" title=\"tei:del\">corri.<\/span> <span class=\"tei_del\" title=\"tei:del\">. <\/span> missum ostenderem, tibi legendum <span class=\"tei_del\" title=\"tei:del\">corrigendum<\/span> et, pro tuo singulari ingenio et iudicio <span class=\"tei_del\" title=\"tei:del\">censendum<\/span>, examinandum corrigendumque mittere decreui <span class=\"tei_del\" title=\"tei:del\">quod<\/span> <span class=\"tei_del\" title=\"tei:del\">quod<\/span>. Id autem negotium inter plurima alia, quae publicarum rerum causa sustines, tibi\n                  non <span class=\"tei_choice\" title=\"tei:choice\"><span class=\"tei_sic\" title=\"tei:sic\">tatum<\/span><span class=\"tei_corr\" title=\"tei:corr\">tantum<\/span><\/span> tantum <span class=\"tei_del\" title=\"tei:del\">in ei<\/span> in meam, sed in totius christianae reip<span class=\"tei_expan\" title=\"tei:expan\"><span class=\"ex\">ublicae<\/span><\/span> gratiam suscipiendum esse non dubito. Cupio autem non rerum modo quae in praefatione\n                  tractantur, sed uerborum etiam <span class=\"tei_del\" title=\"tei:del\">rationem<\/span> et totius orationis rationem a te haberi censuramque adhiberi, qualem ego a te expecto,\n                  qui me praeter caetera hoc etiam nomine tibi deuinctissimum perpetuo habebis. Latiores\n                  margines in exemplo <span class=\"tei_del\" title=\"tei:del\">relinqui<\/span> parari uolui ut <span class=\"tei_del\" title=\"tei:del\">adscribendis<\/span> correctionibus, additionibus aut detractionibus et omnium animaduersionum uel notarum\n                  generibus adscribendis commodus esset locus.\n               <\/p>\n               <p>[<span style=\"font-weight:bold\">5<\/span>] <span class=\"tei_del\" title=\"tei:del\">unum autem te<\/span> Illud autem porro te exoratum uelim ut, quanto id commodo tuo fieri possit, citissime\n                  <span class=\"tei_choice\" title=\"tei:choice\"><span class=\"tei_sic\" title=\"tei:sic\">etxemplum<\/span><span class=\"tei_corr\" title=\"tei:corr\">exemplum<\/span><\/span> ipsum una cum tua censura adiuncta <span class=\"tei_del\" title=\"tei:del\">mittatur<\/span> nobis remittatur. <span class=\"tei_del\" title=\"tei:del\">pr<\/span> Gratissimum praeterea mihi <span class=\"tei_del\" title=\"tei:del\">erit<\/span> feceris si domino <span class=\"tei_persName\" title=\"tei:name[@type=&#34;person&#34;]\">Pigio<\/span> legendum ostenderis, cuius etiam <span class=\"tei_del\" title=\"tei:del\">iudicium<\/span> sententiam uel eius uel tuis literis conscriptam indicabis.\n               <\/p>\n               <p>[<span style=\"font-weight:bold\">6<\/span>] Vale. <span class=\"tei_placeName\" title=\"tei:name[@type=&#34;place&#34;]\">Antuerpiae<\/span>, <span class=\"date\">11 Maii 1570<\/span>.\n               <\/p>\n            <\/div>\n         <\/div>\n      <\/section>\n      \n      <div class=\"appcrit\">\n         <div class=\"app\" id=\"App1\"><span class=\"lemma\">Regiorum<\/span>] <span class=\"lemmawitness\">B, E2<\/span>; <span style=\"font-style:italic\">omisit<\/span> (E1)\n         <\/div>\n         <div class=\"app\" id=\"App2\"><span class=\"lemma\">dicit<\/span>] <span class=\"lemmawitness\">B, E1<\/span>; dico (E2)\n         <\/div>\n         <div class=\"app\" id=\"App3\"><span class=\"lemma\"> Quamobrem<\/span>] <span class=\"lemmawitness\">B, E1<\/span>; Quam ob rem (E2)\n         <\/div>\n         <div class=\"app\" id=\"App4\"><span class=\"lemma\">esset<\/span>] <span class=\"lemmawitness\">B, E2<\/span>; esse (E1)\n         <\/div>\n      <\/div>\n      <div class=\"stdfooter autogenerated\">\n         <div class=\"footer\">\n            <!--standard links to project, institution etc--><a class=\"plain\" href=\"\/en\/\"><\/a> \n         <\/div>\n         \n            <!--\n Generated from index.xml using XSLT stylesheets version 7.57.1\n\t\t based on http:\/\/www.tei-c.org\/Stylesheets\/\n\t\t on 2024-11-29T14:29:08Z.\n\t\t SAXON HE 9.8.0.15.\n\t\t   --><\/address>\n      <\/div>\n   <\/body>\n<\/html>\n\n\n\n<div style=\"height:42px\" aria-hidden=\"true\" class=\"wp-block-spacer\"><\/div>\n\n\n\n<div class=\"wp-block-buttons is-layout-flex wp-block-buttons-is-layout-flex\"><\/div>\n<\/div>\n\n\n\n<div class=\"wp-block-column is-layout-flow wp-block-column-is-layout-flow\">\n<b>TRANSLATION INTO SPANISH <br>AND NOTES<br><\/b>\n   \n<!DOCTYPE html><html xmlns=\"http:\/\/www.w3.org\/1999\/xhtml\" xml:lang=\"es\" lang=\"es\">\n   <head>\n      <meta http-equiv=\"Content-Type\" content=\"text\/html; charset=UTF-8\"\/>\n      <!--THIS FILE IS GENERATED FROM AN XML MASTER. DO NOT EDIT (5)--><title>La correspondencia de Benito Arias Montano: edici\u00f3n cr\u00edtica digital \u2014 Benito Arias Montano (Amberes) a Maximiliano Morillon [Bruselas] &#8211; 11 de mayo de 1570<\/title><meta name=\"author\" content=\"Benito Arias Montano\"\/>\n      <meta name=\"generator\" content=\"Text Encoding Initiative Consortium XSLT stylesheets\"\/>\n      <meta name=\"DC.Title\" content=\"La correspondencia de Benito Arias Montano: edici\u00f3n cr\u00edtica digital \u2014 Benito Arias Montano (Amberes) a Maximiliano Morillon [Bruselas] - 11 de mayo de 1570\"\/>\n      <meta name=\"DC.Type\" content=\"Text\"\/>\n      <meta name=\"DC.Format\" content=\"text\/html\"\/><link href=\"http:\/\/nl.ijs.si\/tei\/convert\/profiles\/test\/html\/jsi-tei.css\" rel=\"stylesheet\" type=\"text\/css\"\/><link rel=\"stylesheet\" media=\"print\" type=\"text\/css\" href=\"https:\/\/www.tei-c.org\/release\/xml\/tei\/stylesheet\/tei-print.css\"\/><\/head>\n   <body class=\"simple\" id=\"TOP\">\n      <div class=\"stdheader autogenerated\">\n         \n      <\/div>\n      \n      <section class=\"translation\" id=\"index.xml-group.1_text.2\"><br><\/br>\n       \n         <div class=\"tei_body\">\n            <div class=\"anotation\" id=\"index.xml-group.1_text.2_body.1_div.1\">\n               <div class=\"pagebreak\" id=\"index.xml-pb-w16657320ab2b5b1b3b1b1b1\"><a href=\"https:\/\/lacorrespondenciadebenitoariasmontano.online\/wp-content\/uploads\/2024\/11\/KBS-Ms-A-902-f.-198v.jpg\" target=\"_blank\" onclick=\"window.open(this.href, this.target, 'width=400,height=600'); return false;\" rel=\"noopener\">[f. 198v]<\/a><\/div>\n               <h5><span class=\"head\">[<i>Anotado por otra mano, en el margen, con escritura transversal<\/i>:]<\/span><\/h5>\n               <div>Sobre el prefacio de la Biblia Regia.<\/div>\n            <\/div>\n            <div class=\"main_content\" id=\"index.xml-group.1_text.2_body.1_div.2\">\n               \n               <p>Un cordial saludo para Morill\u00f3n.<a class=\"link_ref\" id=\"reference1\" href=\"#note1\" title=\"1 Sobre Maximiliano Morillon v\u00e9ase nota biogr\u00e1fica en carta n\u00ba 1569 10 24.\">1<\/a><\/p>\n               <p>[<span style=\"font-weight:bold\">1<\/span>] Aparte de todos los dem\u00e1s hombres magn\u00edficos y doct\u00edsimos, de cuya integridad y\n                  sabidur\u00eda yo me sirvo para componer el orden de mis estudios y de toda mi vida, desde\n                  que encontr\u00e9 su amistad por mediaci\u00f3n divina, vuestra merced es el \u00fanico que me he\n                  propuesto como Aristarco<a class=\"link_ref\" id=\"reference2\" href=\"#note2\" title=\"2 Aristarco de Samotracia c\u00e9lebre cr\u00edtico alejandrino.\">2<\/a> para conocer y aprobar todos mis asuntos, dado que la erudici\u00f3n de vuestra merced,\n                  piedad, gravedad, juicio y diligencia en el trato de los amigos la tengo comprobada\n                  con muchas muestras privadas y p\u00fablicas; y tambi\u00e9n s\u00e9 en qu\u00e9 medida me secunda con\n                  su singular benevolencia a m\u00ed y a todos mis negocios, algo que yo considero lo m\u00e1s\n                  importante y destacado entre las mayores ventajas que me hayan acaecido en mi recorrido\n                  por diversas regiones. [<span style=\"font-weight:bold\">2<\/span>] Por lo cual, como yo le tengo en tan gran estima y confianza, que a nadie tengo\n                  en m\u00e1s, en este asunto que no es tanto m\u00edo solo como de vuestra merced, como com\u00fan\n                  a todos los hombres piadosos y cat\u00f3licos, no he vacilado en exponerle la manera de\n                  conocerlo y promoverlo e imponerle tambi\u00e9n su cuidado. Ahora bien, cu\u00e1l es este asunto,\n                  lo sabr\u00e1 vuestra merced con pocas palabras.\n               <\/p>\n               <p>[<span style=\"font-weight:bold\">3<\/span>] El prefacio que hay que poner al frente de este trabajo sagrado de la Biblia, que\n                  por decisi\u00f3n y mandato del rey cat\u00f3lico ha emprendido Plantino, hace unos d\u00edas que\n                  lo estaba redactando, conforme al argumento recibido de este mismo rey, quien personalmente\n                  me hab\u00eda determinado con anterioridad lo que se deb\u00eda tocar en este prefacio, de modo\n                  que tratara sobre la dignidad y utilidad de los libros divinos, sobre el uso de las\n                  distintas lenguas, y sobre su propia decisi\u00f3n en esta empresa. [<span style=\"font-weight:bold\">4<\/span>] Sin embargo, antes de mostr\u00e1rselo a mi rey, he decidido enviar a vuestra merced\n                  una copia de este prefacio para que lo lea, y, conforme a su singular ingenio y juicio,\n                  lo examine y lo corrija. Y no dudo de que este negocio, entre los otros muchos que\n                  debido a los asuntos p\u00fablicos ocupan a vuestra merced, lo va a emprender no solo por\n                  hacerme el favor a m\u00ed, sino tambi\u00e9n a toda la cristiandad. Con todo, deseo que juzgue\n                  no solo el contenido que se trata en este prefacio, sino tambi\u00e9n los t\u00e9rminos y todo\n                  el discurso, y me ofrezca su censura tal y como espero de vuestra merced, quien, aparte\n                  de los dem\u00e1s servicios, con este nuevo favor me tendr\u00e1 para siempre obligad\u00edsimo.\n                  He procurado que se dejaran m\u00e1rgenes bastante amplios en la copia para que hubiera\n                  suficiente espacio para anotar las correcciones, las adiciones, las supresiones y\n                  todo tipo de censura o notas.\n               <\/p>\n               <p>[<span style=\"font-weight:bold\">5<\/span>] Por otra parte, querr\u00eda pedir a vuestra merced que, en la medida en que se pueda\n                  hacer para tu comodidad, nos env\u00ede la copia misma del pr\u00f3logo, juntamente con su censura,\n                  lo antes que pueda. Me complacer\u00e1 mucho, adem\u00e1s, si se lo da a leer al se\u00f1or Pighio,<a class=\"link_ref\" id=\"reference3\" href=\"#note3\" title=\"3 Stephanus Vinandus Pighius. V\u00e9ase nota biogr\u00e1fica en carta n\u00ba 1569 10 24.\">3<\/a> cuya opini\u00f3n me dar\u00e1 vuestra merced a conocer recogida bien por su propio pu\u00f1o por\n                  el de \u00e9l.\n               <\/p>\n               <p>[<span style=\"font-weight:bold\">6<\/span>] Adi\u00f3s. En Amberes, a 11 de mayo de 1570.\n               <\/p>\n            <\/div>\n         <\/div>\n         <div class=\"tei_back\">\n            <div class=\"notes\" id=\"index.xml-group.1_text.2_back.1_div.1\">\n              \n               <div class=\"note\" id=\"note1\"><span class=\"noteLabel\">Note: <\/span><a class=\"link_ref\" href=\"#reference1\" title=\"1\">1<\/a> Sobre Maximiliano Morillon v\u00e9ase nota biogr\u00e1fica en carta n\u00ba <a class=\"link_ref\" href=\"https:\/\/lacorrespondenciadebenitoariasmontano.online\/en\/1569-10-24\/\">1569 10 24<\/a>.\n               <\/div>\n               <div class=\"note\" id=\"note2\"><span class=\"noteLabel\">Note: <\/span><a class=\"link_ref\" href=\"#reference2\" title=\"2\">2<\/a> Aristarco de Samotracia, c\u00e9lebre cr\u00edtico alejandrino.\n               <\/div>\n               <div class=\"note\" id=\"note3\"><span class=\"noteLabel\">Note: <\/span><a class=\"link_ref\" href=\"#reference3\" title=\"3\">3<\/a> Stephanus Vinandus Pighius. V\u00e9ase nota biogr\u00e1fica en carta n\u00ba <a class=\"link_ref\" href=\"https:\/\/lacorrespondenciadebenitoariasmontano.online\/en\/1569-10-24\/\">1569 10 24<\/a>.\n               <\/div>\n            <\/div>\n         <\/div>\n      <\/section>\n      \n      <div class=\"stdfooter autogenerated\">\n         <div class=\"footer\">\n            <!--standard links to project, institution etc--><a class=\"plain\" href=\"\/en\/\"><\/a> \n         <\/div>\n         \n            <!--\n Generated from index.xml using XSLT stylesheets version 7.57.1\n\t\t based on http:\/\/www.tei-c.org\/Stylesheets\/\n\t\t on 2024-11-29T14:29:08Z.\n\t\t SAXON HE 9.8.0.15.\n\t\t   --><\/address>\n      <\/div>\n   <\/body>\n<\/html>\n<\/div>\n\n\n\n<div class=\"wp-block-column is-layout-flow wp-block-column-is-layout-flow\">\n<b>TEXT (WITHOUT VISUALISATION <br>OF XML-TEI MARKUP)<br><\/b>\n   \n  <!DOCTYPE html><html xmlns=\"http:\/\/www.w3.org\/1999\/xhtml\" xml:lang=\"es\" lang=\"es\">\n   <head>\n      <meta http-equiv=\"Content-Type\" content=\"text\/html; charset=UTF-8\"\/>\n      <!--THIS FILE IS GENERATED FROM AN XML MASTER. DO NOT EDIT (5)--><title>La correspondencia de Benito Arias Montano: edici\u00f3n cr\u00edtica digital \u2014 Benito Arias Montano (Amberes) a Maximiliano Morillon [Bruselas] &#8211; 11 de mayo de 1570<\/title><meta name=\"author\" content=\"Benito Arias Montano\"\/>\n      <meta name=\"generator\" content=\"Text Encoding Initiative Consortium XSLT stylesheets\"\/>\n      <meta name=\"DC.Title\" content=\"La correspondencia de Benito Arias Montano: edici\u00f3n cr\u00edtica digital \u2014 Benito Arias Montano (Amberes) a Maximiliano Morillon [Bruselas] - 11 de mayo de 1570\"\/>\n      <meta name=\"DC.Type\" content=\"Text\"\/>\n      <meta name=\"DC.Format\" content=\"text\/html\"\/><link href=\"http:\/\/nl.ijs.si\/tei\/convert\/profiles\/test\/html\/jsi-tei.css\" rel=\"stylesheet\" type=\"text\/css\"\/><link rel=\"stylesheet\" media=\"print\" type=\"text\/css\" href=\"https:\/\/www.tei-c.org\/release\/xml\/tei\/stylesheet\/tei-print.css\"\/><\/head>\n   <body class=\"simple\" id=\"TOP\">\n      <div class=\"stdheader autogenerated\">\n         \n      <\/div>\n      <section class=\"source\" id=\"index.xml-group.1_text.1\">\n         \n         \n         <div class=\"tei_body\"><br><\/br>\n            <div class=\"anotation\" id=\"index.xml-group.1_text.1_body.1_div.1\">\n               <div class=\"pagebreak\" id=\"index.xml-pb-w16657320ab2b5b1b1b3b1b1\"><a href=\"https:\/\/lacorrespondenciadebenitoariasmontano.online\/wp-content\/uploads\/2024\/11\/KBS-Ms-A-902-f.-198v.jpg\" target=\"_blank\" onclick=\"window.open(this.href, this.target, 'width=400,height=600'); return false;\" rel=\"noopener\">[f. 198v]<\/a><\/div>\n               <h5><span class=\"head\">[<i>Anotado por otra mano, en el margen, con escritura transversal<\/i>:]<\/span><\/h5>\n               <div>De praefatione Bibliorum Regiorum.\n               <\/div>\n            <\/div>\n            <div class=\"main_content\" id=\"index.xml-group.1_text.1_body.1_div.2\">\n               \n               <p>Morillonio salutem plurimam dicit.\n               <\/p>\n               <p>[<span style=\"font-weight:bold\">1<\/span>] Praeter caeteros omnes et optimos et doctissimos uiros, quorum ego probitate et\n                  doctrina ad studiorum meorum totiusque uitae rationes componendas utor, unus tu es\n                   quem postquam amicum magno Dei beneficio nactus sum, mearum rerum omnium cognoscendarum et probandarum Aristarchum mihi proposui, quippe cuius eruditionem, pietatem, grauitatem, iudicium et in colendis amicitiis diligentiam\n             multis priuatis et publicis exemplis  perspectam habeam; atque illud etiam  aperte sciam  quantum me measque res omnes singulari  beneuolentia  prosequaris, id quod ego inter maxima quae mihi   uarias regiones peragranti unquam contigerint commoda summum duco atque amplissimum.\n                  [<span style=\"font-weight:bold\">2<\/span>]  Quamobrem cum tantum ego tibi tribuam et fidam ut nulli magis mortalium, rei non tantum meae unius quantum tuae ipsius propriae, quantum\n                  omnium piorum et catholicorum hominum communis cognoscendae et promouendae rationem tibi exponere et curam etiam imponere\n                  non dubitaui. Quid autem hoc sit paucis accipies.\n               <\/p>\n               <p>[<span style=\"font-weight:bold\">3<\/span>] Praefationem huic sacro Bibliorum operi, quod catholici regis consilio et  auctoritate susceptum a Plantino est, praefigendam eiusdem regis mei mandato his proximis ante diebus exarabam, accepto argumento ab eodem rege; qui quid in praefatione agendum\n                  esset ipse mihi praescripserat, ut de diuinorum librorum dignitate et utilitate, de linguarum\n                  usu deque suo ipsius in hac re consilio agerem. [<span style=\"font-weight:bold\">4<\/span>] Huius autem praefationis exemplum antequam regi meo missum ostenderem, tibi legendum et, pro tuo singulari ingenio et iudicio, examinandum corrigendumque mittere decreui. Id autem negotium inter plurima alia, quae publicarum rerum causa sustines, tibi\n                  non tantum tantum  in meam, sed in totius christianae reipublicae gratiam suscipiendum esse non dubito. Cupio autem non rerum modo quae in praefatione\n                  tractantur, sed uerborum etiam et totius orationis rationem a te haberi censuramque adhiberi, qualem ego a te expecto,\n                  qui me praeter caetera hoc etiam nomine tibi deuinctissimum perpetuo habebis. Latiores\n                  margines in exemplo  parari uolui ut  correctionibus, additionibus aut detractionibus et omnium animaduersionum uel notarum\n                  generibus adscribendis commodus esset locus.\n               <\/p>\n               <p>[<span style=\"font-weight:bold\">5<\/span>] Illud autem porro te exoratum uelim ut, quanto id commodo tuo fieri possit, citissime\n                 exemplum ipsum una cum tua censura adiuncta nobis remittatur. Gratissimum praeterea mihi  feceris si domino Pigio legendum ostenderis, cuius etiam sententiam uel eius uel tuis literis conscriptam indicabis.\n               <\/p>\n               <p>[<span style=\"font-weight:bold\">6<\/span>] Vale. Antuerpiae, 11 Maii 1570<\/span>.\n               <\/p>\n            <\/div>\n         <\/div>\n      <\/section>\n      \n      \n      <div class=\"stdfooter autogenerated\">\n         <div class=\"footer\">\n            <!--standard links to project, institution etc--><a class=\"plain\" href=\"\/en\/\"><\/a> \n         <\/div>\n         \n            <!--\n Generated from index.xml using XSLT stylesheets version 7.57.1\n\t\t based on http:\/\/www.tei-c.org\/Stylesheets\/\n\t\t on 2024-11-29T14:29:08Z.\n\t\t SAXON HE 9.8.0.15.\n\t\t   --><\/address>\n      <\/div>\n   <\/body>\n<\/html>\n\n\n\n<div style=\"height:45px\" aria-hidden=\"true\" class=\"wp-block-spacer\"><\/div>\n\n\n\n<div class=\"wp-block-buttons is-layout-flex wp-block-buttons-is-layout-flex\">\n<div class=\"wp-block-button aligncenter\"><a class=\"wp-block-button__link has-white-color has-text-color wp-element-button\" href=\"https:\/\/github.com\/CoBAM-editor\/CoBAM\/blob\/main\/1570%2005%2011%20CoBAM.xml\" style=\"border-radius:8px\"><strong>XML<\/strong><\/a><\/div>\n<\/div>\n<\/div>\n<\/div>\n\n\n\n<p><\/p>","protected":false},"excerpt":{"rendered":"<p>1570 05 11 Benito Arias Montano (Amberes) a Maximiliano Morillon [Bruselas] 11 de mayo de 1570 Identificador: 1570 05 11 \u00cdncipit: Praeter caeteros omnes et optimos et doctissimos uiros&#8230; Manuscritos: (B) KBS, Ms. A 902, f. 198v. Impresos: (E1) Mac\u00edas, La Biblia Pol\u00edglota de Amberes, pp. 206-209; (E2) Dom\u00ednguez, Correspondencia, I, 458-463. Edici\u00f3n cr\u00edtica, traducci\u00f3n [&hellip;]<\/p>","protected":false},"author":1,"featured_media":1721,"parent":0,"menu_order":0,"comment_status":"closed","ping_status":"closed","template":"elementor_header_footer","meta":{"footnotes":""},"class_list":["post-8360","page","type-page","status-publish","has-post-thumbnail","czr-hentry"],"_links":{"self":[{"href":"https:\/\/lacorrespondenciadebenitoariasmontano.online\/en\/wp-json\/wp\/v2\/pages\/8360"}],"collection":[{"href":"https:\/\/lacorrespondenciadebenitoariasmontano.online\/en\/wp-json\/wp\/v2\/pages"}],"about":[{"href":"https:\/\/lacorrespondenciadebenitoariasmontano.online\/en\/wp-json\/wp\/v2\/types\/page"}],"author":[{"embeddable":true,"href":"https:\/\/lacorrespondenciadebenitoariasmontano.online\/en\/wp-json\/wp\/v2\/users\/1"}],"replies":[{"embeddable":true,"href":"https:\/\/lacorrespondenciadebenitoariasmontano.online\/en\/wp-json\/wp\/v2\/comments?post=8360"}],"version-history":[{"count":26,"href":"https:\/\/lacorrespondenciadebenitoariasmontano.online\/en\/wp-json\/wp\/v2\/pages\/8360\/revisions"}],"predecessor-version":[{"id":10684,"href":"https:\/\/lacorrespondenciadebenitoariasmontano.online\/en\/wp-json\/wp\/v2\/pages\/8360\/revisions\/10684"}],"wp:featuredmedia":[{"embeddable":true,"href":"https:\/\/lacorrespondenciadebenitoariasmontano.online\/en\/wp-json\/wp\/v2\/media\/1721"}],"wp:attachment":[{"href":"https:\/\/lacorrespondenciadebenitoariasmontano.online\/en\/wp-json\/wp\/v2\/media?parent=8360"}],"curies":[{"name":"wp","href":"https:\/\/api.w.org\/{rel}","templated":true}]}}