{"id":9073,"date":"2025-05-09T09:22:35","date_gmt":"2025-05-09T09:22:35","guid":{"rendered":"https:\/\/lacorrespondenciadebenitoariasmontano.online\/?page_id=9073"},"modified":"2026-02-12T11:04:25","modified_gmt":"2026-02-12T11:04:25","slug":"1570-08-29","status":"publish","type":"page","link":"https:\/\/lacorrespondenciadebenitoariasmontano.online\/en\/1570-08-29\/","title":{"rendered":"1570 08 29"},"content":{"rendered":"<div class=\"wp-block-columns is-layout-flex wp-container-core-columns-is-layout-2 wp-block-columns-is-layout-flex\">\n<div class=\"wp-block-column is-layout-flow wp-block-column-is-layout-flow\">\n<p class=\"has-text-align-center\" style=\"font-size:31px\">1570 08 29<\/p>\n\n\n\n<p class=\"has-text-align-center\" style=\"font-size:31px\">Augustinus Hunneus and Cornelius Reyneri Goudanus (Leuven) to Benito Arias Montano (Antwerp)<\/p>\n\n\n\n<p class=\"has-text-align-right\" style=\"font-size:22px\">29 August 1570<\/p>\n\n\n\n<div style=\"height:28px\" aria-hidden=\"true\" class=\"wp-block-spacer\"><\/div>\n\n\n\n<div class=\"wp-block-columns is-layout-flex wp-container-core-columns-is-layout-1 wp-block-columns-is-layout-flex\">\n<div class=\"wp-block-column is-layout-flow wp-block-column-is-layout-flow\" style=\"flex-basis:33.33%\">\n<div class=\"wp-block-cover is-light wp-duotone-unset-1\" style=\"min-height:103px;aspect-ratio:unset;\"><span aria-hidden=\"true\" class=\"wp-block-cover__background has-background-dim-10 has-background-dim\"><\/span><img fetchpriority=\"high\" decoding=\"async\" width=\"1127\" height=\"423\" class=\"wp-block-cover__image-background wp-image-606\" alt=\"\" src=\"https:\/\/lacorrespondenciadebenitoariasmontano.online\/wp-content\/uploads\/2023\/03\/cropped-Gysbrechts-1.jpg\" data-object-fit=\"cover\" srcset=\"https:\/\/lacorrespondenciadebenitoariasmontano.online\/wp-content\/uploads\/2023\/03\/cropped-Gysbrechts-1.jpg 1127w, https:\/\/lacorrespondenciadebenitoariasmontano.online\/wp-content\/uploads\/2023\/03\/cropped-Gysbrechts-1-300x113.jpg 300w, https:\/\/lacorrespondenciadebenitoariasmontano.online\/wp-content\/uploads\/2023\/03\/cropped-Gysbrechts-1-1024x384.jpg 1024w, https:\/\/lacorrespondenciadebenitoariasmontano.online\/wp-content\/uploads\/2023\/03\/cropped-Gysbrechts-1-768x288.jpg 768w\" sizes=\"(max-width: 1127px) 100vw, 1127px\" \/><div class=\"wp-block-cover__inner-container is-layout-flow wp-block-cover-is-layout-flow\">\n<p class=\"has-text-align-center has-white-color has-text-color has-medium-font-size\"><strong>METADATA<\/strong><\/p>\n<\/div><\/div>\n\n\n\n<div style=\"height:10px\" aria-hidden=\"true\" class=\"wp-block-spacer\"><\/div>\n\n\n\n<html xmlns:tei=\"http:\/\/www.tei-c.org\/ns\/1.0\" lang=\"es\">\n   <head>\n      <meta http-equiv=\"Content-Type\" content=\"text\/html; charset=utf-8\">\n   \n      <meta http-equiv=\"Content-Type\" content=\"text\/html; charset=utf-8\">\n   <\/head>\n   <body>\n      <div style=\"background-color:White;border:solid 1px DimGrey;border-radius:5px;\">\n         <div style=\"margin-left: 15px; color: #1C1C1C;\">\n            <p><b>Identifier: <\/b>1570 08 29\n            <\/p>\n         <\/div>\n         <div style=\"margin-left: 15px; color: #1C1C1C;\">\n            <p><b>Incipit: <\/b>Literas tuas, uir doctissime et humanissime&#8230;\n            <\/p>\n         <\/div>\n         <div style=\"margin-left: 15px\">\n            <p><b>Manuscripts: <\/b><\/p>\n            <ul>\n                                          (O) KBS, Ms. A 902, ff. 35r-36v.\n                                       \n            <\/ul>\n         <\/div>\n         <div style=\"margin-left: 15px\">\n            <p><b>Prints: <\/b><\/p>\n            <ul>(E1) Mac&iacute;as, <i>La Biblia Pol&iacute;glota de Amberes<\/i>, pp. 238-239; (E2) Dom&iacute;nguez, <i>Correspondencia<\/i>, I, 558-561.\n            <\/ul>\n         <\/div>\n         <div style=\"margin-left: 15px\">\n            <p><b>Critical edition, translation and notes: <\/b>Baldomero Mac&iacute;as Rosendo\n            <\/p>\n         <\/div>\n         <div style=\"margin-left: 15px\">\n            <p><b>Codification and digital edition: <\/b>Antonio D&aacute;vila P&eacute;rez\n            <\/p>\n         <\/div>\n      <\/div>\n   <\/body>\n<\/html>\n<\/div>\n\n\n\n<div class=\"wp-block-column is-layout-flow wp-block-column-is-layout-flow\" style=\"flex-basis:66.66%\">\n<p><strong>SUMMARY<\/strong><\/p>\n\n\n\n<p>The censors support BAM\u2019s decision to send a copy of the prologue to Spain, together with all the attached censures and judgments, so that the king and his advisors may make the final decision on the matter. Regarding the treatise <em>De arcano sermone<\/em>while acknowledging that it contains nothing contrary to the Catholic faith, the Leuven censors nonetheless recommend that it not be included in the Polyglot. They also agree with BAM\u2019s suggestion to submit the treatise to the evaluation of other scholars, without disclosing the author\u2019s identity.<\/p>\n\n\n\n<p><strong>COMMENT<\/strong><\/p>\n\n\n\n<p>Agust\u00edn Huneo and Cornelio Reyneri, who here briefly reply to Arias Montano\u2019s previous letter, once again address the matters discussed in the most recent documents: the preface to the Antwerp Polyglot Bible and the treatise. <em>De arcano sermone<\/em>.<\/p>\n\n\n\n<p>The text of the letter was written by a scribe; only the signatures of Hunneus and Reyneri are autograph. In the digital edition of this letter, we provide facsimiles despite the poor quality of the available reproduction. Once we obtain a better copy, we will proceed to replace the images.<\/p>\n\n\n\n<p><\/p>\n\n\n\n<p><\/p>\n\n\n\n<p><\/p>\n\n\n\n<p><\/p>\n<\/div>\n<\/div>\n<\/div>\n<\/div>\n\n\n\n<p><strong>FACSIMILE<\/strong><\/p>\n\n\n\n<div class=\"wp-block-columns is-layout-flex wp-container-core-columns-is-layout-3 wp-block-columns-is-layout-flex\">\n<div class=\"wp-block-column is-layout-flow wp-block-column-is-layout-flow\" style=\"flex-basis:40%\">\n<figure class=\"wp-block-gallery has-nested-images columns-5 is-cropped wp-block-gallery-2 is-layout-flex wp-block-gallery-is-layout-flex\">\n<figure class=\"wp-block-image size-large is-style-zoooom\"><img decoding=\"async\" width=\"639\" height=\"1024\" src=\"https:\/\/lacorrespondenciadebenitoariasmontano.online\/wp-content\/uploads\/2025\/05\/KBS-A-902-f-35r-1-639x1024.jpg\" alt=\"\" class=\"wp-image-9079\" srcset=\"https:\/\/lacorrespondenciadebenitoariasmontano.online\/wp-content\/uploads\/2025\/05\/KBS-A-902-f-35r-1-639x1024.jpg 639w, https:\/\/lacorrespondenciadebenitoariasmontano.online\/wp-content\/uploads\/2025\/05\/KBS-A-902-f-35r-1-187x300.jpg 187w, https:\/\/lacorrespondenciadebenitoariasmontano.online\/wp-content\/uploads\/2025\/05\/KBS-A-902-f-35r-1-768x1230.jpg 768w, https:\/\/lacorrespondenciadebenitoariasmontano.online\/wp-content\/uploads\/2025\/05\/KBS-A-902-f-35r-1-959x1536.jpg 959w, https:\/\/lacorrespondenciadebenitoariasmontano.online\/wp-content\/uploads\/2025\/05\/KBS-A-902-f-35r-1-7x12.jpg 7w, https:\/\/lacorrespondenciadebenitoariasmontano.online\/wp-content\/uploads\/2025\/05\/KBS-A-902-f-35r-1.jpg 1274w\" sizes=\"(max-width: 639px) 100vw, 639px\" \/><figcaption class=\"wp-element-caption\"><strong>KBS, Ms. A 902<\/strong>,<strong> f. 35r<\/strong><\/figcaption><\/figure>\n\n\n\n<figure class=\"wp-block-image size-large is-style-zoooom\"><img decoding=\"async\" width=\"750\" height=\"1024\" src=\"https:\/\/lacorrespondenciadebenitoariasmontano.online\/wp-content\/uploads\/2025\/05\/KBS-A-902-f-36v-1-750x1024.jpg\" alt=\"\" class=\"wp-image-9080\" srcset=\"https:\/\/lacorrespondenciadebenitoariasmontano.online\/wp-content\/uploads\/2025\/05\/KBS-A-902-f-36v-1-750x1024.jpg 750w, https:\/\/lacorrespondenciadebenitoariasmontano.online\/wp-content\/uploads\/2025\/05\/KBS-A-902-f-36v-1-220x300.jpg 220w, https:\/\/lacorrespondenciadebenitoariasmontano.online\/wp-content\/uploads\/2025\/05\/KBS-A-902-f-36v-1-768x1049.jpg 768w, https:\/\/lacorrespondenciadebenitoariasmontano.online\/wp-content\/uploads\/2025\/05\/KBS-A-902-f-36v-1-1124x1536.jpg 1124w, https:\/\/lacorrespondenciadebenitoariasmontano.online\/wp-content\/uploads\/2025\/05\/KBS-A-902-f-36v-1-9x12.jpg 9w, https:\/\/lacorrespondenciadebenitoariasmontano.online\/wp-content\/uploads\/2025\/05\/KBS-A-902-f-36v-1.jpg 1399w\" sizes=\"(max-width: 750px) 100vw, 750px\" \/><figcaption class=\"wp-element-caption\"><strong>KBS, Ms. A 902<\/strong>,<strong> f. 36v<\/strong><\/figcaption><\/figure>\n<\/figure>\n<\/div>\n<\/div>\n\n\n\n<div style=\"height:84px\" aria-hidden=\"true\" class=\"wp-block-spacer\"><\/div>\n\n\n\n<div style=\"height:0px\" aria-hidden=\"true\" class=\"wp-block-spacer\"><\/div>\n\n\n\n<div class=\"wp-block-columns is-layout-flex wp-container-core-columns-is-layout-4 wp-block-columns-is-layout-flex\">\n<div class=\"wp-block-column is-layout-flow wp-block-column-is-layout-flow\">\n<b>TEXT AND CRITICAL APPARATUS (VISUALIZATION OF XML-TEI MARKUP)<\/b>\n  \n   \n <!DOCTYPE html><html xmlns=\"http:\/\/www.w3.org\/1999\/xhtml\" xml:lang=\"es\" lang=\"es\">\n   <head>\n      <meta http-equiv=\"Content-Type\" content=\"text\/html; charset=UTF-8\"\/>\n      <!--THIS FILE IS GENERATED FROM AN XML MASTER. DO NOT EDIT (5)--><title>La correspondencia de Benito Arias Montano: edici\u00f3n cr\u00edtica digital \u2014 Agust\u00edn Huneo y Cornelio Goudano (Lovaina) a Benito Arias Montano [Amberes] &#8211; 29 de agosto de 1570<\/title><meta name=\"author\" content=\"Agust\u00edn Huneo y Cornelio Goudano\"\/>\n      <meta name=\"generator\" content=\"Text Encoding Initiative Consortium XSLT stylesheets\"\/>\n      <meta name=\"DC.Title\" content=\"La correspondencia de Benito Arias Montano: edici\u00f3n cr\u00edtica digital \u2014 Agust\u00edn Huneo y Cornelio Goudano (Lovaina) a Benito Arias Montano [Amberes] - 29 de agosto de 1570\"\/>\n      <meta name=\"DC.Type\" content=\"Text\"\/>\n      <meta name=\"DC.Format\" content=\"text\/html\"\/><link href=\"http:\/\/nl.ijs.si\/tei\/convert\/profiles\/test\/html\/jsi-tei.css\" rel=\"stylesheet\" type=\"text\/css\"\/><link rel=\"stylesheet\" media=\"print\" type=\"text\/css\" href=\"https:\/\/www.tei-c.org\/release\/xml\/tei\/stylesheet\/tei-print.css\"\/><\/head>\n   <body class=\"simple\" id=\"TOP\">\n      <div class=\"stdheader autogenerated\">\n         \n      <\/div>\n      <section class=\"source\" id=\"index.xml-group.1_text.1\">\n         \n        \n         <div class=\"tei_body\"><br><\/br>\n            <div class=\"pagebreak\" id=\"index.xml-pb-w21110600ab2b5b1b1b3b1\"><a href=\"https:\/\/lacorrespondenciadebenitoariasmontano.online\/wp-content\/uploads\/2025\/05\/KBS-A-902-f-36v-1.jpg\" target=\"_blank\" onclick=\"window.open(this.href, this.target, 'width=400,height=600'); return false;\" rel=\"noopener\">[f. 36v]<\/a><\/div>\n            <div class=\"address\" id=\"index.xml-group.1_text.1_body.1_div.1\">\n               <h5><span class=\"head\">[<i>Sobrescrito<\/i>:]<\/span><\/h5>\n               <div>Doctissimo uiro d<span title=\"tei:expan\" class=\"tei_expan\"><span class=\"ex\">omino<\/span><\/span> d<span title=\"tei:expan\" class=\"tei_expan\"><span class=\"ex\">omino<\/span><\/span> <span title=\"tei:name[@type=&#34;person&#34;]\" class=\"tei_persName\">B<span title=\"tei:expan\" class=\"tei_expan\"><span class=\"ex\">enedicto<\/span><\/span> Ariae Montano<\/span> in recensendis Bibliis Regiis ex<a class=\"notelink\" href=\"#App1\"><sup>1<\/sup><\/a><span title=\"tei:name[@type=&#34;person&#34;]\" class=\"tei_persName\">Philippi<\/span> Catholici Regis mandato procuratori et legato. <span title=\"tei:name[@type=&#34;place&#34;]\" class=\"tei_placeName\">Antuerpiam<\/span>.\n               <\/div>\n            <\/div>\n            <div class=\"anotation\" id=\"index.xml-group.1_text.1_body.1_div.2\">\n               <h5><span class=\"head\">[<i>Anotado en el margen, escritura de BAM, con escritura transversal<\/i>:]<\/span><\/h5>\n               <div><span class=\"date\">1570<\/span>. Censorum Louaniensium de praefatione et Apparatu. <span class=\"date\">4 Calend<span title=\"tei:expan\" class=\"tei_expan\"><span class=\"ex\">as<\/span><\/span> Sept<span title=\"tei:expan\" class=\"tei_expan\"><span class=\"ex\">embris<\/span><\/span><\/span>.\n               <\/div>\n            <\/div>\n            <div class=\"main_content\" id=\"index.xml-group.1_text.1_body.1_div.3\">\n               \n               <div class=\"pagebreak\" id=\"index.xml-pb-w21110600ab2b5b1b1b3b7b1\"><a href=\"https:\/\/lacorrespondenciadebenitoariasmontano.online\/wp-content\/uploads\/2025\/05\/KBS-A-902-f-35r-1.jpg\" target=\"_blank\" onclick=\"window.open(this.href, this.target, 'width=400,height=600'); return false;\" rel=\"noopener\">[f. 35r]<\/a><\/div>\n               <p>[<span style=\"font-weight:bold\">1<\/span>] Literas tuas, uir doctissime et humanissime, <span class=\"date\">10 Calend<span class=\"tei_expan\" title=\"tei:expan\"><span class=\"ex\">as<\/span><\/span> Septembris<\/span> datas heri accepimus. Quibus lectis, magnopere nos recreauit quod literas nostras\n                  eodem animi candore quo a nobis profectae erant te accepisse, legisse et intellexisse\n                  cognouimus. Effecitque ista tua humanitas ut in censendo (quod decere arbitrabamur\n                  ueros et candidos censores) semper fuerimus liberrimi, non attendentes a quo esset\n                  profectum, sed quid fuerit de quo nostrum petebatur iudicium. [<span style=\"font-weight:bold\">2<\/span>] Quod de praefatione scribis cum omnium censuris in <span class=\"tei_placeName\" title=\"tei:name[@type=&#34;place&#34;]\">Hispaniam<\/span> mittenda non improbamus, modo per hoc absoluendo operi nulla fiat mora quae sit <span class=\"tei_del\" title=\"tei:del\">.<\/span> rei pub<span class=\"tei_expan\" title=\"tei:expan\"><span class=\"ex\">licae<\/span><\/span> uel alicui priuatae personae fraudi aut detrimento.\n               <\/p>\n               <p>[<span style=\"font-weight:bold\">3<\/span>] <span class=\"titlem\">Arcani sermonis<\/span> partem per notum et fidelem nuncium remittimus, eique ut fideliter <span class=\"tei_persName\" title=\"tei:name[@type=&#34;person&#34;]\">Plantino<\/span> reddat mandauimus. Eius lectio neminem quidem (quod nos sciamus) offendit quoad catholicae\n                  fidei puritatem, sed quoad ea quae scripsimus. [<span style=\"font-weight:bold\">4<\/span>] Magnopere autem tuum consilium probamus ut diuersissimis uiris doctis et uariorum\n                  palatorum hominibus eundem librum, etiam tacito auctoris nomine seu expuncto (si ita\n                  uidetur) titulo, legendum et examinandum tradas, ut tanto syncerius, tanquam de ignoti\n                  auctoris opere, sententiam suam tibi prodant.\n               <\/p>\n               <div class=\"closer\">[<span style=\"font-weight:bold\">5<\/span>] Vale, uir integerrime, et cuncta quae scribimus pro tuo candore candide interpretare. <span title=\"tei:name[@type=&#34;place&#34;]\" class=\"tei_placeName\">Louanii<\/span>, <span class=\"date\">4 Calend<span title=\"tei:expan\" class=\"tei_expan\"><span class=\"ex\">as<\/span><\/span> Septemb<span title=\"tei:expan\" class=\"tei_expan\"><span class=\"ex\">ris<\/span><\/span> anno 1570<\/span>. V<span title=\"tei:expan\" class=\"tei_expan\"><span class=\"ex\">es<\/span><\/span>tri ex animo, \n                  <div class=\"signed\"><span title=\"tei:name[@type=&#34;person&#34;]\" class=\"tei_persName\">Aug<span title=\"tei:expan\" class=\"tei_expan\"><span class=\"ex\">ustinus<\/span><\/span> Hunnaeus<\/span>, plusquam 12 dies aegrotus,\n                  <\/div> \n                  <div class=\"signed\"><span title=\"tei:name[@type=&#34;person&#34;]\" class=\"tei_persName\">Cornelius Reyneri Goudanus<\/span>.\n                  <\/div>\n               <\/div>\n            <\/div>\n         <\/div>\n      <\/section>\n      \n      <div class=\"appcrit\">\n         <div class=\"app\" id=\"App1\"><span class=\"lemma\">ex<\/span>] <span class=\"lemmawitness\">O, E2<\/span>; <span style=\"font-style:italic\">omisit<\/span> (E1)\n         <\/div>\n      <\/div>\n      <div class=\"stdfooter autogenerated\">\n         <div class=\"footer\">\n            <!--standard links to project, institution etc--><a class=\"plain\" href=\"\/en\/\"><\/a> \n         <\/div>\n         \n            <!--\n Generated from index.xml using XSLT stylesheets version 7.58.0\n\t\t based on http:\/\/www.tei-c.org\/Stylesheets\/\n\t\t on 2025-05-09T05:56:24Z.\n\t\t SAXON HE 9.8.0.15.\n\t\t   --><\/address>\n      <\/div>\n   <\/body>\n<\/html>\n\n\n\n<div style=\"height:56px\" aria-hidden=\"true\" class=\"wp-block-spacer\"><\/div>\n<\/div>\n\n\n\n<div class=\"wp-block-column is-layout-flow wp-block-column-is-layout-flow\">\n<b>TRANSLATION INTO SPANISH <br>AND NOTES<br><\/b>\n   \n    \n   <!DOCTYPE html><html xmlns=\"http:\/\/www.w3.org\/1999\/xhtml\" xml:lang=\"es\" lang=\"es\">\n   <head>\n      <meta http-equiv=\"Content-Type\" content=\"text\/html; charset=UTF-8\"\/>\n      <!--THIS FILE IS GENERATED FROM AN XML MASTER. DO NOT EDIT (5)--><title>La correspondencia de Benito Arias Montano: edici\u00f3n cr\u00edtica digital \u2014 Agust\u00edn Huneo y Cornelio Goudano (Lovaina) a Benito Arias Montano [Amberes] &#8211; 29 de agosto de 1570<\/title><meta name=\"author\" content=\"Agust\u00edn Huneo y Cornelio Goudano\"\/>\n      <meta name=\"generator\" content=\"Text Encoding Initiative Consortium XSLT stylesheets\"\/>\n      <meta name=\"DC.Title\" content=\"La correspondencia de Benito Arias Montano: edici\u00f3n cr\u00edtica digital \u2014 Agust\u00edn Huneo y Cornelio Goudano (Lovaina) a Benito Arias Montano [Amberes] - 29 de agosto de 1570\"\/>\n      <meta name=\"DC.Type\" content=\"Text\"\/>\n      <meta name=\"DC.Format\" content=\"text\/html\"\/><link href=\"http:\/\/nl.ijs.si\/tei\/convert\/profiles\/test\/html\/jsi-tei.css\" rel=\"stylesheet\" type=\"text\/css\"\/><link rel=\"stylesheet\" media=\"print\" type=\"text\/css\" href=\"https:\/\/www.tei-c.org\/release\/xml\/tei\/stylesheet\/tei-print.css\"\/><\/head>\n   <body class=\"simple\" id=\"TOP\">\n      <div class=\"stdheader autogenerated\">\n         \n      <\/div>\n      \n      <section class=\"translation\" id=\"index.xml-group.1_text.2\">\n         \n         <div class=\"tei_body\"><br><\/br>\n            <div class=\"pagebreak\" id=\"index.xml-pb-w21110600ab2b5b1b3b1b1\"><a href=\"https:\/\/lacorrespondenciadebenitoariasmontano.online\/wp-content\/uploads\/2025\/05\/KBS-A-902-f-36v-1.jpg\" target=\"_blank\" onclick=\"window.open(this.href, this.target, 'width=400,height=600'); return false;\" rel=\"noopener\">[f. 36v]<\/a><\/div>\n            <div class=\"address\" id=\"index.xml-group.1_text.2_body.1_div.1\">\n               <h5><span class=\"head\">[<i>Sobrescrito<\/i>:]<\/span><\/h5>\n               <div>Al doct\u00edsimo var\u00f3n el se\u00f1or don Benito Arias Montano, legado y comisionado por orden\n                  del rey cat\u00f3lico Felipe para la supervisi\u00f3n de la Biblia Regia. Amberes. \n               <\/div>\n            <\/div>\n            <div class=\"anotation\" id=\"index.xml-group.1_text.2_body.1_div.2\">\n               <h5><span class=\"head\">[<i>Anotado en el margen, escritura de BAM, con escritura transversal<\/i>:]<\/span><\/h5>\n               <div>1570. De los censores de Lovaina acerca del prefacio y el Aparato. 29 de agosto.<\/div>\n            <\/div>\n            <div class=\"main_content\" id=\"index.xml-group.1_text.2_body.1_div.3\">\n               \n               <div class=\"pagebreak\" id=\"index.xml-pb-w21110600ab2b5b1b3b1b7b1\"><a href=\"https:\/\/lacorrespondenciadebenitoariasmontano.online\/wp-content\/uploads\/2025\/05\/KBS-A-902-f-35r-1.jpg\" target=\"_blank\" onclick=\"window.open(this.href, this.target, 'width=400,height=600'); return false;\" rel=\"noopener\">[f. 35r]<\/a><\/div>\n               <p>[<span style=\"font-weight:bold\">1<\/span>] Su carta, var\u00f3n doct\u00edsimo y human\u00edsimo, con fecha del 23 de agosto,<a class=\"link_ref\" id=\"reference1\" href=\"#note1\" title=\"1 V\u00e9ase carta n\u00famero 1570 08 23.\">1<\/a> la recibimos ayer. La cual, una vez le\u00edda, nos recre\u00f3 en gran medida, porque supimos\n                  que vuestra merced hab\u00eda recibido, le\u00eddo y entendido nuestra carta con la misma buena\n                  intenci\u00f3n con que nosotros se la hab\u00edamos remitido. Y ha conseguido esa humanidad\n                  suya, que le caracteriza, que al emitir nuestra censura (lo que consideramos que cuadra\n                  a los censores verdaderos y sinceros) hayamos actuado siempre con entera libertad,\n                  sin atender a qui\u00e9n era el autor, sino considerando solo cu\u00e1l era el valor de esto\n                  sobre lo que se ped\u00eda nuestra opini\u00f3n. [<span style=\"font-weight:bold\">2<\/span>] Respecto a lo que nos escribe vuestra merced acerca de enviar a Espa\u00f1a el prefacio\n                  junto con las censuras de todos, no lo desaprobamos; con tal que ello no provoque\n                  ning\u00fan retraso en la conclusi\u00f3n de la obra, que pueda defraudar o perjudicar al inter\u00e9s\n                  p\u00fablico o a alg\u00fan particular.\n               <\/p>\n               <p>[<span style=\"font-weight:bold\">3<\/span>] Una parte del tratado <span class=\"titlem\">Sobre el lenguaje arcano<\/span> la enviamos con un mensajero conocido y fiable, y se lo hemos encomendado a \u00e9l para\n                  que se lo lleve a Plantino sin falta. La lectura de este tratado no ofende a nadie\n                  (al menos que nosotros sepamos) en lo que a la pureza de la fe cat\u00f3lica se refiere,\n                  pero s\u00ed en lo que respecta a lo que ya escribimos. [<span style=\"font-weight:bold\">4<\/span>] Y estamos completamente de acuerdo con la decisi\u00f3n de vuestra merced de entregar\n                  este libro a diversos hombres sabios y de variados paladares para que lo lean y lo\n                  examinen, incluso sin indicar el nombre del autor, o con el t\u00edtulo borrado (si as\u00ed\n                  le parece) a fin de que manifiesten su opini\u00f3n a vuestra merced con mayor sinceridad,\n                  como si se tratara de una obra de autor desconocido.\n               <\/p>\n               <div class=\"closer\">[<span style=\"font-weight:bold\">5<\/span>] Adi\u00f3s, var\u00f3n irreprochable; y todo cuanto escribimos, interpr\u00e9telo con llaneza como\n                  corresponde al candor de vuestra merced. En Lovaina, a 29 de agosto de 1570. Afectuosamente\n                  suyos, \n                  <div class=\"signed\">Agust\u00edn Huneo, enfermo durante m\u00e1s de doce d\u00edas,<\/div> \n                  <div class=\"signed\">Cornelio Reyneri de Gouda. <\/span>\n                  <\/div>\n               <\/div>\n            <\/div>\n         <\/div>\n         <div class=\"tei_back\">\n            <div class=\"notes\" id=\"index.xml-group.1_text.2_back.1_div.1\">\n              \n               <div class=\"note\" id=\"note1\"><span class=\"noteLabel\">Note: <\/span><a class=\"link_ref\" href=\"#reference1\" title=\"1\">1<\/a> V\u00e9ase carta n\u00famero <a class=\"link_ref\" href=\"https:\/\/lacorrespondenciadebenitoariasmontano.online\/en\/1570-08-23\/\">1570 08 23<\/a>.\n               <\/div>\n            <\/div>\n         <\/div>\n      <\/section>\n    \n      <div class=\"stdfooter autogenerated\">\n         <div class=\"footer\">\n            <!--standard links to project, institution etc--><a class=\"plain\" href=\"\/en\/\"><\/a> \n         <\/div>\n         \n            <!--\n Generated from index.xml using XSLT stylesheets version 7.58.0\n\t\t based on http:\/\/www.tei-c.org\/Stylesheets\/\n\t\t on 2025-05-09T05:56:24Z.\n\t\t SAXON HE 9.8.0.15.\n\t\t   --><\/address>\n      <\/div>\n   <\/body>\n<\/html>\n\n\n\n<div style=\"height:47px\" aria-hidden=\"true\" class=\"wp-block-spacer\"><\/div>\n<\/div>\n\n\n\n<div class=\"wp-block-column is-layout-flow wp-block-column-is-layout-flow\">\n<b>TEXT (WITHOUT VISUALIZATION OF <br>XML-TEI MARKUP)<br><\/b>\n   \n <!DOCTYPE html><html xmlns=\"http:\/\/www.w3.org\/1999\/xhtml\" xml:lang=\"es\" lang=\"es\">\n   <head>\n      <meta http-equiv=\"Content-Type\" content=\"text\/html; charset=UTF-8\"\/>\n      <!--THIS FILE IS GENERATED FROM AN XML MASTER. DO NOT EDIT (5)--><title>La correspondencia de Benito Arias Montano: edici\u00f3n cr\u00edtica digital \u2014 Agust\u00edn Huneo y Cornelio Goudano (Lovaina) a Benito Arias Montano [Amberes] &#8211; 29 de agosto de 1570<\/title><meta name=\"author\" content=\"Agust\u00edn Huneo y Cornelio Goudano\"\/>\n      <meta name=\"generator\" content=\"Text Encoding Initiative Consortium XSLT stylesheets\"\/>\n      <meta name=\"DC.Title\" content=\"La correspondencia de Benito Arias Montano: edici\u00f3n cr\u00edtica digital \u2014 Agust\u00edn Huneo y Cornelio Goudano (Lovaina) a Benito Arias Montano [Amberes] - 29 de agosto de 1570\"\/>\n      <meta name=\"DC.Type\" content=\"Text\"\/>\n      <meta name=\"DC.Format\" content=\"text\/html\"\/><link href=\"http:\/\/nl.ijs.si\/tei\/convert\/profiles\/test\/html\/jsi-tei.css\" rel=\"stylesheet\" type=\"text\/css\"\/><link rel=\"stylesheet\" media=\"print\" type=\"text\/css\" href=\"https:\/\/www.tei-c.org\/release\/xml\/tei\/stylesheet\/tei-print.css\"\/><\/head>\n   <body class=\"simple\" id=\"TOP\">\n      <div class=\"stdheader autogenerated\">\n         \n      <\/div>\n      <section class=\"source\" id=\"index.xml-group.1_text.1\">\n         \n        \n         <div class=\"tei_body\"><br><\/br>\n            <div class=\"pagebreak\" id=\"index.xml-pb-w21110600ab2b5b1b1b3b1\"><a href=\"https:\/\/lacorrespondenciadebenitoariasmontano.online\/wp-content\/uploads\/2025\/05\/KBS-A-902-f-36v-1.jpg\" target=\"_blank\" onclick=\"window.open(this.href, this.target, 'width=400,height=600'); return false;\" rel=\"noopener\">[f. 36v]<\/a><\/div>\n            <div class=\"address\" id=\"index.xml-group.1_text.1_body.1_div.1\">\n               <h5><span class=\"head\">[<i>Sobrescrito<\/i>:]<\/span><\/h5>\n               <div>Doctissimo uiro domino domino Benedicto Ariae Montano in recensendis Bibliis Regiis ex Philippi Catholici Regis mandato procuratori et legato. Antuerpiam.\n               <\/div>\n            <\/div>\n            <div class=\"anotation\" id=\"index.xml-group.1_text.1_body.1_div.2\">\n               <h5><span class=\"head\">[<i>Anotado en el margen, escritura de BAM, con escritura transversal<\/i>:]<\/span><\/h5>\n               <div>1570. Censorum Louaniensium de praefatione et Apparatu. 4 Calendas Septembris.\n               <\/div>\n            <\/div>\n            <div class=\"main_content\" id=\"index.xml-group.1_text.1_body.1_div.3\">\n               \n               <div class=\"pagebreak\" id=\"index.xml-pb-w21110600ab2b5b1b1b3b7b1\"><a href=\"https:\/\/lacorrespondenciadebenitoariasmontano.online\/wp-content\/uploads\/2025\/05\/KBS-A-902-f-35r-1.jpg\" target=\"_blank\" onclick=\"window.open(this.href, this.target, 'width=400,height=600'); return false;\" rel=\"noopener\">[f. 35r]<\/a><\/div>\n               <p>[<span style=\"font-weight:bold\">1<\/span>] Literas tuas, uir doctissime et humanissime, 10 Calendas Septembris datas heri accepimus. Quibus lectis, magnopere nos recreauit quod literas nostras\n                  eodem animi candore quo a nobis profectae erant te accepisse, legisse et intellexisse\n                  cognouimus. Effecitque ista tua humanitas ut in censendo (quod decere arbitrabamur\n                  ueros et candidos censores) semper fuerimus liberrimi, non attendentes a quo esset\n                  profectum, sed quid fuerit de quo nostrum petebatur iudicium. [<span style=\"font-weight:bold\">2<\/span>] Quod de praefatione scribis cum omnium censuris in Hispaniam mittenda non improbamus, modo per hoc absoluendo operi nulla fiat mora quae sit rei publicae uel alicui priuatae personae fraudi aut detrimento.\n               <\/p>\n               <p>[<span style=\"font-weight:bold\">3<\/span>] <span class=\"titlem\">Arcani sermonis<\/span> partem per notum et fidelem nuncium remittimus, eique ut fideliter Plantino reddat mandauimus. Eius lectio neminem quidem (quod nos sciamus) offendit quoad catholicae\n                  fidei puritatem, sed quoad ea quae scripsimus. [<span style=\"font-weight:bold\">4<\/span>] Magnopere autem tuum consilium probamus ut diuersissimis uiris doctis et uariorum\n                  palatorum hominibus eundem librum, etiam tacito auctoris nomine seu expuncto (si ita\n                  uidetur) titulo, legendum et examinandum tradas, ut tanto syncerius, tanquam de ignoti\n                  auctoris opere, sententiam suam tibi prodant.\n               <\/p>\n               <div class=\"closer\">[<span style=\"font-weight:bold\">5<\/span>] Vale, uir integerrime, et cuncta quae scribimus pro tuo candore candide interpretare. Louanii, 4 Calendas Septembris anno 1570. Vestri ex animo, \n                  <div class=\"signed\">Augustinus Hunnaeus, plusquam 12 dies aegrotus,\n                  <\/div> \n                  <div class=\"signed\">Cornelius Reyneri Goudanus.\n                  <\/div>\n               <\/div>\n            <\/div>\n         <\/div>\n      <\/section>\n      \n    \n      <div class=\"stdfooter autogenerated\">\n         <div class=\"footer\">\n            <!--standard links to project, institution etc--><a class=\"plain\" href=\"\/en\/\"><\/a> \n         <\/div>\n         \n            <!--\n Generated from index.xml using XSLT stylesheets version 7.58.0\n\t\t based on http:\/\/www.tei-c.org\/Stylesheets\/\n\t\t on 2025-05-09T05:56:24Z.\n\t\t SAXON HE 9.8.0.15.\n\t\t   --><\/address>\n      <\/div>\n   <\/body>\n<\/html>\n\n\n\n<div style=\"height:53px\" aria-hidden=\"true\" class=\"wp-block-spacer\"><\/div>\n\n\n\n<div class=\"wp-block-buttons is-layout-flex wp-block-buttons-is-layout-flex\">\n<div class=\"wp-block-button aligncenter\"><a class=\"wp-block-button__link has-white-color has-text-color wp-element-button\" href=\"https:\/\/github.com\/CoBAM-editor\/CoBAM\/blob\/main\/1570%2008%2029%20CoBAM.xml\" style=\"border-radius:8px\">XML<\/a><\/div>\n<\/div>\n<\/div>\n<\/div>","protected":false},"excerpt":{"rendered":"<p>1570 08 29 Agust\u00edn Huneo y Cornelio Reyneri Goudano (Lovaina) a Benito Arias Montano (Amberes) 29 de agosto de 1570 Identificador: 1570 08 29 &Iacute;ncipit: Literas tuas, uir doctissime et humanissime&#8230; Manuscritos: (O) KBS, Ms. A 902, ff. 35r-36v. Impresos: (E1) Mac&iacute;as, La Biblia Pol&iacute;glota de Amberes, pp. 238-239; (E2) Dom&iacute;nguez, Correspondencia, I, 558-561. Edici&oacute;n [&hellip;]<\/p>","protected":false},"author":1,"featured_media":1721,"parent":0,"menu_order":0,"comment_status":"closed","ping_status":"closed","template":"elementor_header_footer","meta":{"footnotes":""},"class_list":["post-9073","page","type-page","status-publish","has-post-thumbnail","czr-hentry"],"_links":{"self":[{"href":"https:\/\/lacorrespondenciadebenitoariasmontano.online\/en\/wp-json\/wp\/v2\/pages\/9073"}],"collection":[{"href":"https:\/\/lacorrespondenciadebenitoariasmontano.online\/en\/wp-json\/wp\/v2\/pages"}],"about":[{"href":"https:\/\/lacorrespondenciadebenitoariasmontano.online\/en\/wp-json\/wp\/v2\/types\/page"}],"author":[{"embeddable":true,"href":"https:\/\/lacorrespondenciadebenitoariasmontano.online\/en\/wp-json\/wp\/v2\/users\/1"}],"replies":[{"embeddable":true,"href":"https:\/\/lacorrespondenciadebenitoariasmontano.online\/en\/wp-json\/wp\/v2\/comments?post=9073"}],"version-history":[{"count":26,"href":"https:\/\/lacorrespondenciadebenitoariasmontano.online\/en\/wp-json\/wp\/v2\/pages\/9073\/revisions"}],"predecessor-version":[{"id":10703,"href":"https:\/\/lacorrespondenciadebenitoariasmontano.online\/en\/wp-json\/wp\/v2\/pages\/9073\/revisions\/10703"}],"wp:featuredmedia":[{"embeddable":true,"href":"https:\/\/lacorrespondenciadebenitoariasmontano.online\/en\/wp-json\/wp\/v2\/media\/1721"}],"wp:attachment":[{"href":"https:\/\/lacorrespondenciadebenitoariasmontano.online\/en\/wp-json\/wp\/v2\/media?parent=9073"}],"curies":[{"name":"wp","href":"https:\/\/api.w.org\/{rel}","templated":true}]}}