{"id":3204,"date":"2023-04-17T12:09:09","date_gmt":"2023-04-17T12:09:09","guid":{"rendered":"https:\/\/lacorrespondenciadebenitoariasmontano.online\/?page_id=3204"},"modified":"2026-02-19T10:32:46","modified_gmt":"2026-02-19T10:32:46","slug":"1568-08-16","status":"publish","type":"page","link":"https:\/\/lacorrespondenciadebenitoariasmontano.online\/es_es\/correspondencia\/1568-08-16\/","title":{"rendered":"1568 08 16"},"content":{"rendered":"\n<div class=\"wp-block-columns is-layout-flex wp-container-core-columns-is-layout-2 wp-block-columns-is-layout-flex\">\n<div class=\"wp-block-column is-layout-flow wp-block-column-is-layout-flow\">\n<p class=\"has-text-align-center\" style=\"font-size:31px\">1568 08 16 <\/p>\n\n\n\n<p class=\"has-text-align-center\" style=\"font-size:31px\">Felipe II (Madrid) a Benito Arias Montano (Amberes) <\/p>\n\n\n\n<p class=\"has-text-align-right\" style=\"font-size:22px\">16 de agosto de 1568<\/p>\n\n\n\n<div style=\"height:28px\" aria-hidden=\"true\" class=\"wp-block-spacer\"><\/div>\n\n\n\n<div class=\"wp-block-columns is-layout-flex wp-container-core-columns-is-layout-1 wp-block-columns-is-layout-flex\">\n<div class=\"wp-block-column is-layout-flow wp-block-column-is-layout-flow\" style=\"flex-basis:33.33%\">\n<div class=\"wp-block-cover is-light wp-duotone-unset-1\" style=\"min-height:103px;aspect-ratio:unset;\"><span aria-hidden=\"true\" class=\"wp-block-cover__background has-background-dim-10 has-background-dim\"><\/span><img fetchpriority=\"high\" decoding=\"async\" width=\"1127\" height=\"423\" class=\"wp-block-cover__image-background wp-image-606\" alt=\"\" src=\"https:\/\/lacorrespondenciadebenitoariasmontano.online\/wp-content\/uploads\/2023\/03\/cropped-Gysbrechts-1.jpg\" data-object-fit=\"cover\" srcset=\"https:\/\/lacorrespondenciadebenitoariasmontano.online\/wp-content\/uploads\/2023\/03\/cropped-Gysbrechts-1.jpg 1127w, https:\/\/lacorrespondenciadebenitoariasmontano.online\/wp-content\/uploads\/2023\/03\/cropped-Gysbrechts-1-300x113.jpg 300w, https:\/\/lacorrespondenciadebenitoariasmontano.online\/wp-content\/uploads\/2023\/03\/cropped-Gysbrechts-1-1024x384.jpg 1024w, https:\/\/lacorrespondenciadebenitoariasmontano.online\/wp-content\/uploads\/2023\/03\/cropped-Gysbrechts-1-768x288.jpg 768w\" sizes=\"(max-width: 1127px) 100vw, 1127px\" \/><div class=\"wp-block-cover__inner-container is-layout-flow wp-block-cover-is-layout-flow\">\n<p class=\"has-text-align-center has-white-color has-text-color has-medium-font-size\"><strong>METADATOS<\/strong><\/p>\n<\/div><\/div>\n\n\n\n<div style=\"height:10px\" aria-hidden=\"true\" class=\"wp-block-spacer\"><\/div>\n\n\n\n<meta http-equiv=\"Content-Type\" content=\"text\/html; charset=UTF-8\">\n   \n   \n      <div style=\"background-color:White;border:solid 1px DimGrey;border-radius:5px;\">\n         <div style=\"margin-left: 15px; color: #1C1C1C;\">\n            <p><b>Identificador: <\/b>1568 08 16<\/p>\n         <\/div>\n         <div style=\"margin-left: 15px; color: #1C1C1C;\">\n            <p><b>\u00cdncipit: <\/b>Por rela\u00e7i\u00f3n de \u00c7ayas hav\u00edamos entendido el discurso de vuestro viage&#8230;.<\/p>\n         <\/div>\n         <div style=\"margin-left: 15px\">\n            <p><b>Manuscritos: <\/b><\/p>\n            <ul>\n               (B1) AGS, E 540\/150;\n               \n               (B2) AGS, E 1570, lib. 104, f. 85r;\n               \n               (B3) AGS, E 1570, lib. 104, f. 90r;\n               \n               (B4) AGS, E 1570, lib. 103, ff. 12v-13r.\n               <\/ul>\n         <\/div>\n         <div style=\"margin-left: 15px\">\n            <p><b>Impresos: <\/b><\/p>\n            <ul>(E1)  Gonz\u00e1lez Carvajal, \u00abElogio hist\u00f3rico\u00bb, p. 150;   (E2) <i>Codoin<\/i>, p. 129; (E3) Dom\u00ednguez, <i>Correspondencia<\/i>, I, 92-93.<\/ul>\n         <\/div>\n         <div style=\"margin-left: 15px\">\n            <p><b>Edici\u00f3n cr\u00edtica y notas: <\/b>Antonio D\u00e1vila P\u00e9rez <\/p>\n         <\/div>\n         <div style=\"margin-left: 15px\">\n            <p><b>Codificaci\u00f3n y edici\u00f3n digital: <\/b>Antonio D\u00e1vila P\u00e9rez<\/p>\n         <\/div>\n      <\/div>\n<\/div>\n\n\n\n<div class=\"wp-block-column is-layout-flow wp-block-column-is-layout-flow\" style=\"flex-basis:66.66%\">\n<p><strong>RESUMEN<\/strong><\/p>\n\n\n\n<p>Felipe II se alegra de saber que BAM lleg\u00f3 sano y salvo a los Pa\u00edses Bajos para poder iniciar el proyecto de la Pol\u00edglota. Tambi\u00e9n fue de su agrado enterarse por la carta de 6 de julio de 1568 de BAM, tanto de las tareas realizadas por BAM en Amberes y Lovaina como de las buenas referencias sobre Plantino y Curiel. El Rey env\u00eda a BAM una carta para la Universidad de Lovaina, como este le solicit\u00f3 en su carta anterior.<\/p>\n\n\n\n<p><strong>COMENTARIO<\/strong><\/p>\n\n\n\n<p>Esta carta es respuesta a la carta de BAM a Felipe II del 6 de julio de 1568 (cf. <a href=\"https:\/\/lacorrespondenciadebenitoariasmontano.online\/es_es\/1568-07-06\">1568 07 06<\/a>).<\/p>\n\n\n\n<p>De esta carta solo nos queda la minuta o borrador conservado en Simancas, en distintos testimonios (aunque nosotros tomamos como base de nuestra edici\u00f3n el B1). Junto con el original de esta misiva, que no hemos podido localizar, se envi\u00f3 a BAM una carta de Felipe II a la Universidad de Lovaina con fecha del 15 de agosto de 1568, documento que vio la luz en el primer tomo de la Biblia Pol\u00edglota de Amberes.<\/p>\n\n\n\n<p><\/p>\n\n\n\n<p><\/p>\n\n\n\n<p><\/p>\n<\/div>\n<\/div>\n<\/div>\n<\/div>\n\n\n\n<p><strong>FACS\u00cdMILES<\/strong><\/p>\n\n\n\n<div class=\"wp-block-columns is-layout-flex wp-container-core-columns-is-layout-4 wp-block-columns-is-layout-flex\">\n<div class=\"wp-block-column is-layout-flow wp-block-column-is-layout-flow\" style=\"flex-basis:100%\">\n<div class=\"wp-block-columns is-layout-flex wp-container-core-columns-is-layout-3 wp-block-columns-is-layout-flex\">\n<div class=\"wp-block-column is-layout-flow wp-block-column-is-layout-flow\" style=\"flex-basis:40%\">\n<figure class=\"wp-block-gallery has-nested-images columns-default is-cropped wp-block-gallery-2 is-layout-flex wp-block-gallery-is-layout-flex\">\n<figure class=\"wp-block-image size-large is-style-zoooom\"><img decoding=\"async\" width=\"868\" height=\"1024\" src=\"https:\/\/lacorrespondenciadebenitoariasmontano.online\/wp-content\/uploads\/2023\/04\/AGS-E-540-150-1-868x1024.jpg\" alt=\"\" class=\"wp-image-3208\" srcset=\"https:\/\/lacorrespondenciadebenitoariasmontano.online\/wp-content\/uploads\/2023\/04\/AGS-E-540-150-1-868x1024.jpg 868w, https:\/\/lacorrespondenciadebenitoariasmontano.online\/wp-content\/uploads\/2023\/04\/AGS-E-540-150-1-254x300.jpg 254w, https:\/\/lacorrespondenciadebenitoariasmontano.online\/wp-content\/uploads\/2023\/04\/AGS-E-540-150-1-768x906.jpg 768w, https:\/\/lacorrespondenciadebenitoariasmontano.online\/wp-content\/uploads\/2023\/04\/AGS-E-540-150-1-1302x1536.jpg 1302w, https:\/\/lacorrespondenciadebenitoariasmontano.online\/wp-content\/uploads\/2023\/04\/AGS-E-540-150-1-1736x2048.jpg 1736w, https:\/\/lacorrespondenciadebenitoariasmontano.online\/wp-content\/uploads\/2023\/04\/AGS-E-540-150-1-10x12.jpg 10w\" sizes=\"(max-width: 868px) 100vw, 868px\" \/><figcaption class=\"wp-element-caption\"><strong>AGS, E 540 \/150, [f 1r]<\/strong><\/figcaption><\/figure>\n\n\n\n<figure class=\"wp-block-image size-large is-style-zoooom\"><img decoding=\"async\" width=\"857\" height=\"1024\" src=\"https:\/\/lacorrespondenciadebenitoariasmontano.online\/wp-content\/uploads\/2023\/04\/AGS-E-540-150vuelto-857x1024.jpg\" alt=\"\" class=\"wp-image-3203\" srcset=\"https:\/\/lacorrespondenciadebenitoariasmontano.online\/wp-content\/uploads\/2023\/04\/AGS-E-540-150vuelto-857x1024.jpg 857w, https:\/\/lacorrespondenciadebenitoariasmontano.online\/wp-content\/uploads\/2023\/04\/AGS-E-540-150vuelto-251x300.jpg 251w, https:\/\/lacorrespondenciadebenitoariasmontano.online\/wp-content\/uploads\/2023\/04\/AGS-E-540-150vuelto-768x918.jpg 768w, https:\/\/lacorrespondenciadebenitoariasmontano.online\/wp-content\/uploads\/2023\/04\/AGS-E-540-150vuelto-1285x1536.jpg 1285w, https:\/\/lacorrespondenciadebenitoariasmontano.online\/wp-content\/uploads\/2023\/04\/AGS-E-540-150vuelto-1714x2048.jpg 1714w, https:\/\/lacorrespondenciadebenitoariasmontano.online\/wp-content\/uploads\/2023\/04\/AGS-E-540-150vuelto-10x12.jpg 10w\" sizes=\"(max-width: 857px) 100vw, 857px\" \/><figcaption class=\"wp-element-caption\"><strong>AGS, E 540 \/150, [f. 1v]<\/strong><\/figcaption><\/figure>\n<\/figure>\n<\/div>\n\n\n\n<div class=\"wp-block-column is-layout-flow wp-block-column-is-layout-flow\" style=\"flex-basis:66.66%\"><\/div>\n<\/div>\n<\/div>\n<\/div>\n\n\n\n<div style=\"height:84px\" aria-hidden=\"true\" class=\"wp-block-spacer\"><\/div>\n\n\n\n<div style=\"height:0px\" aria-hidden=\"true\" class=\"wp-block-spacer\"><\/div>\n\n\n\n<div class=\"wp-block-columns is-layout-flex wp-container-core-columns-is-layout-5 wp-block-columns-is-layout-flex\">\n<div class=\"wp-block-column is-layout-flow wp-block-column-is-layout-flow\">\n<b>TEXTO Y APARATO CR\u00cdTICO (CON VISUALIZACI\u00d3N DE MARCADO XML-TEI)<\/b>\n  \n   \n      \n   \n      <meta http-equiv=\"Content-Type\" content=\"text\/html; charset=UTF-8\">\n      <!--THIS FILE IS GENERATED FROM AN XML MASTER. DO NOT EDIT (5)--><title>La correspondencia de Benito Arias Montano: edici\u00f3n cr\u00edtica digital \u2014 Felipe II (Madrid) a Benito Arias Montano Amberes &#8211; 16 de agosto de 1568 <\/title><meta name=\"author\" content=\"Felipe II\">\n      <meta name=\"generator\" content=\"Text Encoding Initiative Consortium XSLT stylesheets\">\n      <meta name=\"DC.Title\" content=\"La correspondencia de Benito Arias Montano: edici\u00f3n cr\u00edtica digital \u2014 Felipe II (Madrid) a Benito Arias Montano Amberes - 16 de agosto de 1568\">\n      <meta name=\"DC.Type\" content=\"Text\">\n      <meta name=\"DC.Format\" content=\"text\/html\"><link href=\"http:\/\/nl.ijs.si\/tei\/convert\/profiles\/test\/html\/jsi-tei.css\" rel=\"stylesheet\" type=\"text\/css\"><link rel=\"stylesheet\" media=\"print\" type=\"text\/css\" href=\"https:\/\/www.tei-c.org\/release\/xml\/tei\/stylesheet\/tei-print.css\">\n   \n      <div class=\"stdheader autogenerated\">\n        \n      <\/div>\n      \n      <!--TEI body--><br><br>\n      <div class=\"tei_body\">\n         <div class=\"pagebreak\" id=\"index.xml-pb-w9355801ab2b5b3b1\"><a href=\"http:\/\/lacorrespondenciadebenitoariasmontano.online\/wp-content\/uploads\/2023\/04\/AGS-E-540-150vuelto-scaled.jpg\" target=\"_blank\" onclick=\"window.open(this.href, this.target, 'width=400,height=600'); return false;\" rel=\"noopener\">[f. [1v]]<\/a><\/div>\n         <section class=\"anotation\" id=\"index.xml-body.1_div.1\">\n            <header>\n               <h5><span class=\"headingNumber\"> <\/span><span class=\"head\">[<i>Anotado en el margen, con escritura transversal<\/i>:]<\/span><\/h5>\n            <\/header>\n            <div><span class=\"date\">11 de ag<span title=\"tei:expan\" class=\"tei_expan\"><span class=\"ex\">ost<\/span><\/span>o 1568<\/span>. Al doctor <span title=\"tei:name[@type=&quot;person&quot;]\" class=\"tei_persName\">Arias Montano<\/span>. R<span title=\"tei:expan\" class=\"tei_expan\"><span class=\"ex\">ecibi<\/span><\/span>da.\n            <\/div>\n         <\/section>\n         <section class=\"main_content\" id=\"index.xml-body.1_div.2\">\n            \n            <div class=\"pagebreak\" id=\"index.xml-pb-w9355801ab2b5b3b5b1\"><a href=\"http:\/\/lacorrespondenciadebenitoariasmontano.online\/wp-content\/uploads\/2023\/04\/AGS-E-540-150-1-scaled.jpg\" target=\"_blank\" onclick=\"window.open(this.href, this.target, 'width=400,height=600'); return false;\" rel=\"noopener\">[f. [1r]]<\/a><\/div>\n            <div class=\"opener\"><center>El Rey<\/center> <p>Doctor <span title=\"tei:name[@type=&quot;person&quot;]\" class=\"tei_persName\">Arias Montano<\/span>, nuestro capell\u00e1n<sup class=\"appnote\" data-app=\"App1\">1<\/sup>:<\/p>\n            <\/div>\n            <p>[<b>1<\/b>] Por rela\u00e7i\u00f3n de <span class=\"tei_persName\" title=\"tei:name[@type=&quot;person&quot;]\">\u00c7ayas<\/span> hav\u00edamos entendido el discurso de vuestro viage, y el trabajo y peligro que hav\u00edades\n               passado en mar y en<sup class=\"appnote\" data-app=\"App2\">2<\/sup> tierra, y holgado de que en fin huvi\u00e9ssedes<sup class=\"appnote\" data-app=\"App3\">3<\/sup> llegado a salvamento<sup class=\"appnote\" data-app=\"App4\">4<\/sup> y dado tan buen principio al nego\u00e7io dessa impressi\u00f3n<sup class=\"appnote\" data-app=\"App5\">5<\/sup>. [<b>2<\/b>] Pero mucho m\u00e1s <span class=\"tei_subst\" title=\"tei:subst\"><span class=\"tei_del\" title=\"tei:del\">hemos holgado <\/span><span class=\"tei_add\" title=\"tei:add[@place=&quot;above&quot;]\">holgamos<\/span><\/span> de ver por vuestra carta de <span class=\"date\">VI<\/span><sup class=\"appnote\" data-app=\"App6\">6<\/sup> <span class=\"date\">de julio<\/span> la particularidad de lo que hasta aquel d\u00eda hav\u00edades hecho y tratado, ass\u00ed a\u00fd como\n               en <span class=\"tei_placeName\" title=\"tei:name[@type=&quot;place&quot;]\">Lovayna<\/span>, y la satisfa\u00e7i\u00f3n que mostr\u00e1is tener de<sup class=\"appnote\" data-app=\"App7\">7<\/sup> la suficiencia de <span title=\"tei:name[@type=&quot;person&quot;]\" class=\"tei_persName\">Plantino<\/span><sup class=\"appnote\" data-app=\"App8\">8<\/sup> y de la assistencia y buen recaudo que os da <span class=\"tei_persName\" title=\"tei:name[@type=&quot;person&quot;]\">Hier\u00f3nimo de Curiel<\/span>, que con esto y vuestro cuydado y buena diligen\u00e7ia tenemos por \u00e7ierto que la obra\n               saldr\u00e1 con el cumplimiento de perfecti\u00f3n que conviene y se pretende.\n            <\/p>\n            <p>[<b>3<\/b>] Yo he mandado escrivir a la Universidad de Lovayna en la forma que advert\u00eds, y va\n               con esta mi carta, para que vos se la pod\u00e1is llevar o remitir como mejor os pares\u00e7iere. [<b>4<\/b>] De <span class=\"tei_placeName\" title=\"tei:name[@type=&quot;place&quot;]\">Madrid<\/span>, a <span class=\"date\">XVI<\/span><sup class=\"appnote\" data-app=\"App9\">9<\/sup><span class=\"date\"> de agosto M D L XVIII<\/span><sup class=\"appnote\" data-app=\"App10\">10<\/sup>.\n            <\/p>\n            \n               <p>Yo el Rey.<sup class=\"appnote\" data-app=\"App11\">11<\/sup> <\/p> <p><span class=\"tei_persName\" title=\"tei:name[@type=&quot;person&quot;]\">\u00c7ayas<\/span>.\n               <\/p>\n            \n         <\/section>\n      <\/div>\n      <!--TEI back-->\n      <div class=\"tei_back\">\n        \n      <\/div>\n      <div class=\"appcrit\">\n         <div class=\"app\" id=\"App1\"><span class=\"lemma\">nuestro capell\u00e1n<\/span>] <span class=\"lemmawitness\">B1, B3, E1, E2, E3<\/span>; <span style=\"font-style:italic\">omiserunt<\/span> (B2, B4)\n         <\/div>\n         <div class=\"app\" id=\"App2\"><span class=\"lemma\">en<\/span>] <span class=\"lemmawitness\">B1, B2, B3, B4, E1, E3<\/span>; <span style=\"font-style:italic\">omisit <\/span> (E2)\n         <\/div>\n         <div class=\"app\" id=\"App3\"><span class=\"lemma\">huvi\u00e9ssedes<\/span>] <span class=\"lemmawitness\">B1, B2, B3, B4, E1, E3<\/span>; hubi\u00e9redes (E2)\n         <\/div>\n         <div class=\"app\" id=\"App4\"><span class=\"lemma\">salvamento<\/span>] <span class=\"lemmawitness\">B1, B2, B3, B4, E1, E3<\/span>; salvamente (E2)\n         <\/div>\n         <div class=\"app\" id=\"App5\"><span class=\"lemma\">impressi\u00f3n<\/span>] <span class=\"lemmawitness\">B1, B2, B3, E1, E2, E3<\/span>; imprission (B4)\n         <\/div>\n         <div class=\"app\" id=\"App6\"><span class=\"lemma\">VI<\/span>] <span class=\"lemmawitness\">B1, B2, B3, B4, E3<\/span>; seis  (E1); ;   27 (E2)\n         <\/div>\n         <div class=\"app\" id=\"App7\"><span class=\"lemma\">de<\/span>] <span class=\"lemmawitness\">B1, B2, B3, B4, E2, E3<\/span>; en  (E1)\n         <\/div>\n         <div class=\"app\" id=\"App8\"><span class=\"lemma\">suficiencia de Plantino <\/span>] <span class=\"lemmawitness\">B1, B2, B3, E1, E2, E3<\/span>; sufficen\u00e7ia de Platino (B4)\n         <\/div>\n         <div class=\"app\" id=\"App9\"><span class=\"lemma\">XVI<\/span>] <span class=\"lemmawitness\">B1, B2, B3, B4, E2, E3<\/span>; 16  (E1)\n         <\/div>\n         <div class=\"app\" id=\"App10\"><span class=\"lemma\">M D L XVIII<\/span>] <span class=\"lemmawitness\">B1<\/span>; 1568 (B2, B4, E3); ;   1569 (B3); ;   de 1568 (E1, E2)\n         <\/div>\n         <div class=\"app\" id=\"App11\"><span class=\"lemma\">Yo el Rey.<\/span>] <span class=\"lemmawitness\">B2, B3, B4, E2, E3<\/span>; <span style=\"font-style:italic\">omiserunt<\/span> (B1, E1)\n         <\/div>\n      <\/div>\n      <div class=\"stdfooter autogenerated\">\n         <div class=\"footer\">\n            <!--standard links to project, institution etc--><a class=\"plain\" href=\"\/\"><\/a> \n         <\/div>\n       \n            <!--\n\t  Generated from index.xml using XSLT stylesheets version 7.55.0\n\t       based on http:\/\/www.tei-c.org\/Stylesheets\/\n\t       on 2023-04-17T11:25:34Z.\n\t       SAXON HE 9.8.0.15.\n\t\t -->\n      <\/div>\n\n\n\n<div style=\"height:50px\" aria-hidden=\"true\" class=\"wp-block-spacer\"><\/div>\n<\/div>\n\n\n\n<div class=\"wp-block-column is-layout-flow wp-block-column-is-layout-flow\">\n<b>TEXTO Y NOTAS (SIN VISUALIZACI\u00d3N DE MARCADO XML-TEI)<\/b>\n   \n     \n   \n\n   \n      <meta http-equiv=\"Content-Type\" content=\"text\/html; charset=UTF-8\">\n      <!--THIS FILE IS GENERATED FROM AN XML MASTER. DO NOT EDIT (5)--><title>La correspondencia de Benito Arias Montano: edici\u00f3n cr\u00edtica digital \u2014 Felipe II (Madrid) a Benito Arias Montano Amberes &#8211; 16 de agosto de 1568 <\/title><meta name=\"author\" content=\"Felipe II\">\n      <meta name=\"generator\" content=\"Text Encoding Initiative Consortium XSLT stylesheets\">\n      <meta name=\"DC.Title\" content=\"La correspondencia de Benito Arias Montano: edici\u00f3n cr\u00edtica digital \u2014 Felipe II (Madrid) a Benito Arias Montano Amberes - 16 de agosto de 1568\">\n      <meta name=\"DC.Type\" content=\"Text\">\n      <meta name=\"DC.Format\" content=\"text\/html\"><link href=\"http:\/\/nl.ijs.si\/tei\/convert\/profiles\/test\/html\/jsi-tei.css\" rel=\"stylesheet\" type=\"text\/css\"><link rel=\"stylesheet\" media=\"print\" type=\"text\/css\" href=\"https:\/\/www.tei-c.org\/release\/xml\/tei\/stylesheet\/tei-print.css\">\n   \n      <div class=\"stdheader autogenerated\">\n        \n      <\/div>\n      \n      <!--TEI body--><br><br>\n      <div class=\"tei_body\">\n         <div class=\"pagebreak\" id=\"index.xml-pb-w9355801ab2b5b3b1\"><a href=\"http:\/\/lacorrespondenciadebenitoariasmontano.online\/wp-content\/uploads\/2023\/04\/AGS-E-540-150vuelto-scaled.jpg\" target=\"_blank\" onclick=\"window.open(this.href, this.target, 'width=400,height=600'); return false;\" rel=\"noopener\">[f. [1v]]<\/a><\/div>\n         <section class=\"anotation\" id=\"index.xml-body.1_div.1\">\n            <header>\n               <h5><span class=\"headingNumber\"> <\/span><span class=\"head\">[<i>Anotado en el margen, con escritura transversal<\/i>:]<\/span><\/h5>\n            <\/header>\n            <div>11 de agosto 1568.<a id=\"reference1\" class=\"link_ref\" href=\"#note1\" title=\"1 Error evidente en la anotaci\u00f3n de la fecha de la carta que fue realmente escrita y firmada el 16 de agosto.\">1<\/a> Al doctor Arias Montano. Recibida.\n            <\/div>\n         <\/section>\n         <section class=\"main_content\" id=\"index.xml-body.1_div.2\">\n            \n            <div class=\"pagebreak\" id=\"index.xml-pb-w9355801ab2b5b3b5b1\"><a href=\"http:\/\/lacorrespondenciadebenitoariasmontano.online\/wp-content\/uploads\/2023\/04\/AGS-E-540-150-1-scaled.jpg\" target=\"_blank\" onclick=\"window.open(this.href, this.target, 'width=400,height=600'); return false;\" rel=\"noopener\">[f. [1r]]<\/a><\/div>\n            <div class=\"opener\"><center>El Rey<\/center> <p>Doctor Arias Montano, nuestro capell\u00e1n:<\/p>\n            <\/div>\n            <p>[<b>1<\/b>] Por rela\u00e7i\u00f3n de \u00c7ayas hav\u00edamos entendido el discurso de vuestro viage, y el trabajo y peligro que hav\u00edades\n               passado en mar y en tierra, y holgado de que en fin huvi\u00e9ssedes llegado a salvamento y dado tan buen principio al nego\u00e7io dessa impressi\u00f3n.[<b>2<\/b>] Pero mucho m\u00e1s holgamos de ver por vuestra carta de VI de julio<a class=\"link_ref\" id=\"reference2\" href=\"#note2\" title=\"2 Cf. 1568 07 06.\">2<\/a> la particularidad de lo que hasta aquel d\u00eda hav\u00edades hecho y tratado, ass\u00ed a\u00fd como\n               en Lovayna, y la satisfa\u00e7i\u00f3n que mostr\u00e1is tener de la suficiencia de Plantino y de la assistencia y buen recaudo que os da Hier\u00f3nimo de Curiel, que con esto y vuestro cuydado y buena diligen\u00e7ia tenemos por \u00e7ierto que la obra\n               saldr\u00e1 con el cumplimiento de perfecti\u00f3n que conviene y se pretende.\n            <\/p>\n            <p>[<b>3<\/b>]Yo he mandado escrivir a la Universidad de Lovayna en la forma que advert\u00eds, y va\n               con esta mi carta,<a class=\"link_ref\" id=\"reference3\" href=\"#note3\" title=\"3 La carta del Rey a la Universidad de Lovaina lleva fecha del 15 de agosto. El propio BAM hab\u00eda hecho ver al monarca la conven...\">3<\/a> para que vos se la pod\u00e1is llevar o remitir como mejor os pares\u00e7iere. [<b>4<\/b>] De Madrid, a XVI de agosto M D L XVIII.\n            <\/p>\n            \n               <p>Yo el Rey.<\/p> <p>\u00c7ayas.\n               <\/p>\n           \n         <\/section>\n      <\/div>\n      <!--TEI back-->\n      <div class=\"tei_back\">\n         <section class=\"notes\" id=\"index.xml-back.1_div.1\">\n           \n            <div class=\"note\" id=\"note1\"><span class=\"noteLabel\">Nota: <\/span><a class=\"link_ref\" href=\"#reference1\" title=\"1\">1<\/a> Error evidente en la anotaci\u00f3n de la fecha de la carta, que fue realmente escrita\n               y firmada el 16 de agosto.\n            <\/div>\n            <div class=\"note\" id=\"note2\"><span class=\"noteLabel\">Nota: <\/span><a class=\"link_ref\" href=\"#reference2\" title=\"2\">2<\/a> Cf. <a href=\"https:\/\/lacorrespondenciadebenitoariasmontano.online\/es_es\/1568-07-06\">1568 07 06<\/a>.\n            <\/div>\n            <div class=\"note\" id=\"note3\"><span class=\"noteLabel\">Nota: <\/span><a class=\"link_ref\" href=\"#reference3\" title=\"3\">3<\/a> La carta del Rey a la Universidad de Lovaina lleva fecha del 15 de agosto. El propio\n               BAM hab\u00eda hecho ver al monarca la conveniencia de este escrito: \u00abFuera para ellos\n               grande merced y consuelo haverles yo tra\u00fddo alguna letra de Vuestra Magest[ad, que\n               dizen que dende antes d\u2019estas turbas no han visto ninguna, en las quales ya Vuestra\n               Magestad de m\u00e1s sabe qu\u00e1n officiosos y constantes se mostraron en servicio de Dios\n               y de la iglesia cath\u00f3lica y de Vuestra Magestad\u00bb (Arias Montano a Felipe II, 6 de\n               julio de 1568, n\u00ba 1568 07 06). El pasaje central de la misiva de Felipe II, publicada\n               en la Biblia Pol\u00edglota, <span class=\"titlem\">Biblia Sacra<\/span>, tomo I, [pp. 43 y 49], reza as\u00ed: \u00abIdem etiam Benedictus sibi ab istius Academiae\n               Theologis operam, sedulitatem et omne ad hanc quam molimur impressionem opportunum\n               officium ultro ac libenter oblata promissaque esse narrauit; atque ea in re uestrum\n               erga sacrosanctam religionem ergaque nos eximium studium et singularem fidem plurimum\n               commendans; quantum etiam sibi istius Vniuersitatis pietas, ordo, decor, disciplina,\n               exercitatio, denique uniuersa ratio placuerit, significauit [&#8230;] Placuit igitur nobis,\n               has ad uos literas dare, quibus ea quae ille de uobis, de officiis, studiisque uestris\n               ac de integra istius insignis Vniuersitatis re, scripserit, iucunda fuisse testemur;\n               atque oblata a uobis ad dictorum Bibliorum commodissimam expeditionem, omnia consilii,\n               operae ac sedulitatis officia, praeter publicam ecclesiasticae rei (quae in hoc opere\n               agitur et uobis communis quoque esse debet) curam, fidelis etiam nos obsequii et diligentis\n               studii nomine, inter alia uestra, quae iam constant quaeque porro expectantur, peculiariter\n               acceptum iri confirmemus\u00bb. La respuesta de la Universidad de Lovaina a dicha carta\n               de Felipe II apareci\u00f3 tambi\u00e9n publicada en <span class=\"titlem\">Biblia Sacra<\/span>, tomo I, [pp. 51-53].\n            <\/div>\n         <\/section>\n      <\/div>\n      \n      <div class=\"stdfooter autogenerated\">\n         <div class=\"footer\">\n            <!--standard links to project, institution etc--><a class=\"plain\" href=\"\/\"><\/a> \n         <\/div>\n       \n            <!--\n\t  Generated from index.xml using XSLT stylesheets version 7.55.0\n\t       based on http:\/\/www.tei-c.org\/Stylesheets\/\n\t       on 2023-04-17T11:25:34Z.\n\t       SAXON HE 9.8.0.15.\n\t\t -->\n      <\/div>\n\n\n\n<div style=\"height:53px\" aria-hidden=\"true\" class=\"wp-block-spacer\"><\/div>\n\n\n\n<div class=\"wp-block-buttons is-layout-flex wp-block-buttons-is-layout-flex\">\n<div class=\"wp-block-button aligncenter\"><a class=\"wp-block-button__link has-white-color has-text-color wp-element-button\" href=\"https:\/\/github.com\/CoBAM-editor\/CoBAM\/blob\/main\/1568%2008%2016%20CoBAM.xml\" style=\"border-radius:8px\" target=\"_blank\" rel=\"noreferrer noopener\">XML<\/a><\/div>\n<\/div>\n<\/div>\n<\/div>\n","protected":false},"excerpt":{"rendered":"<p>1568 08 16 Felipe II (Madrid) a Benito Arias Montano (Amberes) 16 de agosto de 1568 Identificador: 1568 08 16 \u00cdncipit: Por rela\u00e7i\u00f3n de \u00c7ayas hav\u00edamos entendido el discurso de vuestro viage&#8230;. Manuscritos: (B1) AGS, E 540\/150; (B2) AGS, E 1570, lib. 104, f. 85r; (B3) AGS, E 1570, lib. 104, f. 90r; (B4) AGS, [&hellip;]<\/p>\n","protected":false},"author":1,"featured_media":1721,"parent":2643,"menu_order":0,"comment_status":"closed","ping_status":"closed","template":"elementor_header_footer","meta":{"footnotes":""},"class_list":["post-3204","page","type-page","status-publish","has-post-thumbnail","czr-hentry"],"_links":{"self":[{"href":"https:\/\/lacorrespondenciadebenitoariasmontano.online\/es_es\/wp-json\/wp\/v2\/pages\/3204"}],"collection":[{"href":"https:\/\/lacorrespondenciadebenitoariasmontano.online\/es_es\/wp-json\/wp\/v2\/pages"}],"about":[{"href":"https:\/\/lacorrespondenciadebenitoariasmontano.online\/es_es\/wp-json\/wp\/v2\/types\/page"}],"author":[{"embeddable":true,"href":"https:\/\/lacorrespondenciadebenitoariasmontano.online\/es_es\/wp-json\/wp\/v2\/users\/1"}],"replies":[{"embeddable":true,"href":"https:\/\/lacorrespondenciadebenitoariasmontano.online\/es_es\/wp-json\/wp\/v2\/comments?post=3204"}],"version-history":[{"count":69,"href":"https:\/\/lacorrespondenciadebenitoariasmontano.online\/es_es\/wp-json\/wp\/v2\/pages\/3204\/revisions"}],"predecessor-version":[{"id":11066,"href":"https:\/\/lacorrespondenciadebenitoariasmontano.online\/es_es\/wp-json\/wp\/v2\/pages\/3204\/revisions\/11066"}],"up":[{"embeddable":true,"href":"https:\/\/lacorrespondenciadebenitoariasmontano.online\/es_es\/wp-json\/wp\/v2\/pages\/2643"}],"wp:featuredmedia":[{"embeddable":true,"href":"https:\/\/lacorrespondenciadebenitoariasmontano.online\/es_es\/wp-json\/wp\/v2\/media\/1721"}],"wp:attachment":[{"href":"https:\/\/lacorrespondenciadebenitoariasmontano.online\/es_es\/wp-json\/wp\/v2\/media?parent=3204"}],"curies":[{"name":"wp","href":"https:\/\/api.w.org\/{rel}","templated":true}]}}