{"id":6516,"date":"2024-03-21T08:28:33","date_gmt":"2024-03-21T08:28:33","guid":{"rendered":"https:\/\/lacorrespondenciadebenitoariasmontano.online\/?page_id=6516"},"modified":"2026-02-27T07:31:44","modified_gmt":"2026-02-27T07:31:44","slug":"1569-12-14","status":"publish","type":"page","link":"https:\/\/lacorrespondenciadebenitoariasmontano.online\/es_es\/1569-12-14\/","title":{"rendered":"1569 12 14"},"content":{"rendered":"\n<div class=\"wp-block-columns is-layout-flex wp-container-core-columns-is-layout-2 wp-block-columns-is-layout-flex\">\n<div class=\"wp-block-column is-layout-flow wp-block-column-is-layout-flow\">\n<p class=\"has-text-align-center\" style=\"font-size:31px\">1569 12 14 <\/p>\n\n\n\n<p class=\"has-text-align-center\" style=\"font-size:31px\">Stephanus Vinandus Pighius [Bruselas] a Benito Arias Montano [Amberes] <\/p>\n\n\n\n<p class=\"has-text-align-right\" style=\"font-size:22px\">14 de diciembre de 1569<\/p>\n\n\n\n<div style=\"height:28px\" aria-hidden=\"true\" class=\"wp-block-spacer\"><\/div>\n\n\n\n<div class=\"wp-block-columns is-layout-flex wp-container-core-columns-is-layout-1 wp-block-columns-is-layout-flex\">\n<div class=\"wp-block-column is-layout-flow wp-block-column-is-layout-flow\" style=\"flex-basis:33.33%\">\n<div class=\"wp-block-cover is-light wp-duotone-unset-1\" style=\"min-height:103px;aspect-ratio:unset;\"><span aria-hidden=\"true\" class=\"wp-block-cover__background has-background-dim-10 has-background-dim\"><\/span><img fetchpriority=\"high\" decoding=\"async\" width=\"1127\" height=\"423\" class=\"wp-block-cover__image-background wp-image-606\" alt=\"\" src=\"https:\/\/lacorrespondenciadebenitoariasmontano.online\/wp-content\/uploads\/2023\/03\/cropped-Gysbrechts-1.jpg\" data-object-fit=\"cover\" srcset=\"https:\/\/lacorrespondenciadebenitoariasmontano.online\/wp-content\/uploads\/2023\/03\/cropped-Gysbrechts-1.jpg 1127w, https:\/\/lacorrespondenciadebenitoariasmontano.online\/wp-content\/uploads\/2023\/03\/cropped-Gysbrechts-1-300x113.jpg 300w, https:\/\/lacorrespondenciadebenitoariasmontano.online\/wp-content\/uploads\/2023\/03\/cropped-Gysbrechts-1-1024x384.jpg 1024w, https:\/\/lacorrespondenciadebenitoariasmontano.online\/wp-content\/uploads\/2023\/03\/cropped-Gysbrechts-1-768x288.jpg 768w\" sizes=\"(max-width: 1127px) 100vw, 1127px\" \/><div class=\"wp-block-cover__inner-container is-layout-flow wp-block-cover-is-layout-flow\">\n<p class=\"has-text-align-center has-white-color has-text-color has-medium-font-size\"><strong>METADATOS<\/strong><\/p>\n<\/div><\/div>\n\n\n\n<div style=\"height:10px\" aria-hidden=\"true\" class=\"wp-block-spacer\"><\/div>\n\n\n\n<meta http-equiv=\"Content-Type\" content=\"text\/html; charset=UTF-8\">\n   \n   \n      <div style=\"background-color:White;border:solid 1px DimGrey;border-radius:5px;\">\n         <div style=\"margin-left: 15px; color: #1C1C1C;\">\n            <p><b>Identificador: <\/b>1569 12 14<\/p>\n         <\/div>\n         <div style=\"margin-left: 15px; color: #1C1C1C;\">\n            <p><b>\u00cdncipit: <\/b>Reuersus ab Atrebatibus ac S. Amando&#8230;<\/p>\n         <\/div>\n         <div style=\"margin-left: 15px\">\n            <p><b>Manuscritos: <\/b><\/p>\n            <ul>\n               (C1) SUBH, Sup. ep. (4\u00ba) 7, f. 79v-80r; \n               \n               (C2) Manuscrits Divers 187, f. 76v-77r; \n               \n               (C3) Ms. 7400\/113, f. 146r-r.\n               <\/ul>\n         <\/div>\n         <div style=\"margin-left: 15px\">\n            <p><b>Impresos: <\/b><\/p>\n            <ul>(E1) De Vocht, <i>Pighii epistolarium<\/i>, pp. 284-285; (E2) Dom\u00ednguez, <i>Correspondencia<\/i>, I, 304-305.<\/ul>\n         <\/div>\n         <div style=\"margin-left: 15px\">\n            <p><b>Edici\u00f3n cr\u00edtica, traducci\u00f3n y notas: <\/b>Antonio D\u00e1vila P\u00e9rez &#8211; Jeanine De Landtsheer <\/p>\n         <\/div>\n         <div style=\"margin-left: 15px\">\n            <p><b>Codificaci\u00f3n y edici\u00f3n digital: <\/b>Antonio D\u00e1vila P\u00e9rez<\/p>\n         <\/div>\n      <\/div>\n<\/div>\n\n\n\n<div class=\"wp-block-column is-layout-flow wp-block-column-is-layout-flow\" style=\"flex-basis:66.66%\">\n<p><strong>RESUMEN<\/strong><\/p>\n\n\n\n<p>A su regreso de un viaje Pighio encuentra la carta de BAM en respuesta a su misiva del 30 de noviembre en la que le enviada unas copias de monedas. Gracias a dicha carta, Pighio recibe la feliz noticia de que BAM se est\u00e1 recuperando de una grave enfermedad, y de que ha recibido correctamente las monedas enviadas, que le han recreado mucho en su convalescencia. Expresa tambi\u00e9n sus condolencias por el fallecimiento del confesor del duque de Alba.<\/p>\n\n\n\n<p><strong>COMENTARIO<\/strong><\/p>\n\n\n\n<p>La carta de BAM a la que responde aqu\u00ed Pighio no ha sido localizada, y debi\u00f3 de ser escrita entre el 30 de noviembre de 1569, fecha del la misiva precedente de Pighio a la que respondi\u00f3 BAM (<em>terminus ante quem non<\/em>) y el 14 de diciembre (<em>terminus post quem non<\/em>). Habida cuenta de la corta distancia entre Bruselas y Amberes, ser\u00eda incluso muy plausible que BAM hubiera entregado al correo su carta de respuesta uno o, como m\u00e1ximo, dos d\u00edas antes de este 14 de diciembre. En esta carta se vuelve a hacer menci\u00f3n a la salud quebradiza de BAM, que se resinti\u00f3 particularmente durante su larga estancia de ocho a\u00f1os en las fr\u00edas tierras flamencas.<\/p>\n\n\n\n<p>Sobre los testimonios conservados de este documento, remitimos a lo dicho en el comentario de la <a href=\"https:\/\/lacorrespondenciadebenitoariasmontano.online\/es_es\/1569-10-24\">carta del 24 de octubre de 1569<\/a>.<\/p>\n\n\n\n<p><\/p>\n\n\n\n<p><\/p>\n\n\n\n<p><\/p>\n\n\n\n<p><\/p>\n<\/div>\n<\/div>\n<\/div>\n<\/div>\n\n\n\n<p><strong>FACS\u00cdMILES<\/strong><\/p>\n\n\n\n<div class=\"wp-block-columns is-layout-flex wp-container-core-columns-is-layout-3 wp-block-columns-is-layout-flex\">\n<div class=\"wp-block-column is-layout-flow wp-block-column-is-layout-flow\" style=\"flex-basis:40%\">\n<figure class=\"wp-block-gallery has-nested-images columns-5 is-cropped wp-block-gallery-2 is-layout-flex wp-block-gallery-is-layout-flex\">\n<figure class=\"wp-block-image size-large is-style-zoooom\"><img decoding=\"async\" width=\"829\" height=\"1024\" src=\"https:\/\/lacorrespondenciadebenitoariasmontano.online\/wp-content\/uploads\/2024\/03\/SUBH-Sup.-ep.-7-4o-f.-79v-829x1024.jpg\" alt=\"\" class=\"wp-image-6494\" srcset=\"https:\/\/lacorrespondenciadebenitoariasmontano.online\/wp-content\/uploads\/2024\/03\/SUBH-Sup.-ep.-7-4o-f.-79v-829x1024.jpg 829w, https:\/\/lacorrespondenciadebenitoariasmontano.online\/wp-content\/uploads\/2024\/03\/SUBH-Sup.-ep.-7-4o-f.-79v-243x300.jpg 243w, https:\/\/lacorrespondenciadebenitoariasmontano.online\/wp-content\/uploads\/2024\/03\/SUBH-Sup.-ep.-7-4o-f.-79v-768x949.jpg 768w, https:\/\/lacorrespondenciadebenitoariasmontano.online\/wp-content\/uploads\/2024\/03\/SUBH-Sup.-ep.-7-4o-f.-79v-1244x1536.jpg 1244w, https:\/\/lacorrespondenciadebenitoariasmontano.online\/wp-content\/uploads\/2024\/03\/SUBH-Sup.-ep.-7-4o-f.-79v-10x12.jpg 10w, https:\/\/lacorrespondenciadebenitoariasmontano.online\/wp-content\/uploads\/2024\/03\/SUBH-Sup.-ep.-7-4o-f.-79v.jpg 1535w\" sizes=\"(max-width: 829px) 100vw, 829px\" \/><figcaption class=\"wp-element-caption\"><strong>SUBH, Sup. ep. (4\u00ba) 7, f. 79v<\/strong><\/figcaption><\/figure>\n\n\n\n<figure class=\"wp-block-image size-large is-style-zoooom\"><img decoding=\"async\" width=\"832\" height=\"1024\" src=\"https:\/\/lacorrespondenciadebenitoariasmontano.online\/wp-content\/uploads\/2024\/03\/SUBH-Sup.-ep.-7-4o-f.-80r-832x1024.jpg\" alt=\"\" class=\"wp-image-6495\" srcset=\"https:\/\/lacorrespondenciadebenitoariasmontano.online\/wp-content\/uploads\/2024\/03\/SUBH-Sup.-ep.-7-4o-f.-80r-832x1024.jpg 832w, https:\/\/lacorrespondenciadebenitoariasmontano.online\/wp-content\/uploads\/2024\/03\/SUBH-Sup.-ep.-7-4o-f.-80r-244x300.jpg 244w, https:\/\/lacorrespondenciadebenitoariasmontano.online\/wp-content\/uploads\/2024\/03\/SUBH-Sup.-ep.-7-4o-f.-80r-768x945.jpg 768w, https:\/\/lacorrespondenciadebenitoariasmontano.online\/wp-content\/uploads\/2024\/03\/SUBH-Sup.-ep.-7-4o-f.-80r-1248x1536.jpg 1248w, https:\/\/lacorrespondenciadebenitoariasmontano.online\/wp-content\/uploads\/2024\/03\/SUBH-Sup.-ep.-7-4o-f.-80r-10x12.jpg 10w, https:\/\/lacorrespondenciadebenitoariasmontano.online\/wp-content\/uploads\/2024\/03\/SUBH-Sup.-ep.-7-4o-f.-80r.jpg 1535w\" sizes=\"(max-width: 832px) 100vw, 832px\" \/><figcaption class=\"wp-element-caption\"><strong>SUBH, Sup. ep. (4\u00ba) 7, f. 80<\/strong>r<\/figcaption><\/figure>\n<\/figure>\n<\/div>\n\n\n\n<div class=\"wp-block-column is-layout-flow wp-block-column-is-layout-flow\"><\/div>\n<\/div>\n\n\n\n<div style=\"height:84px\" aria-hidden=\"true\" class=\"wp-block-spacer\"><\/div>\n\n\n\n<div style=\"height:0px\" aria-hidden=\"true\" class=\"wp-block-spacer\"><\/div>\n\n\n\n<div class=\"wp-block-columns is-layout-flex wp-container-core-columns-is-layout-4 wp-block-columns-is-layout-flex\">\n<div class=\"wp-block-column is-layout-flow wp-block-column-is-layout-flow\">\n<b>TEXTO Y APARATO CR\u00cdTICO (CON VISUALIZACI\u00d3N DE MARCADO XML-TEI)<\/b>\n  \n   \n     \n   \n   \n   \n    \n   \n      <meta http-equiv=\"Content-Type\" content=\"text\/html; charset=UTF-8\">\n      <!--THIS FILE IS GENERATED FROM AN XML MASTER. DO NOT EDIT (5)--><title>La correspondencia de Benito Arias Montano: edici\u00f3n cr\u00edtica digital \u2014 Stephanus Vindandus Pighius [Bruselas] a Benito Arias Montano [Amberes] &#8211; 14 de diciembre de 1569 <\/title><meta name=\"author\" content=\"Stephanus Vinandus Pighius\">\n      <meta name=\"generator\" content=\"Text Encoding Initiative Consortium XSLT stylesheets\">\n      <meta name=\"DC.Title\" content=\"La correspondencia de Benito Arias Montano: edici\u00f3n cr\u00edtica digital \u2014 Stephanus Vindandus Pighius [Bruselas] a Benito Arias Montano [Amberes] - 14 de diciembre de 1569\">\n      <meta name=\"DC.Type\" content=\"Text\">\n      <meta name=\"DC.Format\" content=\"text\/html\"><link href=\"http:\/\/nl.ijs.si\/tei\/convert\/profiles\/test\/html\/jsi-tei.css\" rel=\"stylesheet\" type=\"text\/css\"><link rel=\"stylesheet\" media=\"print\" type=\"text\/css\" href=\"https:\/\/www.tei-c.org\/release\/xml\/tei\/stylesheet\/tei-print.css\">\n   \n      <div class=\"stdheader autogenerated\">\n         \n      <\/div>\n      <section class=\"source\" id=\"index.xml-group.1_text.1\">\n         \n        \n         <div class=\"tei_body\"><br><br>\n            <div class=\"main_content\" id=\"index.xml-group.1_text.1_body.1_div.1\">\n               \n               <div class=\"pagebreak\" id=\"index.xml-pb-w6934904ab2b5b1b1b3b1b1\"><a href=\"https:\/\/lacorrespondenciadebenitoariasmontano.online\/wp-content\/uploads\/2024\/03\/SUBH-Sup.-ep.-7-4o-f.-79v.jpg\" target=\"_blank\" onclick=\"window.open(this.href, this.target, 'width=400,height=600'); return false;\" rel=\"noopener\">[f. 79v]<\/a><\/div>\n               <p>[<span style=\"font-weight:bold\">1<\/span>] Reuersus<sup class=\"appnote\" data-app=\"App1\">1<\/sup> ab <span class=\"tei_placeName\" title=\"tei:name[@type=&quot;place&quot;]\">Atrebatibus<\/span> ac <span class=\"tei_placeName\" title=\"tei:name[@type=&quot;place&quot;]\">S<span class=\"tei_expan\" title=\"tei:expan\"><span class=\"ex\">ancto<\/span><\/span> Amando<\/span><sup class=\"appnote\" data-app=\"App2\">2<\/sup> suauissimas tuas literas<sup class=\"appnote\" data-app=\"App3\">3<\/sup> tui repperi, humanitatis atque candoris ingenui testes singulares, e quibus ualde\n                  iucundum fuit<sup class=\"appnote\" data-app=\"App4\">4<\/sup> intelligere te nunc e grauissimo morbo utcunque<sup class=\"appnote\" data-app=\"App5\">5<\/sup> conualuisse, pristinaeque sanitati in dies<sup class=\"appnote\" data-app=\"App6\">6<\/sup> magis <span class=\"pagebreak\" id=\"index.xml-pb-w6934904ab2b5b1b1b3b1b3c17\"><a href=\"https:\/\/lacorrespondenciadebenitoariasmontano.online\/wp-content\/uploads\/2024\/03\/SUBH-Sup.-ep.-7-4o-f.-80r.jpg\" target=\"_blank\" onclick=\"window.open(this.href, this.target, 'width=400,height=600'); return false;\" rel=\"noopener\">[f. 80r]<\/a><\/span> restitui. [<span style=\"font-weight:bold\">2<\/span>] Gratulor itaque tibi plurimum, nec minus religioni et reip<span class=\"tei_expan\" title=\"tei:expan\"><span class=\"ex\">uplicae<\/span><\/span> nostrae et uere (non <span class=\"tei_expan\" title=\"tei:expan\"><span class=\"ex\">e<\/span><\/span>n<span class=\"tei_expan\" title=\"tei:expan\"><span class=\"ex\">im<\/span><\/span> te usura falsi gaudii mei uelim frui) gratulor te quidem post damnosam R<span class=\"tei_expan\" title=\"tei:expan\"><span class=\"ex\">eueren<\/span><\/span>di P<span class=\"tei_expan\" title=\"tei:expan\"><span class=\"ex\">atris<\/span><\/span> N<span class=\"tei_expan\" title=\"tei:expan\"><span class=\"ex\">ostri<\/span><\/span> confessarii integerrimi uiri mortem n<span class=\"tei_expan\" title=\"tei:expan\"><span class=\"ex\">o<\/span><\/span>b<span class=\"tei_expan\" title=\"tei:expan\"><span class=\"ex\">is<\/span><\/span> adhuc diuina bonitate superstitem esse. Etenim, ut is, ita nec possunt et eius similes\n                  auctoritate et prudentia ueroque pietatis studio praestantes uiri, malo quodam fato\n                  abrepti, ingens boni sui desiderium non relinquere in tanta raritate atque inopia\n                  eorum, qui sincero affectu Catholicam religionem restauratam et rem publicam<sup class=\"appnote\" data-app=\"App7\">7<\/sup> Christianam<sup class=\"appnote\" data-app=\"App8\">8<\/sup> saluam cupiunt simulque in hoc operam sinceram impendunt.\n               <\/p>\n               <p>[<span style=\"font-weight:bold\">3<\/span>] De nummulorum munusculo non est quod magnopere gratias agas, sed uehementer gaudeo\n                  uenisse tam oportune<sup class=\"appnote\" data-app=\"App9\">9<\/sup>, ut non parum, quemadmodum scribis, momenti ad confirmandam ualetudinem tuam attulerit.\n                  Et facile credo, recreant enim plurimum spiritus uitales, modo male affectos bellae\n                  imagines, itaque nunc uellem aureas misissem, ut eo mouissem efficacius<sup class=\"appnote\" data-app=\"App10\">10<\/sup>. [<span style=\"font-weight:bold\">4<\/span>] Tu quidem, mi <span class=\"tei_persName\" title=\"tei:name[@type=&quot;person&quot;]\">Montane<\/span>, imposterum quae in potestate mea s<span class=\"tei_expan\" title=\"tei:expan\"><span class=\"ex\">un<\/span><\/span>t, ut operam, studium, consilium, rem fidemque meam t<span class=\"tei_expan\" title=\"tei:expan\"><span class=\"ex\">i<\/span><\/span>b<span class=\"tei_expan\" title=\"tei:expan\"><span class=\"ex\">i<\/span><\/span> paratam<sup class=\"appnote\" data-app=\"App11\">11<\/sup> puta.\n               <\/p>\n               \n                  <p>Vale.<\/p>\n               \n            <\/div>\n         <\/div>\n      <\/section>\n      \n      <div class=\"appcrit\">\n         <div class=\"app\" id=\"App1\"><span class=\"lemma\">Reuersus<\/span>] <span class=\"lemmawitness\">E1, E2<\/span>; Ariae Montano 14 Dcbr 1559. Reuersus (C1, C2, C3)\n         <\/div>\n         <div class=\"app\" id=\"App2\"><span class=\"lemma\">Amando<\/span>] <span class=\"lemmawitness\">C1, E1, E2<\/span>; Amandas (C2, C3)\n         <\/div>\n         <div class=\"app\" id=\"App3\"><span class=\"lemma\">literas<\/span>] <span class=\"lemmawitness\">C1, C2, E1, E2<\/span>; litteras (C3)\n         <\/div>\n         <div class=\"app\" id=\"App4\"><span class=\"lemma\">iucundum fuit<\/span>] <span class=\"lemmawitness\">C1, C2, E1, E2<\/span>; fuit iucundum (C3)\n         <\/div>\n         <div class=\"app\" id=\"App5\"><span class=\"lemma\">utcunque<\/span>] <span class=\"lemmawitness\">C1, C2, C3, E2<\/span>; utcumque (E1)\n         <\/div>\n         <div class=\"app\" id=\"App6\"><span class=\"lemma\">in dies<\/span>] <span class=\"lemmawitness\">C1, C2, C3, E2<\/span>; in dies (E1)\n         <\/div>\n         <div class=\"app\" id=\"App7\"><span class=\"lemma\">rem publicam<\/span>] <span class=\"lemmawitness\">C3, E1, E2<\/span>; Remp. (C1, C2)\n         <\/div>\n         <div class=\"app\" id=\"App8\"><span class=\"lemma\">Christianam <\/span>] <span class=\"lemmawitness\">C1, C2, E1, E2<\/span>; <span style=\"font-style:italic\">omisit<\/span> (C3)\n         <\/div>\n         <div class=\"app\" id=\"App9\"><span class=\"lemma\">oportune<\/span>] <span class=\"lemmawitness\">C1, C2, E1, E2<\/span>; opportune (C3)\n         <\/div>\n         <div class=\"app\" id=\"App10\"><span class=\"lemma\">efficacius<\/span>] <span class=\"lemmawitness\">C1, E1, E2<\/span>; efficatius (C2, C3)\n         <\/div>\n         <div class=\"app\" id=\"App11\"><span class=\"lemma\">paratam<\/span>] <span class=\"lemmawitness\">C1, C2, C3, E2<\/span>; parata (E1)\n         <\/div>\n      <\/div>\n      <div class=\"stdfooter autogenerated\">\n         <div class=\"footer\">\n            <!--standard links to project, institution etc--><a class=\"plain\" href=\"\/\"><\/a> \n         <\/div>\n         \n            <!--\n Generated from index.xml using XSLT stylesheets version 7.56.0\n\t\t based on http:\/\/www.tei-c.org\/Stylesheets\/\n\t\t on 2024-03-21T08:27:41Z.\n\t\t SAXON HE 9.8.0.15.\n\t\t   -->\n      <\/div>\n\n\n\n<div style=\"height:56px\" aria-hidden=\"true\" class=\"wp-block-spacer\"><\/div>\n<\/div>\n\n\n\n<div class=\"wp-block-column is-layout-flow wp-block-column-is-layout-flow\">\n<b>TRADUCCI\u00d3N AL ESPA\u00d1OL <br>Y NOTAS<br><\/b>\n   \n    \n   \n      \n   \n     \n   \n      <meta http-equiv=\"Content-Type\" content=\"text\/html; charset=UTF-8\">\n      <!--THIS FILE IS GENERATED FROM AN XML MASTER. DO NOT EDIT (5)--><title>La correspondencia de Benito Arias Montano: edici\u00f3n cr\u00edtica digital \u2014 Stephanus Vindandus Pighius [Bruselas] a Benito Arias Montano [Amberes] &#8211; 14 de diciembre de 1569 <\/title><meta name=\"author\" content=\"Stephanus Vinandus Pighius\">\n      <meta name=\"generator\" content=\"Text Encoding Initiative Consortium XSLT stylesheets\">\n      <meta name=\"DC.Title\" content=\"La correspondencia de Benito Arias Montano: edici\u00f3n cr\u00edtica digital \u2014 Stephanus Vindandus Pighius [Bruselas] a Benito Arias Montano [Amberes] - 14 de diciembre de 1569\">\n      <meta name=\"DC.Type\" content=\"Text\">\n      <meta name=\"DC.Format\" content=\"text\/html\"><link href=\"http:\/\/nl.ijs.si\/tei\/convert\/profiles\/test\/html\/jsi-tei.css\" rel=\"stylesheet\" type=\"text\/css\"><link rel=\"stylesheet\" media=\"print\" type=\"text\/css\" href=\"https:\/\/www.tei-c.org\/release\/xml\/tei\/stylesheet\/tei-print.css\">\n   \n      <div class=\"stdheader autogenerated\">\n         \n      <\/div>\n      \n         \n        \n         \n      <section class=\"translation\" id=\"index.xml-group.1_text.2\"><br><br>\n         \n         <div class=\"tei_body\">\n            <div class=\"main_content\" id=\"index.xml-group.1_text.2_body.1_div.1\">\n               \n               <div class=\"pagebreak\" id=\"index.xml-pb-w6934904ab2b5b1b3b1b1b1\"><a href=\"https:\/\/lacorrespondenciadebenitoariasmontano.online\/wp-content\/uploads\/2024\/03\/SUBH-Sup.-ep.-7-4o-f.-79v.jpg\" target=\"_blank\" onclick=\"window.open(this.href, this.target, 'width=400,height=600'); return false;\" rel=\"noopener\">[f. 79v]<\/a><\/div>\n               <p>[<span style=\"font-weight:bold\">1<\/span>] Tras regresar de Arras<a class=\"link_ref\" id=\"reference1\" href=\"#note1\" title=\"1 Arr\u00e1s en espa\u00f1ol Arras en franc\u00e9s Atrecht en neerland\u00e9s y Atrebates en lat\u00edn. Actualmente es una ciudad del norte de Francia ...\">1<\/a> y de San Amando<a class=\"link_ref\" id=\"reference2\" href=\"#note2\" title=\"2 La abad\u00eda benedictina de SaintAmandlesEaux ubicada actualmente en Francia en la regi\u00f3n de NortePaso de Calais departamento de...\">2<\/a> me encontr\u00e9 la agradabil\u00edsima carta de vuestra merced, testigo singular de su amabilidad\n                  y candor innato, por medio de la cual me fue muy grato saber que ahora estaba vuestra\n                  merced mejorando, como quiera que fuese, de una grav\u00edsima enfermedad, y que vuelve\n                  vuestra merced cada d\u00eda m\u00e1s a su <span class=\"pagebreak\" id=\"index.xml-pb-w6934904ab2b5b1b1b3b1b3c17\"><a href=\"https:\/\/lacorrespondenciadebenitoariasmontano.online\/wp-content\/uploads\/2024\/03\/SUBH-Sup.-ep.-7-4o-f.-80r.jpg\" target=\"_blank\" onclick=\"window.open(this.href, this.target, 'width=400,height=600'); return false;\" rel=\"noopener\">[f. 80r]<\/a><\/span> estado de salud inicial. [<span style=\"font-weight:bold\">2<\/span>] As\u00ed que me alegro much\u00edsimo por vuestra merced, y no menos por la religi\u00f3n y nuestra\n                  rep\u00fablica, y verdaderamente (pues no quisiera que disfrutases del empleo de una falsa\n                  alegr\u00eda m\u00eda) me alegro de que, despu\u00e9s de la desdichada muerte de nuestro reverendo\n                  padre confesor, un se\u00f1or de lo m\u00e1s \u00edntegro,<a class=\"link_ref\" id=\"reference3\" href=\"#note3\" title=\"3 Alonso de Contreras confesor del duque de Alba. V\u00e9ase nota biogr\u00e1fica en carta n\u00ba [1560 00 001560 01 31].\">3<\/a> todav\u00eda nos quede vivo vuestra merced por la bondad de Dios. Y es que igual que este,\n                  as\u00ed tambi\u00e9n los hombres parecidos a \u00e9l que destacan por su autoridad, prudencia y\n                  verdadero cultivo de la piedad, cuando son arrebatados por un destino fatal, no pueden\n                  evitar dejar una enorme nostalgia de su bondad en medio de tan gran escasez y falta\n                  de quienes desean mantener restaurada la religi\u00f3n cat\u00f3lica y a salvo la rep\u00fablica\n                  cristiana, y al mismo tiempo invierten su trabajo sincero para este fin.\n               <\/p>\n               <p>[<span style=\"font-weight:bold\">3<\/span>] Sobre el regalito de las moneditas<a class=\"link_ref\" id=\"reference4\" href=\"#note4\" title=\"4 V\u00e9ase carta n\u00ba 1569 11 30.\">4<\/a> no hay por qu\u00e9 me d\u00e9 tantas gracias vuestra merced, pero me alegro enormemente de\n                  que hayan llegado de manera tan oportuna que, seg\u00fan me escribe, haya contribuido no\n                  poco a consolidar tu salud. Y f\u00e1cilmente lo creo, pues las im\u00e1genes bellas recrean\n                  mucho a los alientos vitales que acaban de ser afectados por una enfermedad; y as\u00ed\n                  ahora querr\u00eda haber enviado monedas de oro, para haber producido ese resultado de\n                  manera m\u00e1s eficaz. [<span style=\"font-weight:bold\">4<\/span>] As\u00ed que, vuestra merced, mi querido Montano, piense que en adelante todo lo que\n                  est\u00e9 en mi poder, como mi trabajo, mi estudio, mi consejo, mis posesiones y mi lealtad,\n                  est\u00e1 a su entera disposici\u00f3n.<a class=\"link_ref\" id=\"reference5\" href=\"#note5\" title=\"5 En sus palabras de despedida Pighio reutiliza una extensa iunctura ciceroniana haciendo gala del uso aplicado del lat\u00edn de la...\">5<\/a><\/p>\n               \n                  <p>Adi\u00f3s.<\/p>\n               \n            <\/div>\n         <\/div>\n         <div class=\"tei_back\">\n            <div class=\"notes\" id=\"index.xml-group.1_text.2_back.1_div.1\">\n               \n               <div class=\"note\" id=\"note1\"><span class=\"noteLabel\">Nota: <\/span><a class=\"link_ref\" href=\"#reference1\" title=\"1\">1<\/a> Arr\u00e1s en espa\u00f1ol, Arras en franc\u00e9s, Atrecht en neerland\u00e9s y Atrebates en lat\u00edn. Actualmente\n                  es una ciudad del norte de Francia, capital del departamento del Paso de Calais, en\n                  la regi\u00f3n de Alta Francia.\n               <\/div>\n               <div class=\"note\" id=\"note2\"><span class=\"noteLabel\">Nota: <\/span><a class=\"link_ref\" href=\"#reference2\" title=\"2\">2<\/a> La abad\u00eda benedictina de Saint-Amand-les-Eaux, ubicada actualmente en Francia, en\n                  la regi\u00f3n de Norte-Paso de Calais, departamento de Norte, en el distrito de Valenciennes.\n               <\/div>\n               <div class=\"note\" id=\"note3\"><span class=\"noteLabel\">Nota: <\/span><a class=\"link_ref\" href=\"#reference3\" title=\"3\">3<\/a> Alonso de Contreras, confesor del duque de Alba. V\u00e9ase nota biogr\u00e1fica en carta n\u00ba <a class=\"link_ref\" href=\"https:\/\/lacorrespondenciadebenitoariasmontano.online\/es_es\/1569-01-31\">[1560 00 00-1560 01 31]<\/a>.\n               <\/div>\n               <div class=\"note\" id=\"note4\"><span class=\"noteLabel\">Nota: <\/span><a class=\"link_ref\" href=\"#reference4\" title=\"4\">4<\/a> V\u00e9ase carta n\u00ba <a class=\"link_ref\" href=\"https:\/\/lacorrespondenciadebenitoariasmontano.online\/es_es\/1569-11-30\">1569 11 30<\/a>.\n               <\/div>\n               <div class=\"note\" id=\"note5\"><span class=\"noteLabel\">Nota: <\/span><a class=\"link_ref\" href=\"#reference5\" title=\"5\">5<\/a> En sus palabras de despedida Pighio reutiliza una extensa iunctura ciceroniana, haciendo\n                  gala del uso aplicado del lat\u00edn de laboratorio entre los humanistas; cf. CIC. <span class=\"titlem\">fam.<\/span> VI, 10, 1: \u00abidque tu ad tuos uelim scribas, haec quidem certe, quae in potestate mea\n                  sunt, ut operam, consilium, rem, fidem meam sibi ad omnis res paratam putent\u00bb.\n               <\/div>\n            <\/div>\n         <\/div>\n      <\/section>\n      \n      <div class=\"stdfooter autogenerated\">\n         <div class=\"footer\">\n            <!--standard links to project, institution etc--><a class=\"plain\" href=\"\/\"><\/a> \n         <\/div>\n         \n            <!--\n Generated from index.xml using XSLT stylesheets version 7.56.0\n\t\t based on http:\/\/www.tei-c.org\/Stylesheets\/\n\t\t on 2024-03-21T08:27:41Z.\n\t\t SAXON HE 9.8.0.15.\n\t\t   -->\n      <\/div>\n\n\n\n<div style=\"height:47px\" aria-hidden=\"true\" class=\"wp-block-spacer\"><\/div>\n<\/div>\n\n\n\n<div class=\"wp-block-column is-layout-flow wp-block-column-is-layout-flow\">\n<b>TEXTO (SIN VISUALIZACI\u00d3N DE MARCADO <br>XML-TEI)<br><\/b>\n   \n  \n  \n   \n    <meta http-equiv=\"Content-Type\" content=\"text\/html; charset=UTF-8\">\n      <!--THIS FILE IS GENERATED FROM AN XML MASTER. DO NOT EDIT (5)--><title>La correspondencia de Benito Arias Montano: edici\u00f3n cr\u00edtica digital \u2014 Stephanus Vindandus Pighius [Bruselas] a Benito Arias Montano [Amberes] &#8211; 14 de diciembre de 1569 <\/title><meta name=\"author\" content=\"Stephanus Vinandus Pighius\">\n      <meta name=\"generator\" content=\"Text Encoding Initiative Consortium XSLT stylesheets\">\n      <meta name=\"DC.Title\" content=\"La correspondencia de Benito Arias Montano: edici\u00f3n cr\u00edtica digital \u2014 Stephanus Vindandus Pighius [Bruselas] a Benito Arias Montano [Amberes] - 14 de diciembre de 1569\">\n      <meta name=\"DC.Type\" content=\"Text\">\n      <meta name=\"DC.Format\" content=\"text\/html\"><link href=\"http:\/\/nl.ijs.si\/tei\/convert\/profiles\/test\/html\/jsi-tei.css\" rel=\"stylesheet\" type=\"text\/css\"><link rel=\"stylesheet\" media=\"print\" type=\"text\/css\" href=\"https:\/\/www.tei-c.org\/release\/xml\/tei\/stylesheet\/tei-print.css\">\n   \n      <div class=\"stdheader autogenerated\">\n         \n      <\/div>\n      <section class=\"source\" id=\"index.xml-group.1_text.1\">\n         \n        \n         <div class=\"tei_body\"><br><br>\n            <div class=\"main_content\" id=\"index.xml-group.1_text.1_body.1_div.1\">\n               \n               <div class=\"pagebreak\" id=\"index.xml-pb-w6934904ab2b5b1b1b3b1b1\"><a href=\"https:\/\/lacorrespondenciadebenitoariasmontano.online\/wp-content\/uploads\/2024\/03\/SUBH-Sup.-ep.-7-4o-f.-79v.jpg\" target=\"_blank\" onclick=\"window.open(this.href, this.target, 'width=400,height=600'); return false;\" rel=\"noopener\">[f. 79v]<\/a><\/div>\n               <p>[<span style=\"font-weight:bold\">1<\/span>] Reuersus ab Atrebatibus ac Sancto Amando suauissimas tuas literas tui repperi, humanitatis atque candoris ingenui testes singulares, e quibus ualde\n                  iucundum fuit intelligere te nunc e grauissimo morbo utcunque conualuisse, pristinaeque sanitati in dies magis <span class=\"pagebreak\" id=\"index.xml-pb-w6934904ab2b5b1b1b3b1b3c17\"><a href=\"https:\/\/lacorrespondenciadebenitoariasmontano.online\/wp-content\/uploads\/2024\/03\/SUBH-Sup.-ep.-7-4o-f.-80r.jpg\" target=\"_blank\" onclick=\"window.open(this.href, this.target, 'width=400,height=600'); return false;\" rel=\"noopener\">[f. 80r]<\/a><\/span> restitui. [<span style=\"font-weight:bold\">2<\/span>] Gratulor itaque tibi plurimum, nec minus religioni et reipuplicae nostrae et uere (non enim te usura falsi gaudii mei uelim frui) gratulor te quidem post damnosam Reuerendi Patris Nostri confessarii integerrimi uiri mortem nobis adhuc diuina bonitate superstitem esse. Etenim, ut is, ita nec possunt et eius similes\n                  auctoritate et prudentia ueroque pietatis studio praestantes uiri, malo quodam fato\n                  abrepti, ingens boni sui desiderium non relinquere in tanta raritate atque inopia\n                  eorum, qui sincero affectu Catholicam religionem restauratam et rem publicam Christianam  saluam cupiunt simulque in hoc operam sinceram impendunt.\n               <\/p>\n               <p>[<span style=\"font-weight:bold\">3<\/span>] De nummulorum munusculo non est quod magnopere gratias agas, sed uehementer gaudeo\n                  uenisse tam oportune, ut non parum, quemadmodum scribis, momenti ad confirmandam ualetudinem tuam attulerit.\n                  Et facile credo, recreant enim plurimum spiritus uitales, modo male affectos bellae\n                  imagines, itaque nunc uellem aureas misissem, ut eo mouissem efficacius. [<span style=\"font-weight:bold\">4<\/span>] Tu quidem, mi Montane, imposterum quae in potestate mea sunt, ut operam, studium, consilium, rem fidemque meam tibi paratam puta.\n               <\/p>\n               \n                  <p>Vale.<\/p>\n               \n            <\/div>\n         <\/div>\n      <\/section>\n      \n     \n      <div class=\"stdfooter autogenerated\">\n         <div class=\"footer\">\n            <!--standard links to project, institution etc--><a class=\"plain\" href=\"\/\"><\/a> \n         <\/div>\n         \n            <!--\n Generated from index.xml using XSLT stylesheets version 7.56.0\n\t\t based on http:\/\/www.tei-c.org\/Stylesheets\/\n\t\t on 2024-03-21T08:27:41Z.\n\t\t SAXON HE 9.8.0.15.\n\t\t   -->\n      <\/div>\n\n\n\n<div style=\"height:53px\" aria-hidden=\"true\" class=\"wp-block-spacer\"><\/div>\n\n\n\n<div class=\"wp-block-buttons is-layout-flex wp-block-buttons-is-layout-flex\">\n<div class=\"wp-block-button aligncenter\"><a class=\"wp-block-button__link has-white-color has-text-color wp-element-button\" href=\"https:\/\/github.com\/CoBAM-editor\/CoBAM\/blob\/main\/1569%2012%2014%20CoBAM.xml\" style=\"border-radius:8px\">XML<\/a><\/div>\n<\/div>\n<\/div>\n<\/div>\n","protected":false},"excerpt":{"rendered":"<p>1569 12 14 Stephanus Vinandus Pighius [Bruselas] a Benito Arias Montano [Amberes] 14 de diciembre de 1569 Identificador: 1569 12 14 \u00cdncipit: Reuersus ab Atrebatibus ac S. Amando&#8230; Manuscritos: (C1) SUBH, Sup. ep. (4\u00ba) 7, f. 79v-80r; (C2) Manuscrits Divers 187, f. 76v-77r; (C3) Ms. 7400\/113, f. 146r-r. Impresos: (E1) De Vocht, Pighii epistolarium, pp. [&hellip;]<\/p>\n","protected":false},"author":1,"featured_media":1721,"parent":0,"menu_order":0,"comment_status":"closed","ping_status":"closed","template":"elementor_header_footer","meta":{"footnotes":""},"class_list":["post-6516","page","type-page","status-publish","has-post-thumbnail","czr-hentry"],"_links":{"self":[{"href":"https:\/\/lacorrespondenciadebenitoariasmontano.online\/es_es\/wp-json\/wp\/v2\/pages\/6516"}],"collection":[{"href":"https:\/\/lacorrespondenciadebenitoariasmontano.online\/es_es\/wp-json\/wp\/v2\/pages"}],"about":[{"href":"https:\/\/lacorrespondenciadebenitoariasmontano.online\/es_es\/wp-json\/wp\/v2\/types\/page"}],"author":[{"embeddable":true,"href":"https:\/\/lacorrespondenciadebenitoariasmontano.online\/es_es\/wp-json\/wp\/v2\/users\/1"}],"replies":[{"embeddable":true,"href":"https:\/\/lacorrespondenciadebenitoariasmontano.online\/es_es\/wp-json\/wp\/v2\/comments?post=6516"}],"version-history":[{"count":34,"href":"https:\/\/lacorrespondenciadebenitoariasmontano.online\/es_es\/wp-json\/wp\/v2\/pages\/6516\/revisions"}],"predecessor-version":[{"id":11200,"href":"https:\/\/lacorrespondenciadebenitoariasmontano.online\/es_es\/wp-json\/wp\/v2\/pages\/6516\/revisions\/11200"}],"wp:featuredmedia":[{"embeddable":true,"href":"https:\/\/lacorrespondenciadebenitoariasmontano.online\/es_es\/wp-json\/wp\/v2\/media\/1721"}],"wp:attachment":[{"href":"https:\/\/lacorrespondenciadebenitoariasmontano.online\/es_es\/wp-json\/wp\/v2\/media?parent=6516"}],"curies":[{"name":"wp","href":"https:\/\/api.w.org\/{rel}","templated":true}]}}