{"id":7792,"date":"2024-07-29T11:50:54","date_gmt":"2024-07-29T11:50:54","guid":{"rendered":"https:\/\/lacorrespondenciadebenitoariasmontano.online\/?page_id=7792"},"modified":"2026-02-06T20:02:32","modified_gmt":"2026-02-06T20:02:32","slug":"1570-04-23","status":"publish","type":"page","link":"https:\/\/lacorrespondenciadebenitoariasmontano.online\/es_es\/1570-04-23\/","title":{"rendered":"1570 04 23"},"content":{"rendered":"\n<div class=\"wp-block-columns is-layout-flex wp-container-core-columns-is-layout-2 wp-block-columns-is-layout-flex\">\n<div class=\"wp-block-column is-layout-flow wp-block-column-is-layout-flow\">\n<p class=\"has-text-align-center\" style=\"font-size:31px\">1570 04 23  <\/p>\n\n\n\n<p class=\"has-text-align-center\" style=\"font-size:31px\">Benito Arias Montano (Amberes) a Andr\u00e9s Masio (Zevenaar)<\/p>\n\n\n\n<p class=\"has-text-align-right\" style=\"font-size:22px\">23 de abril de 1570<\/p>\n\n\n\n<div style=\"height:28px\" aria-hidden=\"true\" class=\"wp-block-spacer\"><\/div>\n\n\n\n<div class=\"wp-block-columns is-layout-flex wp-container-core-columns-is-layout-1 wp-block-columns-is-layout-flex\">\n<div class=\"wp-block-column is-layout-flow wp-block-column-is-layout-flow\" style=\"flex-basis:33.33%\">\n<div class=\"wp-block-cover is-light wp-duotone-unset-1\" style=\"min-height:103px;aspect-ratio:unset;\"><span aria-hidden=\"true\" class=\"wp-block-cover__background has-background-dim-10 has-background-dim\"><\/span><img fetchpriority=\"high\" decoding=\"async\" width=\"1127\" height=\"423\" class=\"wp-block-cover__image-background wp-image-606\" alt=\"\" src=\"http:\/\/lacorrespondenciadebenitoariasmontano.online\/wp-content\/uploads\/2023\/03\/cropped-Gysbrechts-1.jpg\" data-object-fit=\"cover\" srcset=\"https:\/\/lacorrespondenciadebenitoariasmontano.online\/wp-content\/uploads\/2023\/03\/cropped-Gysbrechts-1.jpg 1127w, https:\/\/lacorrespondenciadebenitoariasmontano.online\/wp-content\/uploads\/2023\/03\/cropped-Gysbrechts-1-300x113.jpg 300w, https:\/\/lacorrespondenciadebenitoariasmontano.online\/wp-content\/uploads\/2023\/03\/cropped-Gysbrechts-1-1024x384.jpg 1024w, https:\/\/lacorrespondenciadebenitoariasmontano.online\/wp-content\/uploads\/2023\/03\/cropped-Gysbrechts-1-768x288.jpg 768w\" sizes=\"(max-width: 1127px) 100vw, 1127px\" \/><div class=\"wp-block-cover__inner-container is-layout-flow wp-block-cover-is-layout-flow\">\n<p class=\"has-text-align-center has-white-color has-text-color has-medium-font-size\"><strong>METADATOS<\/strong><\/p>\n<\/div><\/div>\n\n\n\n<div style=\"height:10px\" aria-hidden=\"true\" class=\"wp-block-spacer\"><\/div>\n\n\n\n<meta http-equiv=\"Content-Type\" content=\"text\/html; charset=UTF-8\">\n   \n   \n      <div style=\"background-color:White;border:solid 1px DimGrey;border-radius:5px;\">\n         <div style=\"margin-left: 15px; color: #1C1C1C;\">\n            <p><b>Identificador: <\/b>1570 04 23<\/p>\n         <\/div>\n         <div style=\"margin-left: 15px; color: #1C1C1C;\">\n            <p><b>\u00cdncipit: <\/b>Accepi literas tuas ad XIII Kal. Maii datas&#8230;<\/p>\n         <\/div>\n         <div style=\"margin-left: 15px\">\n            <p><b>Manuscritos: <\/b><\/p>\n            <ul>\n               (O) KBS, Ms. A 902, f. 196r-v.\n               <\/ul>\n         <\/div>\n         <div style=\"margin-left: 15px\">\n            <p><b>Impresos: <\/b><\/p>\n            <ul>(E1) Mac\u00edas, <i>La Biblia Pol\u00edglota de Amberes<\/i>, pp. 184-187; (E2) Dom\u00ednguez, <i>Correspondencia<\/i>, I, 396-403.<\/ul>\n         <\/div>\n         <div style=\"margin-left: 15px\">\n            <p><b>Edici\u00f3n cr\u00edtica, traducci\u00f3n y notas: <\/b>Baldomero Mac\u00edas Rosendo<\/p>\n         <\/div>\n         <div style=\"margin-left: 15px\">\n            <p><b>Codificaci\u00f3n y edici\u00f3n digital: <\/b>Antonio D\u00e1vila P\u00e9rez<\/p>\n         <\/div>\n      <\/div>\n<\/div>\n\n\n\n<div class=\"wp-block-column is-layout-flow wp-block-column-is-layout-flow\" style=\"flex-basis:66.66%\">\n<p> <strong>RESUMEN<\/strong><\/p>\n\n\n\n<p>BAM ha recibido la carta de Masio del 19 de abril; se muestra preocupado por su salud. Le ha gustado mucho la gram\u00e1tica siriaca y queda a la espera del diccionario sir\u00edaco. Agradece la dedicatoria de Masio y promete hacer lo posible para corresponderle. Le env\u00eda el pr\u00f3logo de la biblia para que lo corrija. Est\u00e1 de acuerdo con la opini\u00f3n de Masio sobre la edici\u00f3n de la Septuaginta incluida en la Pol\u00edglota de Alcal\u00e1.<\/p>\n\n\n\n<p><strong>COMENTARIO<\/strong><\/p>\n\n\n\n<p>De esta carta, que es la respuesta al documento anterior de Andr\u00e9s Masio, solo conservamos la minuta aut\u00f3grafa de BAM. Constituye asimismo la primera de la serie de cartas que BAM env\u00eda en relaci\u00f3n con la Prefaci\u00f3n de la Biblia. Esta Prefaci\u00f3n, por su lugar preeminente al frente de la obra, es quiz\u00e1s el trabajo que m\u00e1s veces revisa el supervisor de la Biblia Regia. El contenido de esta parte de la Biblia ya hab\u00eda sido tratado con los doctores de Alcal\u00e1. Pero una vez que le dio forma al guion exigido, quiso someterla al juicio y aprobaci\u00f3n de todos los eruditos que directa o indirectamente hab\u00edan ofrecido su apoyo y colaboraci\u00f3n en la Pol\u00edglota.<\/p>\n<\/div>\n<\/div>\n<\/div>\n<\/div>\n\n\n\n<div style=\"height:54px\" aria-hidden=\"true\" class=\"wp-block-spacer\"><\/div>\n\n\n\n<p><strong>FACS\u00cdMILES<\/strong><\/p>\n\n\n\n<div class=\"wp-block-columns is-layout-flex wp-container-core-columns-is-layout-3 wp-block-columns-is-layout-flex\">\n<div class=\"wp-block-column is-layout-flow wp-block-column-is-layout-flow\" style=\"flex-basis:40%\">\n<figure class=\"wp-block-gallery has-nested-images columns-default is-cropped wp-block-gallery-2 is-layout-flex wp-block-gallery-is-layout-flex\">\n<figure class=\"wp-block-image size-large is-style-zoooom\"><img decoding=\"async\" width=\"653\" height=\"1024\" src=\"https:\/\/lacorrespondenciadebenitoariasmontano.online\/wp-content\/uploads\/2024\/07\/KBS-Ms.-A-902-f.-196r-653x1024.jpg\" alt=\"\" class=\"wp-image-7789\" srcset=\"https:\/\/lacorrespondenciadebenitoariasmontano.online\/wp-content\/uploads\/2024\/07\/KBS-Ms.-A-902-f.-196r-653x1024.jpg 653w, https:\/\/lacorrespondenciadebenitoariasmontano.online\/wp-content\/uploads\/2024\/07\/KBS-Ms.-A-902-f.-196r-191x300.jpg 191w, https:\/\/lacorrespondenciadebenitoariasmontano.online\/wp-content\/uploads\/2024\/07\/KBS-Ms.-A-902-f.-196r-768x1205.jpg 768w, https:\/\/lacorrespondenciadebenitoariasmontano.online\/wp-content\/uploads\/2024\/07\/KBS-Ms.-A-902-f.-196r-979x1536.jpg 979w, https:\/\/lacorrespondenciadebenitoariasmontano.online\/wp-content\/uploads\/2024\/07\/KBS-Ms.-A-902-f.-196r-8x12.jpg 8w, https:\/\/lacorrespondenciadebenitoariasmontano.online\/wp-content\/uploads\/2024\/07\/KBS-Ms.-A-902-f.-196r.jpg 1266w\" sizes=\"(max-width: 653px) 100vw, 653px\" \/><figcaption class=\"wp-element-caption\"><strong>&nbsp;KBS, Ms. A 902, f. 196r<\/strong><\/figcaption><\/figure>\n\n\n\n<figure class=\"wp-block-image size-large is-style-zoooom\"><img decoding=\"async\" width=\"713\" height=\"1024\" src=\"https:\/\/lacorrespondenciadebenitoariasmontano.online\/wp-content\/uploads\/2024\/07\/KBS-Ms.-A-902-f.-196v-713x1024.jpg\" alt=\"\" class=\"wp-image-7790\" srcset=\"https:\/\/lacorrespondenciadebenitoariasmontano.online\/wp-content\/uploads\/2024\/07\/KBS-Ms.-A-902-f.-196v-713x1024.jpg 713w, https:\/\/lacorrespondenciadebenitoariasmontano.online\/wp-content\/uploads\/2024\/07\/KBS-Ms.-A-902-f.-196v-209x300.jpg 209w, https:\/\/lacorrespondenciadebenitoariasmontano.online\/wp-content\/uploads\/2024\/07\/KBS-Ms.-A-902-f.-196v-768x1102.jpg 768w, https:\/\/lacorrespondenciadebenitoariasmontano.online\/wp-content\/uploads\/2024\/07\/KBS-Ms.-A-902-f.-196v-1070x1536.jpg 1070w, https:\/\/lacorrespondenciadebenitoariasmontano.online\/wp-content\/uploads\/2024\/07\/KBS-Ms.-A-902-f.-196v-8x12.jpg 8w, https:\/\/lacorrespondenciadebenitoariasmontano.online\/wp-content\/uploads\/2024\/07\/KBS-Ms.-A-902-f.-196v.jpg 1291w\" sizes=\"(max-width: 713px) 100vw, 713px\" \/><figcaption class=\"wp-element-caption\"><strong>&nbsp;KBS, Ms. A 902, f. 196v<\/strong><\/figcaption><\/figure>\n<\/figure>\n<\/div>\n\n\n\n<div class=\"wp-block-column is-layout-flow wp-block-column-is-layout-flow\" style=\"flex-basis:33.33%\"><\/div>\n<\/div>\n\n\n\n<div style=\"height:84px\" aria-hidden=\"true\" class=\"wp-block-spacer\"><\/div>\n\n\n\n<div style=\"height:0px\" aria-hidden=\"true\" class=\"wp-block-spacer\"><\/div>\n\n\n\n<div class=\"wp-block-columns is-layout-flex wp-container-core-columns-is-layout-4 wp-block-columns-is-layout-flex\">\n<div class=\"wp-block-column is-layout-flow wp-block-column-is-layout-flow\">\n<b>TEXTO Y APARATO CR\u00cdTICO (CON VISUALIZACI\u00d3N DEL MARCADO XML-TEI)<\/b>\n \n     \n   \n     \n   \n     \n   \n      \n   \n      <meta http-equiv=\"Content-Type\" content=\"text\/html; charset=UTF-8\">\n      <!--THIS FILE IS GENERATED FROM AN XML MASTER. DO NOT EDIT (5)--><title>La correspondencia de Benito Arias Montano: edici\u00f3n cr\u00edtica digital \u2014 Benito Arias Montano (Amberes) a Andr\u00e9s Masio (Zevenaar) &#8211; 23 de abril de 1570 <\/title><meta name=\"author\" content=\"Benito Arias Montano\">\n      <meta name=\"generator\" content=\"Text Encoding Initiative Consortium XSLT stylesheets\">\n      <meta name=\"DC.Title\" content=\"La correspondencia de Benito Arias Montano: edici\u00f3n cr\u00edtica digital \u2014 Benito Arias Montano (Amberes) a Andr\u00e9s Masio (Zevenaar) - 23 de abril de 1570\">\n      <meta name=\"DC.Type\" content=\"Text\">\n      <meta name=\"DC.Format\" content=\"text\/html\"><link href=\"http:\/\/nl.ijs.si\/tei\/convert\/profiles\/test\/html\/jsi-tei.css\" rel=\"stylesheet\" type=\"text\/css\"><link rel=\"stylesheet\" media=\"print\" type=\"text\/css\" href=\"https:\/\/www.tei-c.org\/release\/xml\/tei\/stylesheet\/tei-print.css\">\n   \n      <div class=\"stdheader autogenerated\">\n         \n         \n      <\/div>\n      <section class=\"source\" id=\"index.xml-group.1_text.1\">\n         \n         \n         <div class=\"tei_body\"><br><br>\n            <div class=\"main_content\" id=\"index.xml-group.1_text.1_body.1_div.1\">\n               \n               <div class=\"pagebreak\" id=\"index.xml-pb-w16006732ab2b5b1b1b3b1b1\"><a href=\"https:\/\/lacorrespondenciadebenitoariasmontano.online\/wp-content\/uploads\/2024\/07\/KBS-Ms.-A-902-f.-196r.jpg\" target=\"_blank\" onclick=\"window.open(this.href, this.target, 'width=400,height=600'); return false;\" rel=\"noopener\">[f. 196r]<\/a><\/div>\n               <div class=\"opener\">\u05d9\u05e9\u05d5\u05e2 \u05e2\u05e0\u05e0\u05d9<a class=\"notelink\" href=\"#App1\"><sup>1<\/sup><\/a><\/div>\n               <div class=\"opener\"><span title=\"tei:name[@type=&quot;person&quot;]\" class=\"tei_persName\">Andreae Masio<\/span> <span title=\"tei:choice\" class=\"tei_choice\"><span title=\"tei:sic\" class=\"tei_sic\"><span title=\"tei:name[@type=&quot;place&quot;]\" class=\"tei_placeName\">Zeneueram<\/span><\/span><span title=\"tei:corr\" class=\"tei_corr\">Zeueneram<\/span><\/span>.\n               <\/div>\n               <p>[<span style=\"font-weight:bold\">1<\/span>] Accepi literas tuas ad <span class=\"date\">XIII Kal<span class=\"tei_expan\" title=\"tei:expan\"><span class=\"ex\">endas<\/span><\/span> Maii datas<\/span>, quae me initio mirifice delectarunt; in fine autem dolore affecerunt quod te, cum\n                  illas dares, non bene ualere significarent. <span class=\"tei_del\" title=\"tei:del\">Spero iam te illud destillationis et grauedinis malum. <\/span> Existimo autem <span class=\"tei_del\" title=\"tei:del\">et cupio uehementer<\/span> illud grauedinis ac destillationis malum tibi esse depulsum eiusque rei certior fieri\n                  uehementer cupio. Namque grauius ego laborare soleo opinione et cura ualetudinis amicorum\n                  quam ipsimet sensu. [<span style=\"font-weight:bold\">2<\/span>] <span class=\"tei_del\" title=\"tei:del\">Tuum<\/span> Tua <span class=\"tei_del\" title=\"tei:del\">in<\/span> grammatica<span class=\"tei_del\" title=\"tei:del\">m<\/span> Syrica<span class=\"tei_del\" title=\"tei:del\">m<\/span> <span class=\"tei_del\" title=\"tei:del\">lucubrationes et obseruationes<\/span> no<span class=\"tei_supplied\" title=\"tei:supplied\">n<\/span> potuit mihi non gratissima <span class=\"tei_del\" title=\"tei:del\">et magno usui esse<\/span> esse, quam uideo magno usui fore iis qui <span class=\"tei_del\" title=\"tei:del\">eiusmo<\/span> huiusmodi delectantur studio. Eam igitur <span class=\"tei_del\" title=\"tei:del\">sub<\/span> ad communem utilitatem et nominis tui laudem sacris et regiis Bibliis addemus una\n                  cum copia illa Syricorum uerborum, quam a te <span class=\"tei_del\" title=\"tei:del\">expedimus<\/span> postulaui et <span class=\"tei_del\" title=\"tei:del\">summopere postulo<\/span> quam citissime mittendam expecto. [<span style=\"font-weight:bold\">3<\/span>] Quod autem mihi inscribere gram<span class=\"tei_supplied\" title=\"tei:supplied\">m<\/span>aticam tuam constitueris <span class=\"tei_del\" title=\"tei:del\">tantum<\/span> summi et maximi beneficii loco accipio. Tantum abest ut reiicere uelim.<a class=\"notelink\" href=\"#App2\"><sup>2<\/sup><\/a> [<span style=\"font-weight:bold\">4<\/span>] Quod enim ab eo quem <span class=\"tei_del\" title=\"tei:del\">plurimum<\/span> uirtutis et <span class=\"tei_del\" title=\"tei:del\">conditionis<\/span> doctrinae causa plurimum diligo,<a class=\"notelink\" href=\"#App3\"><sup>3<\/sup><\/a> maius aut gratius expetere munus possum quam huiusmodi <span class=\"tei_subst\" title=\"tei:subst\"><span class=\"tei_del\" title=\"tei:del\">ab<\/span><span class=\"tei_add\" title=\"tei:add[@place=&quot;above&quot;]\">ex<\/span><\/span> ipsa uirtute et eruditione natum et ab amicitia honestissima profectum, aut quid\n                  <span class=\"tei_del\" title=\"tei:del\">hon<\/span> uel <span class=\"tei_del\" title=\"tei:del\">honestius uel<\/span> honestum uel illustre magis <span class=\"tei_del\" title=\"tei:del\">nomine meo<\/span> mihi <span class=\"tei_choice\" title=\"tei:choice\"><span class=\"tei_sic\" title=\"tei:sic\">contigere<\/span><span class=\"tei_corr\" title=\"tei:corr\">contingere<\/span><\/span> potest quam ut nomem meum ibi apelletur ubi tuum personat et auditur? [<span style=\"font-weight:bold\">5<\/span>] Sed doleo ego <span class=\"tei_del\" title=\"tei:del\">tamen<\/span> plurimum quod, cum gratiam habere tibi maximam et debeam et possim, referre tamen\n                  non possum. Verum tamen <span class=\"tei_del\" title=\"tei:del\">si<\/span>, qua<span class=\"tei_supplied\" title=\"tei:supplied\">m<\/span>uis officiis relatis <span class=\"tei_del\" title=\"tei:del\">hu<\/span> istam tuam erga me humanitatem <span class=\"tei_del\" title=\"tei:del\">.<\/span> rependere non <span class=\"tei_del\" title=\"tei:del\">per<\/span> ualeam, memoria tamen et grati animi perpetuo obsequio <span class=\"tei_del\" title=\"tei:del\">aequaturum me spero<\/span> et nominis tui apud omnes iucundissima mihi commendatione <span class=\"tei_del\" title=\"tei:del\">et<\/span> satisfacturum me spero.\n               <\/p>\n               <p>[<span style=\"font-weight:bold\">6<\/span>] Iussus fueram a rege meo praefationem Bibliis <span class=\"tei_del\" title=\"tei:del\">componere<\/span> apponere <span class=\"tei_del\" title=\"tei:del\">inqua<\/span> argumento ab eius consiliariis indicato, ut de Sacrorum Librorum <span class=\"tei_del\" title=\"tei:del\">usu de linguarum<\/span> utilitate, de linguarum commoditate ac usu et de regis consilio quae opportuna mihi\n                  uiderentur exponerem. <span class=\"tei_del\" title=\"tei:del\">ego<\/span> Eam ego his <span class=\"tei_del\" title=\"tei:del\">superiori<\/span> proximis diebus, dum <span class=\"tei_persName\" title=\"tei:name[@type=&quot;person&quot;]\">Plantinus<\/span> aberat, exaraui <span class=\"tei_del\" title=\"tei:del\">qui<\/span>, cuius exemplum regi non ante mittere decreui quam tuo iudicio et egregio in me beneficio\n                  correctum haberem; cuius <span class=\"tei_del\" title=\"tei:del\">opera<\/span> consilio et opera precipue me in toto hoc Bibliorum opere plurimum adiuuari apud\n                  regem <span class=\"tei_del\" title=\"tei:del\">et consiliarios<\/span> regiosque consiliarios non semel per literas <span class=\"tei_del\" title=\"tei:del\">sum<\/span> professus sum. [<span style=\"font-weight:bold\">7<\/span>] Facies igitur et tua ista <span class=\"tei_subst\" title=\"tei:subst\"><span class=\"tei_del\" title=\"tei:del\">erga<\/span><span class=\"tei_add\" title=\"tei:add[@place=&quot;above&quot;]\">in<\/span><\/span> me beneuolentia et singulari erga Ecclesiam pietate atque <span class=\"tei_del\" title=\"tei:del\">.<\/span> egregia eruditione dignissimum officium, si correctum exemplum uel omnino, si tibi\n                  ita uisum fuerit, immutatum quam citissime remiseris. Existimato autem non meum aut\n                  priuati cuiuspiam, sed tuum, sed commune catholicorum omnium opus hoc esse, quorum\n                  partes nihil minus tibi quam mihi sustinendae sunt. [<span style=\"font-weight:bold\">8<\/span>] <span class=\"tei_del\" title=\"tei:del\">satis apono<\/span> Arbitror satis latas margines ad notandum et corrigendum esse relictas. Vteris ergo\n                  arbitratu tuo, cui ego plurimum in rebus omnibus sum perpetuo tributurus. <span class=\"tei_del\" title=\"tei:del\">summopere mihi placet<\/span> <span class=\"pagebreak\" id=\"index.xml-pb-w16006732ab2b5b1b1b3b1b9c35\"><a href=\"https:\/\/lacorrespondenciadebenitoariasmontano.online\/wp-content\/uploads\/2024\/07\/KBS-Ms.-A-902-f.-196v.jpg\" target=\"_blank\" onclick=\"window.open(this.href, this.target, 'width=400,height=600'); return false;\" rel=\"noopener\">[f. 196v]<\/a><\/span><\/p>\n               <p>[<span style=\"font-weight:bold\">9<\/span>] Quae de Graeca <span class=\"tei_del\" title=\"tei:del\">.<\/span> Complutensium Bibliorum uersione antea scripseras quaeque nunc scripsisti <span class=\"tei_del\" title=\"tei:del\">.<\/span> mihi mirum immodum probantur. Sed adhuc tuam sententiam de septuaginta duorum interpretatione\n                  desidero, qua de re alias oportunius <span class=\"tei_del\" title=\"tei:del\">a me<\/span> per literas rogabo, quod has breuiores quam uolebam esse negotiorum frequentia cogit\n                  quibus in dies magis obruor.\n               <\/p>\n               \n                  <p>[<span style=\"font-weight:bold\">10<\/span>] Vale. <span class=\"tei_placeName\" title=\"tei:name[@type=&quot;place&quot;]\">Antuerpiae<\/span>, <span class=\"date\">9 Kal<span class=\"tei_expan\" title=\"tei:expan\"><span class=\"ex\">endas<\/span><\/span> Maias 1570<\/span>.\n                  <\/p>\n               \n            <\/div>\n         <\/div>\n      <\/section>\n      \n      <div class=\"appcrit\">\n         <div class=\"app\" id=\"App1\"><span class=\"lemma\">\u05d9\u05e9\u05d5\u05e2 \u05e2\u05e0\u05e0\u05d9<\/span>] <span class=\"lemmawitness\">B, E2<\/span>; <span style=\"font-style:italic\">omisit<\/span> (E1)\n         <\/div>\n         <div class=\"app\" id=\"App2\"><span class=\"lemma\">uelim.<\/span>] <span class=\"lemmawitness\">B, E2<\/span>; <span style=\"font-style:italic\">post<\/span> uelim <span style=\"font-style:italic\">non distinxit<\/span> (E2)\n         <\/div>\n         <div class=\"app\" id=\"App3\"><span class=\"lemma\">diligo,<\/span>] <span class=\"lemmawitness\">B, E2<\/span>; <span style=\"font-style:italic\">post<\/span> diligo <span style=\"font-style:italic\">imum punctum posuit<\/span> (E1)\n         <\/div>\n      <\/div>\n      <div class=\"stdfooter autogenerated\">\n         <div class=\"footer\">\n            <!--standard links to project, institution etc--><a class=\"plain\" href=\"\/\"><\/a> \n         <\/div>\n         \n            <!--\n Generated from index.xml using XSLT stylesheets version 7.57.0\n\t\t based on http:\/\/www.tei-c.org\/Stylesheets\/\n\t\t on 2024-07-29T11:41:19Z.\n\t\t SAXON HE 9.8.0.15.\n\t\t   -->\n      <\/div>\n\n\n\n<div style=\"height:40px\" aria-hidden=\"true\" class=\"wp-block-spacer\"><\/div>\n\n\n\n<div class=\"wp-block-buttons is-layout-flex wp-block-buttons-is-layout-flex\"><\/div>\n<\/div>\n\n\n\n<div class=\"wp-block-column  {color:red; font-size:20px; font-family:Courier; border:2px; border-color:blue; border-style:solid; width:100px; height:100px; overflow: scroll } is-layout-flow wp-block-column-is-layout-flow\">\n<b>TRADUCCI\u00d3N AL ESPA\u00d1OL <br>Y NOTAS<br><\/b>\n   \n      \n   \n      <meta http-equiv=\"Content-Type\" content=\"text\/html; charset=UTF-8\">\n      <!--THIS FILE IS GENERATED FROM AN XML MASTER. DO NOT EDIT (5)--><title>La correspondencia de Benito Arias Montano: edici\u00f3n cr\u00edtica digital \u2014 Benito Arias Montano (Amberes) a Andr\u00e9s Masio (Zevenaar) &#8211; 23 de abril de 1570 <\/title><meta name=\"author\" content=\"Benito Arias Montano\">\n      <meta name=\"generator\" content=\"Text Encoding Initiative Consortium XSLT stylesheets\">\n      <meta name=\"DC.Title\" content=\"La correspondencia de Benito Arias Montano: edici\u00f3n cr\u00edtica digital \u2014 Benito Arias Montano (Amberes) a Andr\u00e9s Masio (Zevenaar) - 23 de abril de 1570\">\n      <meta name=\"DC.Type\" content=\"Text\">\n      <meta name=\"DC.Format\" content=\"text\/html\"><link href=\"http:\/\/nl.ijs.si\/tei\/convert\/profiles\/test\/html\/jsi-tei.css\" rel=\"stylesheet\" type=\"text\/css\"><link rel=\"stylesheet\" media=\"print\" type=\"text\/css\" href=\"https:\/\/www.tei-c.org\/release\/xml\/tei\/stylesheet\/tei-print.css\">\n   \n      <div class=\"stdheader autogenerated\">\n         \n         \n      <\/div>\n      \n      <section class=\"translation\" id=\"index.xml-group.1_text.2\"><br><br>\n        \n         <div class=\"tei_body\">\n            <div class=\"main_content\" id=\"index.xml-group.1_text.2_body.1_div.1\">\n              \n               <div class=\"pagebreak\" id=\"index.xml-pb-w16006732ab2b5b1b3b1b1b1\"><a href=\"https:\/\/lacorrespondenciadebenitoariasmontano.online\/wp-content\/uploads\/2024\/07\/KBS-Ms.-A-902-f.-196r.jpg\" target=\"_blank\" onclick=\"window.open(this.href, this.target, 'width=400,height=600'); return false;\" rel=\"noopener\">[f. 196r]<\/a><\/div>\n               <div class=\"opener\">Jes\u00fas, resp\u00f3ndeme<\/div>\n               <div class=\"opener\">Para Andr\u00e9s Masio, en Zevenaar. <\/div>\n               <p>[<span style=\"font-weight:bold\">1<\/span>] Recib\u00ed la carta de vuestra merced con fecha del 19 de abril,<a class=\"link_ref\" id=\"reference1\" href=\"#note1\" title=\"1 V\u00e9ase carta n\u00ba 1570 04 23.\">1<\/a> la cual al principio me agrad\u00f3 sobremanera; sin embargo, al final me entristeci\u00f3\n                  porque me daba a entender que vuestra merced no se encontraba bien cuando la entregabas.\n                  Con todo, me imagino que se habr\u00e1 librado vuestra merced del catarro y la secreci\u00f3n,\n                  y quiero que me tenga informado de ello. Pues suelo sufrir yo m\u00e1s por lo que se cree\n                  y por la preocupaci\u00f3n por la salud de mis amigos que ellos mismos por su afecci\u00f3n.\n                  [<span style=\"font-weight:bold\">2<\/span>] La gram\u00e1tica siria de vuestra merced no pudo dejar de resultarme muy grata, la cual\n                  veo que ser\u00e1 de gran utilidad para los que se deleitan con este tipo de estudios.\n                  Por tanto, la vamos a a\u00f1adir para utilidad p\u00fablica y gloria del nombre de vuestra\n                  merced a la Sagrada y Regia Biblia juntamente con el diccionario de palabras sir\u00edacas\n                  que ped\u00ed a vuestra merced y que espero que me sea enviado lo antes posible.<a class=\"link_ref\" id=\"reference2\" href=\"#note2\" title=\"2 Syrorum peculium. Hoc est uocabula apud Syros scriptores passim usurpata targumistis uero aut prorsus incognita aut in ipsoru...\">2<\/a> [<span style=\"font-weight:bold\">3<\/span>] Respecto a la decisi\u00f3n de vuestra merced de dedicarme la gram\u00e1tica, la recibo como\n                  muestra del mayor y m\u00e1s grande favor. Pues nada est\u00e1 m\u00e1s lejos de mi intenci\u00f3n que\n                  el querer rechazarlo. [<span style=\"font-weight:bold\">4<\/span>] \u00bfPues qu\u00e9 regalo mayor o m\u00e1s agradable puedo yo prdir de aquel a quien aprecio en\n                  mayor medida por su virtud y doctrina que uno de esta suerte creado por la propia\n                  virtud y erudici\u00f3n, y surgido de una amistad honest\u00edsima, o qu\u00e9 puede acaecerme m\u00e1s\n                  honesto o m\u00e1s ilustre que el hecho de que mi nombre sea pronunciado all\u00ed donde resuena\n                  y es o\u00eddo el de vuestra merced? [<span style=\"font-weight:bold\">5<\/span>] En cambio, estoy muy afligido porque aun cuando no solo deba, sino que tambi\u00e9n pueda\n                  estarle sumamente agradecido a vuestra merced, sin embargo no puedo corresponderle.\n                  Pero con todo, aunque no pueda corresponder con los servicios prestados a esta humanidad\n                  de vuestra merced para conmigo, sin embargo tengo la esperanza de resarcir a vuestra\n                  merced con el recuerdo, la deferencia constante de un esp\u00edritu agradecido y una muy\n                  placentera, para m\u00ed, recomendaci\u00f3n de su persona ante todos.\n               <\/p>\n               <p>[<span style=\"font-weight:bold\">6<\/span>] Mi rey hab\u00eda ordenado poner un pr\u00f3logo al frente de la Biblia conforme al argumento\n                  descrito por sus consejeros, de modo que expusiera lo que me pareciese oportuno acerca\n                  de la utilidad de los Libros Sagrados, la ventaja y utilidad de las lenguas, y la\n                  decisi\u00f3n del rey.<a class=\"link_ref\" id=\"reference3\" href=\"#note3\" title=\"3 Cf. Mac\u00edas La Biblia Pol\u00edglota de Amberes docs. nos 14 17 y 18.\">3<\/a> Este pr\u00f3logo lo he redactado estos d\u00edas pasados mientras Plantino estaba fuera,<a class=\"link_ref\" id=\"reference4\" href=\"#note4\" title=\"4 Crist\u00f3bal Plantino hab\u00eda acudido a la feria de Fr\u00e1ncfort.\">4<\/a> cuya copia he decidido no envi\u00e1rsela al rey hasta que lo tenga corregido con la opini\u00f3n\n                  y el valioso favor de vuestra merced, de cuyo consejo y ayuda he declarado m\u00e1s de\n                  una vez al rey y a sus consejeros que me he servido, especialmente yo, en todo el\n                  trabajo de la Biblia. [<span style=\"font-weight:bold\">7<\/span>] Cumplir\u00e1 vuestra merced, por tanto, una tarea dign\u00edsima con esa benevolencia suya\n                  para conmigo, con una piedad singular respecto a la Iglesia y con una erudici\u00f3n egregia,\n                  si me env\u00eda lo antes posible la copia corregida o complentamente modificada, en caso\n                  de que as\u00ed hubiera parecido bien a vuestra merced. Considere, sin embargo, que este\n                  trabajo no es m\u00edo o de cualquier particular, sino de vuestra merced, de todos los\n                  cat\u00f3licos, cuyas causas debe vuestra merced asumir no menos que yo. [<span style=\"font-weight:bold\">8<\/span>] Creo que se han dejado m\u00e1rgenes lo suficientemente amplios para hacer las anotaciones\n                  y correcciones. Use, por tanto, su juicio, al que siempre tendr\u00e9 en mucha consideraci\u00f3n\n                  en todos los asuntos. <span class=\"pagebreak\" id=\"index.xml-pb-w16006732ab2b5b1b3b1b1b9c11\"><a href=\"https:\/\/lacorrespondenciadebenitoariasmontano.online\/wp-content\/uploads\/2024\/07\/KBS-Ms.-A-902-f.-196v.jpg\" target=\"_blank\" onclick=\"window.open(this.href, this.target, 'width=400,height=600'); return false;\" rel=\"noopener\">[f. 196v]<\/a><\/span><\/p>\n               <p>[<span style=\"font-weight:bold\">9<\/span>] Respecto a lo que me hab\u00eda escrito vuestra merced ya antes acerca de la versi\u00f3n\n                  griega de la Pol\u00edglota Complutense, y lo que me ha escrito ahora \u00faltimamente, lo apruebo\n                  sin reservas. Pero todav\u00eda espero la opini\u00f3n de vuestra merced sobre la interpretaci\u00f3n\n                  de los setenta y dos, acerca de lo cual le consultar\u00e9 por cartas en otro momento,\n                  dado que el n\u00famero de asuntos con los que cada d\u00eda estoy m\u00e1s abrumado me obliga a\n                  que esta sea m\u00e1s breve de lo que yo quisiera.\n               <\/p>\n               \n                  <p>[<span style=\"font-weight:bold\">10<\/span>] Adi\u00f3s. En Amberes, a 23 de abril de 1570.\n                  <\/p>\n               \n            <\/div>\n         <\/div>\n         <div class=\"tei_back\">\n            <div class=\"notes\" id=\"index.xml-group.1_text.2_back.1_div.1\">\n              \n               <div class=\"note\" id=\"note1\"><span class=\"noteLabel\">Nota: <\/span><a class=\"link_ref\" href=\"#reference1\" title=\"1\">1<\/a> V\u00e9ase carta n\u00ba <a class=\"link_ref\" href=\"https:\/\/lacorrespondenciadebenitoariasmontano.online\/es_es\/1570-04-19\">1570 04 23<\/a>.\n               <\/div>\n               <div class=\"note\" id=\"note2\"><span class=\"noteLabel\">Nota: <\/span><a class=\"link_ref\" href=\"#reference2\" title=\"2\">2<\/a> <span class=\"titlem\">Syrorum peculium. Hoc est, uocabula apud Syros scriptores passim usurpata: targumistis\n                     uero aut prorsus incognita: aut in ipsorum uocabulariis adhuc non satis explicata.\n                     Andreas Masius sibi suae memoriae iuuandae caussa colligebat<\/span> (Antuerpiae: ex officina Christophori Plantini, MDLXXI). V\u00e9ase copia digital en <a class=\"link_ref\" href=\"https:\/\/bdh.bne.es\/bnesearch\/detalle\/bdh0000095064\">Biblioteca Digital Hisp\u00e1nica.<\/a><\/div>\n               <div class=\"note\" id=\"note3\"><span class=\"noteLabel\">Nota: <\/span><a class=\"link_ref\" href=\"#reference3\" title=\"3\">3<\/a> Cf. Mac\u00edas, <span class=\"titlem\">La Biblia Pol\u00edglota de Amberes<\/span>, docs. n<sup>os<\/sup> 14, 17 y 18.\n               <\/div>\n               <div class=\"note\" id=\"note4\"><span class=\"noteLabel\">Nota: <\/span><a class=\"link_ref\" href=\"#reference4\" title=\"4\">4<\/a> Crist\u00f3bal Plantino hab\u00eda acudido a la feria de Fr\u00e1ncfort.\n               <\/div>\n            <\/div>\n         <\/div>\n      <\/section>\n      \n      <div class=\"stdfooter autogenerated\">\n         <div class=\"footer\">\n            <!--standard links to project, institution etc--><a class=\"plain\" href=\"\/\"><\/a> \n         <\/div>\n         \n            <!--\n Generated from index.xml using XSLT stylesheets version 7.57.0\n\t\t based on http:\/\/www.tei-c.org\/Stylesheets\/\n\t\t on 2024-07-29T11:41:19Z.\n\t\t SAXON HE 9.8.0.15.\n\t\t   -->\n      <\/div>\n\n\n\n<div style=\"height:42px\" aria-hidden=\"true\" class=\"wp-block-spacer\"><\/div>\n<\/div>\n\n\n\n<div class=\"wp-block-column is-layout-flow wp-block-column-is-layout-flow\">\n<b>TEXTO (SIN VISUALIZACI\u00d3N <br>DEL MARCADO XML-TEI)<br><\/b>\n \n     \n   <meta http-equiv=\"Content-Type\" content=\"text\/html; charset=UTF-8\">\n      <!--THIS FILE IS GENERATED FROM AN XML MASTER. DO NOT EDIT (5)--><title>La correspondencia de Benito Arias Montano: edici\u00f3n cr\u00edtica digital \u2014 Benito Arias Montano (Amberes) a Andr\u00e9s Masio (Zevenaar) &#8211; 23 de abril de 1570 <\/title><meta name=\"author\" content=\"Benito Arias Montano\">\n      <meta name=\"generator\" content=\"Text Encoding Initiative Consortium XSLT stylesheets\">\n      <meta name=\"DC.Title\" content=\"La correspondencia de Benito Arias Montano: edici\u00f3n cr\u00edtica digital \u2014 Benito Arias Montano (Amberes) a Andr\u00e9s Masio (Zevenaar) - 23 de abril de 1570\">\n      <meta name=\"DC.Type\" content=\"Text\">\n      <meta name=\"DC.Format\" content=\"text\/html\"><link href=\"http:\/\/nl.ijs.si\/tei\/convert\/profiles\/test\/html\/jsi-tei.css\" rel=\"stylesheet\" type=\"text\/css\"><link rel=\"stylesheet\" media=\"print\" type=\"text\/css\" href=\"https:\/\/www.tei-c.org\/release\/xml\/tei\/stylesheet\/tei-print.css\">\n   \n      <div class=\"stdheader autogenerated\">\n         \n         \n      <\/div>\n      <section class=\"source\" id=\"index.xml-group.1_text.1\">\n         \n         \n         <div class=\"tei_body\"><br><br>\n            <div class=\"main_content\" id=\"index.xml-group.1_text.1_body.1_div.1\">\n               \n               <div class=\"pagebreak\" id=\"index.xml-pb-w16006732ab2b5b1b1b3b1b1\"><a href=\"https:\/\/lacorrespondenciadebenitoariasmontano.online\/wp-content\/uploads\/2024\/07\/KBS-Ms.-A-902-f.-196r.jpg\" target=\"_blank\" onclick=\"window.open(this.href, this.target, 'width=400,height=600'); return false;\" rel=\"noopener\">[f. 196r]<\/a><\/div>\n               <div class=\"opener\">\u05d9\u05e9\u05d5\u05e2 \u05e2\u05e0\u05e0\u05d9<\/div>\n               <div class=\"opener\">Andreae Masio Zeueneram.\n               <\/div>\n               <p>[<span style=\"font-weight:bold\">1<\/span>] Accepi literas tuas ad XIII Kalendas Maii datas, quae me initio mirifice delectarunt; in fine autem dolore affecerunt quod te, cum\n                  illas dares, non bene ualere significarent.  Existimo autem illud grauedinis ac destillationis malum tibi esse depulsum eiusque rei certior fieri\n                  uehementer cupio. Namque grauius ego laborare soleo opinione et cura ualetudinis amicorum\n                  quam ipsimet sensu. [<span style=\"font-weight:bold\">2<\/span>] Tua  grammatica Syrica non potuit mihi non gratissima  esse, quam uideo magno usui fore iis qui  huiusmodi delectantur studio. Eam igitur ad communem utilitatem et nominis tui laudem sacris et regiis Bibliis addemus una\n                  cum copia illa Syricorum uerborum, quam a te  postulaui et quam citissime mittendam expecto. [<span style=\"font-weight:bold\">3<\/span>] Quod autem mihi inscribere grammaticam tuam constitueris summi et maximi beneficii loco accipio. Tantum abest ut reiicere uelim. [<span style=\"font-weight:bold\">4<\/span>] Quod enim ab eo quem uirtutis et  doctrinae causa plurimum diligo, maius aut gratius expetere munus possum quam huiusmodi ex ipsa uirtute et eruditione natum et ab amicitia honestissima profectum, aut quid\n                   uel honestum uel illustre magis mihi contingere potest quam ut nomem meum ibi apelletur ubi tuum personat et auditur? [<span style=\"font-weight:bold\">5<\/span>] Sed doleo ego plurimum quod, cum gratiam habere tibi maximam et debeam et possim, referre tamen\n                  non possum. Verum tamen, quamuis officiis relatis istam tuam erga me humanitatem  rependere non ualeam, memoria tamen et grati animi perpetuo obsequio et nominis tui apud omnes iucundissima mihi commendatione satisfacturum me spero.\n               <\/p>\n               <p>[<span style=\"font-weight:bold\">6<\/span>] Iussus fueram a rege meo praefationem Bibliis apponere  argumento ab eius consiliariis indicato, ut de Sacrorum Librorum  utilitate, de linguarum commoditate ac usu et de regis consilio quae opportuna mihi\n                  uiderentur exponerem.  Eam ego his proximis diebus, dum Plantinus aberat, exaraui, cuius exemplum regi non ante mittere decreui quam tuo iudicio et egregio in me beneficio\n                  correctum haberem; cuius consilio et opera precipue me in toto hoc Bibliorum opere plurimum adiuuari apud\n                  regem regiosque consiliarios non semel per literas  professus sum. [<span style=\"font-weight:bold\">7<\/span>] Facies igitur et tua ista in me beneuolentia et singulari erga Ecclesiam pietate atque egregia eruditione dignissimum officium, si correctum exemplum uel omnino, si tibi\n                  ita uisum fuerit, immutatum quam citissime remiseris. Existimato autem non meum aut\n                  priuati cuiuspiam, sed tuum, sed commune catholicorum omnium opus hoc esse, quorum\n                  partes nihil minus tibi quam mihi sustinendae sunt. [<span style=\"font-weight:bold\">8<\/span>] Arbitror satis latas margines ad notandum et corrigendum esse relictas. Vteris ergo\n                  arbitratu tuo, cui ego plurimum in rebus omnibus sum perpetuo tributurus. <span class=\"pagebreak\" id=\"index.xml-pb-w16006732ab2b5b1b1b3b1b9c35\"><a href=\"https:\/\/lacorrespondenciadebenitoariasmontano.online\/wp-content\/uploads\/2024\/07\/KBS-Ms.-A-902-f.-196v.jpg\" target=\"_blank\" onclick=\"window.open(this.href, this.target, 'width=400,height=600'); return false;\" rel=\"noopener\">[f. 196v]<\/a><\/span><\/p>\n               <p>[<span style=\"font-weight:bold\">9<\/span>] Quae de Graeca  Complutensium Bibliorum uersione antea scripseras quaeque nunc scripsisti mihi mirum immodum probantur. Sed adhuc tuam sententiam de septuaginta duorum interpretatione\n                  desidero, qua de re alias oportunius per literas rogabo, quod has breuiores quam uolebam esse negotiorum frequentia cogit\n                  quibus in dies magis obruor.\n               <\/p>\n               \n                  <p>[<span style=\"font-weight:bold\">10<\/span>] Vale. Antuerpiae, 9 Kalendas Maias 1570.\n                  <\/p>\n               \n            <\/div>\n         <\/div>\n      <\/section>\n      \n      \n      <div class=\"stdfooter autogenerated\">\n         <div class=\"footer\">\n            <!--standard links to project, institution etc--><a class=\"plain\" href=\"\/\"><\/a> \n         <\/div>\n         \n            <!--\n Generated from index.xml using XSLT stylesheets version 7.57.0\n\t\t based on http:\/\/www.tei-c.org\/Stylesheets\/\n\t\t on 2024-07-29T11:41:19Z.\n\t\t SAXON HE 9.8.0.15.\n\t\t   -->\n      <\/div>\n\n\n\n<div style=\"height:46px\" aria-hidden=\"true\" class=\"wp-block-spacer\"><\/div>\n\n\n\n<div class=\"wp-block-buttons is-layout-flex wp-block-buttons-is-layout-flex\">\n<div class=\"wp-block-button aligncenter\"><a class=\"wp-block-button__link has-white-color has-text-color wp-element-button\" href=\"https:\/\/github.com\/CoBAM-editor\/CoBAM\/blob\/main\/1570%2004%2023%20CoBAM.xml\" style=\"border-radius:8px\">XML<\/a><\/div>\n<\/div>\n<\/div>\n<\/div>\n","protected":false},"excerpt":{"rendered":"<p>1570 04 23 Benito Arias Montano (Amberes) a Andr\u00e9s Masio (Zevenaar) 23 de abril de 1570 Identificador: 1570 04 23 \u00cdncipit: Accepi literas tuas ad XIII Kal. Maii datas&#8230; Manuscritos: (O) KBS, Ms. A 902, f. 196r-v. Impresos: (E1) Mac\u00edas, La Biblia Pol\u00edglota de Amberes, pp. 184-187; (E2) Dom\u00ednguez, Correspondencia, I, 396-403. Edici\u00f3n cr\u00edtica, traducci\u00f3n [&hellip;]<\/p>\n","protected":false},"author":1,"featured_media":1721,"parent":0,"menu_order":0,"comment_status":"closed","ping_status":"closed","template":"elementor_header_footer","meta":{"footnotes":""},"class_list":["post-7792","page","type-page","status-publish","has-post-thumbnail","czr-hentry"],"_links":{"self":[{"href":"https:\/\/lacorrespondenciadebenitoariasmontano.online\/es_es\/wp-json\/wp\/v2\/pages\/7792"}],"collection":[{"href":"https:\/\/lacorrespondenciadebenitoariasmontano.online\/es_es\/wp-json\/wp\/v2\/pages"}],"about":[{"href":"https:\/\/lacorrespondenciadebenitoariasmontano.online\/es_es\/wp-json\/wp\/v2\/types\/page"}],"author":[{"embeddable":true,"href":"https:\/\/lacorrespondenciadebenitoariasmontano.online\/es_es\/wp-json\/wp\/v2\/users\/1"}],"replies":[{"embeddable":true,"href":"https:\/\/lacorrespondenciadebenitoariasmontano.online\/es_es\/wp-json\/wp\/v2\/comments?post=7792"}],"version-history":[{"count":21,"href":"https:\/\/lacorrespondenciadebenitoariasmontano.online\/es_es\/wp-json\/wp\/v2\/pages\/7792\/revisions"}],"predecessor-version":[{"id":10608,"href":"https:\/\/lacorrespondenciadebenitoariasmontano.online\/es_es\/wp-json\/wp\/v2\/pages\/7792\/revisions\/10608"}],"wp:featuredmedia":[{"embeddable":true,"href":"https:\/\/lacorrespondenciadebenitoariasmontano.online\/es_es\/wp-json\/wp\/v2\/media\/1721"}],"wp:attachment":[{"href":"https:\/\/lacorrespondenciadebenitoariasmontano.online\/es_es\/wp-json\/wp\/v2\/media?parent=7792"}],"curies":[{"name":"wp","href":"https:\/\/api.w.org\/{rel}","templated":true}]}}