{"id":9044,"date":"2025-04-30T07:06:16","date_gmt":"2025-04-30T07:06:16","guid":{"rendered":"https:\/\/lacorrespondenciadebenitoariasmontano.online\/?page_id=9044"},"modified":"2026-02-12T10:57:24","modified_gmt":"2026-02-12T10:57:24","slug":"1570-08-23","status":"publish","type":"page","link":"https:\/\/lacorrespondenciadebenitoariasmontano.online\/es_es\/1570-08-23\/","title":{"rendered":"1570 08 23"},"content":{"rendered":"\n<div class=\"wp-block-columns is-layout-flex wp-container-core-columns-is-layout-2 wp-block-columns-is-layout-flex\">\n<div class=\"wp-block-column is-layout-flow wp-block-column-is-layout-flow\">\n<p class=\"has-text-align-center\" style=\"font-size:31px\">1570 08 23<\/p>\n\n\n\n<p class=\"has-text-align-center\" style=\"font-size:31px\">Benito Arias Montano (Amberes) a Agust\u00edn Huneo y Cornelio Reyneri Goudano (Lovaina)<\/p>\n\n\n\n<p class=\"has-text-align-right\" style=\"font-size:22px\">23 de agosto de 1570<\/p>\n\n\n\n<div style=\"height:28px\" aria-hidden=\"true\" class=\"wp-block-spacer\"><\/div>\n\n\n\n<div class=\"wp-block-columns is-layout-flex wp-container-core-columns-is-layout-1 wp-block-columns-is-layout-flex\">\n<div class=\"wp-block-column is-layout-flow wp-block-column-is-layout-flow\" style=\"flex-basis:33.33%\">\n<div class=\"wp-block-cover is-light wp-duotone-unset-1\" style=\"min-height:103px;aspect-ratio:unset;\"><span aria-hidden=\"true\" class=\"wp-block-cover__background has-background-dim-10 has-background-dim\"><\/span><img fetchpriority=\"high\" decoding=\"async\" width=\"1127\" height=\"423\" class=\"wp-block-cover__image-background wp-image-606\" alt=\"\" src=\"https:\/\/lacorrespondenciadebenitoariasmontano.online\/wp-content\/uploads\/2023\/03\/cropped-Gysbrechts-1.jpg\" data-object-fit=\"cover\" srcset=\"https:\/\/lacorrespondenciadebenitoariasmontano.online\/wp-content\/uploads\/2023\/03\/cropped-Gysbrechts-1.jpg 1127w, https:\/\/lacorrespondenciadebenitoariasmontano.online\/wp-content\/uploads\/2023\/03\/cropped-Gysbrechts-1-300x113.jpg 300w, https:\/\/lacorrespondenciadebenitoariasmontano.online\/wp-content\/uploads\/2023\/03\/cropped-Gysbrechts-1-1024x384.jpg 1024w, https:\/\/lacorrespondenciadebenitoariasmontano.online\/wp-content\/uploads\/2023\/03\/cropped-Gysbrechts-1-768x288.jpg 768w\" sizes=\"(max-width: 1127px) 100vw, 1127px\" \/><div class=\"wp-block-cover__inner-container is-layout-flow wp-block-cover-is-layout-flow\">\n<p class=\"has-text-align-center has-white-color has-text-color has-medium-font-size\"><strong>METADATOS<\/strong><\/p>\n<\/div><\/div>\n\n\n\n<div style=\"height:10px\" aria-hidden=\"true\" class=\"wp-block-spacer\"><\/div>\n\n\n\n<html xmlns:tei=\"http:\/\/www.tei-c.org\/ns\/1.0\" lang=\"es\">\n   <head>\n      <meta http-equiv=\"Content-Type\" content=\"text\/html; charset=utf-8\">\n   \n      <meta http-equiv=\"Content-Type\" content=\"text\/html; charset=utf-8\">\n   <\/head>\n   <body>\n      <div style=\"background-color:White;border:solid 1px DimGrey;border-radius:5px;\">\n         <div style=\"margin-left: 15px; color: #1C1C1C;\">\n            <p><b>Identificador: <\/b>1570 08 23\n            <\/p>\n         <\/div>\n         <div style=\"margin-left: 15px; color: #1C1C1C;\">\n            <p><b>&Iacute;ncipit: <\/b>Doctissimi uiri, literas hodie a uobis accepi ad 13 Calendas Septembris datas&#8230;\n            <\/p>\n         <\/div>\n         <div style=\"margin-left: 15px\">\n            <p><b>Manuscritos: <\/b><\/p>\n            <ul>\n                                          (C) KBS, Ms. A 902, f. 192r-192v.\n                                       \n            <\/ul>\n         <\/div>\n         <div style=\"margin-left: 15px\">\n            <p><b>Impresos: <\/b><\/p>\n            <ul>(E1) Mac&iacute;as, <i>La Biblia Pol&iacute;glota de Amberes<\/i>, pp. 234-237; (E2) Dom&iacute;nguez, <i>Correspondencia<\/i>, I, 554-561.\n            <\/ul>\n         <\/div>\n         <div style=\"margin-left: 15px\">\n            <p><b>Edici&oacute;n cr&iacute;tica, traducci&oacute;n y notas: <\/b>Baldomero Mac&iacute;as Rosendo\n            <\/p>\n         <\/div>\n         <div style=\"margin-left: 15px\">\n            <p><b>Codificaci&oacute;n y edici&oacute;n digital: <\/b>Antonio D&aacute;vila P&eacute;rez\n            <\/p>\n         <\/div>\n      <\/div>\n   <\/body>\n<\/html>\n<\/div>\n\n\n\n<div class=\"wp-block-column is-layout-flow wp-block-column-is-layout-flow\" style=\"flex-basis:66.66%\">\n<p><strong>RESUMEN<\/strong><\/p>\n\n\n\n<p>BAM comunica a los censores de Lovaina su intenci\u00f3n de enviar a Espa\u00f1a una copia del pr\u00f3logo de la Biblia Regia acompa\u00f1ada de todas las censuras y juicios que ha reunido, procedentes de los m\u00e1s diversos puntos de Europa, en relaci\u00f3n con dicho pr\u00f3logo. De este modo piensa delegar en el rey y sus consejeros la decisi\u00f3n \u00faltima sobre este punto de la Pol\u00edglota. Respecto al tratado <em>De arcano sermone<\/em>, tras haberle desaconsejado Agust\u00edn Huneo y Cornelio Reyneri su inclusi\u00f3n en la Biblia Regia, BAM les consulta acerca de si existen razones de car\u00e1cter dogm\u00e1tico que respalden esta opini\u00f3n. Asimismo, expresa su deseo de someter la obra al juicio de otros eruditos.<\/p>\n\n\n\n<p><strong>COMENTARIO<\/strong><\/p>\n\n\n\n<p>Recu\u00e9rdese que BAM hab\u00eda consultado a un elevado n\u00famero de intelectuales y personas de Iglesia en relaci\u00f3n con el prefacio de la Biblia. Algunas de esas respuestas las hemos recogido en esta correspondencia, otras no las conservamos.<\/p>\n\n\n\n<p>De esta carta solo tenemos una copia no aut\u00f3grafa, que qued\u00f3 en poder de BAM a modo de copia de oficina. El original no se ha podido localizar. Son aut\u00f3grafos de BAM un breve a\u00f1adido al margen (se\u00f1alado en color verde dentro del texto,  \u00a7 5) y la anotaci\u00f3n al dorso de la copia manuscrita.<\/p>\n\n\n\n<p><\/p>\n\n\n\n<p><\/p>\n\n\n\n<p><\/p>\n\n\n\n<p><\/p>\n<\/div>\n<\/div>\n<\/div>\n<\/div>\n\n\n\n<p><strong>FACS\u00cdMILES<\/strong><\/p>\n\n\n\n<div class=\"wp-block-columns is-layout-flex wp-container-core-columns-is-layout-3 wp-block-columns-is-layout-flex\">\n<div class=\"wp-block-column is-layout-flow wp-block-column-is-layout-flow\" style=\"flex-basis:40%\">\n<figure class=\"wp-block-gallery has-nested-images columns-5 is-cropped wp-block-gallery-2 is-layout-flex wp-block-gallery-is-layout-flex\">\n<figure class=\"wp-block-image size-large is-style-zoooom\"><img decoding=\"async\" width=\"623\" height=\"1024\" src=\"https:\/\/lacorrespondenciadebenitoariasmontano.online\/wp-content\/uploads\/2025\/04\/KBS-A-902-f-192r-623x1024.jpg\" alt=\"\" class=\"wp-image-9042\" srcset=\"https:\/\/lacorrespondenciadebenitoariasmontano.online\/wp-content\/uploads\/2025\/04\/KBS-A-902-f-192r-623x1024.jpg 623w, https:\/\/lacorrespondenciadebenitoariasmontano.online\/wp-content\/uploads\/2025\/04\/KBS-A-902-f-192r-183x300.jpg 183w, https:\/\/lacorrespondenciadebenitoariasmontano.online\/wp-content\/uploads\/2025\/04\/KBS-A-902-f-192r-768x1262.jpg 768w, https:\/\/lacorrespondenciadebenitoariasmontano.online\/wp-content\/uploads\/2025\/04\/KBS-A-902-f-192r-935x1536.jpg 935w, https:\/\/lacorrespondenciadebenitoariasmontano.online\/wp-content\/uploads\/2025\/04\/KBS-A-902-f-192r-7x12.jpg 7w, https:\/\/lacorrespondenciadebenitoariasmontano.online\/wp-content\/uploads\/2025\/04\/KBS-A-902-f-192r.jpg 1225w\" sizes=\"(max-width: 623px) 100vw, 623px\" \/><figcaption class=\"wp-element-caption\"><strong>KBS, Ms. A 902<\/strong>,<strong> f. 192r<\/strong><\/figcaption><\/figure>\n\n\n\n<figure class=\"wp-block-image size-large is-style-zoooom\"><img decoding=\"async\" width=\"726\" height=\"1024\" src=\"https:\/\/lacorrespondenciadebenitoariasmontano.online\/wp-content\/uploads\/2025\/04\/KBS-A-902-f-192v-726x1024.jpg\" alt=\"\" class=\"wp-image-9043\" srcset=\"https:\/\/lacorrespondenciadebenitoariasmontano.online\/wp-content\/uploads\/2025\/04\/KBS-A-902-f-192v-726x1024.jpg 726w, https:\/\/lacorrespondenciadebenitoariasmontano.online\/wp-content\/uploads\/2025\/04\/KBS-A-902-f-192v-213x300.jpg 213w, https:\/\/lacorrespondenciadebenitoariasmontano.online\/wp-content\/uploads\/2025\/04\/KBS-A-902-f-192v-768x1084.jpg 768w, https:\/\/lacorrespondenciadebenitoariasmontano.online\/wp-content\/uploads\/2025\/04\/KBS-A-902-f-192v-1088x1536.jpg 1088w, https:\/\/lacorrespondenciadebenitoariasmontano.online\/wp-content\/uploads\/2025\/04\/KBS-A-902-f-192v-9x12.jpg 9w, https:\/\/lacorrespondenciadebenitoariasmontano.online\/wp-content\/uploads\/2025\/04\/KBS-A-902-f-192v.jpg 1391w\" sizes=\"(max-width: 726px) 100vw, 726px\" \/><figcaption class=\"wp-element-caption\"><strong>KBS, Ms. A 902<\/strong>,<strong> f. 192v<\/strong><\/figcaption><\/figure>\n<\/figure>\n<\/div>\n<\/div>\n\n\n\n<div style=\"height:84px\" aria-hidden=\"true\" class=\"wp-block-spacer\"><\/div>\n\n\n\n<div style=\"height:0px\" aria-hidden=\"true\" class=\"wp-block-spacer\"><\/div>\n\n\n\n<div class=\"wp-block-columns is-layout-flex wp-container-core-columns-is-layout-4 wp-block-columns-is-layout-flex\">\n<div class=\"wp-block-column is-layout-flow wp-block-column-is-layout-flow\">\n<b>TEXTO Y APARATO CR\u00cdTICO (CON VISUALIZACI\u00d3N DE MARCADO XML-TEI)<\/b>\n  \n   \n <!DOCTYPE html><html xmlns=\"http:\/\/www.w3.org\/1999\/xhtml\" xml:lang=\"es\" lang=\"es\">\n   <head>\n      <meta http-equiv=\"Content-Type\" content=\"text\/html; charset=UTF-8\"\/>\n      <!--THIS FILE IS GENERATED FROM AN XML MASTER. DO NOT EDIT (5)--><title>La correspondencia de Benito Arias Montano: edici\u00f3n cr\u00edtica digital \u2014 Benito Arias Montano (Amberes) a Agust\u00edn Huneo y Cornelio Goudano (Lovaina) &#8211; 23 de agosto de 1570<\/title><meta name=\"author\" content=\"Benito Arias Montano\"\/>\n      <meta name=\"generator\" content=\"Text Encoding Initiative Consortium XSLT stylesheets\"\/>\n      <meta name=\"DC.Title\" content=\"La correspondencia de Benito Arias Montano: edici\u00f3n cr\u00edtica digital \u2014 Benito Arias Montano (Amberes) a Agust\u00edn Huneo y Cornelio Goudano (Lovaina) - 23 de agosto de 1570\"\/>\n      <meta name=\"DC.Type\" content=\"Text\"\/>\n      <meta name=\"DC.Format\" content=\"text\/html\"\/><link href=\"http:\/\/nl.ijs.si\/tei\/convert\/profiles\/test\/html\/jsi-tei.css\" rel=\"stylesheet\" type=\"text\/css\"\/><link rel=\"stylesheet\" media=\"print\" type=\"text\/css\" href=\"https:\/\/www.tei-c.org\/release\/xml\/tei\/stylesheet\/tei-print.css\"\/><\/head>\n   <body class=\"simple\" id=\"TOP\">\n      <div class=\"stdheader autogenerated\">\n        \n      <\/div>\n      <section class=\"source\" id=\"index.xml-group.1_text.1\">\n         \n         \n         <div class=\"tei_body\"><br><\/br>\n            <div class=\"pagebreak\" id=\"index.xml-pb-w14467902ab2b5b1b1b3b1\"><a href=\"https:\/\/lacorrespondenciadebenitoariasmontano.online\/wp-content\/uploads\/2025\/04\/KBS-A-902-f-192v.jpg\" target=\"_blank\" onclick=\"window.open(this.href, this.target, 'width=400,height=600'); return false;\" rel=\"noopener\">[f. 192v]<\/a><\/div>\n            <div class=\"anotation\" id=\"index.xml-group.1_text.1_body.1_div.1\">\n               <h5><span class=\"head\">[<i>Anotado en el margen por BAM, con escritura transversal<\/i>:]<\/span><\/h5>\n               <div><span title=\"tei:name[@type=&#34;place&#34;]\" class=\"tei_placeName\">Louanium<\/span> <span class=\"date\">1570<\/span>. Ad censores de praefatione, etc.\n               <\/div>\n            <\/div>\n            <div class=\"main_content\" id=\"index.xml-group.1_text.1_body.1_div.2\">\n              \n               <div class=\"pagebreak\" id=\"index.xml-pb-w14467902ab2b5b1b1b3b5b1\"><a href=\"https:\/\/lacorrespondenciadebenitoariasmontano.online\/wp-content\/uploads\/2025\/04\/KBS-A-902-f-192r.jpg\" target=\"_blank\" onclick=\"window.open(this.href, this.target, 'width=400,height=600'); return false;\" rel=\"noopener\">[f. 192r]<\/a><\/div>\n               <div class=\"opener\">S<span title=\"tei:expan\" class=\"tei_expan\"><span class=\"ex\">alutem<\/span><\/span> p<span title=\"tei:expan\" class=\"tei_expan\"><span class=\"ex\">lurimam<\/span><\/span> d<span title=\"tei:expan\" class=\"tei_expan\"><span class=\"ex\">icit<\/span><\/span>.\n               <\/div>\n               <p>[<span style=\"font-weight:bold\">1<\/span>] Doctissimi uiri, literas hodie a uobis accepi ad <span class=\"date\">13 Cal<span class=\"tei_expan\" title=\"tei:expan\"><span class=\"ex\">endas<\/span><\/span> Sept<span class=\"tei_expan\" title=\"tei:expan\"><span class=\"ex\">embris<\/span><\/span><\/span> datas, ad quas statim respondere decreui, idque quam breuissime, quod prolixius per\n                  negotiorum frequentiam non possim. [<span style=\"font-weight:bold\">2<\/span>] Scripseram uobis me in <span class=\"tei_placeName\" title=\"tei:name[@type=&#34;place&#34;]\">Hispaniam<\/span> missurum exemplum praefationis in Biblia per uos iudicatae cum capite etiam epistolae\n                  uestrae, in quo ea de re uestram sententiam exponitis, hoc est, in quo breuitatem\n                  praefationis prolixitati antefertis,<a class=\"notelink\" href=\"#App1\"><sup>1<\/sup><\/a> eiusque rei exemplum mihi proponebatis totius illius a me conscriptae praefationis\n                  argumentorum summam decenti oratione, ut uolebatis et iubebatis, ornandam. [<span style=\"font-weight:bold\">3<\/span>] Id enim et ipse satis aperte intellexi et eodem, quo a me, modo ab Hispanis accipiendum\n                  certo scio; quibus non solum uestram hac de re sententiam, sed duodecim etiam epistolarum\n                  quae ad me de eodem argumento missae sunt, partim <span class=\"tei_del\" title=\"tei:del\">partim<\/span> ex <span class=\"tei_placeName\" title=\"tei:name[@type=&#34;place&#34;]\">Italia<\/span> et <span class=\"tei_placeName\" title=\"tei:name[@type=&#34;place&#34;]\">Roma<\/span>, partim ex Superiori <span class=\"tei_placeName\" title=\"tei:name[@type=&#34;place&#34;]\">Germania<\/span>, partim etiam a uiris in hac nostra regione doctissimis et pientissimis, una cum\n                  uariis eiusdem praefationis censuris et uariis de breuitate, prolixitate, stylo et\n                  materia iudiciis, ut ex uestra, aliorum et sua etiam collata ratione, quae mihi potissimum\n                  ineunda uia esset a rege ipso illiusque consiliariis tandem <span class=\"tei_choice\" title=\"tei:choice\"><span class=\"tei_sic\" title=\"tei:sic\">statueretur.<\/span><span class=\"tei_corr\" title=\"tei:corr\">statueretur,<\/span><\/span> quandoquidem praefationis conficiendae <span class=\"tei_choice\" title=\"tei:choice\"><span class=\"tei_sic\" title=\"tei:sic\">autoritas<\/span><span class=\"tei_corr\" title=\"tei:corr\">auctoritas<\/span><\/span> mihi, tanquam regis procuratori et legato, iudicium uero regi ipsi regiisque consiliariis\n                  asscribi oportuit. [<span style=\"font-weight:bold\">4<\/span>] Video autem tantam de hac praefatione sententiarum uarietatem<a class=\"notelink\" href=\"#App2\"><sup>2<\/sup><\/a>, ut quamquam integrum mihi id meo iure sit, tamen quid statuam incertissimum habeam,<a class=\"notelink\" href=\"#App3\"><sup>3<\/sup><\/a> alias monstrum aliquod editurus, si uniuscuiusque ingenio <span class=\"tei_choice\" title=\"tei:choice\"><span class=\"tei_sic\" title=\"tei:sic\">optemperare<\/span><span class=\"tei_corr\" title=\"tei:corr\">obtemperare<\/span><\/span> parem.\n               <\/p>\n               <p>[<span style=\"font-weight:bold\">5<\/span>] Itaque praefationem ipsam ita ut <span class=\"tei_add\" title=\"tei:add[@place=&#34;margin&#34;]\">ex typographia habui rudem et expeditam mitto in <span class=\"tei_placeName\" title=\"tei:name[@type=&#34;place&#34;]\">Hispaniam<\/span>, alteram etiam<\/span> annotatis in margine omnibus omnium censuris et omnia epistolarum capita, quaecumque\n                  ad me eadem de re uel ex <span class=\"tei_placeName\" title=\"tei:name[@type=&#34;place&#34;]\">Hispania<\/span> uel <span class=\"tei_placeName\" title=\"tei:name[@type=&#34;place&#34;]\">Italia<\/span>, <span class=\"tei_placeName\" title=\"tei:name[@type=&#34;place&#34;]\">Germania<\/span> Superiori et Inferiori missae sunt. Quae omnia a consiliariis ipsis secreto (ut fieri\n                  solet) perlecta et ad regem relata, tandem quid agendum sit indicabunt<a class=\"notelink\" href=\"#App4\"><sup>4<\/sup><\/a>. [<span style=\"font-weight:bold\">6<\/span>] Itaque nihil opus esse arbitror ut uel noua a me praefatio instituatur uel is a\n                  uobis <span class=\"tei_choice\" title=\"tei:choice\"><span class=\"tei_sic\" title=\"tei:sic\">subiatur<\/span><span class=\"tei_corr\" title=\"tei:corr\">subeatur<\/span><\/span> labor, donec quid agendum mihi sit ipsum, cuius proprium ius est, regem audiam.\n               <\/p>\n               <p>[<span style=\"font-weight:bold\">7<\/span>] <span class=\"titlem\">Arcani sermonis<\/span> partem quam uobis minus placere intelligo, mihi relatam cupio, aliorum etiam doctorum\n                  uirorum, ut uos censetis, <span class=\"tei_choice\" title=\"tei:choice\"><span class=\"tei_sic\" title=\"tei:sic\">iuditium<\/span><span class=\"tei_corr\" title=\"tei:corr\">iudicium<\/span><\/span> subituram. [<span style=\"font-weight:bold\">8<\/span>] Simul autem scire cupio an illius lectio aliqua ex parte legentium quempiam offenderit,\n                  quatenus religionis catholicae puritatem spectat, hoc enim ne fiat cura mihi in primis\n                  est. Quoniam uero alio illius exemplari prorsus careo, uelim non nisi certissimo nuntio,\n                  qui ad <span class=\"tei_persName\" title=\"tei:name[@type=&#34;person&#34;]\">Plantinum<\/span> deferat, commissam.\n               <\/p>\n               \n                  <p>[<span style=\"font-weight:bold\">9<\/span>] Valete et me, quod pro uestra humanitate facitis, amate. <span class=\"tei_placeName\" title=\"tei:name[@type=&#34;place&#34;]\">Antuerpiae<\/span>, <span class=\"date\">10 Calend<span class=\"tei_expan\" title=\"tei:expan\"><span class=\"ex\">as<\/span><\/span> Sept<span class=\"tei_expan\" title=\"tei:expan\"><span class=\"ex\">embris<\/span><\/span> 1570<\/span>.\n                  <\/p>\n               \n            <\/div>\n         <\/div>\n      <\/section>\n      \n      <div class=\"appcrit\">\n         <div class=\"app\" id=\"App1\"><span class=\"lemma\">antefertis,<\/span>] <span class=\"lemmawitness\">C, E2<\/span>; <span style=\"font-style:italic\">imum punctum posuit<\/span> (E1)\n         <\/div>\n         <div class=\"app\" id=\"App2\"><span class=\"lemma\">uarietatem<\/span>] <span class=\"lemmawitness\">E1, E2<\/span>; ueritatem (C)\n         <\/div>\n         <div class=\"app\" id=\"App3\"><span class=\"lemma\">habeam,<\/span>] <span class=\"lemmawitness\">C, E2<\/span>; <span style=\"font-style:italic\">imum punctum posuit<\/span> (E1)\n         <\/div>\n         <div class=\"app\" id=\"App4\"><span class=\"lemma\">indicabunt<\/span>] <span class=\"lemmawitness\">C, E1<\/span>; iudicabunt (E2)\n         <\/div>\n      <\/div>\n      <div class=\"stdfooter autogenerated\">\n         <div class=\"footer\">\n            <!--standard links to project, institution etc--><a class=\"plain\" href=\"\/\"><\/a> \n         <\/div>\n         \n            <!--\n Generated from index.xml using XSLT stylesheets version 7.58.0\n\t\t based on http:\/\/www.tei-c.org\/Stylesheets\/\n\t\t on 2025-04-30T07:03:52Z.\n\t\t SAXON HE 9.8.0.15.\n\t\t   --><\/address>\n      <\/div>\n   <\/body>\n<\/html>\n\n\n\n<div style=\"height:56px\" aria-hidden=\"true\" class=\"wp-block-spacer\"><\/div>\n<\/div>\n\n\n\n<div class=\"wp-block-column is-layout-flow wp-block-column-is-layout-flow\">\n<b>TRADUCCI\u00d3N AL ESPA\u00d1OL <br>Y NOTAS<br><\/b>\n   \n    \n  <!DOCTYPE html><html xmlns=\"http:\/\/www.w3.org\/1999\/xhtml\" xml:lang=\"es\" lang=\"es\">\n   <head>\n      <meta http-equiv=\"Content-Type\" content=\"text\/html; charset=UTF-8\"\/>\n      <!--THIS FILE IS GENERATED FROM AN XML MASTER. DO NOT EDIT (5)--><title>La correspondencia de Benito Arias Montano: edici\u00f3n cr\u00edtica digital \u2014 Benito Arias Montano (Amberes) a Agust\u00edn Huneo y Cornelio Goudano (Lovaina) &#8211; 23 de agosto de 1570<\/title><meta name=\"author\" content=\"Benito Arias Montano\"\/>\n      <meta name=\"generator\" content=\"Text Encoding Initiative Consortium XSLT stylesheets\"\/>\n      <meta name=\"DC.Title\" content=\"La correspondencia de Benito Arias Montano: edici\u00f3n cr\u00edtica digital \u2014 Benito Arias Montano (Amberes) a Agust\u00edn Huneo y Cornelio Goudano (Lovaina) - 23 de agosto de 1570\"\/>\n      <meta name=\"DC.Type\" content=\"Text\"\/>\n      <meta name=\"DC.Format\" content=\"text\/html\"\/><link href=\"http:\/\/nl.ijs.si\/tei\/convert\/profiles\/test\/html\/jsi-tei.css\" rel=\"stylesheet\" type=\"text\/css\"\/><link rel=\"stylesheet\" media=\"print\" type=\"text\/css\" href=\"https:\/\/www.tei-c.org\/release\/xml\/tei\/stylesheet\/tei-print.css\"\/><\/head>\n   <body class=\"simple\" id=\"TOP\">\n      <div class=\"stdheader autogenerated\">\n        \n      <\/div>\n      \n      <section class=\"translation\" id=\"index.xml-group.1_text.2\">\n        \n         <div class=\"tei_body\"><br><\/br>\n            <div class=\"pagebreak\" id=\"index.xml-pb-w14467902ab2b5b1b3b1b1\"><a href=\"https:\/\/lacorrespondenciadebenitoariasmontano.online\/wp-content\/uploads\/2025\/04\/KBS-A-902-f-192v.jpg\" target=\"_blank\" onclick=\"window.open(this.href, this.target, 'width=400,height=600'); return false;\" rel=\"noopener\">[f. 192v]<\/a><\/div>\n            <div class=\"anotation\" id=\"index.xml-group.1_text.2_body.1_div.1\">\n               <h5><span class=\"head\">[<i>Anotado en el margen, escritura de BAM, con escritura transversal<\/i>:]<\/span><\/h5>\n               <div>A Lovaina 1570. A los censores acerca del prefacio, etc. <\/div>\n            <\/div>\n            <div class=\"main_content\" id=\"index.xml-group.1_text.2_body.1_div.2\">\n               \n               <div class=\"pagebreak\" id=\"index.xml-pb-w14467902ab2b5b1b3b1b5b1\"><a href=\"https:\/\/lacorrespondenciadebenitoariasmontano.online\/wp-content\/uploads\/2025\/04\/KBS-A-902-f-192r.jpg\" target=\"_blank\" onclick=\"window.open(this.href, this.target, 'width=400,height=600'); return false;\" rel=\"noopener\">[f. 192r]<\/a><\/div>\n               <div class=\"opener\">Un cordial saludo. <\/div>\n               <p>[<span style=\"font-weight:bold\">1<\/span>] Doct\u00edsimos varones, hoy he recibido la carta de vuestras mercedes con fecha del\n                  20 de agosto,<a class=\"link_ref\" id=\"reference1\" href=\"#note1\" title=\"1 Cf. carta n\u00ba 1570 08 20.\">1<\/a> a la que he decidido contestar inmediatamente, aunque sea con brevedad, ya que el\n                  c\u00famulo de ocupaciones me impiden enviarles una respuesta m\u00e1s detallada. [<span style=\"font-weight:bold\">2<\/span>] Ya les hab\u00eda escrito sobre mi prop\u00f3sito de enviar a Espa\u00f1a una copia del prefacio\n                  de la Biblia, juzgado por vuestras mercedes, junto con un cap\u00edtulo de la carta en\n                  el que vuestras mercedes expresan su juicio sobre este particular, es decir, en el\n                  que anteponen la brevedad del prefacio a tanta prolijidad, y de esto me ofrec\u00edan vuestras\n                  mercedes, a modo de ejemplo, el resumen del argumento de todo aquel prefacio que yo\n                  redact\u00e9, que se debe adornar con un estilo apropiado, como pretend\u00edan y ordenaban\n                  vuestras mercedes. [<span style=\"font-weight:bold\">3<\/span>] Pues esto, yo mismo lo entend\u00ed claramente, y tengo asumido que lo debo aceptar junto\n                  con lo que me lleg\u00f3 hace poco de los censores de Espa\u00f1a; a estos envi\u00e9 no solo la\n                  opini\u00f3n de vuestras mercedes sobre ello, sino tambi\u00e9n la de doce de las cartas que\n                  he recibido sobre este asunto, en parte desde Italia y Roma, en parte desde la Germania\n                  Superior, y en parte de hombres muy doctos y piadosos de esta regi\u00f3n en que estamos,\n                  juntamente con varias censuras de este prefacio y diversos juicios sobre la brevedad,\n                  la prolijidad, el estilo y el contenido, para que el rey mismo y sus consejeros, tras\n                  sacar una conclusi\u00f3n a partir de la de vuestras mercedes, la de los dem\u00e1s y la suya\n                  propia, determinen de una vez qu\u00e9 camino debo emprender, ya que pareci\u00f3 conveniente\n                  que la autoridad de rematar el prefacio recayera en m\u00ed, como agente y legado del rey,\n                  pero que la decisi\u00f3n del contenido recayera en el rey mismo y en sus consejeros. [<span style=\"font-weight:bold\">4<\/span>] Sin embargo, veo que es tan grande la diversidad de opiniones sobre este prefacio,\n                  que aunque conserve intacta esta atribuci\u00f3n en virtud de mi derecho, con todo, no\n                  sabr\u00eda qu\u00e9 decidir, estando por otra parte a punto de engendrar una monstruosidad\n                  si trato de amoldarme al ingenio de cada uno.\n               <\/p>\n               <p>[<span style=\"font-weight:bold\">5<\/span>] As\u00ed pues, env\u00edo a Espa\u00f1a el prefacio en bruto y sin adornos, tal y como ha salido\n                  de las prensas, junto con otra copia en la que van anotadas en el margen todas las\n                  censuras y todos los cap\u00edtulos de cartas que sobre este tema me han enviado desde\n                  Espa\u00f1a o Italia, la Germania Superior y la Inferior.<a class=\"link_ref\" id=\"reference2\" href=\"#note2\" title=\"2 La provincia romana llamada Germania Inferior comprend\u00eda los territorios de los actuales Pa\u00edses Bajos parte de B\u00e9lgica y el n...\">2<\/a> Todo lo cual, una vez que los consejeros los examinen en secreto (como suele hacerse)\n                  e informen al rey, indicar\u00e1n por fin lo que se debe hacer. [<span style=\"font-weight:bold\">6<\/span>] Y de este modo, considero que no hay ninguna necesidad de que yo redacte un nuevo\n                  prefacio, ni de que vuestras mercedes se tomen este trabajo, hasta que el rey mismo,\n                  cuya competencia es, me diga c\u00f3mo debo proceder.\n               <\/p>\n               <p>[<span style=\"font-weight:bold\">7<\/span>] Respecto a la parte del tratado <span class=\"titlem\">Sobre el lenguaje arcano<\/span> que entiendo que agrada menos a vuestras mercedes, deseo que me la devuelvan vuestras\n                  mercedes para someterla al juicio de otros varones doctos, como vuestras mercedes\n                  me aconsejan. [<span style=\"font-weight:bold\">8<\/span>] Y tambi\u00e9n quiero que me digan vuestras mercedes si la lectura de aquel tratado,\n                  en alguna de sus partes, ha disgustado a alguno de los que lo han le\u00eddo en lo que\n                  a la pureza de la religi\u00f3n cat\u00f3lica se refiere, pues yo tengo especial cuidado en\n                  que esto no suceda. Y habida cuenta de que no tengo ninguna otra copa de ese tratado,\n                  me gustar\u00eda que se lo entregaran a un mensajero de confianza para que se lo lleve\n                  a Plantino.\n               <\/p>\n               \n                  <p>[<span style=\"font-weight:bold\">9<\/span>] Adi\u00f3s, y mant\u00e9nganme en la amistad de vuestras mercedes, lo que sin duda hacen,\n                     como corresponde a su humanidad. En Amberes, a 23 de agosto de 1570.\n                  <\/p>\n               \n            <\/div>\n         <\/div>\n         <div class=\"tei_back\">\n            <div class=\"notes\" id=\"index.xml-group.1_text.2_back.1_div.1\">\n               \n               <div class=\"note\" id=\"note1\"><span class=\"noteLabel\">Nota: <\/span><a class=\"link_ref\" href=\"#reference1\" title=\"1\">1<\/a> Cf. carta n\u00ba <a class=\"link_ref\" href=\"https:\/\/lacorrespondenciadebenitoariasmontano.online\/es_es\/1570-08-20\/\">1570 08 20<\/a>.\n               <\/div>\n               <div class=\"note\" id=\"note2\"><span class=\"noteLabel\">Nota: <\/span><a class=\"link_ref\" href=\"#reference2\" title=\"2\">2<\/a> La provincia romana llamada Germania Inferior comprend\u00eda los territorios de los actuales\n                  Pa\u00edses Bajos, parte de B\u00e9lgica y el noroeste de Alemania, territorios todos a la orilla\n                  occidental del r\u00edo Rin, que hac\u00eda de frontera con la Germania Superior.\n               <\/div>\n            <\/div>\n         <\/div>\n      <\/section>\n      \n      <div class=\"stdfooter autogenerated\">\n         <div class=\"footer\">\n            <!--standard links to project, institution etc--><a class=\"plain\" href=\"\/\"><\/a> \n         <\/div>\n         \n            <!--\n Generated from index.xml using XSLT stylesheets version 7.58.0\n\t\t based on http:\/\/www.tei-c.org\/Stylesheets\/\n\t\t on 2025-04-30T07:03:52Z.\n\t\t SAXON HE 9.8.0.15.\n\t\t   --><\/address>\n      <\/div>\n   <\/body>\n<\/html>\n\n\n\n<div style=\"height:47px\" aria-hidden=\"true\" class=\"wp-block-spacer\"><\/div>\n<\/div>\n\n\n\n<div class=\"wp-block-column is-layout-flow wp-block-column-is-layout-flow\">\n<b>TEXTO (SIN VISUALIZACI\u00d3N DE MARCADO <br>XML-TEI)<br><\/b>\n   \n   <!DOCTYPE html><html xmlns=\"http:\/\/www.w3.org\/1999\/xhtml\" xml:lang=\"es\" lang=\"es\">\n   <head>\n      <meta http-equiv=\"Content-Type\" content=\"text\/html; charset=UTF-8\"\/>\n      <!--THIS FILE IS GENERATED FROM AN XML MASTER. DO NOT EDIT (5)--><title>La correspondencia de Benito Arias Montano: edici\u00f3n cr\u00edtica digital \u2014 Benito Arias Montano (Amberes) a Agust\u00edn Huneo y Cornelio Goudano (Lovaina) &#8211; 23 de agosto de 1570<\/title><meta name=\"author\" content=\"Benito Arias Montano\"\/>\n      <meta name=\"generator\" content=\"Text Encoding Initiative Consortium XSLT stylesheets\"\/>\n      <meta name=\"DC.Title\" content=\"La correspondencia de Benito Arias Montano: edici\u00f3n cr\u00edtica digital \u2014 Benito Arias Montano (Amberes) a Agust\u00edn Huneo y Cornelio Goudano (Lovaina) - 23 de agosto de 1570\"\/>\n      <meta name=\"DC.Type\" content=\"Text\"\/>\n      <meta name=\"DC.Format\" content=\"text\/html\"\/><link href=\"http:\/\/nl.ijs.si\/tei\/convert\/profiles\/test\/html\/jsi-tei.css\" rel=\"stylesheet\" type=\"text\/css\"\/><link rel=\"stylesheet\" media=\"print\" type=\"text\/css\" href=\"https:\/\/www.tei-c.org\/release\/xml\/tei\/stylesheet\/tei-print.css\"\/><\/head>\n   <body class=\"simple\" id=\"TOP\">\n      <div class=\"stdheader autogenerated\">\n        \n      <\/div>\n      <section class=\"source\" id=\"index.xml-group.1_text.1\">\n         \n         \n         <div class=\"tei_body\"><br><\/br>\n            <div class=\"pagebreak\" id=\"index.xml-pb-w14467902ab2b5b1b1b3b1\"><a href=\"https:\/\/lacorrespondenciadebenitoariasmontano.online\/wp-content\/uploads\/2025\/04\/KBS-A-902-f-192v.jpg\" target=\"_blank\" onclick=\"window.open(this.href, this.target, 'width=400,height=600'); return false;\" rel=\"noopener\">[f. 192v]<\/a><\/div>\n            <div class=\"anotation\" id=\"index.xml-group.1_text.1_body.1_div.1\">\n               <h5><span class=\"head\">[<i>Anotado en el margen por BAM, con escritura transversal<\/i>:]<\/span><\/h5>\n               <div>Louanium 1570. Ad censores de praefatione, etc.\n               <\/div>\n            <\/div>\n            <div class=\"main_content\" id=\"index.xml-group.1_text.1_body.1_div.2\">\n              \n               <div class=\"pagebreak\" id=\"index.xml-pb-w14467902ab2b5b1b1b3b5b1\"><a href=\"https:\/\/lacorrespondenciadebenitoariasmontano.online\/wp-content\/uploads\/2025\/04\/KBS-A-902-f-192r.jpg\" target=\"_blank\" onclick=\"window.open(this.href, this.target, 'width=400,height=600'); return false;\" rel=\"noopener\">[f. 192r]<\/a><\/div>\n               <div class=\"opener\">Salutem plurimam dicit.\n               <\/div>\n               <p>[<span style=\"font-weight:bold\">1<\/span>] Doctissimi uiri, literas hodie a uobis accepi ad 13 Calendas Septembris datas, ad quas statim respondere decreui, idque quam breuissime, quod prolixius per\n                  negotiorum frequentiam non possim. [<span style=\"font-weight:bold\">2<\/span>] Scripseram uobis me in Hispaniam missurum exemplum praefationis in Biblia per uos iudicatae cum capite etiam epistolae\n                  uestrae, in quo ea de re uestram sententiam exponitis, hoc est, in quo breuitatem\n                  praefationis prolixitati antefertis, eiusque rei exemplum mihi proponebatis totius illius a me conscriptae praefationis\n                  argumentorum summam decenti oratione, ut uolebatis et iubebatis, ornandam. [<span style=\"font-weight:bold\">3<\/span>] Id enim et ipse satis aperte intellexi et eodem, quo a me, modo ab Hispanis accipiendum\n                  certo scio; quibus non solum uestram hac de re sententiam, sed duodecim etiam epistolarum\n                  quae ad me de eodem argumento missae sunt, partim ex Italia et Roma, partim ex Superiori Germania, partim etiam a uiris in hac nostra regione doctissimis et pientissimis, una cum\n                  uariis eiusdem praefationis censuris et uariis de breuitate, prolixitate, stylo et\n                  materia iudiciis, ut ex uestra, aliorum et sua etiam collata ratione, quae mihi potissimum\n                  ineunda uia esset a rege ipso illiusque consiliariis tandem statueretur, quandoquidem praefationis conficiendae auctoritas mihi, tanquam regis procuratori et legato, iudicium uero regi ipsi regiisque consiliariis\n                  asscribi oportuit. [<span style=\"font-weight:bold\">4<\/span>] Video autem tantam de hac praefatione sententiarum uarietatem, ut quamquam integrum mihi id meo iure sit, tamen quid statuam incertissimum habeam, alias monstrum aliquod editurus, si uniuscuiusque ingenio obtemperare parem.\n               <\/p>\n               <p>[<span style=\"font-weight:bold\">5<\/span>] Itaque praefationem ipsam ita ut ex typographia habui rudem et expeditam mitto in Hispaniam, alteram etiam annotatis in margine omnibus omnium censuris et omnia epistolarum capita, quaecumque\n                  ad me eadem de re uel ex Hispania uel Italia, Germania Superiori et Inferiori missae sunt. Quae omnia a consiliariis ipsis secreto (ut fieri\n                  solet) perlecta et ad regem relata, tandem quid agendum sit indicabunt. [<span style=\"font-weight:bold\">6<\/span>] Itaque nihil opus esse arbitror ut uel noua a me praefatio instituatur uel is a\n                  uobis subeatur labor, donec quid agendum mihi sit ipsum, cuius proprium ius est, regem audiam.\n               <\/p>\n               <p>[<span style=\"font-weight:bold\">7<\/span>] <span class=\"titlem\">Arcani sermonis<\/span> partem quam uobis minus placere intelligo, mihi relatam cupio, aliorum etiam doctorum\n                  uirorum, ut uos censetis, iudicium subituram. [<span style=\"font-weight:bold\">8<\/span>] Simul autem scire cupio an illius lectio aliqua ex parte legentium quempiam offenderit,\n                  quatenus religionis catholicae puritatem spectat, hoc enim ne fiat cura mihi in primis\n                  est. Quoniam uero alio illius exemplari prorsus careo, uelim non nisi certissimo nuntio,\n                  qui ad Plantinum deferat, commissam.\n               <\/p>\n               \n                  <p>[<span style=\"font-weight:bold\">9<\/span>] Valete et me, quod pro uestra humanitate facitis, amate. Antuerpiae, 10 Calendas Septembris<\/span> 1570.\n                  <\/p>\n               \n            <\/div>\n         <\/div>\n      <\/section>\n      \n      \n      <div class=\"stdfooter autogenerated\">\n         <div class=\"footer\">\n            <!--standard links to project, institution etc--><a class=\"plain\" href=\"\/\"><\/a> \n         <\/div>\n         \n            <!--\n Generated from index.xml using XSLT stylesheets version 7.58.0\n\t\t based on http:\/\/www.tei-c.org\/Stylesheets\/\n\t\t on 2025-04-30T07:03:52Z.\n\t\t SAXON HE 9.8.0.15.\n\t\t   --><\/address>\n      <\/div>\n   <\/body>\n<\/html>\n\n\n\n<div style=\"height:53px\" aria-hidden=\"true\" class=\"wp-block-spacer\"><\/div>\n\n\n\n<div class=\"wp-block-buttons is-layout-flex wp-block-buttons-is-layout-flex\">\n<div class=\"wp-block-button aligncenter\"><a class=\"wp-block-button__link has-white-color has-text-color wp-element-button\" href=\"https:\/\/github.com\/CoBAM-editor\/CoBAM\/blob\/main\/1570%2008%2023%20CoBAM.xml\" style=\"border-radius:8px\">XML<\/a><\/div>\n<\/div>\n<\/div>\n<\/div>\n\n\n\n<p><\/p>\n","protected":false},"excerpt":{"rendered":"<p>1570 08 23 Benito Arias Montano (Amberes) a Agust\u00edn Huneo y Cornelio Reyneri Goudano (Lovaina) 23 de agosto de 1570 Identificador: 1570 08 23 &Iacute;ncipit: Doctissimi uiri, literas hodie a uobis accepi ad 13 Calendas Septembris datas&#8230; Manuscritos: (C) KBS, Ms. A 902, f. 192r-192v. Impresos: (E1) Mac&iacute;as, La Biblia Pol&iacute;glota de Amberes, pp. 234-237; [&hellip;]<\/p>\n","protected":false},"author":1,"featured_media":1721,"parent":0,"menu_order":0,"comment_status":"closed","ping_status":"closed","template":"elementor_header_footer","meta":{"footnotes":""},"class_list":["post-9044","page","type-page","status-publish","has-post-thumbnail","czr-hentry"],"_links":{"self":[{"href":"https:\/\/lacorrespondenciadebenitoariasmontano.online\/es_es\/wp-json\/wp\/v2\/pages\/9044"}],"collection":[{"href":"https:\/\/lacorrespondenciadebenitoariasmontano.online\/es_es\/wp-json\/wp\/v2\/pages"}],"about":[{"href":"https:\/\/lacorrespondenciadebenitoariasmontano.online\/es_es\/wp-json\/wp\/v2\/types\/page"}],"author":[{"embeddable":true,"href":"https:\/\/lacorrespondenciadebenitoariasmontano.online\/es_es\/wp-json\/wp\/v2\/users\/1"}],"replies":[{"embeddable":true,"href":"https:\/\/lacorrespondenciadebenitoariasmontano.online\/es_es\/wp-json\/wp\/v2\/comments?post=9044"}],"version-history":[{"count":23,"href":"https:\/\/lacorrespondenciadebenitoariasmontano.online\/es_es\/wp-json\/wp\/v2\/pages\/9044\/revisions"}],"predecessor-version":[{"id":10702,"href":"https:\/\/lacorrespondenciadebenitoariasmontano.online\/es_es\/wp-json\/wp\/v2\/pages\/9044\/revisions\/10702"}],"wp:featuredmedia":[{"embeddable":true,"href":"https:\/\/lacorrespondenciadebenitoariasmontano.online\/es_es\/wp-json\/wp\/v2\/media\/1721"}],"wp:attachment":[{"href":"https:\/\/lacorrespondenciadebenitoariasmontano.online\/es_es\/wp-json\/wp\/v2\/media?parent=9044"}],"curies":[{"name":"wp","href":"https:\/\/api.w.org\/{rel}","templated":true}]}}